{"id":8400,"date":"2024-03-05T11:43:33","date_gmt":"2024-03-05T10:43:33","guid":{"rendered":"https:\/\/diversityhub.pl\/diversity-hub-breakfasts\/"},"modified":"2025-12-03T18:05:09","modified_gmt":"2025-12-03T17:05:09","slug":"diversity-hub-breakfasts","status":"publish","type":"page","link":"https:\/\/diversityhub.pl\/en\/diversity-hub-breakfasts\/","title":{"rendered":"Diversity Hub Breakfasts"},"content":{"rendered":"<p><div class=\"fusion-fullwidth fullwidth-box fusion-builder-row-1 fusion-flex-container has-pattern-background has-mask-background nonhundred-percent-fullwidth non-hundred-percent-height-scrolling\" style=\"--awb-border-radius-top-left:0px;--awb-border-radius-top-right:0px;--awb-border-radius-bottom-right:0px;--awb-border-radius-bottom-left:0px;--awb-padding-top:10vh;--awb-padding-bottom:5vh;--awb-background-color:var(--awb-color2);--awb-flex-wrap:wrap;\" ><div class=\"fusion-builder-row fusion-row fusion-flex-align-items-flex-start fusion-flex-content-wrap\" style=\"max-width:calc( 1200px + 5vw );margin-left: calc(-5vw \/ 2 );margin-right: calc(-5vw \/ 2 );\"><div class=\"fusion-layout-column fusion_builder_column fusion-builder-column-0 fusion_builder_column_3_4 3_4 fusion-flex-column fusion-flex-align-self-stretch\" style=\"--awb-bg-size:cover;--awb-width-large:75%;--awb-margin-top-large:0px;--awb-spacing-right-large:2.5vw;--awb-margin-bottom-large:0px;--awb-spacing-left-large:2.5vw;--awb-width-medium:75%;--awb-order-medium:0;--awb-spacing-right-medium:2.5vw;--awb-spacing-left-medium:2.5vw;--awb-width-small:100%;--awb-order-small:0;--awb-spacing-right-small:2.5vw;--awb-spacing-left-small:2.5vw;\"><div class=\"fusion-column-wrapper fusion-column-has-shadow fusion-flex-justify-content-center fusion-content-layout-column\"><div class=\"fusion-text fusion-text-1 fusion-text-no-margin\" style=\"--awb-content-alignment:left;--awb-font-size:var(--awb-custom_typography_1-font-size);--awb-line-height:var(--awb-custom_typography_1-line-height);--awb-letter-spacing:var(--awb-custom_typography_1-letter-spacing);--awb-text-transform:var(--awb-custom_typography_1-text-transform);--awb-text-color:var(--awb-color4);--awb-margin-top:0px;--awb-margin-right:0px;--awb-margin-bottom:1rem;--awb-margin-left:0px;--awb-text-font-family:var(--awb-custom_typography_1-font-family);--awb-text-font-weight:var(--awb-custom_typography_1-font-weight);--awb-text-font-style:var(--awb-custom_typography_1-font-style);\"><p>Events<\/p>\n<\/div><div class=\"fusion-title title fusion-title-1 fusion-sep-none fusion-title-text fusion-title-size-one\" style=\"--awb-margin-top:0px;--awb-margin-bottom:1rem;--awb-margin-top-small:0px;--awb-margin-right-small:0px;--awb-margin-bottom-small:1rem;--awb-margin-left-small:0px;--awb-font-size:2.5rem;\"><h1 class=\"fusion-title-heading title-heading-left fusion-responsive-typography-calculated\" style=\"font-family:var(--awb-typography1-font-family);font-weight:var(--awb-typography1-font-weight);font-style:var(--awb-typography1-font-style);margin:0;letter-spacing:var(--awb-typography1-letter-spacing);text-transform:var(--awb-typography1-text-transform);font-size:1em;--fontSize:40;line-height:var(--awb-typography1-line-height);\">Diversity Hub Breakfasts<\/h1><\/div><div class=\"fusion-text fusion-text-2 fusion-text-no-margin\" style=\"--awb-font-size:1rem;--awb-line-height:var(--awb-typography5-line-height);--awb-letter-spacing:var(--awb-typography5-letter-spacing);--awb-text-transform:var(--awb-typography5-text-transform);--awb-margin-top:0px;--awb-margin-right:0px;--awb-margin-bottom:2rem;--awb-margin-left:0px;--awb-text-font-family:var(--awb-typography5-font-family);--awb-text-font-weight:var(--awb-typography5-font-weight);--awb-text-font-style:var(--awb-typography5-font-style);\"><p>Diversity Hub Breakfasts are a series of educational and networking meetings in collaboration with our business Partners. We discuss and learn from each other. Here, the expert&#8217;s voice meets the business voice. We strengthen the business community in the area of DEI by jointly seeking solutions and sharing best practices.<\/p>\n<\/div><\/div><\/div><\/div><\/div><div class=\"fusion-fullwidth fullwidth-box fusion-builder-row-2 fusion-flex-container nonhundred-percent-fullwidth non-hundred-percent-height-scrolling\" style=\"--awb-border-radius-top-left:0px;--awb-border-radius-top-right:0px;--awb-border-radius-bottom-right:0px;--awb-border-radius-bottom-left:0px;--awb-padding-top:5vh;--awb-padding-bottom:5vh;--awb-flex-wrap:wrap;\" ><div class=\"fusion-builder-row fusion-row fusion-flex-align-items-stretch fusion-flex-content-wrap\" style=\"max-width:calc( 1200px + 5vw );margin-left: calc(-5vw \/ 2 );margin-right: calc(-5vw \/ 2 );\"><div class=\"fusion-layout-column fusion_builder_column fusion-builder-column-1 fusion_builder_column_1_1 1_1 fusion-flex-column\" style=\"--awb-bg-size:cover;--awb-width-large:100%;--awb-margin-top-large:0px;--awb-spacing-right-large:2.5vw;--awb-margin-bottom-large:0px;--awb-spacing-left-large:2.5vw;--awb-width-medium:100%;--awb-order-medium:0;--awb-spacing-right-medium:2.5vw;--awb-spacing-left-medium:2.5vw;--awb-width-small:100%;--awb-order-small:0;--awb-spacing-right-small:2.5vw;--awb-spacing-left-small:2.5vw;\"><div class=\"fusion-column-wrapper fusion-column-has-shadow fusion-flex-justify-content-flex-start fusion-content-layout-column\"><div class=\"fusion-post-cards fusion-post-cards-1 fusion-grid-archive fusion-grid-columns-3\" style=\"--awb-column-spacing:64px;--awb-dots-align:center;--awb-columns:3;--awb-active-filter-border-size:3px;--awb-filters-height:36px;--awb-row-spacing:64px;\" data-post-type-label=\"wydarzenia\"><ul class=\"fusion-grid fusion-grid-3 fusion-flex-align-items-stretch fusion-grid-posts-cards\"><li class=\"fusion-layout-column fusion_builder_column fusion-builder-column-2 fusion-flex-column post-card fusion-grid-column fusion-post-cards-grid-column\" style=\"--awb-bg-blend:overlay;--awb-bg-size:cover;--awb-transform:translateY(0px);--awb-transform-hover:translateY(-8px);--awb-flex-grow:0;--awb-flex-shrink:0;--awb-flex-grow-medium:0;--awb-flex-shrink-medium:0;--awb-flex-grow-small:0;--awb-flex-shrink-small:0;\" data-scroll-devices=\"small-visibility,medium-visibility,large-visibility\"><div class=\"fusion-column-wrapper fusion-column-has-shadow fusion-flex-justify-content-flex-start fusion-content-layout-column\"><div class=\"fusion-image-element \" style=\"text-align:left;--awb-aspect-ratio:16 \/ 9;--awb-margin-bottom:1.5rem;--awb-caption-title-font-family:var(--h2_typography-font-family);--awb-caption-title-font-weight:var(--h2_typography-font-weight);--awb-caption-title-font-style:var(--h2_typography-font-style);--awb-caption-title-size:var(--h2_typography-font-size);--awb-caption-title-transform:var(--h2_typography-text-transform);--awb-caption-title-line-height:var(--h2_typography-line-height);--awb-caption-title-letter-spacing:var(--h2_typography-letter-spacing);\"><span class=\" fusion-imageframe imageframe-none imageframe-1 hover-type-none has-aspect-ratio\"><a class=\"fusion-no-lightbox\" href=\"https:\/\/diversityhub.pl\/en\/wydarzenie\/projektowanie-uniwersalne-sprawiedliwe-procesy-w-praktyce\/\" target=\"_self\" aria-label=\"Dost\u0119pno\u015b\u0107, kt\u00f3ra w\u0142\u0105cza. O inkluzywno\u015bci wobec os\u00f3b z niepe\u0142nosprawno\u015bciami.-23\"><img decoding=\"async\" width=\"2462\" height=\"1538\" src=\"https:\/\/diversityhub.pl\/wp-content\/uploads\/2026\/04\/Dostepnosc-ktora-wlacza.-O-inkluzywnosci-wobec-osob-z-niepelnosprawnosciami.-23.png\" class=\"img-responsive wp-image-12371 img-with-aspect-ratio\" data-parent-fit=\"cover\" data-parent-container=\".fusion-image-element\" alt srcset=\"https:\/\/diversityhub.pl\/wp-content\/uploads\/2026\/04\/Dostepnosc-ktora-wlacza.-O-inkluzywnosci-wobec-osob-z-niepelnosprawnosciami.-23-200x125.png 200w, https:\/\/diversityhub.pl\/wp-content\/uploads\/2026\/04\/Dostepnosc-ktora-wlacza.-O-inkluzywnosci-wobec-osob-z-niepelnosprawnosciami.-23-400x250.png 400w, https:\/\/diversityhub.pl\/wp-content\/uploads\/2026\/04\/Dostepnosc-ktora-wlacza.-O-inkluzywnosci-wobec-osob-z-niepelnosprawnosciami.-23-600x375.png 600w, https:\/\/diversityhub.pl\/wp-content\/uploads\/2026\/04\/Dostepnosc-ktora-wlacza.-O-inkluzywnosci-wobec-osob-z-niepelnosprawnosciami.-23-800x500.png 800w, https:\/\/diversityhub.pl\/wp-content\/uploads\/2026\/04\/Dostepnosc-ktora-wlacza.-O-inkluzywnosci-wobec-osob-z-niepelnosprawnosciami.-23-1200x750.png 1200w, https:\/\/diversityhub.pl\/wp-content\/uploads\/2026\/04\/Dostepnosc-ktora-wlacza.-O-inkluzywnosci-wobec-osob-z-niepelnosprawnosciami.-23.png 2462w\" sizes=\"(max-width: 640px) 100vw, 2462px\" \/><\/a><\/span><\/div><div class=\"fusion-text fusion-text-3 fusion-text-no-margin\" style=\"--awb-content-alignment:left;--awb-font-size:12px;--awb-line-height:1.4;--awb-text-color:var(--awb-color6);--awb-margin-top:0px;--awb-margin-right:0px;--awb-margin-bottom:0px;--awb-margin-left:0px;--awb-text-font-family:&quot;Poppins&quot;;--awb-text-font-style:normal;--awb-text-font-weight:700;\"><p>18\/05\/2026<\/p>\n<\/div><div class=\"fusion-title title fusion-title-2 fusion-sep-none fusion-title-text fusion-title-size-three duk-short-text-3\" style=\"--awb-text-color:var(--awb-color8);--awb-margin-top-small:10px;--awb-margin-right-small:0px;--awb-margin-bottom-small:10px;--awb-margin-left-small:0px;--awb-link-color:var(--awb-color8);--awb-font-size:20px;\"><h3 class=\"fusion-title-heading title-heading-left fusion-responsive-typography-calculated\" style=\"margin:0;font-size:1em;--fontSize:20;line-height:1.4;\"><a href=\"https:\/\/diversityhub.pl\/en\/wydarzenie\/projektowanie-uniwersalne-sprawiedliwe-procesy-w-praktyce\/\" class=\"awb-custom-text-color awb-custom-text-hover-color\" target=\"_self\">Projektowanie uniwersalne: sprawiedliwe procesy w praktyce<\/a><\/h3><\/div><div class=\"fusion-separator fusion-full-width-sep\" style=\"align-self: center;margin-left: auto;margin-right: auto;flex-grow:1;width:100%;\"><\/div><div style=\"text-align:left;\"><a class=\"fusion-button button-flat fusion-button-default-size button-custom fusion-button-default button-1 fusion-button-default-span fusion-button-default-type\" style=\"--awb-margin-top:0px;--awb-margin-right:0px;--awb-margin-bottom:0px;--awb-margin-left:0px;--awb-padding-top:0px;--awb-padding-right:0px;--awb-padding-bottom:4px;--awb-padding-left:0px;--button_accent_color:var(--awb-color4);--button_accent_hover_color:hsla(var(--awb-color4-h),var(--awb-color4-s),calc(var(--awb-color4-l) - 10%),var(--awb-color4-a));--button_border_hover_color:var(--awb-color4);--button_border_width-top:0;--button_border_width-right:0;--button_border_width-bottom:2px;--button_border_width-left:0;--button-border-radius-top-left:0;--button-border-radius-top-right:0;--button-border-radius-bottom-right:0;--button-border-radius-bottom-left:0;--button_gradient_top_color:rgba(0,0,0,0);--button_gradient_bottom_color:rgba(0,0,0,0);--button_gradient_top_color_hover:rgba(0,0,0,0);--button_gradient_bottom_color_hover:rgba(0,0,0,0);--button_text_transform:var(--awb-custom_typography_1-text-transform);--button_font_size:var(--awb-custom_typography_1-font-size);--button_line_height:var(--awb-custom_typography_1-line-height);--button_typography-letter-spacing:var(--awb-custom_typography_1-letter-spacing);--button_typography-font-family:var(--awb-custom_typography_1-font-family);--button_typography-font-weight:var(--awb-custom_typography_1-font-weight);--button_typography-font-style:var(--awb-custom_typography_1-font-style);\" target=\"_self\" data-hover=\"icon_slide\" href=\"https:\/\/diversityhub.pl\/en\/wydarzenie\/projektowanie-uniwersalne-sprawiedliwe-procesy-w-praktyce\/\"><span class=\"fusion-button-text awb-button__text awb-button__text--default\">Zobacz szczeg\u00f3\u0142y<\/span><i class=\"fa-arrow-right fas awb-button__icon awb-button__icon--default button-icon-right\" aria-hidden=\"true\"><\/i><\/a><\/div><\/div><\/li>\n<li class=\"fusion-layout-column fusion_builder_column fusion-builder-column-3 fusion-flex-column post-card fusion-grid-column fusion-post-cards-grid-column\" style=\"--awb-bg-blend:overlay;--awb-bg-size:cover;--awb-transform:translateY(0px);--awb-transform-hover:translateY(-8px);--awb-flex-grow:0;--awb-flex-shrink:0;--awb-flex-grow-medium:0;--awb-flex-shrink-medium:0;--awb-flex-grow-small:0;--awb-flex-shrink-small:0;\" data-scroll-devices=\"small-visibility,medium-visibility,large-visibility\"><div class=\"fusion-column-wrapper fusion-column-has-shadow fusion-flex-justify-content-flex-start fusion-content-layout-column\"><div class=\"fusion-image-element \" style=\"text-align:left;--awb-aspect-ratio:16 \/ 9;--awb-margin-bottom:1.5rem;--awb-caption-title-font-family:var(--h2_typography-font-family);--awb-caption-title-font-weight:var(--h2_typography-font-weight);--awb-caption-title-font-style:var(--h2_typography-font-style);--awb-caption-title-size:var(--h2_typography-font-size);--awb-caption-title-transform:var(--h2_typography-text-transform);--awb-caption-title-line-height:var(--h2_typography-line-height);--awb-caption-title-letter-spacing:var(--h2_typography-letter-spacing);\"><span class=\" fusion-imageframe imageframe-none imageframe-2 hover-type-none has-aspect-ratio\"><a class=\"fusion-no-lightbox\" href=\"https:\/\/diversityhub.pl\/en\/wydarzenie\/spoleczna-odpowiedzialnosc-biznesu-wszyscy-jestesmy-neuroroznorodni\/\" target=\"_self\" aria-label=\"Dost\u0119pno\u015b\u0107, kt\u00f3ra w\u0142\u0105cza. O inkluzywno\u015bci wobec os\u00f3b z niepe\u0142nosprawno\u015bciami.-17\"><img decoding=\"async\" width=\"1970\" height=\"1230\" src=\"https:\/\/diversityhub.pl\/wp-content\/uploads\/2026\/04\/Dostepnosc-ktora-wlacza.-O-inkluzywnosci-wobec-osob-z-niepelnosprawnosciami.-17.png\" class=\"img-responsive wp-image-12313 img-with-aspect-ratio\" data-parent-fit=\"cover\" data-parent-container=\".fusion-image-element\" alt srcset=\"https:\/\/diversityhub.pl\/wp-content\/uploads\/2026\/04\/Dostepnosc-ktora-wlacza.-O-inkluzywnosci-wobec-osob-z-niepelnosprawnosciami.-17-200x125.png 200w, https:\/\/diversityhub.pl\/wp-content\/uploads\/2026\/04\/Dostepnosc-ktora-wlacza.-O-inkluzywnosci-wobec-osob-z-niepelnosprawnosciami.-17-400x250.png 400w, https:\/\/diversityhub.pl\/wp-content\/uploads\/2026\/04\/Dostepnosc-ktora-wlacza.-O-inkluzywnosci-wobec-osob-z-niepelnosprawnosciami.-17-600x375.png 600w, https:\/\/diversityhub.pl\/wp-content\/uploads\/2026\/04\/Dostepnosc-ktora-wlacza.-O-inkluzywnosci-wobec-osob-z-niepelnosprawnosciami.-17-800x499.png 800w, https:\/\/diversityhub.pl\/wp-content\/uploads\/2026\/04\/Dostepnosc-ktora-wlacza.-O-inkluzywnosci-wobec-osob-z-niepelnosprawnosciami.-17-1200x749.png 1200w, https:\/\/diversityhub.pl\/wp-content\/uploads\/2026\/04\/Dostepnosc-ktora-wlacza.-O-inkluzywnosci-wobec-osob-z-niepelnosprawnosciami.-17.png 1970w\" sizes=\"(max-width: 640px) 100vw, 1970px\" \/><\/a><\/span><\/div><div class=\"fusion-text fusion-text-4 fusion-text-no-margin\" style=\"--awb-content-alignment:left;--awb-font-size:12px;--awb-line-height:1.4;--awb-text-color:var(--awb-color6);--awb-margin-top:0px;--awb-margin-right:0px;--awb-margin-bottom:0px;--awb-margin-left:0px;--awb-text-font-family:&quot;Poppins&quot;;--awb-text-font-style:normal;--awb-text-font-weight:700;\"><p>11\/05\/2026<\/p>\n<\/div><div class=\"fusion-title title fusion-title-3 fusion-sep-none fusion-title-text fusion-title-size-three duk-short-text-3\" style=\"--awb-text-color:var(--awb-color8);--awb-margin-top-small:10px;--awb-margin-right-small:0px;--awb-margin-bottom-small:10px;--awb-margin-left-small:0px;--awb-link-color:var(--awb-color8);--awb-font-size:20px;\"><h3 class=\"fusion-title-heading title-heading-left fusion-responsive-typography-calculated\" style=\"margin:0;font-size:1em;--fontSize:20;line-height:1.4;\"><a href=\"https:\/\/diversityhub.pl\/en\/wydarzenie\/spoleczna-odpowiedzialnosc-biznesu-wszyscy-jestesmy-neuroroznorodni\/\" class=\"awb-custom-text-color awb-custom-text-hover-color\" target=\"_self\">Spo\u0142eczna odpowiedzialno\u015b\u0107 biznesu &#8211; wszyscy jeste\u015bmy neuror\u00f3\u017cnorodni<\/a><\/h3><\/div><div class=\"fusion-separator fusion-full-width-sep\" style=\"align-self: center;margin-left: auto;margin-right: auto;flex-grow:1;width:100%;\"><\/div><div style=\"text-align:left;\"><a class=\"fusion-button button-flat fusion-button-default-size button-custom fusion-button-default button-2 fusion-button-default-span fusion-button-default-type\" style=\"--awb-margin-top:0px;--awb-margin-right:0px;--awb-margin-bottom:0px;--awb-margin-left:0px;--awb-padding-top:0px;--awb-padding-right:0px;--awb-padding-bottom:4px;--awb-padding-left:0px;--button_accent_color:var(--awb-color4);--button_accent_hover_color:hsla(var(--awb-color4-h),var(--awb-color4-s),calc(var(--awb-color4-l) - 10%),var(--awb-color4-a));--button_border_hover_color:var(--awb-color4);--button_border_width-top:0;--button_border_width-right:0;--button_border_width-bottom:2px;--button_border_width-left:0;--button-border-radius-top-left:0;--button-border-radius-top-right:0;--button-border-radius-bottom-right:0;--button-border-radius-bottom-left:0;--button_gradient_top_color:rgba(0,0,0,0);--button_gradient_bottom_color:rgba(0,0,0,0);--button_gradient_top_color_hover:rgba(0,0,0,0);--button_gradient_bottom_color_hover:rgba(0,0,0,0);--button_text_transform:var(--awb-custom_typography_1-text-transform);--button_font_size:var(--awb-custom_typography_1-font-size);--button_line_height:var(--awb-custom_typography_1-line-height);--button_typography-letter-spacing:var(--awb-custom_typography_1-letter-spacing);--button_typography-font-family:var(--awb-custom_typography_1-font-family);--button_typography-font-weight:var(--awb-custom_typography_1-font-weight);--button_typography-font-style:var(--awb-custom_typography_1-font-style);\" target=\"_self\" data-hover=\"icon_slide\" href=\"https:\/\/diversityhub.pl\/en\/wydarzenie\/spoleczna-odpowiedzialnosc-biznesu-wszyscy-jestesmy-neuroroznorodni\/\"><span class=\"fusion-button-text awb-button__text awb-button__text--default\">Zobacz szczeg\u00f3\u0142y<\/span><i class=\"fa-arrow-right fas awb-button__icon awb-button__icon--default button-icon-right\" aria-hidden=\"true\"><\/i><\/a><\/div><\/div><\/li>\n<li class=\"fusion-layout-column fusion_builder_column fusion-builder-column-4 fusion-flex-column post-card fusion-grid-column fusion-post-cards-grid-column\" style=\"--awb-bg-blend:overlay;--awb-bg-size:cover;--awb-transform:translateY(0px);--awb-transform-hover:translateY(-8px);--awb-flex-grow:0;--awb-flex-shrink:0;--awb-flex-grow-medium:0;--awb-flex-shrink-medium:0;--awb-flex-grow-small:0;--awb-flex-shrink-small:0;\" data-scroll-devices=\"small-visibility,medium-visibility,large-visibility\"><div class=\"fusion-column-wrapper fusion-column-has-shadow fusion-flex-justify-content-flex-start fusion-content-layout-column\"><div class=\"fusion-image-element \" style=\"text-align:left;--awb-aspect-ratio:16 \/ 9;--awb-margin-bottom:1.5rem;--awb-caption-title-font-family:var(--h2_typography-font-family);--awb-caption-title-font-weight:var(--h2_typography-font-weight);--awb-caption-title-font-style:var(--h2_typography-font-style);--awb-caption-title-size:var(--h2_typography-font-size);--awb-caption-title-transform:var(--h2_typography-text-transform);--awb-caption-title-line-height:var(--h2_typography-line-height);--awb-caption-title-letter-spacing:var(--h2_typography-letter-spacing);\"><span class=\" fusion-imageframe imageframe-none imageframe-3 hover-type-none has-aspect-ratio\"><a class=\"fusion-no-lightbox\" href=\"https:\/\/diversityhub.pl\/en\/wydarzenie\/jedna-organizacja-pokoleniowa-roznorodnosc-cyfrowa\/\" target=\"_self\" aria-label=\"Dost\u0119pno\u015b\u0107, kt\u00f3ra w\u0142\u0105cza. O inkluzywno\u015bci wobec os\u00f3b z niepe\u0142nosprawno\u015bciami.-13\"><img decoding=\"async\" width=\"1970\" height=\"1230\" src=\"https:\/\/diversityhub.pl\/wp-content\/uploads\/2026\/03\/Dostepnosc-ktora-wlacza.-O-inkluzywnosci-wobec-osob-z-niepelnosprawnosciami.-13.png\" class=\"img-responsive wp-image-12202 img-with-aspect-ratio\" data-parent-fit=\"cover\" data-parent-container=\".fusion-image-element\" alt srcset=\"https:\/\/diversityhub.pl\/wp-content\/uploads\/2026\/03\/Dostepnosc-ktora-wlacza.-O-inkluzywnosci-wobec-osob-z-niepelnosprawnosciami.-13-200x125.png 200w, https:\/\/diversityhub.pl\/wp-content\/uploads\/2026\/03\/Dostepnosc-ktora-wlacza.-O-inkluzywnosci-wobec-osob-z-niepelnosprawnosciami.-13-400x250.png 400w, https:\/\/diversityhub.pl\/wp-content\/uploads\/2026\/03\/Dostepnosc-ktora-wlacza.-O-inkluzywnosci-wobec-osob-z-niepelnosprawnosciami.-13-600x375.png 600w, https:\/\/diversityhub.pl\/wp-content\/uploads\/2026\/03\/Dostepnosc-ktora-wlacza.-O-inkluzywnosci-wobec-osob-z-niepelnosprawnosciami.-13-800x499.png 800w, https:\/\/diversityhub.pl\/wp-content\/uploads\/2026\/03\/Dostepnosc-ktora-wlacza.-O-inkluzywnosci-wobec-osob-z-niepelnosprawnosciami.-13-1200x749.png 1200w, https:\/\/diversityhub.pl\/wp-content\/uploads\/2026\/03\/Dostepnosc-ktora-wlacza.-O-inkluzywnosci-wobec-osob-z-niepelnosprawnosciami.-13.png 1970w\" sizes=\"(max-width: 640px) 100vw, 1970px\" \/><\/a><\/span><\/div><div class=\"fusion-text fusion-text-5 fusion-text-no-margin\" style=\"--awb-content-alignment:left;--awb-font-size:12px;--awb-line-height:1.4;--awb-text-color:var(--awb-color6);--awb-margin-top:0px;--awb-margin-right:0px;--awb-margin-bottom:0px;--awb-margin-left:0px;--awb-text-font-family:&quot;Poppins&quot;;--awb-text-font-style:normal;--awb-text-font-weight:700;\"><p>09\/04\/2026<\/p>\n<\/div><div class=\"fusion-title title fusion-title-4 fusion-sep-none fusion-title-text fusion-title-size-three duk-short-text-3\" style=\"--awb-text-color:var(--awb-color8);--awb-margin-top-small:10px;--awb-margin-right-small:0px;--awb-margin-bottom-small:10px;--awb-margin-left-small:0px;--awb-link-color:var(--awb-color8);--awb-font-size:20px;\"><h3 class=\"fusion-title-heading title-heading-left fusion-responsive-typography-calculated\" style=\"margin:0;font-size:1em;--fontSize:20;line-height:1.4;\"><a href=\"https:\/\/diversityhub.pl\/en\/wydarzenie\/jedna-organizacja-pokoleniowa-roznorodnosc-cyfrowa\/\" class=\"awb-custom-text-color awb-custom-text-hover-color\" target=\"_self\">Jedna organizacja &#8211; pokoleniowa r\u00f3\u017cnorodno\u015b\u0107 cyfrowa.<\/a><\/h3><\/div><div class=\"fusion-separator fusion-full-width-sep\" style=\"align-self: center;margin-left: auto;margin-right: auto;flex-grow:1;width:100%;\"><\/div><div style=\"text-align:left;\"><a class=\"fusion-button button-flat fusion-button-default-size button-custom fusion-button-default button-3 fusion-button-default-span fusion-button-default-type\" style=\"--awb-margin-top:0px;--awb-margin-right:0px;--awb-margin-bottom:0px;--awb-margin-left:0px;--awb-padding-top:0px;--awb-padding-right:0px;--awb-padding-bottom:4px;--awb-padding-left:0px;--button_accent_color:var(--awb-color4);--button_accent_hover_color:hsla(var(--awb-color4-h),var(--awb-color4-s),calc(var(--awb-color4-l) - 10%),var(--awb-color4-a));--button_border_hover_color:var(--awb-color4);--button_border_width-top:0;--button_border_width-right:0;--button_border_width-bottom:2px;--button_border_width-left:0;--button-border-radius-top-left:0;--button-border-radius-top-right:0;--button-border-radius-bottom-right:0;--button-border-radius-bottom-left:0;--button_gradient_top_color:rgba(0,0,0,0);--button_gradient_bottom_color:rgba(0,0,0,0);--button_gradient_top_color_hover:rgba(0,0,0,0);--button_gradient_bottom_color_hover:rgba(0,0,0,0);--button_text_transform:var(--awb-custom_typography_1-text-transform);--button_font_size:var(--awb-custom_typography_1-font-size);--button_line_height:var(--awb-custom_typography_1-line-height);--button_typography-letter-spacing:var(--awb-custom_typography_1-letter-spacing);--button_typography-font-family:var(--awb-custom_typography_1-font-family);--button_typography-font-weight:var(--awb-custom_typography_1-font-weight);--button_typography-font-style:var(--awb-custom_typography_1-font-style);\" target=\"_self\" data-hover=\"icon_slide\" href=\"https:\/\/diversityhub.pl\/en\/wydarzenie\/jedna-organizacja-pokoleniowa-roznorodnosc-cyfrowa\/\"><span class=\"fusion-button-text awb-button__text awb-button__text--default\">Zobacz szczeg\u00f3\u0142y<\/span><i class=\"fa-arrow-right fas awb-button__icon awb-button__icon--default button-icon-right\" aria-hidden=\"true\"><\/i><\/a><\/div><\/div><\/li>\n<li class=\"fusion-layout-column fusion_builder_column fusion-builder-column-5 fusion-flex-column post-card fusion-grid-column fusion-post-cards-grid-column\" style=\"--awb-bg-blend:overlay;--awb-bg-size:cover;--awb-transform:translateY(0px);--awb-transform-hover:translateY(-8px);--awb-flex-grow:0;--awb-flex-shrink:0;--awb-flex-grow-medium:0;--awb-flex-shrink-medium:0;--awb-flex-grow-small:0;--awb-flex-shrink-small:0;\" data-scroll-devices=\"small-visibility,medium-visibility,large-visibility\"><div class=\"fusion-column-wrapper fusion-column-has-shadow fusion-flex-justify-content-flex-start fusion-content-layout-column\"><div class=\"fusion-image-element \" style=\"text-align:left;--awb-aspect-ratio:16 \/ 9;--awb-margin-bottom:1.5rem;--awb-caption-title-font-family:var(--h2_typography-font-family);--awb-caption-title-font-weight:var(--h2_typography-font-weight);--awb-caption-title-font-style:var(--h2_typography-font-style);--awb-caption-title-size:var(--h2_typography-font-size);--awb-caption-title-transform:var(--h2_typography-text-transform);--awb-caption-title-line-height:var(--h2_typography-line-height);--awb-caption-title-letter-spacing:var(--h2_typography-letter-spacing);\"><span class=\" fusion-imageframe imageframe-none imageframe-4 hover-type-none has-aspect-ratio\"><a class=\"fusion-no-lightbox\" href=\"https:\/\/diversityhub.pl\/en\/wydarzenie\/meetup-diversity-hub-accessibility-that-is-inclusive-on-inclusivity-towards-people-with-disabilities\/\" target=\"_self\" aria-label=\"Dost\u0119pno\u015b\u0107, kt\u00f3ra w\u0142\u0105cza. O inkluzywno\u015bci wobec os\u00f3b z niepe\u0142nosprawno\u015bciami.-8\"><img decoding=\"async\" width=\"2298\" height=\"1435\" src=\"https:\/\/diversityhub.pl\/wp-content\/uploads\/2026\/02\/Dostepnosc-ktora-wlacza.-O-inkluzywnosci-wobec-osob-z-niepelnosprawnosciami.-8.png\" class=\"img-responsive wp-image-12180 img-with-aspect-ratio\" data-parent-fit=\"cover\" data-parent-container=\".fusion-image-element\" alt srcset=\"https:\/\/diversityhub.pl\/wp-content\/uploads\/2026\/02\/Dostepnosc-ktora-wlacza.-O-inkluzywnosci-wobec-osob-z-niepelnosprawnosciami.-8-200x125.png 200w, https:\/\/diversityhub.pl\/wp-content\/uploads\/2026\/02\/Dostepnosc-ktora-wlacza.-O-inkluzywnosci-wobec-osob-z-niepelnosprawnosciami.-8-400x250.png 400w, https:\/\/diversityhub.pl\/wp-content\/uploads\/2026\/02\/Dostepnosc-ktora-wlacza.-O-inkluzywnosci-wobec-osob-z-niepelnosprawnosciami.-8-600x375.png 600w, https:\/\/diversityhub.pl\/wp-content\/uploads\/2026\/02\/Dostepnosc-ktora-wlacza.-O-inkluzywnosci-wobec-osob-z-niepelnosprawnosciami.-8-800x500.png 800w, https:\/\/diversityhub.pl\/wp-content\/uploads\/2026\/02\/Dostepnosc-ktora-wlacza.-O-inkluzywnosci-wobec-osob-z-niepelnosprawnosciami.-8-1200x749.png 1200w, https:\/\/diversityhub.pl\/wp-content\/uploads\/2026\/02\/Dostepnosc-ktora-wlacza.-O-inkluzywnosci-wobec-osob-z-niepelnosprawnosciami.-8.png 2298w\" sizes=\"(max-width: 640px) 100vw, 2298px\" \/><\/a><\/span><\/div><div class=\"fusion-text fusion-text-6 fusion-text-no-margin\" style=\"--awb-content-alignment:left;--awb-font-size:12px;--awb-line-height:1.4;--awb-text-color:var(--awb-color6);--awb-margin-top:0px;--awb-margin-right:0px;--awb-margin-bottom:0px;--awb-margin-left:0px;--awb-text-font-family:&quot;Poppins&quot;;--awb-text-font-style:normal;--awb-text-font-weight:700;\"><p>26\/03\/2026<\/p>\n<\/div><div class=\"fusion-title title fusion-title-5 fusion-sep-none fusion-title-text fusion-title-size-three duk-short-text-3\" style=\"--awb-text-color:var(--awb-color8);--awb-margin-top-small:10px;--awb-margin-right-small:0px;--awb-margin-bottom-small:10px;--awb-margin-left-small:0px;--awb-link-color:var(--awb-color8);--awb-font-size:20px;\"><h3 class=\"fusion-title-heading title-heading-left fusion-responsive-typography-calculated\" style=\"margin:0;font-size:1em;--fontSize:20;line-height:1.4;\"><a href=\"https:\/\/diversityhub.pl\/en\/wydarzenie\/meetup-diversity-hub-accessibility-that-is-inclusive-on-inclusivity-towards-people-with-disabilities\/\" class=\"awb-custom-text-color awb-custom-text-hover-color\" target=\"_self\">MeetUp Diversity Hub: Accessibility that is inclusive. On inclusivity towards people with disabilities<\/a><\/h3><\/div><div class=\"fusion-separator fusion-full-width-sep\" style=\"align-self: center;margin-left: auto;margin-right: auto;flex-grow:1;width:100%;\"><\/div><div style=\"text-align:left;\"><a class=\"fusion-button button-flat fusion-button-default-size button-custom fusion-button-default button-4 fusion-button-default-span fusion-button-default-type\" style=\"--awb-margin-top:0px;--awb-margin-right:0px;--awb-margin-bottom:0px;--awb-margin-left:0px;--awb-padding-top:0px;--awb-padding-right:0px;--awb-padding-bottom:4px;--awb-padding-left:0px;--button_accent_color:var(--awb-color4);--button_accent_hover_color:hsla(var(--awb-color4-h),var(--awb-color4-s),calc(var(--awb-color4-l) - 10%),var(--awb-color4-a));--button_border_hover_color:var(--awb-color4);--button_border_width-top:0;--button_border_width-right:0;--button_border_width-bottom:2px;--button_border_width-left:0;--button-border-radius-top-left:0;--button-border-radius-top-right:0;--button-border-radius-bottom-right:0;--button-border-radius-bottom-left:0;--button_gradient_top_color:rgba(0,0,0,0);--button_gradient_bottom_color:rgba(0,0,0,0);--button_gradient_top_color_hover:rgba(0,0,0,0);--button_gradient_bottom_color_hover:rgba(0,0,0,0);--button_text_transform:var(--awb-custom_typography_1-text-transform);--button_font_size:var(--awb-custom_typography_1-font-size);--button_line_height:var(--awb-custom_typography_1-line-height);--button_typography-letter-spacing:var(--awb-custom_typography_1-letter-spacing);--button_typography-font-family:var(--awb-custom_typography_1-font-family);--button_typography-font-weight:var(--awb-custom_typography_1-font-weight);--button_typography-font-style:var(--awb-custom_typography_1-font-style);\" target=\"_self\" data-hover=\"icon_slide\" href=\"https:\/\/diversityhub.pl\/en\/wydarzenie\/meetup-diversity-hub-accessibility-that-is-inclusive-on-inclusivity-towards-people-with-disabilities\/\"><span class=\"fusion-button-text awb-button__text awb-button__text--default\">Zobacz szczeg\u00f3\u0142y<\/span><i class=\"fa-arrow-right fas awb-button__icon awb-button__icon--default button-icon-right\" aria-hidden=\"true\"><\/i><\/a><\/div><\/div><\/li>\n<li class=\"fusion-layout-column fusion_builder_column fusion-builder-column-6 fusion-flex-column post-card fusion-grid-column fusion-post-cards-grid-column\" style=\"--awb-bg-blend:overlay;--awb-bg-size:cover;--awb-transform:translateY(0px);--awb-transform-hover:translateY(-8px);--awb-flex-grow:0;--awb-flex-shrink:0;--awb-flex-grow-medium:0;--awb-flex-shrink-medium:0;--awb-flex-grow-small:0;--awb-flex-shrink-small:0;\" data-scroll-devices=\"small-visibility,medium-visibility,large-visibility\"><div class=\"fusion-column-wrapper fusion-column-has-shadow fusion-flex-justify-content-flex-start fusion-content-layout-column\"><div class=\"fusion-image-element \" style=\"text-align:left;--awb-aspect-ratio:16 \/ 9;--awb-margin-bottom:1.5rem;--awb-caption-title-font-family:var(--h2_typography-font-family);--awb-caption-title-font-weight:var(--h2_typography-font-weight);--awb-caption-title-font-style:var(--h2_typography-font-style);--awb-caption-title-size:var(--h2_typography-font-size);--awb-caption-title-transform:var(--h2_typography-text-transform);--awb-caption-title-line-height:var(--h2_typography-line-height);--awb-caption-title-letter-spacing:var(--h2_typography-letter-spacing);\"><span class=\" fusion-imageframe imageframe-none imageframe-5 hover-type-none has-aspect-ratio\"><a class=\"fusion-no-lightbox\" href=\"https:\/\/diversityhub.pl\/en\/wydarzenie\/meetup-diversity-hub-inclusive-change-navigating-tough-emotions-responsible-leadership\/\" target=\"_self\" aria-label=\"MeetUp DH_Heineken\"><img decoding=\"async\" width=\"1532\" height=\"850\" src=\"https:\/\/diversityhub.pl\/wp-content\/uploads\/2025\/11\/MeetUp-DH_Heineken.png\" class=\"img-responsive wp-image-11889 img-with-aspect-ratio\" data-parent-fit=\"cover\" data-parent-container=\".fusion-image-element\" alt srcset=\"https:\/\/diversityhub.pl\/wp-content\/uploads\/2025\/11\/MeetUp-DH_Heineken-200x111.png 200w, https:\/\/diversityhub.pl\/wp-content\/uploads\/2025\/11\/MeetUp-DH_Heineken-400x222.png 400w, https:\/\/diversityhub.pl\/wp-content\/uploads\/2025\/11\/MeetUp-DH_Heineken-600x333.png 600w, https:\/\/diversityhub.pl\/wp-content\/uploads\/2025\/11\/MeetUp-DH_Heineken-800x444.png 800w, https:\/\/diversityhub.pl\/wp-content\/uploads\/2025\/11\/MeetUp-DH_Heineken-1200x666.png 1200w, https:\/\/diversityhub.pl\/wp-content\/uploads\/2025\/11\/MeetUp-DH_Heineken.png 1532w\" sizes=\"(max-width: 640px) 100vw, 1532px\" \/><\/a><\/span><\/div><div class=\"fusion-text fusion-text-7 fusion-text-no-margin\" style=\"--awb-content-alignment:left;--awb-font-size:12px;--awb-line-height:1.4;--awb-text-color:var(--awb-color6);--awb-margin-top:0px;--awb-margin-right:0px;--awb-margin-bottom:0px;--awb-margin-left:0px;--awb-text-font-family:&quot;Poppins&quot;;--awb-text-font-style:normal;--awb-text-font-weight:700;\"><p>10\/12\/2025<\/p>\n<\/div><div class=\"fusion-title title fusion-title-6 fusion-sep-none fusion-title-text fusion-title-size-three duk-short-text-3\" style=\"--awb-text-color:var(--awb-color8);--awb-margin-top-small:10px;--awb-margin-right-small:0px;--awb-margin-bottom-small:10px;--awb-margin-left-small:0px;--awb-link-color:var(--awb-color8);--awb-font-size:20px;\"><h3 class=\"fusion-title-heading title-heading-left fusion-responsive-typography-calculated\" style=\"margin:0;font-size:1em;--fontSize:20;line-height:1.4;\"><a href=\"https:\/\/diversityhub.pl\/en\/wydarzenie\/meetup-diversity-hub-inclusive-change-navigating-tough-emotions-responsible-leadership\/\" class=\"awb-custom-text-color awb-custom-text-hover-color\" target=\"_self\">MeetUp Diversity Hub: Inclusive Change \u2013 Navigating Tough Emotions &amp; Responsible Leadership<\/a><\/h3><\/div><div class=\"fusion-separator fusion-full-width-sep\" style=\"align-self: center;margin-left: auto;margin-right: auto;flex-grow:1;width:100%;\"><\/div><div style=\"text-align:left;\"><a class=\"fusion-button button-flat fusion-button-default-size button-custom fusion-button-default button-5 fusion-button-default-span fusion-button-default-type\" style=\"--awb-margin-top:0px;--awb-margin-right:0px;--awb-margin-bottom:0px;--awb-margin-left:0px;--awb-padding-top:0px;--awb-padding-right:0px;--awb-padding-bottom:4px;--awb-padding-left:0px;--button_accent_color:var(--awb-color4);--button_accent_hover_color:hsla(var(--awb-color4-h),var(--awb-color4-s),calc(var(--awb-color4-l) - 10%),var(--awb-color4-a));--button_border_hover_color:var(--awb-color4);--button_border_width-top:0;--button_border_width-right:0;--button_border_width-bottom:2px;--button_border_width-left:0;--button-border-radius-top-left:0;--button-border-radius-top-right:0;--button-border-radius-bottom-right:0;--button-border-radius-bottom-left:0;--button_gradient_top_color:rgba(0,0,0,0);--button_gradient_bottom_color:rgba(0,0,0,0);--button_gradient_top_color_hover:rgba(0,0,0,0);--button_gradient_bottom_color_hover:rgba(0,0,0,0);--button_text_transform:var(--awb-custom_typography_1-text-transform);--button_font_size:var(--awb-custom_typography_1-font-size);--button_line_height:var(--awb-custom_typography_1-line-height);--button_typography-letter-spacing:var(--awb-custom_typography_1-letter-spacing);--button_typography-font-family:var(--awb-custom_typography_1-font-family);--button_typography-font-weight:var(--awb-custom_typography_1-font-weight);--button_typography-font-style:var(--awb-custom_typography_1-font-style);\" target=\"_self\" data-hover=\"icon_slide\" href=\"https:\/\/diversityhub.pl\/en\/wydarzenie\/meetup-diversity-hub-inclusive-change-navigating-tough-emotions-responsible-leadership\/\"><span class=\"fusion-button-text awb-button__text awb-button__text--default\">Zobacz szczeg\u00f3\u0142y<\/span><i class=\"fa-arrow-right fas awb-button__icon awb-button__icon--default button-icon-right\" aria-hidden=\"true\"><\/i><\/a><\/div><\/div><\/li>\n<li class=\"fusion-layout-column fusion_builder_column fusion-builder-column-7 fusion-flex-column post-card fusion-grid-column fusion-post-cards-grid-column\" style=\"--awb-bg-blend:overlay;--awb-bg-size:cover;--awb-transform:translateY(0px);--awb-transform-hover:translateY(-8px);--awb-flex-grow:0;--awb-flex-shrink:0;--awb-flex-grow-medium:0;--awb-flex-shrink-medium:0;--awb-flex-grow-small:0;--awb-flex-shrink-small:0;\" data-scroll-devices=\"small-visibility,medium-visibility,large-visibility\"><div class=\"fusion-column-wrapper fusion-column-has-shadow fusion-flex-justify-content-flex-start fusion-content-layout-column\"><div class=\"fusion-image-element \" style=\"text-align:left;--awb-aspect-ratio:16 \/ 9;--awb-margin-bottom:1.5rem;--awb-caption-title-font-family:var(--h2_typography-font-family);--awb-caption-title-font-weight:var(--h2_typography-font-weight);--awb-caption-title-font-style:var(--h2_typography-font-style);--awb-caption-title-size:var(--h2_typography-font-size);--awb-caption-title-transform:var(--h2_typography-text-transform);--awb-caption-title-line-height:var(--h2_typography-line-height);--awb-caption-title-letter-spacing:var(--h2_typography-letter-spacing);\"><span class=\" fusion-imageframe imageframe-none imageframe-6 hover-type-none has-aspect-ratio\"><a class=\"fusion-no-lightbox\" href=\"https:\/\/diversityhub.pl\/en\/wydarzenie\/meetup-diversity-hub-sila-inkluzywnosci-w-rekrutacji\/\" target=\"_self\" aria-label=\"MeetUp Diversity_Hub_Sila_inkluzywnosci_w_rekrutacji_2025_10_23\"><img decoding=\"async\" width=\"1920\" height=\"714\" src=\"https:\/\/diversityhub.pl\/wp-content\/uploads\/2025\/09\/MeetUp-Diversity_Hub_Sila_inkluzywnosci_w_rekrutacji_2025_10_23.jpg\" class=\"img-responsive wp-image-11150 img-with-aspect-ratio\" data-parent-fit=\"cover\" data-parent-container=\".fusion-image-element\" alt srcset=\"https:\/\/diversityhub.pl\/wp-content\/uploads\/2025\/09\/MeetUp-Diversity_Hub_Sila_inkluzywnosci_w_rekrutacji_2025_10_23-200x74.jpg 200w, https:\/\/diversityhub.pl\/wp-content\/uploads\/2025\/09\/MeetUp-Diversity_Hub_Sila_inkluzywnosci_w_rekrutacji_2025_10_23-400x149.jpg 400w, https:\/\/diversityhub.pl\/wp-content\/uploads\/2025\/09\/MeetUp-Diversity_Hub_Sila_inkluzywnosci_w_rekrutacji_2025_10_23-600x223.jpg 600w, https:\/\/diversityhub.pl\/wp-content\/uploads\/2025\/09\/MeetUp-Diversity_Hub_Sila_inkluzywnosci_w_rekrutacji_2025_10_23-800x298.jpg 800w, https:\/\/diversityhub.pl\/wp-content\/uploads\/2025\/09\/MeetUp-Diversity_Hub_Sila_inkluzywnosci_w_rekrutacji_2025_10_23-1200x446.jpg 1200w, https:\/\/diversityhub.pl\/wp-content\/uploads\/2025\/09\/MeetUp-Diversity_Hub_Sila_inkluzywnosci_w_rekrutacji_2025_10_23.jpg 1920w\" sizes=\"(max-width: 640px) 100vw, 1920px\" \/><\/a><\/span><\/div><div class=\"fusion-text fusion-text-8 fusion-text-no-margin\" style=\"--awb-content-alignment:left;--awb-font-size:12px;--awb-line-height:1.4;--awb-text-color:var(--awb-color6);--awb-margin-top:0px;--awb-margin-right:0px;--awb-margin-bottom:0px;--awb-margin-left:0px;--awb-text-font-family:&quot;Poppins&quot;;--awb-text-font-style:normal;--awb-text-font-weight:700;\"><p>23\/10\/2025<\/p>\n<\/div><div class=\"fusion-title title fusion-title-7 fusion-sep-none fusion-title-text fusion-title-size-three duk-short-text-3\" style=\"--awb-text-color:var(--awb-color8);--awb-margin-top-small:10px;--awb-margin-right-small:0px;--awb-margin-bottom-small:10px;--awb-margin-left-small:0px;--awb-link-color:var(--awb-color8);--awb-font-size:20px;\"><h3 class=\"fusion-title-heading title-heading-left fusion-responsive-typography-calculated\" style=\"margin:0;font-size:1em;--fontSize:20;line-height:1.4;\"><a href=\"https:\/\/diversityhub.pl\/en\/wydarzenie\/meetup-diversity-hub-sila-inkluzywnosci-w-rekrutacji\/\" class=\"awb-custom-text-color awb-custom-text-hover-color\" target=\"_self\">MeetUp Diversity Hub: Si\u0142a inkluzywno\u015bci w rekrutacji<\/a><\/h3><\/div><div class=\"fusion-separator fusion-full-width-sep\" style=\"align-self: center;margin-left: auto;margin-right: auto;flex-grow:1;width:100%;\"><\/div><div style=\"text-align:left;\"><a class=\"fusion-button button-flat fusion-button-default-size button-custom fusion-button-default button-6 fusion-button-default-span fusion-button-default-type\" style=\"--awb-margin-top:0px;--awb-margin-right:0px;--awb-margin-bottom:0px;--awb-margin-left:0px;--awb-padding-top:0px;--awb-padding-right:0px;--awb-padding-bottom:4px;--awb-padding-left:0px;--button_accent_color:var(--awb-color4);--button_accent_hover_color:hsla(var(--awb-color4-h),var(--awb-color4-s),calc(var(--awb-color4-l) - 10%),var(--awb-color4-a));--button_border_hover_color:var(--awb-color4);--button_border_width-top:0;--button_border_width-right:0;--button_border_width-bottom:2px;--button_border_width-left:0;--button-border-radius-top-left:0;--button-border-radius-top-right:0;--button-border-radius-bottom-right:0;--button-border-radius-bottom-left:0;--button_gradient_top_color:rgba(0,0,0,0);--button_gradient_bottom_color:rgba(0,0,0,0);--button_gradient_top_color_hover:rgba(0,0,0,0);--button_gradient_bottom_color_hover:rgba(0,0,0,0);--button_text_transform:var(--awb-custom_typography_1-text-transform);--button_font_size:var(--awb-custom_typography_1-font-size);--button_line_height:var(--awb-custom_typography_1-line-height);--button_typography-letter-spacing:var(--awb-custom_typography_1-letter-spacing);--button_typography-font-family:var(--awb-custom_typography_1-font-family);--button_typography-font-weight:var(--awb-custom_typography_1-font-weight);--button_typography-font-style:var(--awb-custom_typography_1-font-style);\" target=\"_self\" data-hover=\"icon_slide\" href=\"https:\/\/diversityhub.pl\/en\/wydarzenie\/meetup-diversity-hub-sila-inkluzywnosci-w-rekrutacji\/\"><span class=\"fusion-button-text awb-button__text awb-button__text--default\">Zobacz szczeg\u00f3\u0142y<\/span><i class=\"fa-arrow-right fas awb-button__icon awb-button__icon--default button-icon-right\" aria-hidden=\"true\"><\/i><\/a><\/div><\/div><\/li>\n<li class=\"fusion-layout-column fusion_builder_column fusion-builder-column-8 fusion-flex-column post-card fusion-grid-column fusion-post-cards-grid-column\" style=\"--awb-bg-blend:overlay;--awb-bg-size:cover;--awb-transform:translateY(0px);--awb-transform-hover:translateY(-8px);--awb-flex-grow:0;--awb-flex-shrink:0;--awb-flex-grow-medium:0;--awb-flex-shrink-medium:0;--awb-flex-grow-small:0;--awb-flex-shrink-small:0;\" data-scroll-devices=\"small-visibility,medium-visibility,large-visibility\"><div class=\"fusion-column-wrapper fusion-column-has-shadow fusion-flex-justify-content-flex-start fusion-content-layout-column\"><div class=\"fusion-image-element \" style=\"text-align:left;--awb-aspect-ratio:16 \/ 9;--awb-margin-bottom:1.5rem;--awb-caption-title-font-family:var(--h2_typography-font-family);--awb-caption-title-font-weight:var(--h2_typography-font-weight);--awb-caption-title-font-style:var(--h2_typography-font-style);--awb-caption-title-size:var(--h2_typography-font-size);--awb-caption-title-transform:var(--h2_typography-text-transform);--awb-caption-title-line-height:var(--h2_typography-line-height);--awb-caption-title-letter-spacing:var(--h2_typography-letter-spacing);\"><span class=\" fusion-imageframe imageframe-none imageframe-7 hover-type-none has-aspect-ratio\"><a class=\"fusion-no-lightbox\" href=\"https:\/\/diversityhub.pl\/en\/wydarzenie\/fast-smart-together-how-to-build-a-learning-organization-that-takes-into-account-age-and-individual-differences\/\" target=\"_self\" aria-label=\"DIVERSITY_HUB_sniadanie_MBANK_2025_09_03_baner_FB\"><img decoding=\"async\" width=\"1920\" height=\"714\" src=\"https:\/\/diversityhub.pl\/wp-content\/uploads\/2025\/08\/DIVERSITY_HUB_sniadanie_MBANK_2025_09_03_baner_FB.jpg\" class=\"img-responsive wp-image-11065 img-with-aspect-ratio\" data-parent-fit=\"cover\" data-parent-container=\".fusion-image-element\" alt srcset=\"https:\/\/diversityhub.pl\/wp-content\/uploads\/2025\/08\/DIVERSITY_HUB_sniadanie_MBANK_2025_09_03_baner_FB-200x74.jpg 200w, https:\/\/diversityhub.pl\/wp-content\/uploads\/2025\/08\/DIVERSITY_HUB_sniadanie_MBANK_2025_09_03_baner_FB-400x149.jpg 400w, https:\/\/diversityhub.pl\/wp-content\/uploads\/2025\/08\/DIVERSITY_HUB_sniadanie_MBANK_2025_09_03_baner_FB-600x223.jpg 600w, https:\/\/diversityhub.pl\/wp-content\/uploads\/2025\/08\/DIVERSITY_HUB_sniadanie_MBANK_2025_09_03_baner_FB-800x298.jpg 800w, https:\/\/diversityhub.pl\/wp-content\/uploads\/2025\/08\/DIVERSITY_HUB_sniadanie_MBANK_2025_09_03_baner_FB-1200x446.jpg 1200w, https:\/\/diversityhub.pl\/wp-content\/uploads\/2025\/08\/DIVERSITY_HUB_sniadanie_MBANK_2025_09_03_baner_FB.jpg 1920w\" sizes=\"(max-width: 640px) 100vw, 1920px\" \/><\/a><\/span><\/div><div class=\"fusion-text fusion-text-9 fusion-text-no-margin\" style=\"--awb-content-alignment:left;--awb-font-size:12px;--awb-line-height:1.4;--awb-text-color:var(--awb-color6);--awb-margin-top:0px;--awb-margin-right:0px;--awb-margin-bottom:0px;--awb-margin-left:0px;--awb-text-font-family:&quot;Poppins&quot;;--awb-text-font-style:normal;--awb-text-font-weight:700;\"><p>24\/09\/2025<\/p>\n<\/div><div class=\"fusion-title title fusion-title-8 fusion-sep-none fusion-title-text fusion-title-size-three duk-short-text-3\" style=\"--awb-text-color:var(--awb-color8);--awb-margin-top-small:10px;--awb-margin-right-small:0px;--awb-margin-bottom-small:10px;--awb-margin-left-small:0px;--awb-link-color:var(--awb-color8);--awb-font-size:20px;\"><h3 class=\"fusion-title-heading title-heading-left fusion-responsive-typography-calculated\" style=\"margin:0;font-size:1em;--fontSize:20;line-height:1.4;\"><a href=\"https:\/\/diversityhub.pl\/en\/wydarzenie\/fast-smart-together-how-to-build-a-learning-organization-that-takes-into-account-age-and-individual-differences\/\" class=\"awb-custom-text-color awb-custom-text-hover-color\" target=\"_self\">Fast, smart, together &#8211; how to build a learning organization that takes into account age and individual differences?<\/a><\/h3><\/div><div class=\"fusion-separator fusion-full-width-sep\" style=\"align-self: center;margin-left: auto;margin-right: auto;flex-grow:1;width:100%;\"><\/div><div style=\"text-align:left;\"><a class=\"fusion-button button-flat fusion-button-default-size button-custom fusion-button-default button-7 fusion-button-default-span fusion-button-default-type\" style=\"--awb-margin-top:0px;--awb-margin-right:0px;--awb-margin-bottom:0px;--awb-margin-left:0px;--awb-padding-top:0px;--awb-padding-right:0px;--awb-padding-bottom:4px;--awb-padding-left:0px;--button_accent_color:var(--awb-color4);--button_accent_hover_color:hsla(var(--awb-color4-h),var(--awb-color4-s),calc(var(--awb-color4-l) - 10%),var(--awb-color4-a));--button_border_hover_color:var(--awb-color4);--button_border_width-top:0;--button_border_width-right:0;--button_border_width-bottom:2px;--button_border_width-left:0;--button-border-radius-top-left:0;--button-border-radius-top-right:0;--button-border-radius-bottom-right:0;--button-border-radius-bottom-left:0;--button_gradient_top_color:rgba(0,0,0,0);--button_gradient_bottom_color:rgba(0,0,0,0);--button_gradient_top_color_hover:rgba(0,0,0,0);--button_gradient_bottom_color_hover:rgba(0,0,0,0);--button_text_transform:var(--awb-custom_typography_1-text-transform);--button_font_size:var(--awb-custom_typography_1-font-size);--button_line_height:var(--awb-custom_typography_1-line-height);--button_typography-letter-spacing:var(--awb-custom_typography_1-letter-spacing);--button_typography-font-family:var(--awb-custom_typography_1-font-family);--button_typography-font-weight:var(--awb-custom_typography_1-font-weight);--button_typography-font-style:var(--awb-custom_typography_1-font-style);\" target=\"_self\" data-hover=\"icon_slide\" href=\"https:\/\/diversityhub.pl\/en\/wydarzenie\/fast-smart-together-how-to-build-a-learning-organization-that-takes-into-account-age-and-individual-differences\/\"><span class=\"fusion-button-text awb-button__text awb-button__text--default\">Zobacz szczeg\u00f3\u0142y<\/span><i class=\"fa-arrow-right fas awb-button__icon awb-button__icon--default button-icon-right\" aria-hidden=\"true\"><\/i><\/a><\/div><\/div><\/li>\n<li class=\"fusion-layout-column fusion_builder_column fusion-builder-column-9 fusion-flex-column post-card fusion-grid-column fusion-post-cards-grid-column\" style=\"--awb-bg-blend:overlay;--awb-bg-size:cover;--awb-transform:translateY(0px);--awb-transform-hover:translateY(-8px);--awb-flex-grow:0;--awb-flex-shrink:0;--awb-flex-grow-medium:0;--awb-flex-shrink-medium:0;--awb-flex-grow-small:0;--awb-flex-shrink-small:0;\" data-scroll-devices=\"small-visibility,medium-visibility,large-visibility\"><div class=\"fusion-column-wrapper fusion-column-has-shadow fusion-flex-justify-content-flex-start fusion-content-layout-column\"><div class=\"fusion-image-element \" style=\"text-align:left;--awb-aspect-ratio:16 \/ 9;--awb-margin-bottom:1.5rem;--awb-caption-title-font-family:var(--h2_typography-font-family);--awb-caption-title-font-weight:var(--h2_typography-font-weight);--awb-caption-title-font-style:var(--h2_typography-font-style);--awb-caption-title-size:var(--h2_typography-font-size);--awb-caption-title-transform:var(--h2_typography-text-transform);--awb-caption-title-line-height:var(--h2_typography-line-height);--awb-caption-title-letter-spacing:var(--h2_typography-letter-spacing);\"><span class=\" fusion-imageframe imageframe-none imageframe-8 hover-type-none has-aspect-ratio\"><a class=\"fusion-no-lightbox\" href=\"https:\/\/diversityhub.pl\/en\/wydarzenie\/neurodiversity-pride-day\/\" target=\"_self\" aria-label=\"DIVERSITY_HUB_sniadanie_CISCO_2025_05_22_baner_FB kopia 2\"><img decoding=\"async\" width=\"1920\" height=\"714\" src=\"https:\/\/diversityhub.pl\/wp-content\/uploads\/2025\/05\/DIVERSITY_HUB_sniadanie_CISCO_2025_05_22_baner_FB-kopia-2.jpg\" class=\"img-responsive wp-image-10677 img-with-aspect-ratio\" data-parent-fit=\"cover\" data-parent-container=\".fusion-image-element\" alt srcset=\"https:\/\/diversityhub.pl\/wp-content\/uploads\/2025\/05\/DIVERSITY_HUB_sniadanie_CISCO_2025_05_22_baner_FB-kopia-2-200x74.jpg 200w, https:\/\/diversityhub.pl\/wp-content\/uploads\/2025\/05\/DIVERSITY_HUB_sniadanie_CISCO_2025_05_22_baner_FB-kopia-2-400x149.jpg 400w, https:\/\/diversityhub.pl\/wp-content\/uploads\/2025\/05\/DIVERSITY_HUB_sniadanie_CISCO_2025_05_22_baner_FB-kopia-2-600x223.jpg 600w, https:\/\/diversityhub.pl\/wp-content\/uploads\/2025\/05\/DIVERSITY_HUB_sniadanie_CISCO_2025_05_22_baner_FB-kopia-2-800x298.jpg 800w, https:\/\/diversityhub.pl\/wp-content\/uploads\/2025\/05\/DIVERSITY_HUB_sniadanie_CISCO_2025_05_22_baner_FB-kopia-2-1200x446.jpg 1200w, https:\/\/diversityhub.pl\/wp-content\/uploads\/2025\/05\/DIVERSITY_HUB_sniadanie_CISCO_2025_05_22_baner_FB-kopia-2.jpg 1920w\" sizes=\"(max-width: 640px) 100vw, 1920px\" \/><\/a><\/span><\/div><div class=\"fusion-text fusion-text-10 fusion-text-no-margin\" style=\"--awb-content-alignment:left;--awb-font-size:12px;--awb-line-height:1.4;--awb-text-color:var(--awb-color6);--awb-margin-top:0px;--awb-margin-right:0px;--awb-margin-bottom:0px;--awb-margin-left:0px;--awb-text-font-family:&quot;Poppins&quot;;--awb-text-font-style:normal;--awb-text-font-weight:700;\"><p>16\/06\/2025<\/p>\n<\/div><div class=\"fusion-title title fusion-title-9 fusion-sep-none fusion-title-text fusion-title-size-three duk-short-text-3\" style=\"--awb-text-color:var(--awb-color8);--awb-margin-top-small:10px;--awb-margin-right-small:0px;--awb-margin-bottom-small:10px;--awb-margin-left-small:0px;--awb-link-color:var(--awb-color8);--awb-font-size:20px;\"><h3 class=\"fusion-title-heading title-heading-left fusion-responsive-typography-calculated\" style=\"margin:0;font-size:1em;--fontSize:20;line-height:1.4;\"><a href=\"https:\/\/diversityhub.pl\/en\/wydarzenie\/neurodiversity-pride-day\/\" class=\"awb-custom-text-color awb-custom-text-hover-color\" target=\"_self\">Neurodiversity Pride Day<\/a><\/h3><\/div><div class=\"fusion-separator fusion-full-width-sep\" style=\"align-self: center;margin-left: auto;margin-right: auto;flex-grow:1;width:100%;\"><\/div><div style=\"text-align:left;\"><a class=\"fusion-button button-flat fusion-button-default-size button-custom fusion-button-default button-8 fusion-button-default-span fusion-button-default-type\" style=\"--awb-margin-top:0px;--awb-margin-right:0px;--awb-margin-bottom:0px;--awb-margin-left:0px;--awb-padding-top:0px;--awb-padding-right:0px;--awb-padding-bottom:4px;--awb-padding-left:0px;--button_accent_color:var(--awb-color4);--button_accent_hover_color:hsla(var(--awb-color4-h),var(--awb-color4-s),calc(var(--awb-color4-l) - 10%),var(--awb-color4-a));--button_border_hover_color:var(--awb-color4);--button_border_width-top:0;--button_border_width-right:0;--button_border_width-bottom:2px;--button_border_width-left:0;--button-border-radius-top-left:0;--button-border-radius-top-right:0;--button-border-radius-bottom-right:0;--button-border-radius-bottom-left:0;--button_gradient_top_color:rgba(0,0,0,0);--button_gradient_bottom_color:rgba(0,0,0,0);--button_gradient_top_color_hover:rgba(0,0,0,0);--button_gradient_bottom_color_hover:rgba(0,0,0,0);--button_text_transform:var(--awb-custom_typography_1-text-transform);--button_font_size:var(--awb-custom_typography_1-font-size);--button_line_height:var(--awb-custom_typography_1-line-height);--button_typography-letter-spacing:var(--awb-custom_typography_1-letter-spacing);--button_typography-font-family:var(--awb-custom_typography_1-font-family);--button_typography-font-weight:var(--awb-custom_typography_1-font-weight);--button_typography-font-style:var(--awb-custom_typography_1-font-style);\" target=\"_self\" data-hover=\"icon_slide\" href=\"https:\/\/diversityhub.pl\/en\/wydarzenie\/neurodiversity-pride-day\/\"><span class=\"fusion-button-text awb-button__text awb-button__text--default\">Zobacz szczeg\u00f3\u0142y<\/span><i class=\"fa-arrow-right fas awb-button__icon awb-button__icon--default button-icon-right\" aria-hidden=\"true\"><\/i><\/a><\/div><\/div><\/li>\n<li class=\"fusion-layout-column fusion_builder_column fusion-builder-column-10 fusion-flex-column post-card fusion-grid-column fusion-post-cards-grid-column\" style=\"--awb-bg-blend:overlay;--awb-bg-size:cover;--awb-transform:translateY(0px);--awb-transform-hover:translateY(-8px);--awb-flex-grow:0;--awb-flex-shrink:0;--awb-flex-grow-medium:0;--awb-flex-shrink-medium:0;--awb-flex-grow-small:0;--awb-flex-shrink-small:0;\" data-scroll-devices=\"small-visibility,medium-visibility,large-visibility\"><div class=\"fusion-column-wrapper fusion-column-has-shadow fusion-flex-justify-content-flex-start fusion-content-layout-column\"><div class=\"fusion-image-element \" style=\"text-align:left;--awb-aspect-ratio:16 \/ 9;--awb-margin-bottom:1.5rem;--awb-caption-title-font-family:var(--h2_typography-font-family);--awb-caption-title-font-weight:var(--h2_typography-font-weight);--awb-caption-title-font-style:var(--h2_typography-font-style);--awb-caption-title-size:var(--h2_typography-font-size);--awb-caption-title-transform:var(--h2_typography-text-transform);--awb-caption-title-line-height:var(--h2_typography-line-height);--awb-caption-title-letter-spacing:var(--h2_typography-letter-spacing);\"><span class=\" fusion-imageframe imageframe-none imageframe-9 hover-type-none has-aspect-ratio\"><a class=\"fusion-no-lightbox\" href=\"https:\/\/diversityhub.pl\/en\/wydarzenie\/spotkajmy-sie-na-women-in-tech-summit\/\" target=\"_self\" aria-label=\"Women in Tech_Diversity_Hub\"><img decoding=\"async\" width=\"1920\" height=\"1080\" src=\"https:\/\/diversityhub.pl\/wp-content\/uploads\/2025\/05\/Women-in-Tech_Diversity_Hub.jpg\" class=\"img-responsive wp-image-10512 img-with-aspect-ratio\" data-parent-fit=\"cover\" data-parent-container=\".fusion-image-element\" alt srcset=\"https:\/\/diversityhub.pl\/wp-content\/uploads\/2025\/05\/Women-in-Tech_Diversity_Hub-200x113.jpg 200w, https:\/\/diversityhub.pl\/wp-content\/uploads\/2025\/05\/Women-in-Tech_Diversity_Hub-400x225.jpg 400w, https:\/\/diversityhub.pl\/wp-content\/uploads\/2025\/05\/Women-in-Tech_Diversity_Hub-600x338.jpg 600w, https:\/\/diversityhub.pl\/wp-content\/uploads\/2025\/05\/Women-in-Tech_Diversity_Hub-800x450.jpg 800w, https:\/\/diversityhub.pl\/wp-content\/uploads\/2025\/05\/Women-in-Tech_Diversity_Hub-1200x675.jpg 1200w, https:\/\/diversityhub.pl\/wp-content\/uploads\/2025\/05\/Women-in-Tech_Diversity_Hub.jpg 1920w\" sizes=\"(max-width: 640px) 100vw, 1920px\" \/><\/a><\/span><\/div><div class=\"fusion-text fusion-text-11 fusion-text-no-margin\" style=\"--awb-content-alignment:left;--awb-font-size:12px;--awb-line-height:1.4;--awb-text-color:var(--awb-color6);--awb-margin-top:0px;--awb-margin-right:0px;--awb-margin-bottom:0px;--awb-margin-left:0px;--awb-text-font-family:&quot;Poppins&quot;;--awb-text-font-style:normal;--awb-text-font-weight:700;\"><p>04\/06\/2025<\/p>\n<\/div><div class=\"fusion-title title fusion-title-10 fusion-sep-none fusion-title-text fusion-title-size-three duk-short-text-3\" style=\"--awb-text-color:var(--awb-color8);--awb-margin-top-small:10px;--awb-margin-right-small:0px;--awb-margin-bottom-small:10px;--awb-margin-left-small:0px;--awb-link-color:var(--awb-color8);--awb-font-size:20px;\"><h3 class=\"fusion-title-heading title-heading-left fusion-responsive-typography-calculated\" style=\"margin:0;font-size:1em;--fontSize:20;line-height:1.4;\"><a href=\"https:\/\/diversityhub.pl\/en\/wydarzenie\/spotkajmy-sie-na-women-in-tech-summit\/\" class=\"awb-custom-text-color awb-custom-text-hover-color\" target=\"_self\">Spotkajmy si\u0119 na Women in Tech Summit!<\/a><\/h3><\/div><div class=\"fusion-separator fusion-full-width-sep\" style=\"align-self: center;margin-left: auto;margin-right: auto;flex-grow:1;width:100%;\"><\/div><div style=\"text-align:left;\"><a class=\"fusion-button button-flat fusion-button-default-size button-custom fusion-button-default button-9 fusion-button-default-span fusion-button-default-type\" style=\"--awb-margin-top:0px;--awb-margin-right:0px;--awb-margin-bottom:0px;--awb-margin-left:0px;--awb-padding-top:0px;--awb-padding-right:0px;--awb-padding-bottom:4px;--awb-padding-left:0px;--button_accent_color:var(--awb-color4);--button_accent_hover_color:hsla(var(--awb-color4-h),var(--awb-color4-s),calc(var(--awb-color4-l) - 10%),var(--awb-color4-a));--button_border_hover_color:var(--awb-color4);--button_border_width-top:0;--button_border_width-right:0;--button_border_width-bottom:2px;--button_border_width-left:0;--button-border-radius-top-left:0;--button-border-radius-top-right:0;--button-border-radius-bottom-right:0;--button-border-radius-bottom-left:0;--button_gradient_top_color:rgba(0,0,0,0);--button_gradient_bottom_color:rgba(0,0,0,0);--button_gradient_top_color_hover:rgba(0,0,0,0);--button_gradient_bottom_color_hover:rgba(0,0,0,0);--button_text_transform:var(--awb-custom_typography_1-text-transform);--button_font_size:var(--awb-custom_typography_1-font-size);--button_line_height:var(--awb-custom_typography_1-line-height);--button_typography-letter-spacing:var(--awb-custom_typography_1-letter-spacing);--button_typography-font-family:var(--awb-custom_typography_1-font-family);--button_typography-font-weight:var(--awb-custom_typography_1-font-weight);--button_typography-font-style:var(--awb-custom_typography_1-font-style);\" target=\"_self\" data-hover=\"icon_slide\" href=\"https:\/\/diversityhub.pl\/en\/wydarzenie\/spotkajmy-sie-na-women-in-tech-summit\/\"><span class=\"fusion-button-text awb-button__text awb-button__text--default\">Zobacz szczeg\u00f3\u0142y<\/span><i class=\"fa-arrow-right fas awb-button__icon awb-button__icon--default button-icon-right\" aria-hidden=\"true\"><\/i><\/a><\/div><\/div><\/li>\n<li class=\"fusion-layout-column fusion_builder_column fusion-builder-column-11 fusion-flex-column post-card fusion-grid-column fusion-post-cards-grid-column\" style=\"--awb-bg-blend:overlay;--awb-bg-size:cover;--awb-transform:translateY(0px);--awb-transform-hover:translateY(-8px);--awb-flex-grow:0;--awb-flex-shrink:0;--awb-flex-grow-medium:0;--awb-flex-shrink-medium:0;--awb-flex-grow-small:0;--awb-flex-shrink-small:0;\" data-scroll-devices=\"small-visibility,medium-visibility,large-visibility\"><div class=\"fusion-column-wrapper fusion-column-has-shadow fusion-flex-justify-content-flex-start fusion-content-layout-column\"><div class=\"fusion-text fusion-text-12 fusion-text-no-margin\" style=\"--awb-content-alignment:left;--awb-font-size:12px;--awb-line-height:1.4;--awb-text-color:var(--awb-color6);--awb-margin-top:0px;--awb-margin-right:0px;--awb-margin-bottom:0px;--awb-margin-left:0px;--awb-text-font-family:&quot;Poppins&quot;;--awb-text-font-style:normal;--awb-text-font-weight:700;\"><\/div><div class=\"fusion-title title fusion-title-11 fusion-sep-none fusion-title-text fusion-title-size-three duk-short-text-3\" style=\"--awb-text-color:var(--awb-color8);--awb-margin-top-small:10px;--awb-margin-right-small:0px;--awb-margin-bottom-small:10px;--awb-margin-left-small:0px;--awb-link-color:var(--awb-color8);--awb-font-size:20px;\"><h3 class=\"fusion-title-heading title-heading-left fusion-responsive-typography-calculated\" style=\"margin:0;font-size:1em;--fontSize:20;line-height:1.4;\"><a href=\"https:\/\/diversityhub.pl\/en\/wydarzenie\/sniadanie-diversity-hub-erg-przestrzen-na-rozwoj-wplyw-i-zmiany-2\/\" class=\"awb-custom-text-color awb-custom-text-hover-color\" target=\"_self\">\u015aniadanie Diversity Hub: ERG &#8211; przestrze\u0144 na rozw\u00f3j, wp\u0142yw i zmiany!<\/a><\/h3><\/div><div class=\"fusion-separator fusion-full-width-sep\" style=\"align-self: center;margin-left: auto;margin-right: auto;flex-grow:1;width:100%;\"><\/div><div style=\"text-align:left;\"><a class=\"fusion-button button-flat fusion-button-default-size button-custom fusion-button-default button-10 fusion-button-default-span fusion-button-default-type\" style=\"--awb-margin-top:0px;--awb-margin-right:0px;--awb-margin-bottom:0px;--awb-margin-left:0px;--awb-padding-top:0px;--awb-padding-right:0px;--awb-padding-bottom:4px;--awb-padding-left:0px;--button_accent_color:var(--awb-color4);--button_accent_hover_color:hsla(var(--awb-color4-h),var(--awb-color4-s),calc(var(--awb-color4-l) - 10%),var(--awb-color4-a));--button_border_hover_color:var(--awb-color4);--button_border_width-top:0;--button_border_width-right:0;--button_border_width-bottom:2px;--button_border_width-left:0;--button-border-radius-top-left:0;--button-border-radius-top-right:0;--button-border-radius-bottom-right:0;--button-border-radius-bottom-left:0;--button_gradient_top_color:rgba(0,0,0,0);--button_gradient_bottom_color:rgba(0,0,0,0);--button_gradient_top_color_hover:rgba(0,0,0,0);--button_gradient_bottom_color_hover:rgba(0,0,0,0);--button_text_transform:var(--awb-custom_typography_1-text-transform);--button_font_size:var(--awb-custom_typography_1-font-size);--button_line_height:var(--awb-custom_typography_1-line-height);--button_typography-letter-spacing:var(--awb-custom_typography_1-letter-spacing);--button_typography-font-family:var(--awb-custom_typography_1-font-family);--button_typography-font-weight:var(--awb-custom_typography_1-font-weight);--button_typography-font-style:var(--awb-custom_typography_1-font-style);\" target=\"_self\" data-hover=\"icon_slide\" href=\"https:\/\/diversityhub.pl\/en\/wydarzenie\/sniadanie-diversity-hub-erg-przestrzen-na-rozwoj-wplyw-i-zmiany-2\/\"><span class=\"fusion-button-text awb-button__text awb-button__text--default\">Zobacz szczeg\u00f3\u0142y<\/span><i class=\"fa-arrow-right fas awb-button__icon awb-button__icon--default button-icon-right\" aria-hidden=\"true\"><\/i><\/a><\/div><\/div><\/li>\n<li class=\"fusion-layout-column fusion_builder_column fusion-builder-column-12 fusion-flex-column post-card fusion-grid-column fusion-post-cards-grid-column\" style=\"--awb-bg-blend:overlay;--awb-bg-size:cover;--awb-transform:translateY(0px);--awb-transform-hover:translateY(-8px);--awb-flex-grow:0;--awb-flex-shrink:0;--awb-flex-grow-medium:0;--awb-flex-shrink-medium:0;--awb-flex-grow-small:0;--awb-flex-shrink-small:0;\" data-scroll-devices=\"small-visibility,medium-visibility,large-visibility\"><div class=\"fusion-column-wrapper fusion-column-has-shadow fusion-flex-justify-content-flex-start fusion-content-layout-column\"><div class=\"fusion-image-element \" style=\"text-align:left;--awb-aspect-ratio:16 \/ 9;--awb-margin-bottom:1.5rem;--awb-caption-title-font-family:var(--h2_typography-font-family);--awb-caption-title-font-weight:var(--h2_typography-font-weight);--awb-caption-title-font-style:var(--h2_typography-font-style);--awb-caption-title-size:var(--h2_typography-font-size);--awb-caption-title-transform:var(--h2_typography-text-transform);--awb-caption-title-line-height:var(--h2_typography-line-height);--awb-caption-title-letter-spacing:var(--h2_typography-letter-spacing);\"><span class=\" fusion-imageframe imageframe-none imageframe-11 hover-type-none has-aspect-ratio\"><a class=\"fusion-no-lightbox\" href=\"https:\/\/diversityhub.pl\/en\/wydarzenie\/sniadanie-diversity-hub-erg-przestrzen-na-rozwoj-wplyw-i-zmiany\/\" target=\"_self\" aria-label=\"DIVERSITY_HUB_ERG_2025_05_07_baner_FB_v2\"><img decoding=\"async\" width=\"1920\" height=\"714\" src=\"https:\/\/diversityhub.pl\/wp-content\/uploads\/2025\/05\/DIVERSITY_HUB_ERG_2025_05_07_baner_FB_v2.jpg\" class=\"img-responsive wp-image-10126 img-with-aspect-ratio\" data-parent-fit=\"cover\" data-parent-container=\".fusion-image-element\" alt srcset=\"https:\/\/diversityhub.pl\/wp-content\/uploads\/2025\/05\/DIVERSITY_HUB_ERG_2025_05_07_baner_FB_v2-200x74.jpg 200w, https:\/\/diversityhub.pl\/wp-content\/uploads\/2025\/05\/DIVERSITY_HUB_ERG_2025_05_07_baner_FB_v2-400x149.jpg 400w, https:\/\/diversityhub.pl\/wp-content\/uploads\/2025\/05\/DIVERSITY_HUB_ERG_2025_05_07_baner_FB_v2-600x223.jpg 600w, https:\/\/diversityhub.pl\/wp-content\/uploads\/2025\/05\/DIVERSITY_HUB_ERG_2025_05_07_baner_FB_v2-800x298.jpg 800w, https:\/\/diversityhub.pl\/wp-content\/uploads\/2025\/05\/DIVERSITY_HUB_ERG_2025_05_07_baner_FB_v2-1200x446.jpg 1200w, https:\/\/diversityhub.pl\/wp-content\/uploads\/2025\/05\/DIVERSITY_HUB_ERG_2025_05_07_baner_FB_v2.jpg 1920w\" sizes=\"(max-width: 640px) 100vw, 1920px\" \/><\/a><\/span><\/div><div class=\"fusion-text fusion-text-13 fusion-text-no-margin\" style=\"--awb-content-alignment:left;--awb-font-size:12px;--awb-line-height:1.4;--awb-text-color:var(--awb-color6);--awb-margin-top:0px;--awb-margin-right:0px;--awb-margin-bottom:0px;--awb-margin-left:0px;--awb-text-font-family:&quot;Poppins&quot;;--awb-text-font-style:normal;--awb-text-font-weight:700;\"><p>22\/05\/2025<\/p>\n<\/div><div class=\"fusion-title title fusion-title-12 fusion-sep-none fusion-title-text fusion-title-size-three duk-short-text-3\" style=\"--awb-text-color:var(--awb-color8);--awb-margin-top-small:10px;--awb-margin-right-small:0px;--awb-margin-bottom-small:10px;--awb-margin-left-small:0px;--awb-link-color:var(--awb-color8);--awb-font-size:20px;\"><h3 class=\"fusion-title-heading title-heading-left fusion-responsive-typography-calculated\" style=\"margin:0;font-size:1em;--fontSize:20;line-height:1.4;\"><a href=\"https:\/\/diversityhub.pl\/en\/wydarzenie\/sniadanie-diversity-hub-erg-przestrzen-na-rozwoj-wplyw-i-zmiany\/\" class=\"awb-custom-text-color awb-custom-text-hover-color\" target=\"_self\">\u015aniadanie Diversity Hub: ERG &#8211; przestrze\u0144 na rozw\u00f3j, wp\u0142yw i zmiany!<\/a><\/h3><\/div><div class=\"fusion-separator fusion-full-width-sep\" style=\"align-self: center;margin-left: auto;margin-right: auto;flex-grow:1;width:100%;\"><\/div><div style=\"text-align:left;\"><a class=\"fusion-button button-flat fusion-button-default-size button-custom fusion-button-default button-11 fusion-button-default-span fusion-button-default-type\" style=\"--awb-margin-top:0px;--awb-margin-right:0px;--awb-margin-bottom:0px;--awb-margin-left:0px;--awb-padding-top:0px;--awb-padding-right:0px;--awb-padding-bottom:4px;--awb-padding-left:0px;--button_accent_color:var(--awb-color4);--button_accent_hover_color:hsla(var(--awb-color4-h),var(--awb-color4-s),calc(var(--awb-color4-l) - 10%),var(--awb-color4-a));--button_border_hover_color:var(--awb-color4);--button_border_width-top:0;--button_border_width-right:0;--button_border_width-bottom:2px;--button_border_width-left:0;--button-border-radius-top-left:0;--button-border-radius-top-right:0;--button-border-radius-bottom-right:0;--button-border-radius-bottom-left:0;--button_gradient_top_color:rgba(0,0,0,0);--button_gradient_bottom_color:rgba(0,0,0,0);--button_gradient_top_color_hover:rgba(0,0,0,0);--button_gradient_bottom_color_hover:rgba(0,0,0,0);--button_text_transform:var(--awb-custom_typography_1-text-transform);--button_font_size:var(--awb-custom_typography_1-font-size);--button_line_height:var(--awb-custom_typography_1-line-height);--button_typography-letter-spacing:var(--awb-custom_typography_1-letter-spacing);--button_typography-font-family:var(--awb-custom_typography_1-font-family);--button_typography-font-weight:var(--awb-custom_typography_1-font-weight);--button_typography-font-style:var(--awb-custom_typography_1-font-style);\" target=\"_self\" data-hover=\"icon_slide\" href=\"https:\/\/diversityhub.pl\/en\/wydarzenie\/sniadanie-diversity-hub-erg-przestrzen-na-rozwoj-wplyw-i-zmiany\/\"><span class=\"fusion-button-text awb-button__text awb-button__text--default\">Zobacz szczeg\u00f3\u0142y<\/span><i class=\"fa-arrow-right fas awb-button__icon awb-button__icon--default button-icon-right\" aria-hidden=\"true\"><\/i><\/a><\/div><\/div><\/li>\n<li class=\"fusion-layout-column fusion_builder_column fusion-builder-column-13 fusion-flex-column post-card fusion-grid-column fusion-post-cards-grid-column\" style=\"--awb-bg-blend:overlay;--awb-bg-size:cover;--awb-transform:translateY(0px);--awb-transform-hover:translateY(-8px);--awb-flex-grow:0;--awb-flex-shrink:0;--awb-flex-grow-medium:0;--awb-flex-shrink-medium:0;--awb-flex-grow-small:0;--awb-flex-shrink-small:0;\" data-scroll-devices=\"small-visibility,medium-visibility,large-visibility\"><div class=\"fusion-column-wrapper fusion-column-has-shadow fusion-flex-justify-content-flex-start fusion-content-layout-column\"><div class=\"fusion-image-element \" style=\"text-align:left;--awb-aspect-ratio:16 \/ 9;--awb-margin-bottom:1.5rem;--awb-caption-title-font-family:var(--h2_typography-font-family);--awb-caption-title-font-weight:var(--h2_typography-font-weight);--awb-caption-title-font-style:var(--h2_typography-font-style);--awb-caption-title-size:var(--h2_typography-font-size);--awb-caption-title-transform:var(--h2_typography-text-transform);--awb-caption-title-line-height:var(--h2_typography-line-height);--awb-caption-title-letter-spacing:var(--h2_typography-letter-spacing);\"><span class=\" fusion-imageframe imageframe-none imageframe-12 hover-type-none has-aspect-ratio\"><a class=\"fusion-no-lightbox\" href=\"https:\/\/diversityhub.pl\/en\/wydarzenie\/sniadanie-diversity-hub-otwartosc-na-neuroroznorodnosc-wyzwanie-czy-papierek-lakmusowy-inkluzywnosci\/\" target=\"_self\" aria-label=\"\u015aniadanie 25.04.2025_cover\"><img decoding=\"async\" width=\"1920\" height=\"714\" src=\"https:\/\/diversityhub.pl\/wp-content\/uploads\/2025\/04\/Sniadanie-25.04.2025_cover.jpg\" class=\"img-responsive wp-image-9697 img-with-aspect-ratio\" data-parent-fit=\"cover\" data-parent-container=\".fusion-image-element\" alt srcset=\"https:\/\/diversityhub.pl\/wp-content\/uploads\/2025\/04\/Sniadanie-25.04.2025_cover-200x74.jpg 200w, https:\/\/diversityhub.pl\/wp-content\/uploads\/2025\/04\/Sniadanie-25.04.2025_cover-400x149.jpg 400w, https:\/\/diversityhub.pl\/wp-content\/uploads\/2025\/04\/Sniadanie-25.04.2025_cover-600x223.jpg 600w, https:\/\/diversityhub.pl\/wp-content\/uploads\/2025\/04\/Sniadanie-25.04.2025_cover-800x298.jpg 800w, https:\/\/diversityhub.pl\/wp-content\/uploads\/2025\/04\/Sniadanie-25.04.2025_cover-1200x446.jpg 1200w, https:\/\/diversityhub.pl\/wp-content\/uploads\/2025\/04\/Sniadanie-25.04.2025_cover.jpg 1920w\" sizes=\"(max-width: 640px) 100vw, 1920px\" \/><\/a><\/span><\/div><div class=\"fusion-text fusion-text-14 fusion-text-no-margin\" style=\"--awb-content-alignment:left;--awb-font-size:12px;--awb-line-height:1.4;--awb-text-color:var(--awb-color6);--awb-margin-top:0px;--awb-margin-right:0px;--awb-margin-bottom:0px;--awb-margin-left:0px;--awb-text-font-family:&quot;Poppins&quot;;--awb-text-font-style:normal;--awb-text-font-weight:700;\"><p>25\/04\/2025<\/p>\n<\/div><div class=\"fusion-title title fusion-title-13 fusion-sep-none fusion-title-text fusion-title-size-three duk-short-text-3\" style=\"--awb-text-color:var(--awb-color8);--awb-margin-top-small:10px;--awb-margin-right-small:0px;--awb-margin-bottom-small:10px;--awb-margin-left-small:0px;--awb-link-color:var(--awb-color8);--awb-font-size:20px;\"><h3 class=\"fusion-title-heading title-heading-left fusion-responsive-typography-calculated\" style=\"margin:0;font-size:1em;--fontSize:20;line-height:1.4;\"><a href=\"https:\/\/diversityhub.pl\/en\/wydarzenie\/sniadanie-diversity-hub-otwartosc-na-neuroroznorodnosc-wyzwanie-czy-papierek-lakmusowy-inkluzywnosci\/\" class=\"awb-custom-text-color awb-custom-text-hover-color\" target=\"_self\">\u015aniadanie Diversity Hub: Otwarto\u015b\u0107 na neuror\u00f3\u017cnorodno\u015b\u0107 \u2013 wyzwanie czy papierek lakmusowy inkluzywno\u015bci?<\/a><\/h3><\/div><div class=\"fusion-separator fusion-full-width-sep\" style=\"align-self: center;margin-left: auto;margin-right: auto;flex-grow:1;width:100%;\"><\/div><div style=\"text-align:left;\"><a class=\"fusion-button button-flat fusion-button-default-size button-custom fusion-button-default button-12 fusion-button-default-span fusion-button-default-type\" style=\"--awb-margin-top:0px;--awb-margin-right:0px;--awb-margin-bottom:0px;--awb-margin-left:0px;--awb-padding-top:0px;--awb-padding-right:0px;--awb-padding-bottom:4px;--awb-padding-left:0px;--button_accent_color:var(--awb-color4);--button_accent_hover_color:hsla(var(--awb-color4-h),var(--awb-color4-s),calc(var(--awb-color4-l) - 10%),var(--awb-color4-a));--button_border_hover_color:var(--awb-color4);--button_border_width-top:0;--button_border_width-right:0;--button_border_width-bottom:2px;--button_border_width-left:0;--button-border-radius-top-left:0;--button-border-radius-top-right:0;--button-border-radius-bottom-right:0;--button-border-radius-bottom-left:0;--button_gradient_top_color:rgba(0,0,0,0);--button_gradient_bottom_color:rgba(0,0,0,0);--button_gradient_top_color_hover:rgba(0,0,0,0);--button_gradient_bottom_color_hover:rgba(0,0,0,0);--button_text_transform:var(--awb-custom_typography_1-text-transform);--button_font_size:var(--awb-custom_typography_1-font-size);--button_line_height:var(--awb-custom_typography_1-line-height);--button_typography-letter-spacing:var(--awb-custom_typography_1-letter-spacing);--button_typography-font-family:var(--awb-custom_typography_1-font-family);--button_typography-font-weight:var(--awb-custom_typography_1-font-weight);--button_typography-font-style:var(--awb-custom_typography_1-font-style);\" target=\"_self\" data-hover=\"icon_slide\" href=\"https:\/\/diversityhub.pl\/en\/wydarzenie\/sniadanie-diversity-hub-otwartosc-na-neuroroznorodnosc-wyzwanie-czy-papierek-lakmusowy-inkluzywnosci\/\"><span class=\"fusion-button-text awb-button__text awb-button__text--default\">Zobacz szczeg\u00f3\u0142y<\/span><i class=\"fa-arrow-right fas awb-button__icon awb-button__icon--default button-icon-right\" aria-hidden=\"true\"><\/i><\/a><\/div><\/div><\/li>\n<li class=\"fusion-layout-column fusion_builder_column fusion-builder-column-14 fusion-flex-column post-card fusion-grid-column fusion-post-cards-grid-column\" style=\"--awb-bg-blend:overlay;--awb-bg-size:cover;--awb-transform:translateY(0px);--awb-transform-hover:translateY(-8px);--awb-flex-grow:0;--awb-flex-shrink:0;--awb-flex-grow-medium:0;--awb-flex-shrink-medium:0;--awb-flex-grow-small:0;--awb-flex-shrink-small:0;\" data-scroll-devices=\"small-visibility,medium-visibility,large-visibility\"><div class=\"fusion-column-wrapper fusion-column-has-shadow fusion-flex-justify-content-flex-start fusion-content-layout-column\"><div class=\"fusion-image-element \" style=\"text-align:left;--awb-aspect-ratio:16 \/ 9;--awb-margin-bottom:1.5rem;--awb-caption-title-font-family:var(--h2_typography-font-family);--awb-caption-title-font-weight:var(--h2_typography-font-weight);--awb-caption-title-font-style:var(--h2_typography-font-style);--awb-caption-title-size:var(--h2_typography-font-size);--awb-caption-title-transform:var(--h2_typography-text-transform);--awb-caption-title-line-height:var(--h2_typography-line-height);--awb-caption-title-letter-spacing:var(--h2_typography-letter-spacing);\"><span class=\" fusion-imageframe imageframe-none imageframe-13 hover-type-none has-aspect-ratio\"><a class=\"fusion-no-lightbox\" href=\"https:\/\/diversityhub.pl\/en\/wydarzenie\/neuroroznorodnosc-klucz-do-innowacyjnego-biznesu\/\" target=\"_self\" aria-label=\"Webinar &#8211; Diversity\"><img decoding=\"async\" width=\"1200\" height=\"630\" src=\"https:\/\/diversityhub.pl\/wp-content\/uploads\/2025\/02\/Webinar-Diversity.png\" class=\"img-responsive wp-image-9040 img-with-aspect-ratio\" data-parent-fit=\"cover\" data-parent-container=\".fusion-image-element\" alt srcset=\"https:\/\/diversityhub.pl\/wp-content\/uploads\/2025\/02\/Webinar-Diversity-200x105.png 200w, https:\/\/diversityhub.pl\/wp-content\/uploads\/2025\/02\/Webinar-Diversity-400x210.png 400w, https:\/\/diversityhub.pl\/wp-content\/uploads\/2025\/02\/Webinar-Diversity-600x315.png 600w, https:\/\/diversityhub.pl\/wp-content\/uploads\/2025\/02\/Webinar-Diversity-800x420.png 800w, https:\/\/diversityhub.pl\/wp-content\/uploads\/2025\/02\/Webinar-Diversity.png 1200w\" sizes=\"(max-width: 640px) 100vw, 1200px\" \/><\/a><\/span><\/div><div class=\"fusion-text fusion-text-15 fusion-text-no-margin\" style=\"--awb-content-alignment:left;--awb-font-size:12px;--awb-line-height:1.4;--awb-text-color:var(--awb-color6);--awb-margin-top:0px;--awb-margin-right:0px;--awb-margin-bottom:0px;--awb-margin-left:0px;--awb-text-font-family:&quot;Poppins&quot;;--awb-text-font-style:normal;--awb-text-font-weight:700;\"><p>26\/02\/2025<\/p>\n<\/div><div class=\"fusion-title title fusion-title-14 fusion-sep-none fusion-title-text fusion-title-size-three duk-short-text-3\" style=\"--awb-text-color:var(--awb-color8);--awb-margin-top-small:10px;--awb-margin-right-small:0px;--awb-margin-bottom-small:10px;--awb-margin-left-small:0px;--awb-link-color:var(--awb-color8);--awb-font-size:20px;\"><h3 class=\"fusion-title-heading title-heading-left fusion-responsive-typography-calculated\" style=\"margin:0;font-size:1em;--fontSize:20;line-height:1.4;\"><a href=\"https:\/\/diversityhub.pl\/en\/wydarzenie\/neuroroznorodnosc-klucz-do-innowacyjnego-biznesu\/\" class=\"awb-custom-text-color awb-custom-text-hover-color\" target=\"_self\">Neuror\u00f3\u017cnorodno\u015b\u0107 &#8211; klucz do innowacyjnego biznesu<\/a><\/h3><\/div><div class=\"fusion-separator fusion-full-width-sep\" style=\"align-self: center;margin-left: auto;margin-right: auto;flex-grow:1;width:100%;\"><\/div><div style=\"text-align:left;\"><a class=\"fusion-button button-flat fusion-button-default-size button-custom fusion-button-default button-13 fusion-button-default-span fusion-button-default-type\" style=\"--awb-margin-top:0px;--awb-margin-right:0px;--awb-margin-bottom:0px;--awb-margin-left:0px;--awb-padding-top:0px;--awb-padding-right:0px;--awb-padding-bottom:4px;--awb-padding-left:0px;--button_accent_color:var(--awb-color4);--button_accent_hover_color:hsla(var(--awb-color4-h),var(--awb-color4-s),calc(var(--awb-color4-l) - 10%),var(--awb-color4-a));--button_border_hover_color:var(--awb-color4);--button_border_width-top:0;--button_border_width-right:0;--button_border_width-bottom:2px;--button_border_width-left:0;--button-border-radius-top-left:0;--button-border-radius-top-right:0;--button-border-radius-bottom-right:0;--button-border-radius-bottom-left:0;--button_gradient_top_color:rgba(0,0,0,0);--button_gradient_bottom_color:rgba(0,0,0,0);--button_gradient_top_color_hover:rgba(0,0,0,0);--button_gradient_bottom_color_hover:rgba(0,0,0,0);--button_text_transform:var(--awb-custom_typography_1-text-transform);--button_font_size:var(--awb-custom_typography_1-font-size);--button_line_height:var(--awb-custom_typography_1-line-height);--button_typography-letter-spacing:var(--awb-custom_typography_1-letter-spacing);--button_typography-font-family:var(--awb-custom_typography_1-font-family);--button_typography-font-weight:var(--awb-custom_typography_1-font-weight);--button_typography-font-style:var(--awb-custom_typography_1-font-style);\" target=\"_self\" data-hover=\"icon_slide\" href=\"https:\/\/diversityhub.pl\/en\/wydarzenie\/neuroroznorodnosc-klucz-do-innowacyjnego-biznesu\/\"><span class=\"fusion-button-text awb-button__text awb-button__text--default\">Zobacz szczeg\u00f3\u0142y<\/span><i class=\"fa-arrow-right fas awb-button__icon awb-button__icon--default button-icon-right\" aria-hidden=\"true\"><\/i><\/a><\/div><\/div><\/li>\n<li class=\"fusion-layout-column fusion_builder_column fusion-builder-column-15 fusion-flex-column post-card fusion-grid-column fusion-post-cards-grid-column\" style=\"--awb-bg-blend:overlay;--awb-bg-size:cover;--awb-transform:translateY(0px);--awb-transform-hover:translateY(-8px);--awb-flex-grow:0;--awb-flex-shrink:0;--awb-flex-grow-medium:0;--awb-flex-shrink-medium:0;--awb-flex-grow-small:0;--awb-flex-shrink-small:0;\" data-scroll-devices=\"small-visibility,medium-visibility,large-visibility\"><div class=\"fusion-column-wrapper fusion-column-has-shadow fusion-flex-justify-content-flex-start fusion-content-layout-column\"><div class=\"fusion-image-element \" style=\"text-align:left;--awb-aspect-ratio:16 \/ 9;--awb-margin-bottom:1.5rem;--awb-caption-title-font-family:var(--h2_typography-font-family);--awb-caption-title-font-weight:var(--h2_typography-font-weight);--awb-caption-title-font-style:var(--h2_typography-font-style);--awb-caption-title-size:var(--h2_typography-font-size);--awb-caption-title-transform:var(--h2_typography-text-transform);--awb-caption-title-line-height:var(--h2_typography-line-height);--awb-caption-title-letter-spacing:var(--h2_typography-letter-spacing);\"><span class=\" fusion-imageframe imageframe-none imageframe-14 hover-type-none has-aspect-ratio\"><a class=\"fusion-no-lightbox\" href=\"https:\/\/diversityhub.pl\/en\/wydarzenie\/sniadanie-diversity-hub-kobiety-w-branzy-produkcyjnej-strategie-wsparcia-i-rozwoju\/\" target=\"_self\" aria-label=\"DIVERSITY_HUB_mondelez_sniadanie_2025(1)\"><img decoding=\"async\" width=\"1065\" height=\"600\" src=\"https:\/\/diversityhub.pl\/wp-content\/uploads\/2025\/01\/DIVERSITY_HUB_mondelez_sniadanie_20251.jpg\" class=\"img-responsive wp-image-8970 img-with-aspect-ratio\" data-parent-fit=\"cover\" data-parent-container=\".fusion-image-element\" alt srcset=\"https:\/\/diversityhub.pl\/wp-content\/uploads\/2025\/01\/DIVERSITY_HUB_mondelez_sniadanie_20251-200x113.jpg 200w, https:\/\/diversityhub.pl\/wp-content\/uploads\/2025\/01\/DIVERSITY_HUB_mondelez_sniadanie_20251-400x225.jpg 400w, https:\/\/diversityhub.pl\/wp-content\/uploads\/2025\/01\/DIVERSITY_HUB_mondelez_sniadanie_20251-600x338.jpg 600w, https:\/\/diversityhub.pl\/wp-content\/uploads\/2025\/01\/DIVERSITY_HUB_mondelez_sniadanie_20251-800x451.jpg 800w, https:\/\/diversityhub.pl\/wp-content\/uploads\/2025\/01\/DIVERSITY_HUB_mondelez_sniadanie_20251.jpg 1065w\" sizes=\"(max-width: 640px) 100vw, 1065px\" \/><\/a><\/span><\/div><div class=\"fusion-text fusion-text-16 fusion-text-no-margin\" style=\"--awb-content-alignment:left;--awb-font-size:12px;--awb-line-height:1.4;--awb-text-color:var(--awb-color6);--awb-margin-top:0px;--awb-margin-right:0px;--awb-margin-bottom:0px;--awb-margin-left:0px;--awb-text-font-family:&quot;Poppins&quot;;--awb-text-font-style:normal;--awb-text-font-weight:700;\"><p>27\/02\/2025<\/p>\n<\/div><div class=\"fusion-title title fusion-title-15 fusion-sep-none fusion-title-text fusion-title-size-three duk-short-text-3\" style=\"--awb-text-color:var(--awb-color8);--awb-margin-top-small:10px;--awb-margin-right-small:0px;--awb-margin-bottom-small:10px;--awb-margin-left-small:0px;--awb-link-color:var(--awb-color8);--awb-font-size:20px;\"><h3 class=\"fusion-title-heading title-heading-left fusion-responsive-typography-calculated\" style=\"margin:0;font-size:1em;--fontSize:20;line-height:1.4;\"><a href=\"https:\/\/diversityhub.pl\/en\/wydarzenie\/sniadanie-diversity-hub-kobiety-w-branzy-produkcyjnej-strategie-wsparcia-i-rozwoju\/\" class=\"awb-custom-text-color awb-custom-text-hover-color\" target=\"_self\">Diversity Hub MeetUp: kobiety w bran\u017cy produkcyjnej \u2013 strategie wsparcia i rozwoju<\/a><\/h3><\/div><div class=\"fusion-separator fusion-full-width-sep\" style=\"align-self: center;margin-left: auto;margin-right: auto;flex-grow:1;width:100%;\"><\/div><div style=\"text-align:left;\"><a class=\"fusion-button button-flat fusion-button-default-size button-custom fusion-button-default button-14 fusion-button-default-span fusion-button-default-type\" style=\"--awb-margin-top:0px;--awb-margin-right:0px;--awb-margin-bottom:0px;--awb-margin-left:0px;--awb-padding-top:0px;--awb-padding-right:0px;--awb-padding-bottom:4px;--awb-padding-left:0px;--button_accent_color:var(--awb-color4);--button_accent_hover_color:hsla(var(--awb-color4-h),var(--awb-color4-s),calc(var(--awb-color4-l) - 10%),var(--awb-color4-a));--button_border_hover_color:var(--awb-color4);--button_border_width-top:0;--button_border_width-right:0;--button_border_width-bottom:2px;--button_border_width-left:0;--button-border-radius-top-left:0;--button-border-radius-top-right:0;--button-border-radius-bottom-right:0;--button-border-radius-bottom-left:0;--button_gradient_top_color:rgba(0,0,0,0);--button_gradient_bottom_color:rgba(0,0,0,0);--button_gradient_top_color_hover:rgba(0,0,0,0);--button_gradient_bottom_color_hover:rgba(0,0,0,0);--button_text_transform:var(--awb-custom_typography_1-text-transform);--button_font_size:var(--awb-custom_typography_1-font-size);--button_line_height:var(--awb-custom_typography_1-line-height);--button_typography-letter-spacing:var(--awb-custom_typography_1-letter-spacing);--button_typography-font-family:var(--awb-custom_typography_1-font-family);--button_typography-font-weight:var(--awb-custom_typography_1-font-weight);--button_typography-font-style:var(--awb-custom_typography_1-font-style);\" target=\"_self\" data-hover=\"icon_slide\" href=\"https:\/\/diversityhub.pl\/en\/wydarzenie\/sniadanie-diversity-hub-kobiety-w-branzy-produkcyjnej-strategie-wsparcia-i-rozwoju\/\"><span class=\"fusion-button-text awb-button__text awb-button__text--default\">Zobacz szczeg\u00f3\u0142y<\/span><i class=\"fa-arrow-right fas awb-button__icon awb-button__icon--default button-icon-right\" aria-hidden=\"true\"><\/i><\/a><\/div><\/div><\/li>\n<li class=\"fusion-layout-column fusion_builder_column fusion-builder-column-16 fusion-flex-column post-card fusion-grid-column fusion-post-cards-grid-column\" style=\"--awb-bg-blend:overlay;--awb-bg-size:cover;--awb-transform:translateY(0px);--awb-transform-hover:translateY(-8px);--awb-flex-grow:0;--awb-flex-shrink:0;--awb-flex-grow-medium:0;--awb-flex-shrink-medium:0;--awb-flex-grow-small:0;--awb-flex-shrink-small:0;\" data-scroll-devices=\"small-visibility,medium-visibility,large-visibility\"><div class=\"fusion-column-wrapper fusion-column-has-shadow fusion-flex-justify-content-flex-start fusion-content-layout-column\"><div class=\"fusion-image-element \" style=\"text-align:left;--awb-aspect-ratio:16 \/ 9;--awb-margin-bottom:1.5rem;--awb-caption-title-font-family:var(--h2_typography-font-family);--awb-caption-title-font-weight:var(--h2_typography-font-weight);--awb-caption-title-font-style:var(--h2_typography-font-style);--awb-caption-title-size:var(--h2_typography-font-size);--awb-caption-title-transform:var(--h2_typography-text-transform);--awb-caption-title-line-height:var(--h2_typography-line-height);--awb-caption-title-letter-spacing:var(--h2_typography-letter-spacing);\"><span class=\" fusion-imageframe imageframe-none imageframe-15 hover-type-none has-aspect-ratio\"><a class=\"fusion-no-lightbox\" href=\"https:\/\/diversityhub.pl\/en\/wydarzenie\/8720\/\" target=\"_self\" aria-label=\"DIVERSITY_HUB_PRZESTRZEN_DLA_NEUROROZNORODNOSCI_2024_11_25_www_2\"><img decoding=\"async\" width=\"1110\" height=\"625\" src=\"https:\/\/diversityhub.pl\/wp-content\/uploads\/2024\/11\/DIVERSITY_HUB_PRZESTRZEN_DLA_NEUROROZNORODNOSCI_2024_11_25_www_2.jpg\" class=\"img-responsive wp-image-8730 img-with-aspect-ratio\" data-parent-fit=\"cover\" data-parent-container=\".fusion-image-element\" alt srcset=\"https:\/\/diversityhub.pl\/wp-content\/uploads\/2024\/11\/DIVERSITY_HUB_PRZESTRZEN_DLA_NEUROROZNORODNOSCI_2024_11_25_www_2-200x113.jpg 200w, https:\/\/diversityhub.pl\/wp-content\/uploads\/2024\/11\/DIVERSITY_HUB_PRZESTRZEN_DLA_NEUROROZNORODNOSCI_2024_11_25_www_2-400x225.jpg 400w, https:\/\/diversityhub.pl\/wp-content\/uploads\/2024\/11\/DIVERSITY_HUB_PRZESTRZEN_DLA_NEUROROZNORODNOSCI_2024_11_25_www_2-600x338.jpg 600w, https:\/\/diversityhub.pl\/wp-content\/uploads\/2024\/11\/DIVERSITY_HUB_PRZESTRZEN_DLA_NEUROROZNORODNOSCI_2024_11_25_www_2-800x450.jpg 800w, https:\/\/diversityhub.pl\/wp-content\/uploads\/2024\/11\/DIVERSITY_HUB_PRZESTRZEN_DLA_NEUROROZNORODNOSCI_2024_11_25_www_2.jpg 1110w\" sizes=\"(max-width: 640px) 100vw, 1110px\" \/><\/a><\/span><\/div><div class=\"fusion-text fusion-text-17 fusion-text-no-margin\" style=\"--awb-content-alignment:left;--awb-font-size:12px;--awb-line-height:1.4;--awb-text-color:var(--awb-color6);--awb-margin-top:0px;--awb-margin-right:0px;--awb-margin-bottom:0px;--awb-margin-left:0px;--awb-text-font-family:&quot;Poppins&quot;;--awb-text-font-style:normal;--awb-text-font-weight:700;\"><p>25\/11\/2024<\/p>\n<\/div><div class=\"fusion-title title fusion-title-16 fusion-sep-none fusion-title-text fusion-title-size-three duk-short-text-3\" style=\"--awb-text-color:var(--awb-color8);--awb-margin-top-small:10px;--awb-margin-right-small:0px;--awb-margin-bottom-small:10px;--awb-margin-left-small:0px;--awb-link-color:var(--awb-color8);--awb-font-size:20px;\"><h3 class=\"fusion-title-heading title-heading-left fusion-responsive-typography-calculated\" style=\"margin:0;font-size:1em;--fontSize:20;line-height:1.4;\"><a href=\"https:\/\/diversityhub.pl\/en\/wydarzenie\/8720\/\" class=\"awb-custom-text-color awb-custom-text-hover-color\" target=\"_self\">Przestrze\u0144 dla neuror\u00f3\u017cnorodno\u015bci<\/a><\/h3><\/div><div class=\"fusion-separator fusion-full-width-sep\" style=\"align-self: center;margin-left: auto;margin-right: auto;flex-grow:1;width:100%;\"><\/div><div style=\"text-align:left;\"><a class=\"fusion-button button-flat fusion-button-default-size button-custom fusion-button-default button-15 fusion-button-default-span fusion-button-default-type\" style=\"--awb-margin-top:0px;--awb-margin-right:0px;--awb-margin-bottom:0px;--awb-margin-left:0px;--awb-padding-top:0px;--awb-padding-right:0px;--awb-padding-bottom:4px;--awb-padding-left:0px;--button_accent_color:var(--awb-color4);--button_accent_hover_color:hsla(var(--awb-color4-h),var(--awb-color4-s),calc(var(--awb-color4-l) - 10%),var(--awb-color4-a));--button_border_hover_color:var(--awb-color4);--button_border_width-top:0;--button_border_width-right:0;--button_border_width-bottom:2px;--button_border_width-left:0;--button-border-radius-top-left:0;--button-border-radius-top-right:0;--button-border-radius-bottom-right:0;--button-border-radius-bottom-left:0;--button_gradient_top_color:rgba(0,0,0,0);--button_gradient_bottom_color:rgba(0,0,0,0);--button_gradient_top_color_hover:rgba(0,0,0,0);--button_gradient_bottom_color_hover:rgba(0,0,0,0);--button_text_transform:var(--awb-custom_typography_1-text-transform);--button_font_size:var(--awb-custom_typography_1-font-size);--button_line_height:var(--awb-custom_typography_1-line-height);--button_typography-letter-spacing:var(--awb-custom_typography_1-letter-spacing);--button_typography-font-family:var(--awb-custom_typography_1-font-family);--button_typography-font-weight:var(--awb-custom_typography_1-font-weight);--button_typography-font-style:var(--awb-custom_typography_1-font-style);\" target=\"_self\" data-hover=\"icon_slide\" href=\"https:\/\/diversityhub.pl\/en\/wydarzenie\/8720\/\"><span class=\"fusion-button-text awb-button__text awb-button__text--default\">Zobacz szczeg\u00f3\u0142y<\/span><i class=\"fa-arrow-right fas awb-button__icon awb-button__icon--default button-icon-right\" aria-hidden=\"true\"><\/i><\/a><\/div><\/div><\/li>\n<li class=\"fusion-layout-column fusion_builder_column fusion-builder-column-17 fusion-flex-column post-card fusion-grid-column fusion-post-cards-grid-column\" style=\"--awb-bg-blend:overlay;--awb-bg-size:cover;--awb-transform:translateY(0px);--awb-transform-hover:translateY(-8px);--awb-flex-grow:0;--awb-flex-shrink:0;--awb-flex-grow-medium:0;--awb-flex-shrink-medium:0;--awb-flex-grow-small:0;--awb-flex-shrink-small:0;\" data-scroll-devices=\"small-visibility,medium-visibility,large-visibility\"><div class=\"fusion-column-wrapper fusion-column-has-shadow fusion-flex-justify-content-flex-start fusion-content-layout-column\"><div class=\"fusion-image-element \" style=\"text-align:left;--awb-aspect-ratio:16 \/ 9;--awb-margin-bottom:1.5rem;--awb-caption-title-font-family:var(--h2_typography-font-family);--awb-caption-title-font-weight:var(--h2_typography-font-weight);--awb-caption-title-font-style:var(--h2_typography-font-style);--awb-caption-title-size:var(--h2_typography-font-size);--awb-caption-title-transform:var(--h2_typography-text-transform);--awb-caption-title-line-height:var(--h2_typography-line-height);--awb-caption-title-letter-spacing:var(--h2_typography-letter-spacing);\"><span class=\" fusion-imageframe imageframe-none imageframe-16 hover-type-none has-aspect-ratio\"><a class=\"fusion-no-lightbox\" href=\"https:\/\/diversityhub.pl\/en\/wydarzenie\/sniadanie-diversity-hub-tandemy-pokoleniowe-czyli-dobre-praktyki-z-biznesu-w-zakresie-wyzwan-miedzygeneracyjnych\/\" target=\"_self\" aria-label=\"Bez nazwy\"><img decoding=\"async\" width=\"1920\" height=\"714\" src=\"https:\/\/diversityhub.pl\/wp-content\/uploads\/2024\/09\/Bez-nazwy.jpg\" class=\"img-responsive wp-image-8508 img-with-aspect-ratio\" data-parent-fit=\"cover\" data-parent-container=\".fusion-image-element\" alt srcset=\"https:\/\/diversityhub.pl\/wp-content\/uploads\/2024\/09\/Bez-nazwy-200x74.jpg 200w, https:\/\/diversityhub.pl\/wp-content\/uploads\/2024\/09\/Bez-nazwy-400x149.jpg 400w, https:\/\/diversityhub.pl\/wp-content\/uploads\/2024\/09\/Bez-nazwy-600x223.jpg 600w, https:\/\/diversityhub.pl\/wp-content\/uploads\/2024\/09\/Bez-nazwy-800x298.jpg 800w, https:\/\/diversityhub.pl\/wp-content\/uploads\/2024\/09\/Bez-nazwy-1200x446.jpg 1200w, https:\/\/diversityhub.pl\/wp-content\/uploads\/2024\/09\/Bez-nazwy.jpg 1920w\" sizes=\"(max-width: 640px) 100vw, 1920px\" \/><\/a><\/span><\/div><div class=\"fusion-text fusion-text-18 fusion-text-no-margin\" style=\"--awb-content-alignment:left;--awb-font-size:12px;--awb-line-height:1.4;--awb-text-color:var(--awb-color6);--awb-margin-top:0px;--awb-margin-right:0px;--awb-margin-bottom:0px;--awb-margin-left:0px;--awb-text-font-family:&quot;Poppins&quot;;--awb-text-font-style:normal;--awb-text-font-weight:700;\"><p>23\/09\/2024<\/p>\n<\/div><div class=\"fusion-title title fusion-title-17 fusion-sep-none fusion-title-text fusion-title-size-three duk-short-text-3\" style=\"--awb-text-color:var(--awb-color8);--awb-margin-top-small:10px;--awb-margin-right-small:0px;--awb-margin-bottom-small:10px;--awb-margin-left-small:0px;--awb-link-color:var(--awb-color8);--awb-font-size:20px;\"><h3 class=\"fusion-title-heading title-heading-left fusion-responsive-typography-calculated\" style=\"margin:0;font-size:1em;--fontSize:20;line-height:1.4;\"><a href=\"https:\/\/diversityhub.pl\/en\/wydarzenie\/sniadanie-diversity-hub-tandemy-pokoleniowe-czyli-dobre-praktyki-z-biznesu-w-zakresie-wyzwan-miedzygeneracyjnych\/\" class=\"awb-custom-text-color awb-custom-text-hover-color\" target=\"_self\">\u015aniadanie Diversity Hub: Tandemy pokoleniowe, czyli dobre praktyki z biznesu w zakresie wyzwa\u0144 mi\u0119dzygeneracyjnych<\/a><\/h3><\/div><div class=\"fusion-separator fusion-full-width-sep\" style=\"align-self: center;margin-left: auto;margin-right: auto;flex-grow:1;width:100%;\"><\/div><div style=\"text-align:left;\"><a class=\"fusion-button button-flat fusion-button-default-size button-custom fusion-button-default button-16 fusion-button-default-span fusion-button-default-type\" style=\"--awb-margin-top:0px;--awb-margin-right:0px;--awb-margin-bottom:0px;--awb-margin-left:0px;--awb-padding-top:0px;--awb-padding-right:0px;--awb-padding-bottom:4px;--awb-padding-left:0px;--button_accent_color:var(--awb-color4);--button_accent_hover_color:hsla(var(--awb-color4-h),var(--awb-color4-s),calc(var(--awb-color4-l) - 10%),var(--awb-color4-a));--button_border_hover_color:var(--awb-color4);--button_border_width-top:0;--button_border_width-right:0;--button_border_width-bottom:2px;--button_border_width-left:0;--button-border-radius-top-left:0;--button-border-radius-top-right:0;--button-border-radius-bottom-right:0;--button-border-radius-bottom-left:0;--button_gradient_top_color:rgba(0,0,0,0);--button_gradient_bottom_color:rgba(0,0,0,0);--button_gradient_top_color_hover:rgba(0,0,0,0);--button_gradient_bottom_color_hover:rgba(0,0,0,0);--button_text_transform:var(--awb-custom_typography_1-text-transform);--button_font_size:var(--awb-custom_typography_1-font-size);--button_line_height:var(--awb-custom_typography_1-line-height);--button_typography-letter-spacing:var(--awb-custom_typography_1-letter-spacing);--button_typography-font-family:var(--awb-custom_typography_1-font-family);--button_typography-font-weight:var(--awb-custom_typography_1-font-weight);--button_typography-font-style:var(--awb-custom_typography_1-font-style);\" target=\"_self\" data-hover=\"icon_slide\" href=\"https:\/\/diversityhub.pl\/en\/wydarzenie\/sniadanie-diversity-hub-tandemy-pokoleniowe-czyli-dobre-praktyki-z-biznesu-w-zakresie-wyzwan-miedzygeneracyjnych\/\"><span class=\"fusion-button-text awb-button__text awb-button__text--default\">Zobacz szczeg\u00f3\u0142y<\/span><i class=\"fa-arrow-right fas awb-button__icon awb-button__icon--default button-icon-right\" aria-hidden=\"true\"><\/i><\/a><\/div><\/div><\/li>\n<li class=\"fusion-layout-column fusion_builder_column fusion-builder-column-18 fusion-flex-column post-card fusion-grid-column fusion-post-cards-grid-column\" style=\"--awb-bg-blend:overlay;--awb-bg-size:cover;--awb-transform:translateY(0px);--awb-transform-hover:translateY(-8px);--awb-flex-grow:0;--awb-flex-shrink:0;--awb-flex-grow-medium:0;--awb-flex-shrink-medium:0;--awb-flex-grow-small:0;--awb-flex-shrink-small:0;\" data-scroll-devices=\"small-visibility,medium-visibility,large-visibility\"><div class=\"fusion-column-wrapper fusion-column-has-shadow fusion-flex-justify-content-flex-start fusion-content-layout-column\"><div class=\"fusion-image-element \" style=\"text-align:left;--awb-aspect-ratio:16 \/ 9;--awb-margin-bottom:1.5rem;--awb-caption-title-font-family:var(--h2_typography-font-family);--awb-caption-title-font-weight:var(--h2_typography-font-weight);--awb-caption-title-font-style:var(--h2_typography-font-style);--awb-caption-title-size:var(--h2_typography-font-size);--awb-caption-title-transform:var(--h2_typography-text-transform);--awb-caption-title-line-height:var(--h2_typography-line-height);--awb-caption-title-letter-spacing:var(--h2_typography-letter-spacing);\"><span class=\" fusion-imageframe imageframe-none imageframe-17 hover-type-none has-aspect-ratio\"><a class=\"fusion-no-lightbox\" href=\"https:\/\/diversityhub.pl\/en\/wydarzenie\/webinar-diversity-na-wakacjach-czyli-dei-na-luzie\/\" target=\"_self\" aria-label=\"DIVERSITY_HUB_WEBINAR_WAKACJE_2024_06_06_baner_FB\"><img decoding=\"async\" width=\"1920\" height=\"714\" src=\"https:\/\/diversityhub.pl\/wp-content\/uploads\/2024\/06\/DIVERSITY_HUB_WEBINAR_WAKACJE_2024_06_06_baner_FB.jpg\" class=\"img-responsive wp-image-8149 img-with-aspect-ratio\" data-parent-fit=\"cover\" data-parent-container=\".fusion-image-element\" alt srcset=\"https:\/\/diversityhub.pl\/wp-content\/uploads\/2024\/06\/DIVERSITY_HUB_WEBINAR_WAKACJE_2024_06_06_baner_FB-200x74.jpg 200w, https:\/\/diversityhub.pl\/wp-content\/uploads\/2024\/06\/DIVERSITY_HUB_WEBINAR_WAKACJE_2024_06_06_baner_FB-400x149.jpg 400w, https:\/\/diversityhub.pl\/wp-content\/uploads\/2024\/06\/DIVERSITY_HUB_WEBINAR_WAKACJE_2024_06_06_baner_FB-600x223.jpg 600w, https:\/\/diversityhub.pl\/wp-content\/uploads\/2024\/06\/DIVERSITY_HUB_WEBINAR_WAKACJE_2024_06_06_baner_FB-800x298.jpg 800w, https:\/\/diversityhub.pl\/wp-content\/uploads\/2024\/06\/DIVERSITY_HUB_WEBINAR_WAKACJE_2024_06_06_baner_FB-1200x446.jpg 1200w, https:\/\/diversityhub.pl\/wp-content\/uploads\/2024\/06\/DIVERSITY_HUB_WEBINAR_WAKACJE_2024_06_06_baner_FB.jpg 1920w\" sizes=\"(max-width: 640px) 100vw, 1920px\" \/><\/a><\/span><\/div><div class=\"fusion-text fusion-text-19 fusion-text-no-margin\" style=\"--awb-content-alignment:left;--awb-font-size:12px;--awb-line-height:1.4;--awb-text-color:var(--awb-color6);--awb-margin-top:0px;--awb-margin-right:0px;--awb-margin-bottom:0px;--awb-margin-left:0px;--awb-text-font-family:&quot;Poppins&quot;;--awb-text-font-style:normal;--awb-text-font-weight:700;\"><p>20\/06\/2024<\/p>\n<\/div><div class=\"fusion-title title fusion-title-18 fusion-sep-none fusion-title-text fusion-title-size-three duk-short-text-3\" style=\"--awb-text-color:var(--awb-color8);--awb-margin-top-small:10px;--awb-margin-right-small:0px;--awb-margin-bottom-small:10px;--awb-margin-left-small:0px;--awb-link-color:var(--awb-color8);--awb-font-size:20px;\"><h3 class=\"fusion-title-heading title-heading-left fusion-responsive-typography-calculated\" style=\"margin:0;font-size:1em;--fontSize:20;line-height:1.4;\"><a href=\"https:\/\/diversityhub.pl\/en\/wydarzenie\/webinar-diversity-na-wakacjach-czyli-dei-na-luzie\/\" class=\"awb-custom-text-color awb-custom-text-hover-color\" target=\"_self\">Webinar: Diversity na wakacjach czyli DEI na luzie<\/a><\/h3><\/div><div class=\"fusion-separator fusion-full-width-sep\" style=\"align-self: center;margin-left: auto;margin-right: auto;flex-grow:1;width:100%;\"><\/div><div style=\"text-align:left;\"><a class=\"fusion-button button-flat fusion-button-default-size button-custom fusion-button-default button-17 fusion-button-default-span fusion-button-default-type\" style=\"--awb-margin-top:0px;--awb-margin-right:0px;--awb-margin-bottom:0px;--awb-margin-left:0px;--awb-padding-top:0px;--awb-padding-right:0px;--awb-padding-bottom:4px;--awb-padding-left:0px;--button_accent_color:var(--awb-color4);--button_accent_hover_color:hsla(var(--awb-color4-h),var(--awb-color4-s),calc(var(--awb-color4-l) - 10%),var(--awb-color4-a));--button_border_hover_color:var(--awb-color4);--button_border_width-top:0;--button_border_width-right:0;--button_border_width-bottom:2px;--button_border_width-left:0;--button-border-radius-top-left:0;--button-border-radius-top-right:0;--button-border-radius-bottom-right:0;--button-border-radius-bottom-left:0;--button_gradient_top_color:rgba(0,0,0,0);--button_gradient_bottom_color:rgba(0,0,0,0);--button_gradient_top_color_hover:rgba(0,0,0,0);--button_gradient_bottom_color_hover:rgba(0,0,0,0);--button_text_transform:var(--awb-custom_typography_1-text-transform);--button_font_size:var(--awb-custom_typography_1-font-size);--button_line_height:var(--awb-custom_typography_1-line-height);--button_typography-letter-spacing:var(--awb-custom_typography_1-letter-spacing);--button_typography-font-family:var(--awb-custom_typography_1-font-family);--button_typography-font-weight:var(--awb-custom_typography_1-font-weight);--button_typography-font-style:var(--awb-custom_typography_1-font-style);\" target=\"_self\" data-hover=\"icon_slide\" href=\"https:\/\/diversityhub.pl\/en\/wydarzenie\/webinar-diversity-na-wakacjach-czyli-dei-na-luzie\/\"><span class=\"fusion-button-text awb-button__text awb-button__text--default\">Zobacz szczeg\u00f3\u0142y<\/span><i class=\"fa-arrow-right fas awb-button__icon awb-button__icon--default button-icon-right\" aria-hidden=\"true\"><\/i><\/a><\/div><\/div><\/li>\n<li class=\"fusion-layout-column fusion_builder_column fusion-builder-column-19 fusion-flex-column post-card fusion-grid-column fusion-post-cards-grid-column\" style=\"--awb-bg-blend:overlay;--awb-bg-size:cover;--awb-transform:translateY(0px);--awb-transform-hover:translateY(-8px);--awb-flex-grow:0;--awb-flex-shrink:0;--awb-flex-grow-medium:0;--awb-flex-shrink-medium:0;--awb-flex-grow-small:0;--awb-flex-shrink-small:0;\" data-scroll-devices=\"small-visibility,medium-visibility,large-visibility\"><div class=\"fusion-column-wrapper fusion-column-has-shadow fusion-flex-justify-content-flex-start fusion-content-layout-column\"><div class=\"fusion-image-element \" style=\"text-align:left;--awb-aspect-ratio:16 \/ 9;--awb-margin-bottom:1.5rem;--awb-caption-title-font-family:var(--h2_typography-font-family);--awb-caption-title-font-weight:var(--h2_typography-font-weight);--awb-caption-title-font-style:var(--h2_typography-font-style);--awb-caption-title-size:var(--h2_typography-font-size);--awb-caption-title-transform:var(--h2_typography-text-transform);--awb-caption-title-line-height:var(--h2_typography-line-height);--awb-caption-title-letter-spacing:var(--h2_typography-letter-spacing);\"><span class=\" fusion-imageframe imageframe-none imageframe-18 hover-type-none has-aspect-ratio\"><a class=\"fusion-no-lightbox\" href=\"https:\/\/diversityhub.pl\/en\/wydarzenie\/szkolenie-3p-process-zatrudniamy-i-rozwijamy-talenty-z-niepelnosprawnoscia\/\" target=\"_self\" aria-label=\"Warsztat Diversity Hub\"><img decoding=\"async\" width=\"1640\" height=\"624\" src=\"https:\/\/diversityhub.pl\/wp-content\/uploads\/2024\/05\/15-05-2024.jpg\" class=\"img-responsive wp-image-7972 img-with-aspect-ratio\" data-parent-fit=\"cover\" data-parent-container=\".fusion-image-element\" alt srcset=\"https:\/\/diversityhub.pl\/wp-content\/uploads\/2024\/05\/15-05-2024-200x76.jpg 200w, https:\/\/diversityhub.pl\/wp-content\/uploads\/2024\/05\/15-05-2024-400x152.jpg 400w, https:\/\/diversityhub.pl\/wp-content\/uploads\/2024\/05\/15-05-2024-600x228.jpg 600w, https:\/\/diversityhub.pl\/wp-content\/uploads\/2024\/05\/15-05-2024-800x304.jpg 800w, https:\/\/diversityhub.pl\/wp-content\/uploads\/2024\/05\/15-05-2024-1200x457.jpg 1200w, https:\/\/diversityhub.pl\/wp-content\/uploads\/2024\/05\/15-05-2024.jpg 1640w\" sizes=\"(max-width: 640px) 100vw, 1640px\" \/><\/a><\/span><\/div><div class=\"fusion-text fusion-text-20 fusion-text-no-margin\" style=\"--awb-content-alignment:left;--awb-font-size:12px;--awb-line-height:1.4;--awb-text-color:var(--awb-color6);--awb-margin-top:0px;--awb-margin-right:0px;--awb-margin-bottom:0px;--awb-margin-left:0px;--awb-text-font-family:&quot;Poppins&quot;;--awb-text-font-style:normal;--awb-text-font-weight:700;\"><p>15\/05\/2024<\/p>\n<\/div><div class=\"fusion-title title fusion-title-19 fusion-sep-none fusion-title-text fusion-title-size-three duk-short-text-3\" style=\"--awb-text-color:var(--awb-color8);--awb-margin-top-small:10px;--awb-margin-right-small:0px;--awb-margin-bottom-small:10px;--awb-margin-left-small:0px;--awb-link-color:var(--awb-color8);--awb-font-size:20px;\"><h3 class=\"fusion-title-heading title-heading-left fusion-responsive-typography-calculated\" style=\"margin:0;font-size:1em;--fontSize:20;line-height:1.4;\"><a href=\"https:\/\/diversityhub.pl\/en\/wydarzenie\/szkolenie-3p-process-zatrudniamy-i-rozwijamy-talenty-z-niepelnosprawnoscia\/\" class=\"awb-custom-text-color awb-custom-text-hover-color\" target=\"_self\">Szkolenie 3P | PROCESS: Zatrudniamy i rozwijamy talenty z niepe\u0142nosprawno\u015bci\u0105<\/a><\/h3><\/div><div class=\"fusion-separator fusion-full-width-sep\" style=\"align-self: center;margin-left: auto;margin-right: auto;flex-grow:1;width:100%;\"><\/div><div style=\"text-align:left;\"><a class=\"fusion-button button-flat fusion-button-default-size button-custom fusion-button-default button-18 fusion-button-default-span fusion-button-default-type\" style=\"--awb-margin-top:0px;--awb-margin-right:0px;--awb-margin-bottom:0px;--awb-margin-left:0px;--awb-padding-top:0px;--awb-padding-right:0px;--awb-padding-bottom:4px;--awb-padding-left:0px;--button_accent_color:var(--awb-color4);--button_accent_hover_color:hsla(var(--awb-color4-h),var(--awb-color4-s),calc(var(--awb-color4-l) - 10%),var(--awb-color4-a));--button_border_hover_color:var(--awb-color4);--button_border_width-top:0;--button_border_width-right:0;--button_border_width-bottom:2px;--button_border_width-left:0;--button-border-radius-top-left:0;--button-border-radius-top-right:0;--button-border-radius-bottom-right:0;--button-border-radius-bottom-left:0;--button_gradient_top_color:rgba(0,0,0,0);--button_gradient_bottom_color:rgba(0,0,0,0);--button_gradient_top_color_hover:rgba(0,0,0,0);--button_gradient_bottom_color_hover:rgba(0,0,0,0);--button_text_transform:var(--awb-custom_typography_1-text-transform);--button_font_size:var(--awb-custom_typography_1-font-size);--button_line_height:var(--awb-custom_typography_1-line-height);--button_typography-letter-spacing:var(--awb-custom_typography_1-letter-spacing);--button_typography-font-family:var(--awb-custom_typography_1-font-family);--button_typography-font-weight:var(--awb-custom_typography_1-font-weight);--button_typography-font-style:var(--awb-custom_typography_1-font-style);\" target=\"_self\" data-hover=\"icon_slide\" href=\"https:\/\/diversityhub.pl\/en\/wydarzenie\/szkolenie-3p-process-zatrudniamy-i-rozwijamy-talenty-z-niepelnosprawnoscia\/\"><span class=\"fusion-button-text awb-button__text awb-button__text--default\">Zobacz szczeg\u00f3\u0142y<\/span><i class=\"fa-arrow-right fas awb-button__icon awb-button__icon--default button-icon-right\" aria-hidden=\"true\"><\/i><\/a><\/div><\/div><\/li>\n<li class=\"fusion-layout-column fusion_builder_column fusion-builder-column-20 fusion-flex-column post-card fusion-grid-column fusion-post-cards-grid-column\" style=\"--awb-bg-blend:overlay;--awb-bg-size:cover;--awb-transform:translateY(0px);--awb-transform-hover:translateY(-8px);--awb-flex-grow:0;--awb-flex-shrink:0;--awb-flex-grow-medium:0;--awb-flex-shrink-medium:0;--awb-flex-grow-small:0;--awb-flex-shrink-small:0;\" data-scroll-devices=\"small-visibility,medium-visibility,large-visibility\"><div class=\"fusion-column-wrapper fusion-column-has-shadow fusion-flex-justify-content-flex-start fusion-content-layout-column\"><div class=\"fusion-image-element \" style=\"text-align:left;--awb-aspect-ratio:16 \/ 9;--awb-margin-bottom:1.5rem;--awb-caption-title-font-family:var(--h2_typography-font-family);--awb-caption-title-font-weight:var(--h2_typography-font-weight);--awb-caption-title-font-style:var(--h2_typography-font-style);--awb-caption-title-size:var(--h2_typography-font-size);--awb-caption-title-transform:var(--h2_typography-text-transform);--awb-caption-title-line-height:var(--h2_typography-line-height);--awb-caption-title-letter-spacing:var(--h2_typography-letter-spacing);\"><span class=\" fusion-imageframe imageframe-none imageframe-19 hover-type-none has-aspect-ratio\"><a class=\"fusion-no-lightbox\" href=\"https:\/\/diversityhub.pl\/en\/wydarzenie\/warsztat-wzmacnianie-kompetencji-lidera-sieci-erg-praktyczne-narzedzia\/\" target=\"_self\" aria-label=\"Warsztat Diversity Hub\"><img decoding=\"async\" width=\"1280\" height=\"720\" src=\"https:\/\/diversityhub.pl\/wp-content\/uploads\/2024\/05\/sniadanie-12-06-2024-linkedin.png\" class=\"img-responsive wp-image-7971 img-with-aspect-ratio\" data-parent-fit=\"cover\" data-parent-container=\".fusion-image-element\" alt srcset=\"https:\/\/diversityhub.pl\/wp-content\/uploads\/2024\/05\/sniadanie-12-06-2024-linkedin-200x113.png 200w, https:\/\/diversityhub.pl\/wp-content\/uploads\/2024\/05\/sniadanie-12-06-2024-linkedin-400x225.png 400w, https:\/\/diversityhub.pl\/wp-content\/uploads\/2024\/05\/sniadanie-12-06-2024-linkedin-600x338.png 600w, https:\/\/diversityhub.pl\/wp-content\/uploads\/2024\/05\/sniadanie-12-06-2024-linkedin-800x450.png 800w, https:\/\/diversityhub.pl\/wp-content\/uploads\/2024\/05\/sniadanie-12-06-2024-linkedin-1200x675.png 1200w, https:\/\/diversityhub.pl\/wp-content\/uploads\/2024\/05\/sniadanie-12-06-2024-linkedin.png 1280w\" sizes=\"(max-width: 640px) 100vw, 1280px\" \/><\/a><\/span><\/div><div class=\"fusion-text fusion-text-21 fusion-text-no-margin\" style=\"--awb-content-alignment:left;--awb-font-size:12px;--awb-line-height:1.4;--awb-text-color:var(--awb-color6);--awb-margin-top:0px;--awb-margin-right:0px;--awb-margin-bottom:0px;--awb-margin-left:0px;--awb-text-font-family:&quot;Poppins&quot;;--awb-text-font-style:normal;--awb-text-font-weight:700;\"><p>22\/05\/2024<\/p>\n<\/div><div class=\"fusion-title title fusion-title-20 fusion-sep-none fusion-title-text fusion-title-size-three duk-short-text-3\" style=\"--awb-text-color:var(--awb-color8);--awb-margin-top-small:10px;--awb-margin-right-small:0px;--awb-margin-bottom-small:10px;--awb-margin-left-small:0px;--awb-link-color:var(--awb-color8);--awb-font-size:20px;\"><h3 class=\"fusion-title-heading title-heading-left fusion-responsive-typography-calculated\" style=\"margin:0;font-size:1em;--fontSize:20;line-height:1.4;\"><a href=\"https:\/\/diversityhub.pl\/en\/wydarzenie\/warsztat-wzmacnianie-kompetencji-lidera-sieci-erg-praktyczne-narzedzia\/\" class=\"awb-custom-text-color awb-custom-text-hover-color\" target=\"_self\">Warsztat: Wzmacnianie kompetencji lidera sieci ERG &#8211; praktyczne narz\u0119dzia<\/a><\/h3><\/div><div class=\"fusion-separator fusion-full-width-sep\" style=\"align-self: center;margin-left: auto;margin-right: auto;flex-grow:1;width:100%;\"><\/div><div style=\"text-align:left;\"><a class=\"fusion-button button-flat fusion-button-default-size button-custom fusion-button-default button-19 fusion-button-default-span fusion-button-default-type\" style=\"--awb-margin-top:0px;--awb-margin-right:0px;--awb-margin-bottom:0px;--awb-margin-left:0px;--awb-padding-top:0px;--awb-padding-right:0px;--awb-padding-bottom:4px;--awb-padding-left:0px;--button_accent_color:var(--awb-color4);--button_accent_hover_color:hsla(var(--awb-color4-h),var(--awb-color4-s),calc(var(--awb-color4-l) - 10%),var(--awb-color4-a));--button_border_hover_color:var(--awb-color4);--button_border_width-top:0;--button_border_width-right:0;--button_border_width-bottom:2px;--button_border_width-left:0;--button-border-radius-top-left:0;--button-border-radius-top-right:0;--button-border-radius-bottom-right:0;--button-border-radius-bottom-left:0;--button_gradient_top_color:rgba(0,0,0,0);--button_gradient_bottom_color:rgba(0,0,0,0);--button_gradient_top_color_hover:rgba(0,0,0,0);--button_gradient_bottom_color_hover:rgba(0,0,0,0);--button_text_transform:var(--awb-custom_typography_1-text-transform);--button_font_size:var(--awb-custom_typography_1-font-size);--button_line_height:var(--awb-custom_typography_1-line-height);--button_typography-letter-spacing:var(--awb-custom_typography_1-letter-spacing);--button_typography-font-family:var(--awb-custom_typography_1-font-family);--button_typography-font-weight:var(--awb-custom_typography_1-font-weight);--button_typography-font-style:var(--awb-custom_typography_1-font-style);\" target=\"_self\" data-hover=\"icon_slide\" href=\"https:\/\/diversityhub.pl\/en\/wydarzenie\/warsztat-wzmacnianie-kompetencji-lidera-sieci-erg-praktyczne-narzedzia\/\"><span class=\"fusion-button-text awb-button__text awb-button__text--default\">Zobacz szczeg\u00f3\u0142y<\/span><i class=\"fa-arrow-right fas awb-button__icon awb-button__icon--default button-icon-right\" aria-hidden=\"true\"><\/i><\/a><\/div><\/div><\/li>\n<li class=\"fusion-layout-column fusion_builder_column fusion-builder-column-21 fusion-flex-column post-card fusion-grid-column fusion-post-cards-grid-column\" style=\"--awb-bg-blend:overlay;--awb-bg-size:cover;--awb-transform:translateY(0px);--awb-transform-hover:translateY(-8px);--awb-flex-grow:0;--awb-flex-shrink:0;--awb-flex-grow-medium:0;--awb-flex-shrink-medium:0;--awb-flex-grow-small:0;--awb-flex-shrink-small:0;\" data-scroll-devices=\"small-visibility,medium-visibility,large-visibility\"><div class=\"fusion-column-wrapper fusion-column-has-shadow fusion-flex-justify-content-flex-start fusion-content-layout-column\"><div class=\"fusion-image-element \" style=\"text-align:left;--awb-aspect-ratio:16 \/ 9;--awb-margin-bottom:1.5rem;--awb-caption-title-font-family:var(--h2_typography-font-family);--awb-caption-title-font-weight:var(--h2_typography-font-weight);--awb-caption-title-font-style:var(--h2_typography-font-style);--awb-caption-title-size:var(--h2_typography-font-size);--awb-caption-title-transform:var(--h2_typography-text-transform);--awb-caption-title-line-height:var(--h2_typography-line-height);--awb-caption-title-letter-spacing:var(--h2_typography-letter-spacing);\"><span class=\" fusion-imageframe imageframe-none imageframe-20 hover-type-none has-aspect-ratio\"><a class=\"fusion-no-lightbox\" href=\"https:\/\/diversityhub.pl\/en\/wydarzenie\/sniadanie-diversity-hub-ale-drama-konfrontacja-z-oporem-umniejszaniem-znaczenia-dei-w-organizacjach\/\" target=\"_self\" aria-label=\"\u015aniadanie Diversity Hub 12-06-2024\"><img decoding=\"async\" width=\"1280\" height=\"719\" src=\"https:\/\/diversityhub.pl\/wp-content\/uploads\/2024\/05\/image_1716895664.png\" class=\"img-responsive wp-image-8037 img-with-aspect-ratio\" data-parent-fit=\"cover\" data-parent-container=\".fusion-image-element\" alt srcset=\"https:\/\/diversityhub.pl\/wp-content\/uploads\/2024\/05\/image_1716895664-200x112.png 200w, https:\/\/diversityhub.pl\/wp-content\/uploads\/2024\/05\/image_1716895664-400x225.png 400w, https:\/\/diversityhub.pl\/wp-content\/uploads\/2024\/05\/image_1716895664-600x337.png 600w, https:\/\/diversityhub.pl\/wp-content\/uploads\/2024\/05\/image_1716895664-800x449.png 800w, https:\/\/diversityhub.pl\/wp-content\/uploads\/2024\/05\/image_1716895664-1200x674.png 1200w, https:\/\/diversityhub.pl\/wp-content\/uploads\/2024\/05\/image_1716895664.png 1280w\" sizes=\"(max-width: 640px) 100vw, 1280px\" \/><\/a><\/span><\/div><div class=\"fusion-text fusion-text-22 fusion-text-no-margin\" style=\"--awb-content-alignment:left;--awb-font-size:12px;--awb-line-height:1.4;--awb-text-color:var(--awb-color6);--awb-margin-top:0px;--awb-margin-right:0px;--awb-margin-bottom:0px;--awb-margin-left:0px;--awb-text-font-family:&quot;Poppins&quot;;--awb-text-font-style:normal;--awb-text-font-weight:700;\"><p>12\/06\/2024<\/p>\n<\/div><div class=\"fusion-title title fusion-title-21 fusion-sep-none fusion-title-text fusion-title-size-three duk-short-text-3\" style=\"--awb-text-color:var(--awb-color8);--awb-margin-top-small:10px;--awb-margin-right-small:0px;--awb-margin-bottom-small:10px;--awb-margin-left-small:0px;--awb-link-color:var(--awb-color8);--awb-font-size:20px;\"><h3 class=\"fusion-title-heading title-heading-left fusion-responsive-typography-calculated\" style=\"margin:0;font-size:1em;--fontSize:20;line-height:1.4;\"><a href=\"https:\/\/diversityhub.pl\/en\/wydarzenie\/sniadanie-diversity-hub-ale-drama-konfrontacja-z-oporem-umniejszaniem-znaczenia-dei-w-organizacjach\/\" class=\"awb-custom-text-color awb-custom-text-hover-color\" target=\"_self\">\u015aniadanie Diversity Hub: Ale drama! Konfrontacja z oporem, umniejszaniem znaczenia DEI w organizacjach<\/a><\/h3><\/div><div class=\"fusion-separator fusion-full-width-sep\" style=\"align-self: center;margin-left: auto;margin-right: auto;flex-grow:1;width:100%;\"><\/div><div style=\"text-align:left;\"><a class=\"fusion-button button-flat fusion-button-default-size button-custom fusion-button-default button-20 fusion-button-default-span fusion-button-default-type\" style=\"--awb-margin-top:0px;--awb-margin-right:0px;--awb-margin-bottom:0px;--awb-margin-left:0px;--awb-padding-top:0px;--awb-padding-right:0px;--awb-padding-bottom:4px;--awb-padding-left:0px;--button_accent_color:var(--awb-color4);--button_accent_hover_color:hsla(var(--awb-color4-h),var(--awb-color4-s),calc(var(--awb-color4-l) - 10%),var(--awb-color4-a));--button_border_hover_color:var(--awb-color4);--button_border_width-top:0;--button_border_width-right:0;--button_border_width-bottom:2px;--button_border_width-left:0;--button-border-radius-top-left:0;--button-border-radius-top-right:0;--button-border-radius-bottom-right:0;--button-border-radius-bottom-left:0;--button_gradient_top_color:rgba(0,0,0,0);--button_gradient_bottom_color:rgba(0,0,0,0);--button_gradient_top_color_hover:rgba(0,0,0,0);--button_gradient_bottom_color_hover:rgba(0,0,0,0);--button_text_transform:var(--awb-custom_typography_1-text-transform);--button_font_size:var(--awb-custom_typography_1-font-size);--button_line_height:var(--awb-custom_typography_1-line-height);--button_typography-letter-spacing:var(--awb-custom_typography_1-letter-spacing);--button_typography-font-family:var(--awb-custom_typography_1-font-family);--button_typography-font-weight:var(--awb-custom_typography_1-font-weight);--button_typography-font-style:var(--awb-custom_typography_1-font-style);\" target=\"_self\" data-hover=\"icon_slide\" href=\"https:\/\/diversityhub.pl\/en\/wydarzenie\/sniadanie-diversity-hub-ale-drama-konfrontacja-z-oporem-umniejszaniem-znaczenia-dei-w-organizacjach\/\"><span class=\"fusion-button-text awb-button__text awb-button__text--default\">Zobacz szczeg\u00f3\u0142y<\/span><i class=\"fa-arrow-right fas awb-button__icon awb-button__icon--default button-icon-right\" aria-hidden=\"true\"><\/i><\/a><\/div><\/div><\/li>\n<li class=\"fusion-layout-column fusion_builder_column fusion-builder-column-22 fusion-flex-column post-card fusion-grid-column fusion-post-cards-grid-column\" style=\"--awb-bg-blend:overlay;--awb-bg-size:cover;--awb-transform:translateY(0px);--awb-transform-hover:translateY(-8px);--awb-flex-grow:0;--awb-flex-shrink:0;--awb-flex-grow-medium:0;--awb-flex-shrink-medium:0;--awb-flex-grow-small:0;--awb-flex-shrink-small:0;\" data-scroll-devices=\"small-visibility,medium-visibility,large-visibility\"><div class=\"fusion-column-wrapper fusion-column-has-shadow fusion-flex-justify-content-flex-start fusion-content-layout-column\"><div class=\"fusion-image-element \" style=\"text-align:left;--awb-aspect-ratio:16 \/ 9;--awb-margin-bottom:1.5rem;--awb-caption-title-font-family:var(--h2_typography-font-family);--awb-caption-title-font-weight:var(--h2_typography-font-weight);--awb-caption-title-font-style:var(--h2_typography-font-style);--awb-caption-title-size:var(--h2_typography-font-size);--awb-caption-title-transform:var(--h2_typography-text-transform);--awb-caption-title-line-height:var(--h2_typography-line-height);--awb-caption-title-letter-spacing:var(--h2_typography-letter-spacing);\"><span class=\" fusion-imageframe imageframe-none imageframe-21 hover-type-none has-aspect-ratio\"><a class=\"fusion-no-lightbox\" href=\"https:\/\/diversityhub.pl\/en\/wydarzenie\/sniadanie-diversity-hub-neurodiversity-pride-day\/\" target=\"_self\" aria-label=\"\u015aniadanie Diversity Hub 18-06-2024\"><img decoding=\"async\" width=\"1760\" height=\"654\" src=\"https:\/\/diversityhub.pl\/wp-content\/uploads\/2024\/05\/18-06-2024.jpg\" class=\"img-responsive wp-image-8036 img-with-aspect-ratio\" data-parent-fit=\"cover\" data-parent-container=\".fusion-image-element\" alt srcset=\"https:\/\/diversityhub.pl\/wp-content\/uploads\/2024\/05\/18-06-2024-200x74.jpg 200w, https:\/\/diversityhub.pl\/wp-content\/uploads\/2024\/05\/18-06-2024-400x149.jpg 400w, https:\/\/diversityhub.pl\/wp-content\/uploads\/2024\/05\/18-06-2024-600x223.jpg 600w, https:\/\/diversityhub.pl\/wp-content\/uploads\/2024\/05\/18-06-2024-800x297.jpg 800w, https:\/\/diversityhub.pl\/wp-content\/uploads\/2024\/05\/18-06-2024-1200x446.jpg 1200w, https:\/\/diversityhub.pl\/wp-content\/uploads\/2024\/05\/18-06-2024.jpg 1760w\" sizes=\"(max-width: 640px) 100vw, 1760px\" \/><\/a><\/span><\/div><div class=\"fusion-text fusion-text-23 fusion-text-no-margin\" style=\"--awb-content-alignment:left;--awb-font-size:12px;--awb-line-height:1.4;--awb-text-color:var(--awb-color6);--awb-margin-top:0px;--awb-margin-right:0px;--awb-margin-bottom:0px;--awb-margin-left:0px;--awb-text-font-family:&quot;Poppins&quot;;--awb-text-font-style:normal;--awb-text-font-weight:700;\"><p>18\/06\/2024<\/p>\n<\/div><div class=\"fusion-title title fusion-title-22 fusion-sep-none fusion-title-text fusion-title-size-three duk-short-text-3\" style=\"--awb-text-color:var(--awb-color8);--awb-margin-top-small:10px;--awb-margin-right-small:0px;--awb-margin-bottom-small:10px;--awb-margin-left-small:0px;--awb-link-color:var(--awb-color8);--awb-font-size:20px;\"><h3 class=\"fusion-title-heading title-heading-left fusion-responsive-typography-calculated\" style=\"margin:0;font-size:1em;--fontSize:20;line-height:1.4;\"><a href=\"https:\/\/diversityhub.pl\/en\/wydarzenie\/sniadanie-diversity-hub-neurodiversity-pride-day\/\" class=\"awb-custom-text-color awb-custom-text-hover-color\" target=\"_self\">\u015aniadanie Diversity Hub: Na skrzy\u017cowaniu z neuror\u00f3\u017cnorodno\u015bci\u0105 &#8211; intersekcjonalne spojrzenie na neuroatypowo\u015b\u0107<\/a><\/h3><\/div><div class=\"fusion-separator fusion-full-width-sep\" style=\"align-self: center;margin-left: auto;margin-right: auto;flex-grow:1;width:100%;\"><\/div><div style=\"text-align:left;\"><a class=\"fusion-button button-flat fusion-button-default-size button-custom fusion-button-default button-21 fusion-button-default-span fusion-button-default-type\" style=\"--awb-margin-top:0px;--awb-margin-right:0px;--awb-margin-bottom:0px;--awb-margin-left:0px;--awb-padding-top:0px;--awb-padding-right:0px;--awb-padding-bottom:4px;--awb-padding-left:0px;--button_accent_color:var(--awb-color4);--button_accent_hover_color:hsla(var(--awb-color4-h),var(--awb-color4-s),calc(var(--awb-color4-l) - 10%),var(--awb-color4-a));--button_border_hover_color:var(--awb-color4);--button_border_width-top:0;--button_border_width-right:0;--button_border_width-bottom:2px;--button_border_width-left:0;--button-border-radius-top-left:0;--button-border-radius-top-right:0;--button-border-radius-bottom-right:0;--button-border-radius-bottom-left:0;--button_gradient_top_color:rgba(0,0,0,0);--button_gradient_bottom_color:rgba(0,0,0,0);--button_gradient_top_color_hover:rgba(0,0,0,0);--button_gradient_bottom_color_hover:rgba(0,0,0,0);--button_text_transform:var(--awb-custom_typography_1-text-transform);--button_font_size:var(--awb-custom_typography_1-font-size);--button_line_height:var(--awb-custom_typography_1-line-height);--button_typography-letter-spacing:var(--awb-custom_typography_1-letter-spacing);--button_typography-font-family:var(--awb-custom_typography_1-font-family);--button_typography-font-weight:var(--awb-custom_typography_1-font-weight);--button_typography-font-style:var(--awb-custom_typography_1-font-style);\" target=\"_self\" data-hover=\"icon_slide\" href=\"https:\/\/diversityhub.pl\/en\/wydarzenie\/sniadanie-diversity-hub-neurodiversity-pride-day\/\"><span class=\"fusion-button-text awb-button__text awb-button__text--default\">Zobacz szczeg\u00f3\u0142y<\/span><i class=\"fa-arrow-right fas awb-button__icon awb-button__icon--default button-icon-right\" aria-hidden=\"true\"><\/i><\/a><\/div><\/div><\/li>\n<\/ul><div class=\"pagination clearfix\"><\/div><div class=\"fusion-clearfix\"><\/div><\/div><\/div><\/div><\/div><\/div><div class=\"fusion-fullwidth fullwidth-box fusion-builder-row-3 fusion-flex-container has-pattern-background has-mask-background nonhundred-percent-fullwidth non-hundred-percent-height-scrolling fusion-custom-z-index\" style=\"--awb-border-radius-top-left:0px;--awb-border-radius-top-right:0px;--awb-border-radius-bottom-right:0px;--awb-border-radius-bottom-left:0px;--awb-z-index:4;--awb-padding-top:10vh;--awb-padding-bottom:5vh;--awb-background-color:var(--awb-color1);--awb-flex-wrap:wrap;\" ><div class=\"fusion-builder-row fusion-row fusion-flex-align-items-flex-start fusion-flex-content-wrap\" style=\"max-width:calc( 1200px + 0px );margin-left: calc(-0px \/ 2 );margin-right: calc(-0px \/ 2 );\"><div class=\"fusion-layout-column fusion_builder_column fusion-builder-column-23 fusion_builder_column_1_1 1_1 fusion-flex-column\" style=\"--awb-bg-size:cover;--awb-width-large:100%;--awb-flex-grow:0;--awb-flex-shrink:0;--awb-margin-top-large:0px;--awb-spacing-right-large:0px;--awb-margin-bottom-large:0px;--awb-spacing-left-large:0px;--awb-width-medium:100%;--awb-order-medium:0;--awb-flex-grow-medium:0;--awb-flex-shrink-medium:0;--awb-spacing-right-medium:0px;--awb-spacing-left-medium:0px;--awb-width-small:100%;--awb-order-small:0;--awb-flex-grow-small:0;--awb-flex-shrink-small:0;--awb-spacing-right-small:0px;--awb-spacing-left-small:0px;\"><div class=\"fusion-column-wrapper fusion-column-has-shadow fusion-flex-justify-content-flex-start fusion-content-layout-column\"><div class=\"fusion-title title fusion-title-23 fusion-sep-none fusion-title-text fusion-title-size-two\" style=\"--awb-margin-top:0px;--awb-margin-bottom:1rem;--awb-margin-top-small:0px;--awb-margin-right-small:0px;--awb-margin-bottom-small:10px;--awb-margin-left-small:0px;--awb-font-size:var(--awb-typography2-font-size);\"><h2 class=\"fusion-title-heading title-heading-left fusion-responsive-typography-calculated\" style=\"font-family:var(--awb-typography2-font-family);font-weight:var(--awb-typography2-font-weight);font-style:var(--awb-typography2-font-style);margin:0;letter-spacing:var(--awb-typography2-letter-spacing);text-transform:var(--awb-typography2-text-transform);font-size:1em;--fontSize:32;line-height:var(--awb-typography2-line-height);\">Diversity Hub Breakfast Archive<\/h2><\/div><\/div><\/div><\/div><\/div><div class=\"fusion-fullwidth fullwidth-box fusion-builder-row-4 fusion-flex-container nonhundred-percent-fullwidth non-hundred-percent-height-scrolling\" style=\"--awb-border-radius-top-left:0px;--awb-border-radius-top-right:0px;--awb-border-radius-bottom-right:0px;--awb-border-radius-bottom-left:0px;--awb-padding-top:5vh;--awb-padding-bottom:5vh;--awb-flex-wrap:wrap;\" ><div class=\"fusion-builder-row fusion-row fusion-flex-align-items-stretch fusion-flex-content-wrap\" style=\"max-width:calc( 1200px + 5vw );margin-left: calc(-5vw \/ 2 );margin-right: calc(-5vw \/ 2 );\"><div class=\"fusion-layout-column fusion_builder_column fusion-builder-column-24 fusion_builder_column_1_1 1_1 fusion-flex-column\" style=\"--awb-bg-size:cover;--awb-width-large:100%;--awb-flex-grow:0;--awb-flex-shrink:0;--awb-margin-top-large:0px;--awb-spacing-right-large:2.5vw;--awb-margin-bottom-large:0px;--awb-spacing-left-large:2.5vw;--awb-width-medium:100%;--awb-order-medium:0;--awb-flex-grow-medium:0;--awb-flex-shrink-medium:0;--awb-spacing-right-medium:2.5vw;--awb-spacing-left-medium:2.5vw;--awb-width-small:100%;--awb-order-small:0;--awb-flex-grow-small:0;--awb-flex-shrink-small:0;--awb-spacing-right-small:2.5vw;--awb-spacing-left-small:2.5vw;\"><div class=\"fusion-column-wrapper fusion-column-has-shadow fusion-flex-justify-content-flex-start fusion-content-layout-column\"><div class=\"fusion-post-cards fusion-post-cards-2 fusion-grid-archive fusion-grid-columns-3\" style=\"--awb-column-spacing:64px;--awb-dots-align:center;--awb-columns:3;--awb-active-filter-border-size:3px;--awb-filters-height:36px;--awb-row-spacing:64px;\" data-post-type-label=\"wydarzenia\"><ul class=\"fusion-grid fusion-grid-3 fusion-flex-align-items-stretch fusion-grid-posts-cards\"><li class=\"fusion-layout-column fusion_builder_column fusion-builder-column-25 fusion-flex-column post-card fusion-grid-column fusion-post-cards-grid-column\" style=\"--awb-bg-blend:overlay;--awb-bg-size:cover;--awb-transform:translateY(0px);--awb-transform-hover:translateY(-8px);--awb-flex-grow:0;--awb-flex-shrink:0;--awb-flex-grow-medium:0;--awb-flex-shrink-medium:0;--awb-flex-grow-small:0;--awb-flex-shrink-small:0;\" data-scroll-devices=\"small-visibility,medium-visibility,large-visibility\"><div class=\"fusion-column-wrapper fusion-column-has-shadow fusion-flex-justify-content-flex-start fusion-content-layout-column\"><div class=\"fusion-image-element \" style=\"text-align:left;--awb-aspect-ratio:16 \/ 9;--awb-margin-bottom:1.5rem;--awb-caption-title-font-family:var(--h2_typography-font-family);--awb-caption-title-font-weight:var(--h2_typography-font-weight);--awb-caption-title-font-style:var(--h2_typography-font-style);--awb-caption-title-size:var(--h2_typography-font-size);--awb-caption-title-transform:var(--h2_typography-text-transform);--awb-caption-title-line-height:var(--h2_typography-line-height);--awb-caption-title-letter-spacing:var(--h2_typography-letter-spacing);\"><span class=\" fusion-imageframe imageframe-none imageframe-22 hover-type-none has-aspect-ratio\"><a class=\"fusion-no-lightbox\" href=\"https:\/\/diversityhub.pl\/en\/wydarzenie\/szkolenie-3p-process-zatrudniamy-i-rozwijamy-talenty-z-niepelnosprawnoscia\/\" target=\"_self\" aria-label=\"Warsztat Diversity Hub\"><img decoding=\"async\" width=\"1640\" height=\"624\" src=\"https:\/\/diversityhub.pl\/wp-content\/uploads\/2024\/05\/15-05-2024.jpg\" class=\"img-responsive wp-image-7972 img-with-aspect-ratio\" data-parent-fit=\"cover\" data-parent-container=\".fusion-image-element\" alt srcset=\"https:\/\/diversityhub.pl\/wp-content\/uploads\/2024\/05\/15-05-2024-200x76.jpg 200w, https:\/\/diversityhub.pl\/wp-content\/uploads\/2024\/05\/15-05-2024-400x152.jpg 400w, https:\/\/diversityhub.pl\/wp-content\/uploads\/2024\/05\/15-05-2024-600x228.jpg 600w, https:\/\/diversityhub.pl\/wp-content\/uploads\/2024\/05\/15-05-2024-800x304.jpg 800w, https:\/\/diversityhub.pl\/wp-content\/uploads\/2024\/05\/15-05-2024-1200x457.jpg 1200w, https:\/\/diversityhub.pl\/wp-content\/uploads\/2024\/05\/15-05-2024.jpg 1640w\" sizes=\"(max-width: 640px) 100vw, 1640px\" \/><\/a><\/span><\/div><div class=\"fusion-text fusion-text-24 fusion-text-no-margin\" style=\"--awb-content-alignment:left;--awb-font-size:12px;--awb-line-height:1.4;--awb-text-color:var(--awb-color6);--awb-margin-top:0px;--awb-margin-right:0px;--awb-margin-bottom:0px;--awb-margin-left:0px;--awb-text-font-family:&quot;Poppins&quot;;--awb-text-font-style:normal;--awb-text-font-weight:700;\"><p>15\/05\/2024<\/p>\n<\/div><div class=\"fusion-title title fusion-title-24 fusion-sep-none fusion-title-text fusion-title-size-three duk-short-text-3\" style=\"--awb-text-color:var(--awb-color8);--awb-margin-top-small:10px;--awb-margin-right-small:0px;--awb-margin-bottom-small:10px;--awb-margin-left-small:0px;--awb-link-color:var(--awb-color8);--awb-font-size:20px;\"><h3 class=\"fusion-title-heading title-heading-left fusion-responsive-typography-calculated\" style=\"margin:0;font-size:1em;--fontSize:20;line-height:1.4;\"><a href=\"https:\/\/diversityhub.pl\/en\/wydarzenie\/szkolenie-3p-process-zatrudniamy-i-rozwijamy-talenty-z-niepelnosprawnoscia\/\" class=\"awb-custom-text-color awb-custom-text-hover-color\" target=\"_self\">Szkolenie 3P | PROCESS: Zatrudniamy i rozwijamy talenty z niepe\u0142nosprawno\u015bci\u0105<\/a><\/h3><\/div><div class=\"fusion-separator fusion-full-width-sep\" style=\"align-self: center;margin-left: auto;margin-right: auto;flex-grow:1;width:100%;\"><\/div><div style=\"text-align:left;\"><a class=\"fusion-button button-flat fusion-button-default-size button-custom fusion-button-default button-22 fusion-button-default-span fusion-button-default-type\" style=\"--awb-margin-top:0px;--awb-margin-right:0px;--awb-margin-bottom:0px;--awb-margin-left:0px;--awb-padding-top:0px;--awb-padding-right:0px;--awb-padding-bottom:4px;--awb-padding-left:0px;--button_accent_color:var(--awb-color4);--button_accent_hover_color:hsla(var(--awb-color4-h),var(--awb-color4-s),calc(var(--awb-color4-l) - 10%),var(--awb-color4-a));--button_border_hover_color:var(--awb-color4);--button_border_width-top:0;--button_border_width-right:0;--button_border_width-bottom:2px;--button_border_width-left:0;--button-border-radius-top-left:0;--button-border-radius-top-right:0;--button-border-radius-bottom-right:0;--button-border-radius-bottom-left:0;--button_gradient_top_color:rgba(0,0,0,0);--button_gradient_bottom_color:rgba(0,0,0,0);--button_gradient_top_color_hover:rgba(0,0,0,0);--button_gradient_bottom_color_hover:rgba(0,0,0,0);--button_text_transform:var(--awb-custom_typography_1-text-transform);--button_font_size:var(--awb-custom_typography_1-font-size);--button_line_height:var(--awb-custom_typography_1-line-height);--button_typography-letter-spacing:var(--awb-custom_typography_1-letter-spacing);--button_typography-font-family:var(--awb-custom_typography_1-font-family);--button_typography-font-weight:var(--awb-custom_typography_1-font-weight);--button_typography-font-style:var(--awb-custom_typography_1-font-style);\" target=\"_self\" data-hover=\"icon_slide\" href=\"https:\/\/diversityhub.pl\/en\/wydarzenie\/szkolenie-3p-process-zatrudniamy-i-rozwijamy-talenty-z-niepelnosprawnoscia\/\"><span class=\"fusion-button-text awb-button__text awb-button__text--default\">Zobacz szczeg\u00f3\u0142y<\/span><i class=\"fa-arrow-right fas awb-button__icon awb-button__icon--default button-icon-right\" aria-hidden=\"true\"><\/i><\/a><\/div><\/div><\/li>\n<li class=\"fusion-layout-column fusion_builder_column fusion-builder-column-26 fusion-flex-column post-card fusion-grid-column fusion-post-cards-grid-column\" style=\"--awb-bg-blend:overlay;--awb-bg-size:cover;--awb-transform:translateY(0px);--awb-transform-hover:translateY(-8px);--awb-flex-grow:0;--awb-flex-shrink:0;--awb-flex-grow-medium:0;--awb-flex-shrink-medium:0;--awb-flex-grow-small:0;--awb-flex-shrink-small:0;\" data-scroll-devices=\"small-visibility,medium-visibility,large-visibility\"><div class=\"fusion-column-wrapper fusion-column-has-shadow fusion-flex-justify-content-flex-start fusion-content-layout-column\"><div class=\"fusion-image-element \" style=\"text-align:left;--awb-aspect-ratio:16 \/ 9;--awb-margin-bottom:1.5rem;--awb-caption-title-font-family:var(--h2_typography-font-family);--awb-caption-title-font-weight:var(--h2_typography-font-weight);--awb-caption-title-font-style:var(--h2_typography-font-style);--awb-caption-title-size:var(--h2_typography-font-size);--awb-caption-title-transform:var(--h2_typography-text-transform);--awb-caption-title-line-height:var(--h2_typography-line-height);--awb-caption-title-letter-spacing:var(--h2_typography-letter-spacing);\"><span class=\" fusion-imageframe imageframe-none imageframe-23 hover-type-none has-aspect-ratio\"><a class=\"fusion-no-lightbox\" href=\"https:\/\/diversityhub.pl\/en\/wydarzenie\/sniadanie-diversity-hub-ale-drama-konfrontacja-z-oporem-umniejszaniem-znaczenia-dei-w-organizacjach\/\" target=\"_self\" aria-label=\"\u015aniadanie Diversity Hub 12-06-2024\"><img decoding=\"async\" width=\"1280\" height=\"719\" src=\"https:\/\/diversityhub.pl\/wp-content\/uploads\/2024\/05\/image_1716895664.png\" class=\"img-responsive wp-image-8037 img-with-aspect-ratio\" data-parent-fit=\"cover\" data-parent-container=\".fusion-image-element\" alt srcset=\"https:\/\/diversityhub.pl\/wp-content\/uploads\/2024\/05\/image_1716895664-200x112.png 200w, https:\/\/diversityhub.pl\/wp-content\/uploads\/2024\/05\/image_1716895664-400x225.png 400w, https:\/\/diversityhub.pl\/wp-content\/uploads\/2024\/05\/image_1716895664-600x337.png 600w, https:\/\/diversityhub.pl\/wp-content\/uploads\/2024\/05\/image_1716895664-800x449.png 800w, https:\/\/diversityhub.pl\/wp-content\/uploads\/2024\/05\/image_1716895664-1200x674.png 1200w, https:\/\/diversityhub.pl\/wp-content\/uploads\/2024\/05\/image_1716895664.png 1280w\" sizes=\"(max-width: 640px) 100vw, 1280px\" \/><\/a><\/span><\/div><div class=\"fusion-text fusion-text-25 fusion-text-no-margin\" style=\"--awb-content-alignment:left;--awb-font-size:12px;--awb-line-height:1.4;--awb-text-color:var(--awb-color6);--awb-margin-top:0px;--awb-margin-right:0px;--awb-margin-bottom:0px;--awb-margin-left:0px;--awb-text-font-family:&quot;Poppins&quot;;--awb-text-font-style:normal;--awb-text-font-weight:700;\"><p>12\/06\/2024<\/p>\n<\/div><div class=\"fusion-title title fusion-title-25 fusion-sep-none fusion-title-text fusion-title-size-three duk-short-text-3\" style=\"--awb-text-color:var(--awb-color8);--awb-margin-top-small:10px;--awb-margin-right-small:0px;--awb-margin-bottom-small:10px;--awb-margin-left-small:0px;--awb-link-color:var(--awb-color8);--awb-font-size:20px;\"><h3 class=\"fusion-title-heading title-heading-left fusion-responsive-typography-calculated\" style=\"margin:0;font-size:1em;--fontSize:20;line-height:1.4;\"><a href=\"https:\/\/diversityhub.pl\/en\/wydarzenie\/sniadanie-diversity-hub-ale-drama-konfrontacja-z-oporem-umniejszaniem-znaczenia-dei-w-organizacjach\/\" class=\"awb-custom-text-color awb-custom-text-hover-color\" target=\"_self\">\u015aniadanie Diversity Hub: Ale drama! Konfrontacja z oporem, umniejszaniem znaczenia DEI w organizacjach<\/a><\/h3><\/div><div class=\"fusion-separator fusion-full-width-sep\" style=\"align-self: center;margin-left: auto;margin-right: auto;flex-grow:1;width:100%;\"><\/div><div style=\"text-align:left;\"><a class=\"fusion-button button-flat fusion-button-default-size button-custom fusion-button-default button-23 fusion-button-default-span fusion-button-default-type\" style=\"--awb-margin-top:0px;--awb-margin-right:0px;--awb-margin-bottom:0px;--awb-margin-left:0px;--awb-padding-top:0px;--awb-padding-right:0px;--awb-padding-bottom:4px;--awb-padding-left:0px;--button_accent_color:var(--awb-color4);--button_accent_hover_color:hsla(var(--awb-color4-h),var(--awb-color4-s),calc(var(--awb-color4-l) - 10%),var(--awb-color4-a));--button_border_hover_color:var(--awb-color4);--button_border_width-top:0;--button_border_width-right:0;--button_border_width-bottom:2px;--button_border_width-left:0;--button-border-radius-top-left:0;--button-border-radius-top-right:0;--button-border-radius-bottom-right:0;--button-border-radius-bottom-left:0;--button_gradient_top_color:rgba(0,0,0,0);--button_gradient_bottom_color:rgba(0,0,0,0);--button_gradient_top_color_hover:rgba(0,0,0,0);--button_gradient_bottom_color_hover:rgba(0,0,0,0);--button_text_transform:var(--awb-custom_typography_1-text-transform);--button_font_size:var(--awb-custom_typography_1-font-size);--button_line_height:var(--awb-custom_typography_1-line-height);--button_typography-letter-spacing:var(--awb-custom_typography_1-letter-spacing);--button_typography-font-family:var(--awb-custom_typography_1-font-family);--button_typography-font-weight:var(--awb-custom_typography_1-font-weight);--button_typography-font-style:var(--awb-custom_typography_1-font-style);\" target=\"_self\" data-hover=\"icon_slide\" href=\"https:\/\/diversityhub.pl\/en\/wydarzenie\/sniadanie-diversity-hub-ale-drama-konfrontacja-z-oporem-umniejszaniem-znaczenia-dei-w-organizacjach\/\"><span class=\"fusion-button-text awb-button__text awb-button__text--default\">Zobacz szczeg\u00f3\u0142y<\/span><i class=\"fa-arrow-right fas awb-button__icon awb-button__icon--default button-icon-right\" aria-hidden=\"true\"><\/i><\/a><\/div><\/div><\/li>\n<li class=\"fusion-layout-column fusion_builder_column fusion-builder-column-27 fusion-flex-column post-card fusion-grid-column fusion-post-cards-grid-column\" style=\"--awb-bg-blend:overlay;--awb-bg-size:cover;--awb-transform:translateY(0px);--awb-transform-hover:translateY(-8px);--awb-flex-grow:0;--awb-flex-shrink:0;--awb-flex-grow-medium:0;--awb-flex-shrink-medium:0;--awb-flex-grow-small:0;--awb-flex-shrink-small:0;\" data-scroll-devices=\"small-visibility,medium-visibility,large-visibility\"><div class=\"fusion-column-wrapper fusion-column-has-shadow fusion-flex-justify-content-flex-start fusion-content-layout-column\"><div class=\"fusion-image-element \" style=\"text-align:left;--awb-aspect-ratio:16 \/ 9;--awb-margin-bottom:1.5rem;--awb-caption-title-font-family:var(--h2_typography-font-family);--awb-caption-title-font-weight:var(--h2_typography-font-weight);--awb-caption-title-font-style:var(--h2_typography-font-style);--awb-caption-title-size:var(--h2_typography-font-size);--awb-caption-title-transform:var(--h2_typography-text-transform);--awb-caption-title-line-height:var(--h2_typography-line-height);--awb-caption-title-letter-spacing:var(--h2_typography-letter-spacing);\"><span class=\" fusion-imageframe imageframe-none imageframe-24 hover-type-none has-aspect-ratio\"><a class=\"fusion-no-lightbox\" href=\"https:\/\/diversityhub.pl\/en\/wydarzenie\/sniadanie-diversity-hub-neurodiversity-pride-day\/\" target=\"_self\" aria-label=\"\u015aniadanie Diversity Hub 18-06-2024\"><img decoding=\"async\" width=\"1760\" height=\"654\" src=\"https:\/\/diversityhub.pl\/wp-content\/uploads\/2024\/05\/18-06-2024.jpg\" class=\"img-responsive wp-image-8036 img-with-aspect-ratio\" data-parent-fit=\"cover\" data-parent-container=\".fusion-image-element\" alt srcset=\"https:\/\/diversityhub.pl\/wp-content\/uploads\/2024\/05\/18-06-2024-200x74.jpg 200w, https:\/\/diversityhub.pl\/wp-content\/uploads\/2024\/05\/18-06-2024-400x149.jpg 400w, https:\/\/diversityhub.pl\/wp-content\/uploads\/2024\/05\/18-06-2024-600x223.jpg 600w, https:\/\/diversityhub.pl\/wp-content\/uploads\/2024\/05\/18-06-2024-800x297.jpg 800w, https:\/\/diversityhub.pl\/wp-content\/uploads\/2024\/05\/18-06-2024-1200x446.jpg 1200w, https:\/\/diversityhub.pl\/wp-content\/uploads\/2024\/05\/18-06-2024.jpg 1760w\" sizes=\"(max-width: 640px) 100vw, 1760px\" \/><\/a><\/span><\/div><div class=\"fusion-text fusion-text-26 fusion-text-no-margin\" style=\"--awb-content-alignment:left;--awb-font-size:12px;--awb-line-height:1.4;--awb-text-color:var(--awb-color6);--awb-margin-top:0px;--awb-margin-right:0px;--awb-margin-bottom:0px;--awb-margin-left:0px;--awb-text-font-family:&quot;Poppins&quot;;--awb-text-font-style:normal;--awb-text-font-weight:700;\"><p>18\/06\/2024<\/p>\n<\/div><div class=\"fusion-title title fusion-title-26 fusion-sep-none fusion-title-text fusion-title-size-three duk-short-text-3\" style=\"--awb-text-color:var(--awb-color8);--awb-margin-top-small:10px;--awb-margin-right-small:0px;--awb-margin-bottom-small:10px;--awb-margin-left-small:0px;--awb-link-color:var(--awb-color8);--awb-font-size:20px;\"><h3 class=\"fusion-title-heading title-heading-left fusion-responsive-typography-calculated\" style=\"margin:0;font-size:1em;--fontSize:20;line-height:1.4;\"><a href=\"https:\/\/diversityhub.pl\/en\/wydarzenie\/sniadanie-diversity-hub-neurodiversity-pride-day\/\" class=\"awb-custom-text-color awb-custom-text-hover-color\" target=\"_self\">\u015aniadanie Diversity Hub: Na skrzy\u017cowaniu z neuror\u00f3\u017cnorodno\u015bci\u0105 &#8211; intersekcjonalne spojrzenie na neuroatypowo\u015b\u0107<\/a><\/h3><\/div><div class=\"fusion-separator fusion-full-width-sep\" style=\"align-self: center;margin-left: auto;margin-right: auto;flex-grow:1;width:100%;\"><\/div><div style=\"text-align:left;\"><a class=\"fusion-button button-flat fusion-button-default-size button-custom fusion-button-default button-24 fusion-button-default-span fusion-button-default-type\" style=\"--awb-margin-top:0px;--awb-margin-right:0px;--awb-margin-bottom:0px;--awb-margin-left:0px;--awb-padding-top:0px;--awb-padding-right:0px;--awb-padding-bottom:4px;--awb-padding-left:0px;--button_accent_color:var(--awb-color4);--button_accent_hover_color:hsla(var(--awb-color4-h),var(--awb-color4-s),calc(var(--awb-color4-l) - 10%),var(--awb-color4-a));--button_border_hover_color:var(--awb-color4);--button_border_width-top:0;--button_border_width-right:0;--button_border_width-bottom:2px;--button_border_width-left:0;--button-border-radius-top-left:0;--button-border-radius-top-right:0;--button-border-radius-bottom-right:0;--button-border-radius-bottom-left:0;--button_gradient_top_color:rgba(0,0,0,0);--button_gradient_bottom_color:rgba(0,0,0,0);--button_gradient_top_color_hover:rgba(0,0,0,0);--button_gradient_bottom_color_hover:rgba(0,0,0,0);--button_text_transform:var(--awb-custom_typography_1-text-transform);--button_font_size:var(--awb-custom_typography_1-font-size);--button_line_height:var(--awb-custom_typography_1-line-height);--button_typography-letter-spacing:var(--awb-custom_typography_1-letter-spacing);--button_typography-font-family:var(--awb-custom_typography_1-font-family);--button_typography-font-weight:var(--awb-custom_typography_1-font-weight);--button_typography-font-style:var(--awb-custom_typography_1-font-style);\" target=\"_self\" data-hover=\"icon_slide\" href=\"https:\/\/diversityhub.pl\/en\/wydarzenie\/sniadanie-diversity-hub-neurodiversity-pride-day\/\"><span class=\"fusion-button-text awb-button__text awb-button__text--default\">Zobacz szczeg\u00f3\u0142y<\/span><i class=\"fa-arrow-right fas awb-button__icon awb-button__icon--default button-icon-right\" aria-hidden=\"true\"><\/i><\/a><\/div><\/div><\/li>\n<li class=\"fusion-layout-column fusion_builder_column fusion-builder-column-28 fusion-flex-column post-card fusion-grid-column fusion-post-cards-grid-column\" style=\"--awb-bg-blend:overlay;--awb-bg-size:cover;--awb-transform:translateY(0px);--awb-transform-hover:translateY(-8px);--awb-flex-grow:0;--awb-flex-shrink:0;--awb-flex-grow-medium:0;--awb-flex-shrink-medium:0;--awb-flex-grow-small:0;--awb-flex-shrink-small:0;\" data-scroll-devices=\"small-visibility,medium-visibility,large-visibility\"><div class=\"fusion-column-wrapper fusion-column-has-shadow fusion-flex-justify-content-flex-start fusion-content-layout-column\"><div class=\"fusion-image-element \" style=\"text-align:left;--awb-aspect-ratio:16 \/ 9;--awb-margin-bottom:1.5rem;--awb-caption-title-font-family:var(--h2_typography-font-family);--awb-caption-title-font-weight:var(--h2_typography-font-weight);--awb-caption-title-font-style:var(--h2_typography-font-style);--awb-caption-title-size:var(--h2_typography-font-size);--awb-caption-title-transform:var(--h2_typography-text-transform);--awb-caption-title-line-height:var(--h2_typography-line-height);--awb-caption-title-letter-spacing:var(--h2_typography-letter-spacing);\"><span class=\" fusion-imageframe imageframe-none imageframe-25 hover-type-none has-aspect-ratio\"><a class=\"fusion-no-lightbox\" href=\"https:\/\/diversityhub.pl\/en\/wydarzenie\/sniadanie-diversity-hub-tandemy-pokoleniowe-czyli-dobre-praktyki-z-biznesu-w-zakresie-wyzwan-miedzygeneracyjnych\/\" target=\"_self\" aria-label=\"Bez nazwy\"><img decoding=\"async\" width=\"1920\" height=\"714\" src=\"https:\/\/diversityhub.pl\/wp-content\/uploads\/2024\/09\/Bez-nazwy.jpg\" class=\"img-responsive wp-image-8508 img-with-aspect-ratio\" data-parent-fit=\"cover\" data-parent-container=\".fusion-image-element\" alt srcset=\"https:\/\/diversityhub.pl\/wp-content\/uploads\/2024\/09\/Bez-nazwy-200x74.jpg 200w, https:\/\/diversityhub.pl\/wp-content\/uploads\/2024\/09\/Bez-nazwy-400x149.jpg 400w, https:\/\/diversityhub.pl\/wp-content\/uploads\/2024\/09\/Bez-nazwy-600x223.jpg 600w, https:\/\/diversityhub.pl\/wp-content\/uploads\/2024\/09\/Bez-nazwy-800x298.jpg 800w, https:\/\/diversityhub.pl\/wp-content\/uploads\/2024\/09\/Bez-nazwy-1200x446.jpg 1200w, https:\/\/diversityhub.pl\/wp-content\/uploads\/2024\/09\/Bez-nazwy.jpg 1920w\" sizes=\"(max-width: 640px) 100vw, 1920px\" \/><\/a><\/span><\/div><div class=\"fusion-text fusion-text-27 fusion-text-no-margin\" style=\"--awb-content-alignment:left;--awb-font-size:12px;--awb-line-height:1.4;--awb-text-color:var(--awb-color6);--awb-margin-top:0px;--awb-margin-right:0px;--awb-margin-bottom:0px;--awb-margin-left:0px;--awb-text-font-family:&quot;Poppins&quot;;--awb-text-font-style:normal;--awb-text-font-weight:700;\"><p>23\/09\/2024<\/p>\n<\/div><div class=\"fusion-title title fusion-title-27 fusion-sep-none fusion-title-text fusion-title-size-three duk-short-text-3\" style=\"--awb-text-color:var(--awb-color8);--awb-margin-top-small:10px;--awb-margin-right-small:0px;--awb-margin-bottom-small:10px;--awb-margin-left-small:0px;--awb-link-color:var(--awb-color8);--awb-font-size:20px;\"><h3 class=\"fusion-title-heading title-heading-left fusion-responsive-typography-calculated\" style=\"margin:0;font-size:1em;--fontSize:20;line-height:1.4;\"><a href=\"https:\/\/diversityhub.pl\/en\/wydarzenie\/sniadanie-diversity-hub-tandemy-pokoleniowe-czyli-dobre-praktyki-z-biznesu-w-zakresie-wyzwan-miedzygeneracyjnych\/\" class=\"awb-custom-text-color awb-custom-text-hover-color\" target=\"_self\">\u015aniadanie Diversity Hub: Tandemy pokoleniowe, czyli dobre praktyki z biznesu w zakresie wyzwa\u0144 mi\u0119dzygeneracyjnych<\/a><\/h3><\/div><div class=\"fusion-separator fusion-full-width-sep\" style=\"align-self: center;margin-left: auto;margin-right: auto;flex-grow:1;width:100%;\"><\/div><div style=\"text-align:left;\"><a class=\"fusion-button button-flat fusion-button-default-size button-custom fusion-button-default button-25 fusion-button-default-span fusion-button-default-type\" style=\"--awb-margin-top:0px;--awb-margin-right:0px;--awb-margin-bottom:0px;--awb-margin-left:0px;--awb-padding-top:0px;--awb-padding-right:0px;--awb-padding-bottom:4px;--awb-padding-left:0px;--button_accent_color:var(--awb-color4);--button_accent_hover_color:hsla(var(--awb-color4-h),var(--awb-color4-s),calc(var(--awb-color4-l) - 10%),var(--awb-color4-a));--button_border_hover_color:var(--awb-color4);--button_border_width-top:0;--button_border_width-right:0;--button_border_width-bottom:2px;--button_border_width-left:0;--button-border-radius-top-left:0;--button-border-radius-top-right:0;--button-border-radius-bottom-right:0;--button-border-radius-bottom-left:0;--button_gradient_top_color:rgba(0,0,0,0);--button_gradient_bottom_color:rgba(0,0,0,0);--button_gradient_top_color_hover:rgba(0,0,0,0);--button_gradient_bottom_color_hover:rgba(0,0,0,0);--button_text_transform:var(--awb-custom_typography_1-text-transform);--button_font_size:var(--awb-custom_typography_1-font-size);--button_line_height:var(--awb-custom_typography_1-line-height);--button_typography-letter-spacing:var(--awb-custom_typography_1-letter-spacing);--button_typography-font-family:var(--awb-custom_typography_1-font-family);--button_typography-font-weight:var(--awb-custom_typography_1-font-weight);--button_typography-font-style:var(--awb-custom_typography_1-font-style);\" target=\"_self\" data-hover=\"icon_slide\" href=\"https:\/\/diversityhub.pl\/en\/wydarzenie\/sniadanie-diversity-hub-tandemy-pokoleniowe-czyli-dobre-praktyki-z-biznesu-w-zakresie-wyzwan-miedzygeneracyjnych\/\"><span class=\"fusion-button-text awb-button__text awb-button__text--default\">Zobacz szczeg\u00f3\u0142y<\/span><i class=\"fa-arrow-right fas awb-button__icon awb-button__icon--default button-icon-right\" aria-hidden=\"true\"><\/i><\/a><\/div><\/div><\/li>\n<li class=\"fusion-layout-column fusion_builder_column fusion-builder-column-29 fusion-flex-column post-card fusion-grid-column fusion-post-cards-grid-column\" style=\"--awb-bg-blend:overlay;--awb-bg-size:cover;--awb-transform:translateY(0px);--awb-transform-hover:translateY(-8px);--awb-flex-grow:0;--awb-flex-shrink:0;--awb-flex-grow-medium:0;--awb-flex-shrink-medium:0;--awb-flex-grow-small:0;--awb-flex-shrink-small:0;\" data-scroll-devices=\"small-visibility,medium-visibility,large-visibility\"><div class=\"fusion-column-wrapper fusion-column-has-shadow fusion-flex-justify-content-flex-start fusion-content-layout-column\"><div class=\"fusion-image-element \" style=\"text-align:left;--awb-aspect-ratio:16 \/ 9;--awb-margin-bottom:1.5rem;--awb-caption-title-font-family:var(--h2_typography-font-family);--awb-caption-title-font-weight:var(--h2_typography-font-weight);--awb-caption-title-font-style:var(--h2_typography-font-style);--awb-caption-title-size:var(--h2_typography-font-size);--awb-caption-title-transform:var(--h2_typography-text-transform);--awb-caption-title-line-height:var(--h2_typography-line-height);--awb-caption-title-letter-spacing:var(--h2_typography-letter-spacing);\"><span class=\" fusion-imageframe imageframe-none imageframe-26 hover-type-none has-aspect-ratio\"><a class=\"fusion-no-lightbox\" href=\"https:\/\/diversityhub.pl\/en\/wydarzenie\/8720\/\" target=\"_self\" aria-label=\"DIVERSITY_HUB_PRZESTRZEN_DLA_NEUROROZNORODNOSCI_2024_11_25_www_2\"><img decoding=\"async\" width=\"1110\" height=\"625\" src=\"https:\/\/diversityhub.pl\/wp-content\/uploads\/2024\/11\/DIVERSITY_HUB_PRZESTRZEN_DLA_NEUROROZNORODNOSCI_2024_11_25_www_2.jpg\" class=\"img-responsive wp-image-8730 img-with-aspect-ratio\" data-parent-fit=\"cover\" data-parent-container=\".fusion-image-element\" alt srcset=\"https:\/\/diversityhub.pl\/wp-content\/uploads\/2024\/11\/DIVERSITY_HUB_PRZESTRZEN_DLA_NEUROROZNORODNOSCI_2024_11_25_www_2-200x113.jpg 200w, https:\/\/diversityhub.pl\/wp-content\/uploads\/2024\/11\/DIVERSITY_HUB_PRZESTRZEN_DLA_NEUROROZNORODNOSCI_2024_11_25_www_2-400x225.jpg 400w, https:\/\/diversityhub.pl\/wp-content\/uploads\/2024\/11\/DIVERSITY_HUB_PRZESTRZEN_DLA_NEUROROZNORODNOSCI_2024_11_25_www_2-600x338.jpg 600w, https:\/\/diversityhub.pl\/wp-content\/uploads\/2024\/11\/DIVERSITY_HUB_PRZESTRZEN_DLA_NEUROROZNORODNOSCI_2024_11_25_www_2-800x450.jpg 800w, https:\/\/diversityhub.pl\/wp-content\/uploads\/2024\/11\/DIVERSITY_HUB_PRZESTRZEN_DLA_NEUROROZNORODNOSCI_2024_11_25_www_2.jpg 1110w\" sizes=\"(max-width: 640px) 100vw, 1110px\" \/><\/a><\/span><\/div><div class=\"fusion-text fusion-text-28 fusion-text-no-margin\" style=\"--awb-content-alignment:left;--awb-font-size:12px;--awb-line-height:1.4;--awb-text-color:var(--awb-color6);--awb-margin-top:0px;--awb-margin-right:0px;--awb-margin-bottom:0px;--awb-margin-left:0px;--awb-text-font-family:&quot;Poppins&quot;;--awb-text-font-style:normal;--awb-text-font-weight:700;\"><p>25\/11\/2024<\/p>\n<\/div><div class=\"fusion-title title fusion-title-28 fusion-sep-none fusion-title-text fusion-title-size-three duk-short-text-3\" style=\"--awb-text-color:var(--awb-color8);--awb-margin-top-small:10px;--awb-margin-right-small:0px;--awb-margin-bottom-small:10px;--awb-margin-left-small:0px;--awb-link-color:var(--awb-color8);--awb-font-size:20px;\"><h3 class=\"fusion-title-heading title-heading-left fusion-responsive-typography-calculated\" style=\"margin:0;font-size:1em;--fontSize:20;line-height:1.4;\"><a href=\"https:\/\/diversityhub.pl\/en\/wydarzenie\/8720\/\" class=\"awb-custom-text-color awb-custom-text-hover-color\" target=\"_self\">Przestrze\u0144 dla neuror\u00f3\u017cnorodno\u015bci<\/a><\/h3><\/div><div class=\"fusion-separator fusion-full-width-sep\" style=\"align-self: center;margin-left: auto;margin-right: auto;flex-grow:1;width:100%;\"><\/div><div style=\"text-align:left;\"><a class=\"fusion-button button-flat fusion-button-default-size button-custom fusion-button-default button-26 fusion-button-default-span fusion-button-default-type\" style=\"--awb-margin-top:0px;--awb-margin-right:0px;--awb-margin-bottom:0px;--awb-margin-left:0px;--awb-padding-top:0px;--awb-padding-right:0px;--awb-padding-bottom:4px;--awb-padding-left:0px;--button_accent_color:var(--awb-color4);--button_accent_hover_color:hsla(var(--awb-color4-h),var(--awb-color4-s),calc(var(--awb-color4-l) - 10%),var(--awb-color4-a));--button_border_hover_color:var(--awb-color4);--button_border_width-top:0;--button_border_width-right:0;--button_border_width-bottom:2px;--button_border_width-left:0;--button-border-radius-top-left:0;--button-border-radius-top-right:0;--button-border-radius-bottom-right:0;--button-border-radius-bottom-left:0;--button_gradient_top_color:rgba(0,0,0,0);--button_gradient_bottom_color:rgba(0,0,0,0);--button_gradient_top_color_hover:rgba(0,0,0,0);--button_gradient_bottom_color_hover:rgba(0,0,0,0);--button_text_transform:var(--awb-custom_typography_1-text-transform);--button_font_size:var(--awb-custom_typography_1-font-size);--button_line_height:var(--awb-custom_typography_1-line-height);--button_typography-letter-spacing:var(--awb-custom_typography_1-letter-spacing);--button_typography-font-family:var(--awb-custom_typography_1-font-family);--button_typography-font-weight:var(--awb-custom_typography_1-font-weight);--button_typography-font-style:var(--awb-custom_typography_1-font-style);\" target=\"_self\" data-hover=\"icon_slide\" href=\"https:\/\/diversityhub.pl\/en\/wydarzenie\/8720\/\"><span class=\"fusion-button-text awb-button__text awb-button__text--default\">Zobacz szczeg\u00f3\u0142y<\/span><i class=\"fa-arrow-right fas awb-button__icon awb-button__icon--default button-icon-right\" aria-hidden=\"true\"><\/i><\/a><\/div><\/div><\/li>\n<li class=\"fusion-layout-column fusion_builder_column fusion-builder-column-30 fusion-flex-column post-card fusion-grid-column fusion-post-cards-grid-column\" style=\"--awb-bg-blend:overlay;--awb-bg-size:cover;--awb-transform:translateY(0px);--awb-transform-hover:translateY(-8px);--awb-flex-grow:0;--awb-flex-shrink:0;--awb-flex-grow-medium:0;--awb-flex-shrink-medium:0;--awb-flex-grow-small:0;--awb-flex-shrink-small:0;\" data-scroll-devices=\"small-visibility,medium-visibility,large-visibility\"><div class=\"fusion-column-wrapper fusion-column-has-shadow fusion-flex-justify-content-flex-start fusion-content-layout-column\"><div class=\"fusion-image-element \" style=\"text-align:left;--awb-aspect-ratio:16 \/ 9;--awb-margin-bottom:1.5rem;--awb-caption-title-font-family:var(--h2_typography-font-family);--awb-caption-title-font-weight:var(--h2_typography-font-weight);--awb-caption-title-font-style:var(--h2_typography-font-style);--awb-caption-title-size:var(--h2_typography-font-size);--awb-caption-title-transform:var(--h2_typography-text-transform);--awb-caption-title-line-height:var(--h2_typography-line-height);--awb-caption-title-letter-spacing:var(--h2_typography-letter-spacing);\"><span class=\" fusion-imageframe imageframe-none imageframe-27 hover-type-none has-aspect-ratio\"><a class=\"fusion-no-lightbox\" href=\"https:\/\/diversityhub.pl\/en\/wydarzenie\/sniadanie-diversity-hub-kobiety-w-branzy-produkcyjnej-strategie-wsparcia-i-rozwoju\/\" target=\"_self\" aria-label=\"DIVERSITY_HUB_mondelez_sniadanie_2025(1)\"><img decoding=\"async\" width=\"1065\" height=\"600\" src=\"https:\/\/diversityhub.pl\/wp-content\/uploads\/2025\/01\/DIVERSITY_HUB_mondelez_sniadanie_20251.jpg\" class=\"img-responsive wp-image-8970 img-with-aspect-ratio\" data-parent-fit=\"cover\" data-parent-container=\".fusion-image-element\" alt srcset=\"https:\/\/diversityhub.pl\/wp-content\/uploads\/2025\/01\/DIVERSITY_HUB_mondelez_sniadanie_20251-200x113.jpg 200w, https:\/\/diversityhub.pl\/wp-content\/uploads\/2025\/01\/DIVERSITY_HUB_mondelez_sniadanie_20251-400x225.jpg 400w, https:\/\/diversityhub.pl\/wp-content\/uploads\/2025\/01\/DIVERSITY_HUB_mondelez_sniadanie_20251-600x338.jpg 600w, https:\/\/diversityhub.pl\/wp-content\/uploads\/2025\/01\/DIVERSITY_HUB_mondelez_sniadanie_20251-800x451.jpg 800w, https:\/\/diversityhub.pl\/wp-content\/uploads\/2025\/01\/DIVERSITY_HUB_mondelez_sniadanie_20251.jpg 1065w\" sizes=\"(max-width: 640px) 100vw, 1065px\" \/><\/a><\/span><\/div><div class=\"fusion-text fusion-text-29 fusion-text-no-margin\" style=\"--awb-content-alignment:left;--awb-font-size:12px;--awb-line-height:1.4;--awb-text-color:var(--awb-color6);--awb-margin-top:0px;--awb-margin-right:0px;--awb-margin-bottom:0px;--awb-margin-left:0px;--awb-text-font-family:&quot;Poppins&quot;;--awb-text-font-style:normal;--awb-text-font-weight:700;\"><p>27\/02\/2025<\/p>\n<\/div><div class=\"fusion-title title fusion-title-29 fusion-sep-none fusion-title-text fusion-title-size-three duk-short-text-3\" style=\"--awb-text-color:var(--awb-color8);--awb-margin-top-small:10px;--awb-margin-right-small:0px;--awb-margin-bottom-small:10px;--awb-margin-left-small:0px;--awb-link-color:var(--awb-color8);--awb-font-size:20px;\"><h3 class=\"fusion-title-heading title-heading-left fusion-responsive-typography-calculated\" style=\"margin:0;font-size:1em;--fontSize:20;line-height:1.4;\"><a href=\"https:\/\/diversityhub.pl\/en\/wydarzenie\/sniadanie-diversity-hub-kobiety-w-branzy-produkcyjnej-strategie-wsparcia-i-rozwoju\/\" class=\"awb-custom-text-color awb-custom-text-hover-color\" target=\"_self\">Diversity Hub MeetUp: kobiety w bran\u017cy produkcyjnej \u2013 strategie wsparcia i rozwoju<\/a><\/h3><\/div><div class=\"fusion-separator fusion-full-width-sep\" style=\"align-self: center;margin-left: auto;margin-right: auto;flex-grow:1;width:100%;\"><\/div><div style=\"text-align:left;\"><a class=\"fusion-button button-flat fusion-button-default-size button-custom fusion-button-default button-27 fusion-button-default-span fusion-button-default-type\" style=\"--awb-margin-top:0px;--awb-margin-right:0px;--awb-margin-bottom:0px;--awb-margin-left:0px;--awb-padding-top:0px;--awb-padding-right:0px;--awb-padding-bottom:4px;--awb-padding-left:0px;--button_accent_color:var(--awb-color4);--button_accent_hover_color:hsla(var(--awb-color4-h),var(--awb-color4-s),calc(var(--awb-color4-l) - 10%),var(--awb-color4-a));--button_border_hover_color:var(--awb-color4);--button_border_width-top:0;--button_border_width-right:0;--button_border_width-bottom:2px;--button_border_width-left:0;--button-border-radius-top-left:0;--button-border-radius-top-right:0;--button-border-radius-bottom-right:0;--button-border-radius-bottom-left:0;--button_gradient_top_color:rgba(0,0,0,0);--button_gradient_bottom_color:rgba(0,0,0,0);--button_gradient_top_color_hover:rgba(0,0,0,0);--button_gradient_bottom_color_hover:rgba(0,0,0,0);--button_text_transform:var(--awb-custom_typography_1-text-transform);--button_font_size:var(--awb-custom_typography_1-font-size);--button_line_height:var(--awb-custom_typography_1-line-height);--button_typography-letter-spacing:var(--awb-custom_typography_1-letter-spacing);--button_typography-font-family:var(--awb-custom_typography_1-font-family);--button_typography-font-weight:var(--awb-custom_typography_1-font-weight);--button_typography-font-style:var(--awb-custom_typography_1-font-style);\" target=\"_self\" data-hover=\"icon_slide\" href=\"https:\/\/diversityhub.pl\/en\/wydarzenie\/sniadanie-diversity-hub-kobiety-w-branzy-produkcyjnej-strategie-wsparcia-i-rozwoju\/\"><span class=\"fusion-button-text awb-button__text awb-button__text--default\">Zobacz szczeg\u00f3\u0142y<\/span><i class=\"fa-arrow-right fas awb-button__icon awb-button__icon--default button-icon-right\" aria-hidden=\"true\"><\/i><\/a><\/div><\/div><\/li>\n<li class=\"fusion-layout-column fusion_builder_column fusion-builder-column-31 fusion-flex-column post-card fusion-grid-column fusion-post-cards-grid-column\" style=\"--awb-bg-blend:overlay;--awb-bg-size:cover;--awb-transform:translateY(0px);--awb-transform-hover:translateY(-8px);--awb-flex-grow:0;--awb-flex-shrink:0;--awb-flex-grow-medium:0;--awb-flex-shrink-medium:0;--awb-flex-grow-small:0;--awb-flex-shrink-small:0;\" data-scroll-devices=\"small-visibility,medium-visibility,large-visibility\"><div class=\"fusion-column-wrapper fusion-column-has-shadow fusion-flex-justify-content-flex-start fusion-content-layout-column\"><div class=\"fusion-image-element \" style=\"text-align:left;--awb-aspect-ratio:16 \/ 9;--awb-margin-bottom:1.5rem;--awb-caption-title-font-family:var(--h2_typography-font-family);--awb-caption-title-font-weight:var(--h2_typography-font-weight);--awb-caption-title-font-style:var(--h2_typography-font-style);--awb-caption-title-size:var(--h2_typography-font-size);--awb-caption-title-transform:var(--h2_typography-text-transform);--awb-caption-title-line-height:var(--h2_typography-line-height);--awb-caption-title-letter-spacing:var(--h2_typography-letter-spacing);\"><span class=\" fusion-imageframe imageframe-none imageframe-28 hover-type-none has-aspect-ratio\"><a class=\"fusion-no-lightbox\" href=\"https:\/\/diversityhub.pl\/en\/wydarzenie\/sniadanie-diversity-hub-otwartosc-na-neuroroznorodnosc-wyzwanie-czy-papierek-lakmusowy-inkluzywnosci\/\" target=\"_self\" aria-label=\"\u015aniadanie 25.04.2025_cover\"><img decoding=\"async\" width=\"1920\" height=\"714\" src=\"https:\/\/diversityhub.pl\/wp-content\/uploads\/2025\/04\/Sniadanie-25.04.2025_cover.jpg\" class=\"img-responsive wp-image-9697 img-with-aspect-ratio\" data-parent-fit=\"cover\" data-parent-container=\".fusion-image-element\" alt srcset=\"https:\/\/diversityhub.pl\/wp-content\/uploads\/2025\/04\/Sniadanie-25.04.2025_cover-200x74.jpg 200w, https:\/\/diversityhub.pl\/wp-content\/uploads\/2025\/04\/Sniadanie-25.04.2025_cover-400x149.jpg 400w, https:\/\/diversityhub.pl\/wp-content\/uploads\/2025\/04\/Sniadanie-25.04.2025_cover-600x223.jpg 600w, https:\/\/diversityhub.pl\/wp-content\/uploads\/2025\/04\/Sniadanie-25.04.2025_cover-800x298.jpg 800w, https:\/\/diversityhub.pl\/wp-content\/uploads\/2025\/04\/Sniadanie-25.04.2025_cover-1200x446.jpg 1200w, https:\/\/diversityhub.pl\/wp-content\/uploads\/2025\/04\/Sniadanie-25.04.2025_cover.jpg 1920w\" sizes=\"(max-width: 640px) 100vw, 1920px\" \/><\/a><\/span><\/div><div class=\"fusion-text fusion-text-30 fusion-text-no-margin\" style=\"--awb-content-alignment:left;--awb-font-size:12px;--awb-line-height:1.4;--awb-text-color:var(--awb-color6);--awb-margin-top:0px;--awb-margin-right:0px;--awb-margin-bottom:0px;--awb-margin-left:0px;--awb-text-font-family:&quot;Poppins&quot;;--awb-text-font-style:normal;--awb-text-font-weight:700;\"><p>25\/04\/2025<\/p>\n<\/div><div class=\"fusion-title title fusion-title-30 fusion-sep-none fusion-title-text fusion-title-size-three duk-short-text-3\" style=\"--awb-text-color:var(--awb-color8);--awb-margin-top-small:10px;--awb-margin-right-small:0px;--awb-margin-bottom-small:10px;--awb-margin-left-small:0px;--awb-link-color:var(--awb-color8);--awb-font-size:20px;\"><h3 class=\"fusion-title-heading title-heading-left fusion-responsive-typography-calculated\" style=\"margin:0;font-size:1em;--fontSize:20;line-height:1.4;\"><a href=\"https:\/\/diversityhub.pl\/en\/wydarzenie\/sniadanie-diversity-hub-otwartosc-na-neuroroznorodnosc-wyzwanie-czy-papierek-lakmusowy-inkluzywnosci\/\" class=\"awb-custom-text-color awb-custom-text-hover-color\" target=\"_self\">\u015aniadanie Diversity Hub: Otwarto\u015b\u0107 na neuror\u00f3\u017cnorodno\u015b\u0107 \u2013 wyzwanie czy papierek lakmusowy inkluzywno\u015bci?<\/a><\/h3><\/div><div class=\"fusion-separator fusion-full-width-sep\" style=\"align-self: center;margin-left: auto;margin-right: auto;flex-grow:1;width:100%;\"><\/div><div style=\"text-align:left;\"><a class=\"fusion-button button-flat fusion-button-default-size button-custom fusion-button-default button-28 fusion-button-default-span fusion-button-default-type\" style=\"--awb-margin-top:0px;--awb-margin-right:0px;--awb-margin-bottom:0px;--awb-margin-left:0px;--awb-padding-top:0px;--awb-padding-right:0px;--awb-padding-bottom:4px;--awb-padding-left:0px;--button_accent_color:var(--awb-color4);--button_accent_hover_color:hsla(var(--awb-color4-h),var(--awb-color4-s),calc(var(--awb-color4-l) - 10%),var(--awb-color4-a));--button_border_hover_color:var(--awb-color4);--button_border_width-top:0;--button_border_width-right:0;--button_border_width-bottom:2px;--button_border_width-left:0;--button-border-radius-top-left:0;--button-border-radius-top-right:0;--button-border-radius-bottom-right:0;--button-border-radius-bottom-left:0;--button_gradient_top_color:rgba(0,0,0,0);--button_gradient_bottom_color:rgba(0,0,0,0);--button_gradient_top_color_hover:rgba(0,0,0,0);--button_gradient_bottom_color_hover:rgba(0,0,0,0);--button_text_transform:var(--awb-custom_typography_1-text-transform);--button_font_size:var(--awb-custom_typography_1-font-size);--button_line_height:var(--awb-custom_typography_1-line-height);--button_typography-letter-spacing:var(--awb-custom_typography_1-letter-spacing);--button_typography-font-family:var(--awb-custom_typography_1-font-family);--button_typography-font-weight:var(--awb-custom_typography_1-font-weight);--button_typography-font-style:var(--awb-custom_typography_1-font-style);\" target=\"_self\" data-hover=\"icon_slide\" href=\"https:\/\/diversityhub.pl\/en\/wydarzenie\/sniadanie-diversity-hub-otwartosc-na-neuroroznorodnosc-wyzwanie-czy-papierek-lakmusowy-inkluzywnosci\/\"><span class=\"fusion-button-text awb-button__text awb-button__text--default\">Zobacz szczeg\u00f3\u0142y<\/span><i class=\"fa-arrow-right fas awb-button__icon awb-button__icon--default button-icon-right\" aria-hidden=\"true\"><\/i><\/a><\/div><\/div><\/li>\n<li class=\"fusion-layout-column fusion_builder_column fusion-builder-column-32 fusion-flex-column post-card fusion-grid-column fusion-post-cards-grid-column\" style=\"--awb-bg-blend:overlay;--awb-bg-size:cover;--awb-transform:translateY(0px);--awb-transform-hover:translateY(-8px);--awb-flex-grow:0;--awb-flex-shrink:0;--awb-flex-grow-medium:0;--awb-flex-shrink-medium:0;--awb-flex-grow-small:0;--awb-flex-shrink-small:0;\" data-scroll-devices=\"small-visibility,medium-visibility,large-visibility\"><div class=\"fusion-column-wrapper fusion-column-has-shadow fusion-flex-justify-content-flex-start fusion-content-layout-column\"><div class=\"fusion-image-element \" style=\"text-align:left;--awb-aspect-ratio:16 \/ 9;--awb-margin-bottom:1.5rem;--awb-caption-title-font-family:var(--h2_typography-font-family);--awb-caption-title-font-weight:var(--h2_typography-font-weight);--awb-caption-title-font-style:var(--h2_typography-font-style);--awb-caption-title-size:var(--h2_typography-font-size);--awb-caption-title-transform:var(--h2_typography-text-transform);--awb-caption-title-line-height:var(--h2_typography-line-height);--awb-caption-title-letter-spacing:var(--h2_typography-letter-spacing);\"><span class=\" fusion-imageframe imageframe-none imageframe-29 hover-type-none has-aspect-ratio\"><a class=\"fusion-no-lightbox\" href=\"https:\/\/diversityhub.pl\/en\/wydarzenie\/sniadanie-diversity-hub-erg-przestrzen-na-rozwoj-wplyw-i-zmiany\/\" target=\"_self\" aria-label=\"DIVERSITY_HUB_ERG_2025_05_07_baner_FB_v2\"><img decoding=\"async\" width=\"1920\" height=\"714\" src=\"https:\/\/diversityhub.pl\/wp-content\/uploads\/2025\/05\/DIVERSITY_HUB_ERG_2025_05_07_baner_FB_v2.jpg\" class=\"img-responsive wp-image-10126 img-with-aspect-ratio\" data-parent-fit=\"cover\" data-parent-container=\".fusion-image-element\" alt srcset=\"https:\/\/diversityhub.pl\/wp-content\/uploads\/2025\/05\/DIVERSITY_HUB_ERG_2025_05_07_baner_FB_v2-200x74.jpg 200w, https:\/\/diversityhub.pl\/wp-content\/uploads\/2025\/05\/DIVERSITY_HUB_ERG_2025_05_07_baner_FB_v2-400x149.jpg 400w, https:\/\/diversityhub.pl\/wp-content\/uploads\/2025\/05\/DIVERSITY_HUB_ERG_2025_05_07_baner_FB_v2-600x223.jpg 600w, https:\/\/diversityhub.pl\/wp-content\/uploads\/2025\/05\/DIVERSITY_HUB_ERG_2025_05_07_baner_FB_v2-800x298.jpg 800w, https:\/\/diversityhub.pl\/wp-content\/uploads\/2025\/05\/DIVERSITY_HUB_ERG_2025_05_07_baner_FB_v2-1200x446.jpg 1200w, https:\/\/diversityhub.pl\/wp-content\/uploads\/2025\/05\/DIVERSITY_HUB_ERG_2025_05_07_baner_FB_v2.jpg 1920w\" sizes=\"(max-width: 640px) 100vw, 1920px\" \/><\/a><\/span><\/div><div class=\"fusion-text fusion-text-31 fusion-text-no-margin\" style=\"--awb-content-alignment:left;--awb-font-size:12px;--awb-line-height:1.4;--awb-text-color:var(--awb-color6);--awb-margin-top:0px;--awb-margin-right:0px;--awb-margin-bottom:0px;--awb-margin-left:0px;--awb-text-font-family:&quot;Poppins&quot;;--awb-text-font-style:normal;--awb-text-font-weight:700;\"><p>22\/05\/2025<\/p>\n<\/div><div class=\"fusion-title title fusion-title-31 fusion-sep-none fusion-title-text fusion-title-size-three duk-short-text-3\" style=\"--awb-text-color:var(--awb-color8);--awb-margin-top-small:10px;--awb-margin-right-small:0px;--awb-margin-bottom-small:10px;--awb-margin-left-small:0px;--awb-link-color:var(--awb-color8);--awb-font-size:20px;\"><h3 class=\"fusion-title-heading title-heading-left fusion-responsive-typography-calculated\" style=\"margin:0;font-size:1em;--fontSize:20;line-height:1.4;\"><a href=\"https:\/\/diversityhub.pl\/en\/wydarzenie\/sniadanie-diversity-hub-erg-przestrzen-na-rozwoj-wplyw-i-zmiany\/\" class=\"awb-custom-text-color awb-custom-text-hover-color\" target=\"_self\">\u015aniadanie Diversity Hub: ERG &#8211; przestrze\u0144 na rozw\u00f3j, wp\u0142yw i zmiany!<\/a><\/h3><\/div><div class=\"fusion-separator fusion-full-width-sep\" style=\"align-self: center;margin-left: auto;margin-right: auto;flex-grow:1;width:100%;\"><\/div><div style=\"text-align:left;\"><a class=\"fusion-button button-flat fusion-button-default-size button-custom fusion-button-default button-29 fusion-button-default-span fusion-button-default-type\" style=\"--awb-margin-top:0px;--awb-margin-right:0px;--awb-margin-bottom:0px;--awb-margin-left:0px;--awb-padding-top:0px;--awb-padding-right:0px;--awb-padding-bottom:4px;--awb-padding-left:0px;--button_accent_color:var(--awb-color4);--button_accent_hover_color:hsla(var(--awb-color4-h),var(--awb-color4-s),calc(var(--awb-color4-l) - 10%),var(--awb-color4-a));--button_border_hover_color:var(--awb-color4);--button_border_width-top:0;--button_border_width-right:0;--button_border_width-bottom:2px;--button_border_width-left:0;--button-border-radius-top-left:0;--button-border-radius-top-right:0;--button-border-radius-bottom-right:0;--button-border-radius-bottom-left:0;--button_gradient_top_color:rgba(0,0,0,0);--button_gradient_bottom_color:rgba(0,0,0,0);--button_gradient_top_color_hover:rgba(0,0,0,0);--button_gradient_bottom_color_hover:rgba(0,0,0,0);--button_text_transform:var(--awb-custom_typography_1-text-transform);--button_font_size:var(--awb-custom_typography_1-font-size);--button_line_height:var(--awb-custom_typography_1-line-height);--button_typography-letter-spacing:var(--awb-custom_typography_1-letter-spacing);--button_typography-font-family:var(--awb-custom_typography_1-font-family);--button_typography-font-weight:var(--awb-custom_typography_1-font-weight);--button_typography-font-style:var(--awb-custom_typography_1-font-style);\" target=\"_self\" data-hover=\"icon_slide\" href=\"https:\/\/diversityhub.pl\/en\/wydarzenie\/sniadanie-diversity-hub-erg-przestrzen-na-rozwoj-wplyw-i-zmiany\/\"><span class=\"fusion-button-text awb-button__text awb-button__text--default\">Zobacz szczeg\u00f3\u0142y<\/span><i class=\"fa-arrow-right fas awb-button__icon awb-button__icon--default button-icon-right\" aria-hidden=\"true\"><\/i><\/a><\/div><\/div><\/li>\n<li class=\"fusion-layout-column fusion_builder_column fusion-builder-column-33 fusion-flex-column post-card fusion-grid-column fusion-post-cards-grid-column\" style=\"--awb-bg-blend:overlay;--awb-bg-size:cover;--awb-transform:translateY(0px);--awb-transform-hover:translateY(-8px);--awb-flex-grow:0;--awb-flex-shrink:0;--awb-flex-grow-medium:0;--awb-flex-shrink-medium:0;--awb-flex-grow-small:0;--awb-flex-shrink-small:0;\" data-scroll-devices=\"small-visibility,medium-visibility,large-visibility\"><div class=\"fusion-column-wrapper fusion-column-has-shadow fusion-flex-justify-content-flex-start fusion-content-layout-column\"><div class=\"fusion-image-element \" style=\"text-align:left;--awb-aspect-ratio:16 \/ 9;--awb-margin-bottom:1.5rem;--awb-caption-title-font-family:var(--h2_typography-font-family);--awb-caption-title-font-weight:var(--h2_typography-font-weight);--awb-caption-title-font-style:var(--h2_typography-font-style);--awb-caption-title-size:var(--h2_typography-font-size);--awb-caption-title-transform:var(--h2_typography-text-transform);--awb-caption-title-line-height:var(--h2_typography-line-height);--awb-caption-title-letter-spacing:var(--h2_typography-letter-spacing);\"><span class=\" fusion-imageframe imageframe-none imageframe-30 hover-type-none has-aspect-ratio\"><a class=\"fusion-no-lightbox\" href=\"https:\/\/diversityhub.pl\/en\/wydarzenie\/spotkajmy-sie-na-women-in-tech-summit\/\" target=\"_self\" aria-label=\"Women in Tech_Diversity_Hub\"><img decoding=\"async\" width=\"1920\" height=\"1080\" src=\"https:\/\/diversityhub.pl\/wp-content\/uploads\/2025\/05\/Women-in-Tech_Diversity_Hub.jpg\" class=\"img-responsive wp-image-10512 img-with-aspect-ratio\" data-parent-fit=\"cover\" data-parent-container=\".fusion-image-element\" alt srcset=\"https:\/\/diversityhub.pl\/wp-content\/uploads\/2025\/05\/Women-in-Tech_Diversity_Hub-200x113.jpg 200w, https:\/\/diversityhub.pl\/wp-content\/uploads\/2025\/05\/Women-in-Tech_Diversity_Hub-400x225.jpg 400w, https:\/\/diversityhub.pl\/wp-content\/uploads\/2025\/05\/Women-in-Tech_Diversity_Hub-600x338.jpg 600w, https:\/\/diversityhub.pl\/wp-content\/uploads\/2025\/05\/Women-in-Tech_Diversity_Hub-800x450.jpg 800w, https:\/\/diversityhub.pl\/wp-content\/uploads\/2025\/05\/Women-in-Tech_Diversity_Hub-1200x675.jpg 1200w, https:\/\/diversityhub.pl\/wp-content\/uploads\/2025\/05\/Women-in-Tech_Diversity_Hub.jpg 1920w\" sizes=\"(max-width: 640px) 100vw, 1920px\" \/><\/a><\/span><\/div><div class=\"fusion-text fusion-text-32 fusion-text-no-margin\" style=\"--awb-content-alignment:left;--awb-font-size:12px;--awb-line-height:1.4;--awb-text-color:var(--awb-color6);--awb-margin-top:0px;--awb-margin-right:0px;--awb-margin-bottom:0px;--awb-margin-left:0px;--awb-text-font-family:&quot;Poppins&quot;;--awb-text-font-style:normal;--awb-text-font-weight:700;\"><p>04\/06\/2025<\/p>\n<\/div><div class=\"fusion-title title fusion-title-32 fusion-sep-none fusion-title-text fusion-title-size-three duk-short-text-3\" style=\"--awb-text-color:var(--awb-color8);--awb-margin-top-small:10px;--awb-margin-right-small:0px;--awb-margin-bottom-small:10px;--awb-margin-left-small:0px;--awb-link-color:var(--awb-color8);--awb-font-size:20px;\"><h3 class=\"fusion-title-heading title-heading-left fusion-responsive-typography-calculated\" style=\"margin:0;font-size:1em;--fontSize:20;line-height:1.4;\"><a href=\"https:\/\/diversityhub.pl\/en\/wydarzenie\/spotkajmy-sie-na-women-in-tech-summit\/\" class=\"awb-custom-text-color awb-custom-text-hover-color\" target=\"_self\">Spotkajmy si\u0119 na Women in Tech Summit!<\/a><\/h3><\/div><div class=\"fusion-separator fusion-full-width-sep\" style=\"align-self: center;margin-left: auto;margin-right: auto;flex-grow:1;width:100%;\"><\/div><div style=\"text-align:left;\"><a class=\"fusion-button button-flat fusion-button-default-size button-custom fusion-button-default button-30 fusion-button-default-span fusion-button-default-type\" style=\"--awb-margin-top:0px;--awb-margin-right:0px;--awb-margin-bottom:0px;--awb-margin-left:0px;--awb-padding-top:0px;--awb-padding-right:0px;--awb-padding-bottom:4px;--awb-padding-left:0px;--button_accent_color:var(--awb-color4);--button_accent_hover_color:hsla(var(--awb-color4-h),var(--awb-color4-s),calc(var(--awb-color4-l) - 10%),var(--awb-color4-a));--button_border_hover_color:var(--awb-color4);--button_border_width-top:0;--button_border_width-right:0;--button_border_width-bottom:2px;--button_border_width-left:0;--button-border-radius-top-left:0;--button-border-radius-top-right:0;--button-border-radius-bottom-right:0;--button-border-radius-bottom-left:0;--button_gradient_top_color:rgba(0,0,0,0);--button_gradient_bottom_color:rgba(0,0,0,0);--button_gradient_top_color_hover:rgba(0,0,0,0);--button_gradient_bottom_color_hover:rgba(0,0,0,0);--button_text_transform:var(--awb-custom_typography_1-text-transform);--button_font_size:var(--awb-custom_typography_1-font-size);--button_line_height:var(--awb-custom_typography_1-line-height);--button_typography-letter-spacing:var(--awb-custom_typography_1-letter-spacing);--button_typography-font-family:var(--awb-custom_typography_1-font-family);--button_typography-font-weight:var(--awb-custom_typography_1-font-weight);--button_typography-font-style:var(--awb-custom_typography_1-font-style);\" target=\"_self\" data-hover=\"icon_slide\" href=\"https:\/\/diversityhub.pl\/en\/wydarzenie\/spotkajmy-sie-na-women-in-tech-summit\/\"><span class=\"fusion-button-text awb-button__text awb-button__text--default\">Zobacz szczeg\u00f3\u0142y<\/span><i class=\"fa-arrow-right fas awb-button__icon awb-button__icon--default button-icon-right\" aria-hidden=\"true\"><\/i><\/a><\/div><\/div><\/li>\n<li class=\"fusion-layout-column fusion_builder_column fusion-builder-column-34 fusion-flex-column post-card fusion-grid-column fusion-post-cards-grid-column\" style=\"--awb-bg-blend:overlay;--awb-bg-size:cover;--awb-transform:translateY(0px);--awb-transform-hover:translateY(-8px);--awb-flex-grow:0;--awb-flex-shrink:0;--awb-flex-grow-medium:0;--awb-flex-shrink-medium:0;--awb-flex-grow-small:0;--awb-flex-shrink-small:0;\" data-scroll-devices=\"small-visibility,medium-visibility,large-visibility\"><div class=\"fusion-column-wrapper fusion-column-has-shadow fusion-flex-justify-content-flex-start fusion-content-layout-column\"><div class=\"fusion-image-element \" style=\"text-align:left;--awb-aspect-ratio:16 \/ 9;--awb-margin-bottom:1.5rem;--awb-caption-title-font-family:var(--h2_typography-font-family);--awb-caption-title-font-weight:var(--h2_typography-font-weight);--awb-caption-title-font-style:var(--h2_typography-font-style);--awb-caption-title-size:var(--h2_typography-font-size);--awb-caption-title-transform:var(--h2_typography-text-transform);--awb-caption-title-line-height:var(--h2_typography-line-height);--awb-caption-title-letter-spacing:var(--h2_typography-letter-spacing);\"><span class=\" fusion-imageframe imageframe-none imageframe-31 hover-type-none has-aspect-ratio\"><a class=\"fusion-no-lightbox\" href=\"https:\/\/diversityhub.pl\/en\/wydarzenie\/neurodiversity-pride-day\/\" target=\"_self\" aria-label=\"DIVERSITY_HUB_sniadanie_CISCO_2025_05_22_baner_FB kopia 2\"><img decoding=\"async\" width=\"1920\" height=\"714\" src=\"https:\/\/diversityhub.pl\/wp-content\/uploads\/2025\/05\/DIVERSITY_HUB_sniadanie_CISCO_2025_05_22_baner_FB-kopia-2.jpg\" class=\"img-responsive wp-image-10677 img-with-aspect-ratio\" data-parent-fit=\"cover\" data-parent-container=\".fusion-image-element\" alt srcset=\"https:\/\/diversityhub.pl\/wp-content\/uploads\/2025\/05\/DIVERSITY_HUB_sniadanie_CISCO_2025_05_22_baner_FB-kopia-2-200x74.jpg 200w, https:\/\/diversityhub.pl\/wp-content\/uploads\/2025\/05\/DIVERSITY_HUB_sniadanie_CISCO_2025_05_22_baner_FB-kopia-2-400x149.jpg 400w, https:\/\/diversityhub.pl\/wp-content\/uploads\/2025\/05\/DIVERSITY_HUB_sniadanie_CISCO_2025_05_22_baner_FB-kopia-2-600x223.jpg 600w, https:\/\/diversityhub.pl\/wp-content\/uploads\/2025\/05\/DIVERSITY_HUB_sniadanie_CISCO_2025_05_22_baner_FB-kopia-2-800x298.jpg 800w, https:\/\/diversityhub.pl\/wp-content\/uploads\/2025\/05\/DIVERSITY_HUB_sniadanie_CISCO_2025_05_22_baner_FB-kopia-2-1200x446.jpg 1200w, https:\/\/diversityhub.pl\/wp-content\/uploads\/2025\/05\/DIVERSITY_HUB_sniadanie_CISCO_2025_05_22_baner_FB-kopia-2.jpg 1920w\" sizes=\"(max-width: 640px) 100vw, 1920px\" \/><\/a><\/span><\/div><div class=\"fusion-text fusion-text-33 fusion-text-no-margin\" style=\"--awb-content-alignment:left;--awb-font-size:12px;--awb-line-height:1.4;--awb-text-color:var(--awb-color6);--awb-margin-top:0px;--awb-margin-right:0px;--awb-margin-bottom:0px;--awb-margin-left:0px;--awb-text-font-family:&quot;Poppins&quot;;--awb-text-font-style:normal;--awb-text-font-weight:700;\"><p>16\/06\/2025<\/p>\n<\/div><div class=\"fusion-title title fusion-title-33 fusion-sep-none fusion-title-text fusion-title-size-three duk-short-text-3\" style=\"--awb-text-color:var(--awb-color8);--awb-margin-top-small:10px;--awb-margin-right-small:0px;--awb-margin-bottom-small:10px;--awb-margin-left-small:0px;--awb-link-color:var(--awb-color8);--awb-font-size:20px;\"><h3 class=\"fusion-title-heading title-heading-left fusion-responsive-typography-calculated\" style=\"margin:0;font-size:1em;--fontSize:20;line-height:1.4;\"><a href=\"https:\/\/diversityhub.pl\/en\/wydarzenie\/neurodiversity-pride-day\/\" class=\"awb-custom-text-color awb-custom-text-hover-color\" target=\"_self\">Neurodiversity Pride Day<\/a><\/h3><\/div><div class=\"fusion-separator fusion-full-width-sep\" style=\"align-self: center;margin-left: auto;margin-right: auto;flex-grow:1;width:100%;\"><\/div><div style=\"text-align:left;\"><a class=\"fusion-button button-flat fusion-button-default-size button-custom fusion-button-default button-31 fusion-button-default-span fusion-button-default-type\" style=\"--awb-margin-top:0px;--awb-margin-right:0px;--awb-margin-bottom:0px;--awb-margin-left:0px;--awb-padding-top:0px;--awb-padding-right:0px;--awb-padding-bottom:4px;--awb-padding-left:0px;--button_accent_color:var(--awb-color4);--button_accent_hover_color:hsla(var(--awb-color4-h),var(--awb-color4-s),calc(var(--awb-color4-l) - 10%),var(--awb-color4-a));--button_border_hover_color:var(--awb-color4);--button_border_width-top:0;--button_border_width-right:0;--button_border_width-bottom:2px;--button_border_width-left:0;--button-border-radius-top-left:0;--button-border-radius-top-right:0;--button-border-radius-bottom-right:0;--button-border-radius-bottom-left:0;--button_gradient_top_color:rgba(0,0,0,0);--button_gradient_bottom_color:rgba(0,0,0,0);--button_gradient_top_color_hover:rgba(0,0,0,0);--button_gradient_bottom_color_hover:rgba(0,0,0,0);--button_text_transform:var(--awb-custom_typography_1-text-transform);--button_font_size:var(--awb-custom_typography_1-font-size);--button_line_height:var(--awb-custom_typography_1-line-height);--button_typography-letter-spacing:var(--awb-custom_typography_1-letter-spacing);--button_typography-font-family:var(--awb-custom_typography_1-font-family);--button_typography-font-weight:var(--awb-custom_typography_1-font-weight);--button_typography-font-style:var(--awb-custom_typography_1-font-style);\" target=\"_self\" data-hover=\"icon_slide\" href=\"https:\/\/diversityhub.pl\/en\/wydarzenie\/neurodiversity-pride-day\/\"><span class=\"fusion-button-text awb-button__text awb-button__text--default\">Zobacz szczeg\u00f3\u0142y<\/span><i class=\"fa-arrow-right fas awb-button__icon awb-button__icon--default button-icon-right\" aria-hidden=\"true\"><\/i><\/a><\/div><\/div><\/li>\n<li class=\"fusion-layout-column fusion_builder_column fusion-builder-column-35 fusion-flex-column post-card fusion-grid-column fusion-post-cards-grid-column\" style=\"--awb-bg-blend:overlay;--awb-bg-size:cover;--awb-transform:translateY(0px);--awb-transform-hover:translateY(-8px);--awb-flex-grow:0;--awb-flex-shrink:0;--awb-flex-grow-medium:0;--awb-flex-shrink-medium:0;--awb-flex-grow-small:0;--awb-flex-shrink-small:0;\" data-scroll-devices=\"small-visibility,medium-visibility,large-visibility\"><div class=\"fusion-column-wrapper fusion-column-has-shadow fusion-flex-justify-content-flex-start fusion-content-layout-column\"><div class=\"fusion-image-element \" style=\"text-align:left;--awb-aspect-ratio:16 \/ 9;--awb-margin-bottom:1.5rem;--awb-caption-title-font-family:var(--h2_typography-font-family);--awb-caption-title-font-weight:var(--h2_typography-font-weight);--awb-caption-title-font-style:var(--h2_typography-font-style);--awb-caption-title-size:var(--h2_typography-font-size);--awb-caption-title-transform:var(--h2_typography-text-transform);--awb-caption-title-line-height:var(--h2_typography-line-height);--awb-caption-title-letter-spacing:var(--h2_typography-letter-spacing);\"><span class=\" fusion-imageframe imageframe-none imageframe-32 hover-type-none has-aspect-ratio\"><a class=\"fusion-no-lightbox\" href=\"https:\/\/diversityhub.pl\/en\/wydarzenie\/meetup-diversity-hub-sila-inkluzywnosci-w-rekrutacji\/\" target=\"_self\" aria-label=\"MeetUp Diversity_Hub_Sila_inkluzywnosci_w_rekrutacji_2025_10_23\"><img decoding=\"async\" width=\"1920\" height=\"714\" src=\"https:\/\/diversityhub.pl\/wp-content\/uploads\/2025\/09\/MeetUp-Diversity_Hub_Sila_inkluzywnosci_w_rekrutacji_2025_10_23.jpg\" class=\"img-responsive wp-image-11150 img-with-aspect-ratio\" data-parent-fit=\"cover\" data-parent-container=\".fusion-image-element\" alt srcset=\"https:\/\/diversityhub.pl\/wp-content\/uploads\/2025\/09\/MeetUp-Diversity_Hub_Sila_inkluzywnosci_w_rekrutacji_2025_10_23-200x74.jpg 200w, https:\/\/diversityhub.pl\/wp-content\/uploads\/2025\/09\/MeetUp-Diversity_Hub_Sila_inkluzywnosci_w_rekrutacji_2025_10_23-400x149.jpg 400w, https:\/\/diversityhub.pl\/wp-content\/uploads\/2025\/09\/MeetUp-Diversity_Hub_Sila_inkluzywnosci_w_rekrutacji_2025_10_23-600x223.jpg 600w, https:\/\/diversityhub.pl\/wp-content\/uploads\/2025\/09\/MeetUp-Diversity_Hub_Sila_inkluzywnosci_w_rekrutacji_2025_10_23-800x298.jpg 800w, https:\/\/diversityhub.pl\/wp-content\/uploads\/2025\/09\/MeetUp-Diversity_Hub_Sila_inkluzywnosci_w_rekrutacji_2025_10_23-1200x446.jpg 1200w, https:\/\/diversityhub.pl\/wp-content\/uploads\/2025\/09\/MeetUp-Diversity_Hub_Sila_inkluzywnosci_w_rekrutacji_2025_10_23.jpg 1920w\" sizes=\"(max-width: 640px) 100vw, 1920px\" \/><\/a><\/span><\/div><div class=\"fusion-text fusion-text-34 fusion-text-no-margin\" style=\"--awb-content-alignment:left;--awb-font-size:12px;--awb-line-height:1.4;--awb-text-color:var(--awb-color6);--awb-margin-top:0px;--awb-margin-right:0px;--awb-margin-bottom:0px;--awb-margin-left:0px;--awb-text-font-family:&quot;Poppins&quot;;--awb-text-font-style:normal;--awb-text-font-weight:700;\"><p>23\/10\/2025<\/p>\n<\/div><div class=\"fusion-title title fusion-title-34 fusion-sep-none fusion-title-text fusion-title-size-three duk-short-text-3\" style=\"--awb-text-color:var(--awb-color8);--awb-margin-top-small:10px;--awb-margin-right-small:0px;--awb-margin-bottom-small:10px;--awb-margin-left-small:0px;--awb-link-color:var(--awb-color8);--awb-font-size:20px;\"><h3 class=\"fusion-title-heading title-heading-left fusion-responsive-typography-calculated\" style=\"margin:0;font-size:1em;--fontSize:20;line-height:1.4;\"><a href=\"https:\/\/diversityhub.pl\/en\/wydarzenie\/meetup-diversity-hub-sila-inkluzywnosci-w-rekrutacji\/\" class=\"awb-custom-text-color awb-custom-text-hover-color\" target=\"_self\">MeetUp Diversity Hub: Si\u0142a inkluzywno\u015bci w rekrutacji<\/a><\/h3><\/div><div class=\"fusion-separator fusion-full-width-sep\" style=\"align-self: center;margin-left: auto;margin-right: auto;flex-grow:1;width:100%;\"><\/div><div style=\"text-align:left;\"><a class=\"fusion-button button-flat fusion-button-default-size button-custom fusion-button-default button-32 fusion-button-default-span fusion-button-default-type\" style=\"--awb-margin-top:0px;--awb-margin-right:0px;--awb-margin-bottom:0px;--awb-margin-left:0px;--awb-padding-top:0px;--awb-padding-right:0px;--awb-padding-bottom:4px;--awb-padding-left:0px;--button_accent_color:var(--awb-color4);--button_accent_hover_color:hsla(var(--awb-color4-h),var(--awb-color4-s),calc(var(--awb-color4-l) - 10%),var(--awb-color4-a));--button_border_hover_color:var(--awb-color4);--button_border_width-top:0;--button_border_width-right:0;--button_border_width-bottom:2px;--button_border_width-left:0;--button-border-radius-top-left:0;--button-border-radius-top-right:0;--button-border-radius-bottom-right:0;--button-border-radius-bottom-left:0;--button_gradient_top_color:rgba(0,0,0,0);--button_gradient_bottom_color:rgba(0,0,0,0);--button_gradient_top_color_hover:rgba(0,0,0,0);--button_gradient_bottom_color_hover:rgba(0,0,0,0);--button_text_transform:var(--awb-custom_typography_1-text-transform);--button_font_size:var(--awb-custom_typography_1-font-size);--button_line_height:var(--awb-custom_typography_1-line-height);--button_typography-letter-spacing:var(--awb-custom_typography_1-letter-spacing);--button_typography-font-family:var(--awb-custom_typography_1-font-family);--button_typography-font-weight:var(--awb-custom_typography_1-font-weight);--button_typography-font-style:var(--awb-custom_typography_1-font-style);\" target=\"_self\" data-hover=\"icon_slide\" href=\"https:\/\/diversityhub.pl\/en\/wydarzenie\/meetup-diversity-hub-sila-inkluzywnosci-w-rekrutacji\/\"><span class=\"fusion-button-text awb-button__text awb-button__text--default\">Zobacz szczeg\u00f3\u0142y<\/span><i class=\"fa-arrow-right fas awb-button__icon awb-button__icon--default button-icon-right\" aria-hidden=\"true\"><\/i><\/a><\/div><\/div><\/li>\n<li class=\"fusion-layout-column fusion_builder_column fusion-builder-column-36 fusion-flex-column post-card fusion-grid-column fusion-post-cards-grid-column\" style=\"--awb-bg-blend:overlay;--awb-bg-size:cover;--awb-transform:translateY(0px);--awb-transform-hover:translateY(-8px);--awb-flex-grow:0;--awb-flex-shrink:0;--awb-flex-grow-medium:0;--awb-flex-shrink-medium:0;--awb-flex-grow-small:0;--awb-flex-shrink-small:0;\" data-scroll-devices=\"small-visibility,medium-visibility,large-visibility\"><div class=\"fusion-column-wrapper fusion-column-has-shadow fusion-flex-justify-content-flex-start fusion-content-layout-column\"><div class=\"fusion-image-element \" style=\"text-align:left;--awb-aspect-ratio:16 \/ 9;--awb-margin-bottom:1.5rem;--awb-caption-title-font-family:var(--h2_typography-font-family);--awb-caption-title-font-weight:var(--h2_typography-font-weight);--awb-caption-title-font-style:var(--h2_typography-font-style);--awb-caption-title-size:var(--h2_typography-font-size);--awb-caption-title-transform:var(--h2_typography-text-transform);--awb-caption-title-line-height:var(--h2_typography-line-height);--awb-caption-title-letter-spacing:var(--h2_typography-letter-spacing);\"><span class=\" fusion-imageframe imageframe-none imageframe-33 hover-type-none has-aspect-ratio\"><a class=\"fusion-no-lightbox\" href=\"https:\/\/diversityhub.pl\/en\/wydarzenie\/meetup-diversity-hub-inclusive-change-navigating-tough-emotions-responsible-leadership\/\" target=\"_self\" aria-label=\"MeetUp DH_Heineken\"><img decoding=\"async\" width=\"1532\" height=\"850\" src=\"https:\/\/diversityhub.pl\/wp-content\/uploads\/2025\/11\/MeetUp-DH_Heineken.png\" class=\"img-responsive wp-image-11889 img-with-aspect-ratio\" data-parent-fit=\"cover\" data-parent-container=\".fusion-image-element\" alt srcset=\"https:\/\/diversityhub.pl\/wp-content\/uploads\/2025\/11\/MeetUp-DH_Heineken-200x111.png 200w, https:\/\/diversityhub.pl\/wp-content\/uploads\/2025\/11\/MeetUp-DH_Heineken-400x222.png 400w, https:\/\/diversityhub.pl\/wp-content\/uploads\/2025\/11\/MeetUp-DH_Heineken-600x333.png 600w, https:\/\/diversityhub.pl\/wp-content\/uploads\/2025\/11\/MeetUp-DH_Heineken-800x444.png 800w, https:\/\/diversityhub.pl\/wp-content\/uploads\/2025\/11\/MeetUp-DH_Heineken-1200x666.png 1200w, https:\/\/diversityhub.pl\/wp-content\/uploads\/2025\/11\/MeetUp-DH_Heineken.png 1532w\" sizes=\"(max-width: 640px) 100vw, 1532px\" \/><\/a><\/span><\/div><div class=\"fusion-text fusion-text-35 fusion-text-no-margin\" style=\"--awb-content-alignment:left;--awb-font-size:12px;--awb-line-height:1.4;--awb-text-color:var(--awb-color6);--awb-margin-top:0px;--awb-margin-right:0px;--awb-margin-bottom:0px;--awb-margin-left:0px;--awb-text-font-family:&quot;Poppins&quot;;--awb-text-font-style:normal;--awb-text-font-weight:700;\"><p>10\/12\/2025<\/p>\n<\/div><div class=\"fusion-title title fusion-title-35 fusion-sep-none fusion-title-text fusion-title-size-three duk-short-text-3\" style=\"--awb-text-color:var(--awb-color8);--awb-margin-top-small:10px;--awb-margin-right-small:0px;--awb-margin-bottom-small:10px;--awb-margin-left-small:0px;--awb-link-color:var(--awb-color8);--awb-font-size:20px;\"><h3 class=\"fusion-title-heading title-heading-left fusion-responsive-typography-calculated\" style=\"margin:0;font-size:1em;--fontSize:20;line-height:1.4;\"><a href=\"https:\/\/diversityhub.pl\/en\/wydarzenie\/meetup-diversity-hub-inclusive-change-navigating-tough-emotions-responsible-leadership\/\" class=\"awb-custom-text-color awb-custom-text-hover-color\" target=\"_self\">MeetUp Diversity Hub: Inclusive Change \u2013 Navigating Tough Emotions &amp; Responsible Leadership<\/a><\/h3><\/div><div class=\"fusion-separator fusion-full-width-sep\" style=\"align-self: center;margin-left: auto;margin-right: auto;flex-grow:1;width:100%;\"><\/div><div style=\"text-align:left;\"><a class=\"fusion-button button-flat fusion-button-default-size button-custom fusion-button-default button-33 fusion-button-default-span fusion-button-default-type\" style=\"--awb-margin-top:0px;--awb-margin-right:0px;--awb-margin-bottom:0px;--awb-margin-left:0px;--awb-padding-top:0px;--awb-padding-right:0px;--awb-padding-bottom:4px;--awb-padding-left:0px;--button_accent_color:var(--awb-color4);--button_accent_hover_color:hsla(var(--awb-color4-h),var(--awb-color4-s),calc(var(--awb-color4-l) - 10%),var(--awb-color4-a));--button_border_hover_color:var(--awb-color4);--button_border_width-top:0;--button_border_width-right:0;--button_border_width-bottom:2px;--button_border_width-left:0;--button-border-radius-top-left:0;--button-border-radius-top-right:0;--button-border-radius-bottom-right:0;--button-border-radius-bottom-left:0;--button_gradient_top_color:rgba(0,0,0,0);--button_gradient_bottom_color:rgba(0,0,0,0);--button_gradient_top_color_hover:rgba(0,0,0,0);--button_gradient_bottom_color_hover:rgba(0,0,0,0);--button_text_transform:var(--awb-custom_typography_1-text-transform);--button_font_size:var(--awb-custom_typography_1-font-size);--button_line_height:var(--awb-custom_typography_1-line-height);--button_typography-letter-spacing:var(--awb-custom_typography_1-letter-spacing);--button_typography-font-family:var(--awb-custom_typography_1-font-family);--button_typography-font-weight:var(--awb-custom_typography_1-font-weight);--button_typography-font-style:var(--awb-custom_typography_1-font-style);\" target=\"_self\" data-hover=\"icon_slide\" href=\"https:\/\/diversityhub.pl\/en\/wydarzenie\/meetup-diversity-hub-inclusive-change-navigating-tough-emotions-responsible-leadership\/\"><span class=\"fusion-button-text awb-button__text awb-button__text--default\">Zobacz szczeg\u00f3\u0142y<\/span><i class=\"fa-arrow-right fas awb-button__icon awb-button__icon--default button-icon-right\" aria-hidden=\"true\"><\/i><\/a><\/div><\/div><\/li>\n<li class=\"fusion-layout-column fusion_builder_column fusion-builder-column-37 fusion-flex-column post-card fusion-grid-column fusion-post-cards-grid-column\" style=\"--awb-bg-blend:overlay;--awb-bg-size:cover;--awb-transform:translateY(0px);--awb-transform-hover:translateY(-8px);--awb-flex-grow:0;--awb-flex-shrink:0;--awb-flex-grow-medium:0;--awb-flex-shrink-medium:0;--awb-flex-grow-small:0;--awb-flex-shrink-small:0;\" data-scroll-devices=\"small-visibility,medium-visibility,large-visibility\"><div class=\"fusion-column-wrapper fusion-column-has-shadow fusion-flex-justify-content-flex-start fusion-content-layout-column\"><div class=\"fusion-image-element \" style=\"text-align:left;--awb-aspect-ratio:16 \/ 9;--awb-margin-bottom:1.5rem;--awb-caption-title-font-family:var(--h2_typography-font-family);--awb-caption-title-font-weight:var(--h2_typography-font-weight);--awb-caption-title-font-style:var(--h2_typography-font-style);--awb-caption-title-size:var(--h2_typography-font-size);--awb-caption-title-transform:var(--h2_typography-text-transform);--awb-caption-title-line-height:var(--h2_typography-line-height);--awb-caption-title-letter-spacing:var(--h2_typography-letter-spacing);\"><span class=\" fusion-imageframe imageframe-none imageframe-34 hover-type-none has-aspect-ratio\"><a class=\"fusion-no-lightbox\" href=\"https:\/\/diversityhub.pl\/en\/wydarzenie\/meetup-diversity-hub-accessibility-that-is-inclusive-on-inclusivity-towards-people-with-disabilities\/\" target=\"_self\" aria-label=\"Dost\u0119pno\u015b\u0107, kt\u00f3ra w\u0142\u0105cza. O inkluzywno\u015bci wobec os\u00f3b z niepe\u0142nosprawno\u015bciami.-8\"><img decoding=\"async\" width=\"2298\" height=\"1435\" src=\"https:\/\/diversityhub.pl\/wp-content\/uploads\/2026\/02\/Dostepnosc-ktora-wlacza.-O-inkluzywnosci-wobec-osob-z-niepelnosprawnosciami.-8.png\" class=\"img-responsive wp-image-12180 img-with-aspect-ratio\" data-parent-fit=\"cover\" data-parent-container=\".fusion-image-element\" alt srcset=\"https:\/\/diversityhub.pl\/wp-content\/uploads\/2026\/02\/Dostepnosc-ktora-wlacza.-O-inkluzywnosci-wobec-osob-z-niepelnosprawnosciami.-8-200x125.png 200w, https:\/\/diversityhub.pl\/wp-content\/uploads\/2026\/02\/Dostepnosc-ktora-wlacza.-O-inkluzywnosci-wobec-osob-z-niepelnosprawnosciami.-8-400x250.png 400w, https:\/\/diversityhub.pl\/wp-content\/uploads\/2026\/02\/Dostepnosc-ktora-wlacza.-O-inkluzywnosci-wobec-osob-z-niepelnosprawnosciami.-8-600x375.png 600w, https:\/\/diversityhub.pl\/wp-content\/uploads\/2026\/02\/Dostepnosc-ktora-wlacza.-O-inkluzywnosci-wobec-osob-z-niepelnosprawnosciami.-8-800x500.png 800w, https:\/\/diversityhub.pl\/wp-content\/uploads\/2026\/02\/Dostepnosc-ktora-wlacza.-O-inkluzywnosci-wobec-osob-z-niepelnosprawnosciami.-8-1200x749.png 1200w, https:\/\/diversityhub.pl\/wp-content\/uploads\/2026\/02\/Dostepnosc-ktora-wlacza.-O-inkluzywnosci-wobec-osob-z-niepelnosprawnosciami.-8.png 2298w\" sizes=\"(max-width: 640px) 100vw, 2298px\" \/><\/a><\/span><\/div><div class=\"fusion-text fusion-text-36 fusion-text-no-margin\" style=\"--awb-content-alignment:left;--awb-font-size:12px;--awb-line-height:1.4;--awb-text-color:var(--awb-color6);--awb-margin-top:0px;--awb-margin-right:0px;--awb-margin-bottom:0px;--awb-margin-left:0px;--awb-text-font-family:&quot;Poppins&quot;;--awb-text-font-style:normal;--awb-text-font-weight:700;\"><p>26\/03\/2026<\/p>\n<\/div><div class=\"fusion-title title fusion-title-36 fusion-sep-none fusion-title-text fusion-title-size-three duk-short-text-3\" style=\"--awb-text-color:var(--awb-color8);--awb-margin-top-small:10px;--awb-margin-right-small:0px;--awb-margin-bottom-small:10px;--awb-margin-left-small:0px;--awb-link-color:var(--awb-color8);--awb-font-size:20px;\"><h3 class=\"fusion-title-heading title-heading-left fusion-responsive-typography-calculated\" style=\"margin:0;font-size:1em;--fontSize:20;line-height:1.4;\"><a href=\"https:\/\/diversityhub.pl\/en\/wydarzenie\/meetup-diversity-hub-accessibility-that-is-inclusive-on-inclusivity-towards-people-with-disabilities\/\" class=\"awb-custom-text-color awb-custom-text-hover-color\" target=\"_self\">MeetUp Diversity Hub: Accessibility that is inclusive. On inclusivity towards people with disabilities<\/a><\/h3><\/div><div class=\"fusion-separator fusion-full-width-sep\" style=\"align-self: center;margin-left: auto;margin-right: auto;flex-grow:1;width:100%;\"><\/div><div style=\"text-align:left;\"><a class=\"fusion-button button-flat fusion-button-default-size button-custom fusion-button-default button-34 fusion-button-default-span fusion-button-default-type\" style=\"--awb-margin-top:0px;--awb-margin-right:0px;--awb-margin-bottom:0px;--awb-margin-left:0px;--awb-padding-top:0px;--awb-padding-right:0px;--awb-padding-bottom:4px;--awb-padding-left:0px;--button_accent_color:var(--awb-color4);--button_accent_hover_color:hsla(var(--awb-color4-h),var(--awb-color4-s),calc(var(--awb-color4-l) - 10%),var(--awb-color4-a));--button_border_hover_color:var(--awb-color4);--button_border_width-top:0;--button_border_width-right:0;--button_border_width-bottom:2px;--button_border_width-left:0;--button-border-radius-top-left:0;--button-border-radius-top-right:0;--button-border-radius-bottom-right:0;--button-border-radius-bottom-left:0;--button_gradient_top_color:rgba(0,0,0,0);--button_gradient_bottom_color:rgba(0,0,0,0);--button_gradient_top_color_hover:rgba(0,0,0,0);--button_gradient_bottom_color_hover:rgba(0,0,0,0);--button_text_transform:var(--awb-custom_typography_1-text-transform);--button_font_size:var(--awb-custom_typography_1-font-size);--button_line_height:var(--awb-custom_typography_1-line-height);--button_typography-letter-spacing:var(--awb-custom_typography_1-letter-spacing);--button_typography-font-family:var(--awb-custom_typography_1-font-family);--button_typography-font-weight:var(--awb-custom_typography_1-font-weight);--button_typography-font-style:var(--awb-custom_typography_1-font-style);\" target=\"_self\" data-hover=\"icon_slide\" href=\"https:\/\/diversityhub.pl\/en\/wydarzenie\/meetup-diversity-hub-accessibility-that-is-inclusive-on-inclusivity-towards-people-with-disabilities\/\"><span class=\"fusion-button-text awb-button__text awb-button__text--default\">Zobacz szczeg\u00f3\u0142y<\/span><i class=\"fa-arrow-right fas awb-button__icon awb-button__icon--default button-icon-right\" aria-hidden=\"true\"><\/i><\/a><\/div><\/div><\/li>\n<li class=\"fusion-layout-column fusion_builder_column fusion-builder-column-38 fusion-flex-column post-card fusion-grid-column fusion-post-cards-grid-column\" style=\"--awb-bg-blend:overlay;--awb-bg-size:cover;--awb-transform:translateY(0px);--awb-transform-hover:translateY(-8px);--awb-flex-grow:0;--awb-flex-shrink:0;--awb-flex-grow-medium:0;--awb-flex-shrink-medium:0;--awb-flex-grow-small:0;--awb-flex-shrink-small:0;\" data-scroll-devices=\"small-visibility,medium-visibility,large-visibility\"><div class=\"fusion-column-wrapper fusion-column-has-shadow fusion-flex-justify-content-flex-start fusion-content-layout-column\"><div class=\"fusion-image-element \" style=\"text-align:left;--awb-aspect-ratio:16 \/ 9;--awb-margin-bottom:1.5rem;--awb-caption-title-font-family:var(--h2_typography-font-family);--awb-caption-title-font-weight:var(--h2_typography-font-weight);--awb-caption-title-font-style:var(--h2_typography-font-style);--awb-caption-title-size:var(--h2_typography-font-size);--awb-caption-title-transform:var(--h2_typography-text-transform);--awb-caption-title-line-height:var(--h2_typography-line-height);--awb-caption-title-letter-spacing:var(--h2_typography-letter-spacing);\"><span class=\" fusion-imageframe imageframe-none imageframe-35 hover-type-none has-aspect-ratio\"><a class=\"fusion-no-lightbox\" href=\"https:\/\/diversityhub.pl\/en\/wydarzenie\/jedna-organizacja-pokoleniowa-roznorodnosc-cyfrowa\/\" target=\"_self\" aria-label=\"Dost\u0119pno\u015b\u0107, kt\u00f3ra w\u0142\u0105cza. O inkluzywno\u015bci wobec os\u00f3b z niepe\u0142nosprawno\u015bciami.-13\"><img decoding=\"async\" width=\"1970\" height=\"1230\" src=\"https:\/\/diversityhub.pl\/wp-content\/uploads\/2026\/03\/Dostepnosc-ktora-wlacza.-O-inkluzywnosci-wobec-osob-z-niepelnosprawnosciami.-13.png\" class=\"img-responsive wp-image-12202 img-with-aspect-ratio\" data-parent-fit=\"cover\" data-parent-container=\".fusion-image-element\" alt srcset=\"https:\/\/diversityhub.pl\/wp-content\/uploads\/2026\/03\/Dostepnosc-ktora-wlacza.-O-inkluzywnosci-wobec-osob-z-niepelnosprawnosciami.-13-200x125.png 200w, https:\/\/diversityhub.pl\/wp-content\/uploads\/2026\/03\/Dostepnosc-ktora-wlacza.-O-inkluzywnosci-wobec-osob-z-niepelnosprawnosciami.-13-400x250.png 400w, https:\/\/diversityhub.pl\/wp-content\/uploads\/2026\/03\/Dostepnosc-ktora-wlacza.-O-inkluzywnosci-wobec-osob-z-niepelnosprawnosciami.-13-600x375.png 600w, https:\/\/diversityhub.pl\/wp-content\/uploads\/2026\/03\/Dostepnosc-ktora-wlacza.-O-inkluzywnosci-wobec-osob-z-niepelnosprawnosciami.-13-800x499.png 800w, https:\/\/diversityhub.pl\/wp-content\/uploads\/2026\/03\/Dostepnosc-ktora-wlacza.-O-inkluzywnosci-wobec-osob-z-niepelnosprawnosciami.-13-1200x749.png 1200w, https:\/\/diversityhub.pl\/wp-content\/uploads\/2026\/03\/Dostepnosc-ktora-wlacza.-O-inkluzywnosci-wobec-osob-z-niepelnosprawnosciami.-13.png 1970w\" sizes=\"(max-width: 640px) 100vw, 1970px\" \/><\/a><\/span><\/div><div class=\"fusion-text fusion-text-37 fusion-text-no-margin\" style=\"--awb-content-alignment:left;--awb-font-size:12px;--awb-line-height:1.4;--awb-text-color:var(--awb-color6);--awb-margin-top:0px;--awb-margin-right:0px;--awb-margin-bottom:0px;--awb-margin-left:0px;--awb-text-font-family:&quot;Poppins&quot;;--awb-text-font-style:normal;--awb-text-font-weight:700;\"><p>09\/04\/2026<\/p>\n<\/div><div class=\"fusion-title title fusion-title-37 fusion-sep-none fusion-title-text fusion-title-size-three duk-short-text-3\" style=\"--awb-text-color:var(--awb-color8);--awb-margin-top-small:10px;--awb-margin-right-small:0px;--awb-margin-bottom-small:10px;--awb-margin-left-small:0px;--awb-link-color:var(--awb-color8);--awb-font-size:20px;\"><h3 class=\"fusion-title-heading title-heading-left fusion-responsive-typography-calculated\" style=\"margin:0;font-size:1em;--fontSize:20;line-height:1.4;\"><a href=\"https:\/\/diversityhub.pl\/en\/wydarzenie\/jedna-organizacja-pokoleniowa-roznorodnosc-cyfrowa\/\" class=\"awb-custom-text-color awb-custom-text-hover-color\" target=\"_self\">Jedna organizacja &#8211; pokoleniowa r\u00f3\u017cnorodno\u015b\u0107 cyfrowa.<\/a><\/h3><\/div><div class=\"fusion-separator fusion-full-width-sep\" style=\"align-self: center;margin-left: auto;margin-right: auto;flex-grow:1;width:100%;\"><\/div><div style=\"text-align:left;\"><a class=\"fusion-button button-flat fusion-button-default-size button-custom fusion-button-default button-35 fusion-button-default-span fusion-button-default-type\" style=\"--awb-margin-top:0px;--awb-margin-right:0px;--awb-margin-bottom:0px;--awb-margin-left:0px;--awb-padding-top:0px;--awb-padding-right:0px;--awb-padding-bottom:4px;--awb-padding-left:0px;--button_accent_color:var(--awb-color4);--button_accent_hover_color:hsla(var(--awb-color4-h),var(--awb-color4-s),calc(var(--awb-color4-l) - 10%),var(--awb-color4-a));--button_border_hover_color:var(--awb-color4);--button_border_width-top:0;--button_border_width-right:0;--button_border_width-bottom:2px;--button_border_width-left:0;--button-border-radius-top-left:0;--button-border-radius-top-right:0;--button-border-radius-bottom-right:0;--button-border-radius-bottom-left:0;--button_gradient_top_color:rgba(0,0,0,0);--button_gradient_bottom_color:rgba(0,0,0,0);--button_gradient_top_color_hover:rgba(0,0,0,0);--button_gradient_bottom_color_hover:rgba(0,0,0,0);--button_text_transform:var(--awb-custom_typography_1-text-transform);--button_font_size:var(--awb-custom_typography_1-font-size);--button_line_height:var(--awb-custom_typography_1-line-height);--button_typography-letter-spacing:var(--awb-custom_typography_1-letter-spacing);--button_typography-font-family:var(--awb-custom_typography_1-font-family);--button_typography-font-weight:var(--awb-custom_typography_1-font-weight);--button_typography-font-style:var(--awb-custom_typography_1-font-style);\" target=\"_self\" data-hover=\"icon_slide\" href=\"https:\/\/diversityhub.pl\/en\/wydarzenie\/jedna-organizacja-pokoleniowa-roznorodnosc-cyfrowa\/\"><span class=\"fusion-button-text awb-button__text awb-button__text--default\">Zobacz szczeg\u00f3\u0142y<\/span><i class=\"fa-arrow-right fas awb-button__icon awb-button__icon--default button-icon-right\" aria-hidden=\"true\"><\/i><\/a><\/div><\/div><\/li>\n<li class=\"fusion-layout-column fusion_builder_column fusion-builder-column-39 fusion-flex-column post-card fusion-grid-column fusion-post-cards-grid-column\" style=\"--awb-bg-blend:overlay;--awb-bg-size:cover;--awb-transform:translateY(0px);--awb-transform-hover:translateY(-8px);--awb-flex-grow:0;--awb-flex-shrink:0;--awb-flex-grow-medium:0;--awb-flex-shrink-medium:0;--awb-flex-grow-small:0;--awb-flex-shrink-small:0;\" data-scroll-devices=\"small-visibility,medium-visibility,large-visibility\"><div class=\"fusion-column-wrapper fusion-column-has-shadow fusion-flex-justify-content-flex-start fusion-content-layout-column\"><div class=\"fusion-image-element \" style=\"text-align:left;--awb-aspect-ratio:16 \/ 9;--awb-margin-bottom:1.5rem;--awb-caption-title-font-family:var(--h2_typography-font-family);--awb-caption-title-font-weight:var(--h2_typography-font-weight);--awb-caption-title-font-style:var(--h2_typography-font-style);--awb-caption-title-size:var(--h2_typography-font-size);--awb-caption-title-transform:var(--h2_typography-text-transform);--awb-caption-title-line-height:var(--h2_typography-line-height);--awb-caption-title-letter-spacing:var(--h2_typography-letter-spacing);\"><span class=\" fusion-imageframe imageframe-none imageframe-36 hover-type-none has-aspect-ratio\"><a class=\"fusion-no-lightbox\" href=\"https:\/\/diversityhub.pl\/en\/wydarzenie\/spoleczna-odpowiedzialnosc-biznesu-wszyscy-jestesmy-neuroroznorodni\/\" target=\"_self\" aria-label=\"Dost\u0119pno\u015b\u0107, kt\u00f3ra w\u0142\u0105cza. O inkluzywno\u015bci wobec os\u00f3b z niepe\u0142nosprawno\u015bciami.-17\"><img decoding=\"async\" width=\"1970\" height=\"1230\" src=\"https:\/\/diversityhub.pl\/wp-content\/uploads\/2026\/04\/Dostepnosc-ktora-wlacza.-O-inkluzywnosci-wobec-osob-z-niepelnosprawnosciami.-17.png\" class=\"img-responsive wp-image-12313 img-with-aspect-ratio\" data-parent-fit=\"cover\" data-parent-container=\".fusion-image-element\" alt srcset=\"https:\/\/diversityhub.pl\/wp-content\/uploads\/2026\/04\/Dostepnosc-ktora-wlacza.-O-inkluzywnosci-wobec-osob-z-niepelnosprawnosciami.-17-200x125.png 200w, https:\/\/diversityhub.pl\/wp-content\/uploads\/2026\/04\/Dostepnosc-ktora-wlacza.-O-inkluzywnosci-wobec-osob-z-niepelnosprawnosciami.-17-400x250.png 400w, https:\/\/diversityhub.pl\/wp-content\/uploads\/2026\/04\/Dostepnosc-ktora-wlacza.-O-inkluzywnosci-wobec-osob-z-niepelnosprawnosciami.-17-600x375.png 600w, https:\/\/diversityhub.pl\/wp-content\/uploads\/2026\/04\/Dostepnosc-ktora-wlacza.-O-inkluzywnosci-wobec-osob-z-niepelnosprawnosciami.-17-800x499.png 800w, https:\/\/diversityhub.pl\/wp-content\/uploads\/2026\/04\/Dostepnosc-ktora-wlacza.-O-inkluzywnosci-wobec-osob-z-niepelnosprawnosciami.-17-1200x749.png 1200w, https:\/\/diversityhub.pl\/wp-content\/uploads\/2026\/04\/Dostepnosc-ktora-wlacza.-O-inkluzywnosci-wobec-osob-z-niepelnosprawnosciami.-17.png 1970w\" sizes=\"(max-width: 640px) 100vw, 1970px\" \/><\/a><\/span><\/div><div class=\"fusion-text fusion-text-38 fusion-text-no-margin\" style=\"--awb-content-alignment:left;--awb-font-size:12px;--awb-line-height:1.4;--awb-text-color:var(--awb-color6);--awb-margin-top:0px;--awb-margin-right:0px;--awb-margin-bottom:0px;--awb-margin-left:0px;--awb-text-font-family:&quot;Poppins&quot;;--awb-text-font-style:normal;--awb-text-font-weight:700;\"><p>11\/05\/2026<\/p>\n<\/div><div class=\"fusion-title title fusion-title-38 fusion-sep-none fusion-title-text fusion-title-size-three duk-short-text-3\" style=\"--awb-text-color:var(--awb-color8);--awb-margin-top-small:10px;--awb-margin-right-small:0px;--awb-margin-bottom-small:10px;--awb-margin-left-small:0px;--awb-link-color:var(--awb-color8);--awb-font-size:20px;\"><h3 class=\"fusion-title-heading title-heading-left fusion-responsive-typography-calculated\" style=\"margin:0;font-size:1em;--fontSize:20;line-height:1.4;\"><a href=\"https:\/\/diversityhub.pl\/en\/wydarzenie\/spoleczna-odpowiedzialnosc-biznesu-wszyscy-jestesmy-neuroroznorodni\/\" class=\"awb-custom-text-color awb-custom-text-hover-color\" target=\"_self\">Spo\u0142eczna odpowiedzialno\u015b\u0107 biznesu &#8211; wszyscy jeste\u015bmy neuror\u00f3\u017cnorodni<\/a><\/h3><\/div><div class=\"fusion-separator fusion-full-width-sep\" style=\"align-self: center;margin-left: auto;margin-right: auto;flex-grow:1;width:100%;\"><\/div><div style=\"text-align:left;\"><a class=\"fusion-button button-flat fusion-button-default-size button-custom fusion-button-default button-36 fusion-button-default-span fusion-button-default-type\" style=\"--awb-margin-top:0px;--awb-margin-right:0px;--awb-margin-bottom:0px;--awb-margin-left:0px;--awb-padding-top:0px;--awb-padding-right:0px;--awb-padding-bottom:4px;--awb-padding-left:0px;--button_accent_color:var(--awb-color4);--button_accent_hover_color:hsla(var(--awb-color4-h),var(--awb-color4-s),calc(var(--awb-color4-l) - 10%),var(--awb-color4-a));--button_border_hover_color:var(--awb-color4);--button_border_width-top:0;--button_border_width-right:0;--button_border_width-bottom:2px;--button_border_width-left:0;--button-border-radius-top-left:0;--button-border-radius-top-right:0;--button-border-radius-bottom-right:0;--button-border-radius-bottom-left:0;--button_gradient_top_color:rgba(0,0,0,0);--button_gradient_bottom_color:rgba(0,0,0,0);--button_gradient_top_color_hover:rgba(0,0,0,0);--button_gradient_bottom_color_hover:rgba(0,0,0,0);--button_text_transform:var(--awb-custom_typography_1-text-transform);--button_font_size:var(--awb-custom_typography_1-font-size);--button_line_height:var(--awb-custom_typography_1-line-height);--button_typography-letter-spacing:var(--awb-custom_typography_1-letter-spacing);--button_typography-font-family:var(--awb-custom_typography_1-font-family);--button_typography-font-weight:var(--awb-custom_typography_1-font-weight);--button_typography-font-style:var(--awb-custom_typography_1-font-style);\" target=\"_self\" data-hover=\"icon_slide\" href=\"https:\/\/diversityhub.pl\/en\/wydarzenie\/spoleczna-odpowiedzialnosc-biznesu-wszyscy-jestesmy-neuroroznorodni\/\"><span class=\"fusion-button-text awb-button__text awb-button__text--default\">Zobacz szczeg\u00f3\u0142y<\/span><i class=\"fa-arrow-right fas awb-button__icon awb-button__icon--default button-icon-right\" aria-hidden=\"true\"><\/i><\/a><\/div><\/div><\/li>\n<li class=\"fusion-layout-column fusion_builder_column fusion-builder-column-40 fusion-flex-column post-card fusion-grid-column fusion-post-cards-grid-column\" style=\"--awb-bg-blend:overlay;--awb-bg-size:cover;--awb-transform:translateY(0px);--awb-transform-hover:translateY(-8px);--awb-flex-grow:0;--awb-flex-shrink:0;--awb-flex-grow-medium:0;--awb-flex-shrink-medium:0;--awb-flex-grow-small:0;--awb-flex-shrink-small:0;\" data-scroll-devices=\"small-visibility,medium-visibility,large-visibility\"><div class=\"fusion-column-wrapper fusion-column-has-shadow fusion-flex-justify-content-flex-start fusion-content-layout-column\"><div class=\"fusion-image-element \" style=\"text-align:left;--awb-aspect-ratio:16 \/ 9;--awb-margin-bottom:1.5rem;--awb-caption-title-font-family:var(--h2_typography-font-family);--awb-caption-title-font-weight:var(--h2_typography-font-weight);--awb-caption-title-font-style:var(--h2_typography-font-style);--awb-caption-title-size:var(--h2_typography-font-size);--awb-caption-title-transform:var(--h2_typography-text-transform);--awb-caption-title-line-height:var(--h2_typography-line-height);--awb-caption-title-letter-spacing:var(--h2_typography-letter-spacing);\"><span class=\" fusion-imageframe imageframe-none imageframe-37 hover-type-none has-aspect-ratio\"><a class=\"fusion-no-lightbox\" href=\"https:\/\/diversityhub.pl\/en\/wydarzenie\/projektowanie-uniwersalne-sprawiedliwe-procesy-w-praktyce\/\" target=\"_self\" aria-label=\"Dost\u0119pno\u015b\u0107, kt\u00f3ra w\u0142\u0105cza. O inkluzywno\u015bci wobec os\u00f3b z niepe\u0142nosprawno\u015bciami.-23\"><img decoding=\"async\" width=\"2462\" height=\"1538\" src=\"https:\/\/diversityhub.pl\/wp-content\/uploads\/2026\/04\/Dostepnosc-ktora-wlacza.-O-inkluzywnosci-wobec-osob-z-niepelnosprawnosciami.-23.png\" class=\"img-responsive wp-image-12371 img-with-aspect-ratio\" data-parent-fit=\"cover\" data-parent-container=\".fusion-image-element\" alt srcset=\"https:\/\/diversityhub.pl\/wp-content\/uploads\/2026\/04\/Dostepnosc-ktora-wlacza.-O-inkluzywnosci-wobec-osob-z-niepelnosprawnosciami.-23-200x125.png 200w, https:\/\/diversityhub.pl\/wp-content\/uploads\/2026\/04\/Dostepnosc-ktora-wlacza.-O-inkluzywnosci-wobec-osob-z-niepelnosprawnosciami.-23-400x250.png 400w, https:\/\/diversityhub.pl\/wp-content\/uploads\/2026\/04\/Dostepnosc-ktora-wlacza.-O-inkluzywnosci-wobec-osob-z-niepelnosprawnosciami.-23-600x375.png 600w, https:\/\/diversityhub.pl\/wp-content\/uploads\/2026\/04\/Dostepnosc-ktora-wlacza.-O-inkluzywnosci-wobec-osob-z-niepelnosprawnosciami.-23-800x500.png 800w, https:\/\/diversityhub.pl\/wp-content\/uploads\/2026\/04\/Dostepnosc-ktora-wlacza.-O-inkluzywnosci-wobec-osob-z-niepelnosprawnosciami.-23-1200x750.png 1200w, https:\/\/diversityhub.pl\/wp-content\/uploads\/2026\/04\/Dostepnosc-ktora-wlacza.-O-inkluzywnosci-wobec-osob-z-niepelnosprawnosciami.-23.png 2462w\" sizes=\"(max-width: 640px) 100vw, 2462px\" \/><\/a><\/span><\/div><div class=\"fusion-text fusion-text-39 fusion-text-no-margin\" style=\"--awb-content-alignment:left;--awb-font-size:12px;--awb-line-height:1.4;--awb-text-color:var(--awb-color6);--awb-margin-top:0px;--awb-margin-right:0px;--awb-margin-bottom:0px;--awb-margin-left:0px;--awb-text-font-family:&quot;Poppins&quot;;--awb-text-font-style:normal;--awb-text-font-weight:700;\"><p>18\/05\/2026<\/p>\n<\/div><div class=\"fusion-title title fusion-title-39 fusion-sep-none fusion-title-text fusion-title-size-three duk-short-text-3\" style=\"--awb-text-color:var(--awb-color8);--awb-margin-top-small:10px;--awb-margin-right-small:0px;--awb-margin-bottom-small:10px;--awb-margin-left-small:0px;--awb-link-color:var(--awb-color8);--awb-font-size:20px;\"><h3 class=\"fusion-title-heading title-heading-left fusion-responsive-typography-calculated\" style=\"margin:0;font-size:1em;--fontSize:20;line-height:1.4;\"><a href=\"https:\/\/diversityhub.pl\/en\/wydarzenie\/projektowanie-uniwersalne-sprawiedliwe-procesy-w-praktyce\/\" class=\"awb-custom-text-color awb-custom-text-hover-color\" target=\"_self\">Projektowanie uniwersalne: sprawiedliwe procesy w praktyce<\/a><\/h3><\/div><div class=\"fusion-separator fusion-full-width-sep\" style=\"align-self: center;margin-left: auto;margin-right: auto;flex-grow:1;width:100%;\"><\/div><div style=\"text-align:left;\"><a class=\"fusion-button button-flat fusion-button-default-size button-custom fusion-button-default button-37 fusion-button-default-span fusion-button-default-type\" style=\"--awb-margin-top:0px;--awb-margin-right:0px;--awb-margin-bottom:0px;--awb-margin-left:0px;--awb-padding-top:0px;--awb-padding-right:0px;--awb-padding-bottom:4px;--awb-padding-left:0px;--button_accent_color:var(--awb-color4);--button_accent_hover_color:hsla(var(--awb-color4-h),var(--awb-color4-s),calc(var(--awb-color4-l) - 10%),var(--awb-color4-a));--button_border_hover_color:var(--awb-color4);--button_border_width-top:0;--button_border_width-right:0;--button_border_width-bottom:2px;--button_border_width-left:0;--button-border-radius-top-left:0;--button-border-radius-top-right:0;--button-border-radius-bottom-right:0;--button-border-radius-bottom-left:0;--button_gradient_top_color:rgba(0,0,0,0);--button_gradient_bottom_color:rgba(0,0,0,0);--button_gradient_top_color_hover:rgba(0,0,0,0);--button_gradient_bottom_color_hover:rgba(0,0,0,0);--button_text_transform:var(--awb-custom_typography_1-text-transform);--button_font_size:var(--awb-custom_typography_1-font-size);--button_line_height:var(--awb-custom_typography_1-line-height);--button_typography-letter-spacing:var(--awb-custom_typography_1-letter-spacing);--button_typography-font-family:var(--awb-custom_typography_1-font-family);--button_typography-font-weight:var(--awb-custom_typography_1-font-weight);--button_typography-font-style:var(--awb-custom_typography_1-font-style);\" target=\"_self\" data-hover=\"icon_slide\" href=\"https:\/\/diversityhub.pl\/en\/wydarzenie\/projektowanie-uniwersalne-sprawiedliwe-procesy-w-praktyce\/\"><span class=\"fusion-button-text awb-button__text awb-button__text--default\">Zobacz szczeg\u00f3\u0142y<\/span><i class=\"fa-arrow-right fas awb-button__icon awb-button__icon--default button-icon-right\" aria-hidden=\"true\"><\/i><\/a><\/div><\/div><\/li>\n<\/ul><div class=\"pagination clearfix\"><\/div><div class=\"fusion-clearfix\"><\/div><\/div><\/div><\/div><\/div><\/div><div class=\"fusion-fullwidth fullwidth-box fusion-builder-row-5 fusion-flex-container has-pattern-background has-mask-background nonhundred-percent-fullwidth non-hundred-percent-height-scrolling fusion-custom-z-index\" style=\"--awb-border-radius-top-left:0px;--awb-border-radius-top-right:0px;--awb-border-radius-bottom-right:0px;--awb-border-radius-bottom-left:0px;--awb-z-index:5;--awb-padding-top:5vh;--awb-padding-bottom:10vh;--awb-background-color:rgba(255,255,255,0);--awb-flex-wrap:wrap;\" ><div class=\"fusion-builder-row fusion-row fusion-flex-align-items-flex-start fusion-flex-justify-content-center fusion-flex-content-wrap\" style=\"max-width:calc( 1200px + 1.5rem );margin-left: calc(-1.5rem \/ 2 );margin-right: calc(-1.5rem \/ 2 );\"><div class=\"fusion-layout-column fusion_builder_column fusion-builder-column-41 fusion_builder_column_1_1 1_1 fusion-flex-column\" style=\"--awb-padding-top:4rem;--awb-padding-right:4rem;--awb-padding-bottom:4rem;--awb-padding-left:4rem;--awb-bg-color:var(--awb-color2);--awb-bg-color-hover:var(--awb-color2);--awb-bg-size:cover;--awb-width-large:100%;--awb-flex-grow:0;--awb-flex-shrink:0;--awb-margin-top-large:0px;--awb-spacing-right-large:0.75rem;--awb-margin-bottom-large:0px;--awb-spacing-left-large:0.75rem;--awb-width-medium:100%;--awb-order-medium:0;--awb-flex-grow-medium:0;--awb-flex-shrink-medium:0;--awb-spacing-right-medium:0.75rem;--awb-spacing-left-medium:0.75rem;--awb-width-small:100%;--awb-order-small:0;--awb-flex-grow-small:0;--awb-flex-shrink-small:0;--awb-spacing-right-small:0.75rem;--awb-spacing-left-small:0.75rem;\"><div class=\"fusion-column-wrapper fusion-column-has-shadow fusion-flex-justify-content-flex-start fusion-content-layout-column\"><div class=\"fusion-title title fusion-title-40 fusion-sep-none fusion-title-center fusion-title-text fusion-title-size-div\" style=\"--awb-text-color:var(--awb-color8);--awb-margin-top:0px;--awb-margin-top-small:10px;--awb-margin-right-small:0px;--awb-margin-bottom-small:10px;--awb-margin-left-small:0px;--awb-font-size:var(--awb-typography2-font-size);\"><div class=\"fusion-title-heading title-heading-center title-heading-tag fusion-responsive-typography-calculated\" style=\"font-family:var(--awb-typography2-font-family);font-weight:var(--awb-typography2-font-weight);font-style:var(--awb-typography2-font-style);margin:0;letter-spacing:var(--awb-typography2-letter-spacing);text-transform:var(--awb-typography2-text-transform);font-size:1em;--fontSize:32;line-height:var(--awb-typography2-line-height);\">We help grow your business through diversity.<\/div><\/div><div class=\"fusion-text fusion-text-40 fusion-text-no-margin\" style=\"--awb-content-alignment:center;--awb-font-size:var(--awb-typography4-font-size);--awb-line-height:var(--awb-typography4-line-height);--awb-letter-spacing:var(--awb-typography4-letter-spacing);--awb-text-transform:var(--awb-typography4-text-transform);--awb-margin-top:0px;--awb-margin-right:0px;--awb-margin-bottom:1.5rem;--awb-margin-left:0px;--awb-text-font-family:var(--awb-typography4-font-family);--awb-text-font-weight:var(--awb-typography4-font-weight);--awb-text-font-style:var(--awb-typography4-font-style);\"><p>Take advantage of our advisory services, events, and trainings. If you&#8217;re unsure where to start, let&#8217;s talk.<\/p>\n<\/div><div style=\"text-align:center;\"><a class=\"fusion-button button-flat fusion-button-default-size button-custom fusion-button-default button-38 fusion-button-default-span fusion-button-default-type\" style=\"--button_accent_color:var(--awb-color1);--button_accent_hover_color:var(--awb-color1);--button_border_hover_color:hsla(var(--awb-color4-h),var(--awb-color4-s),calc(var(--awb-color4-l) - 10%),var(--awb-color4-a));--button_gradient_top_color:var(--awb-color4);--button_gradient_bottom_color:var(--awb-color4);--button_gradient_top_color_hover:hsla(var(--awb-color4-h),calc(var(--awb-color4-s) - 5%),calc(var(--awb-color4-l) - 10%),var(--awb-color4-a));--button_gradient_bottom_color_hover:hsla(var(--awb-color4-h),calc(var(--awb-color4-s) - 5%),calc(var(--awb-color4-l) - 10%),var(--awb-color4-a));\" target=\"_self\" data-hover=\"icon_slide\" href=\"https:\/\/diversityhub.pl\/en\/free-dei-consultation\/\"><span class=\"fusion-button-text awb-button__text awb-button__text--default\">Schedule a free consultation<\/span><i class=\"fa-arrow-right fas awb-button__icon awb-button__icon--default button-icon-right\" aria-hidden=\"true\"><\/i><\/a><\/div><\/div><\/div><\/div><\/div><\/p>\n","protected":false},"excerpt":{"rendered":"","protected":false},"author":2,"featured_media":0,"parent":0,"menu_order":0,"comment_status":"closed","ping_status":"closed","template":"100-width.php","meta":{"_acf_changed":false,"footnotes":""},"class_list":["post-8400","page","type-page","status-publish","hentry"],"acf":[],"yoast_head":"<!-- This site is optimized with the Yoast SEO plugin v27.4 - https:\/\/yoast.com\/product\/yoast-seo-wordpress\/ -->\n<title>Diversity Hub Breakfasts - Diversity Hub<\/title>\n<meta name=\"robots\" content=\"index, follow, max-snippet:-1, max-image-preview:large, max-video-preview:-1\" \/>\n<link rel=\"canonical\" href=\"https:\/\/diversityhub.pl\/en\/diversity-hub-breakfasts\/\" \/>\n<meta property=\"og:locale\" content=\"en_US\" \/>\n<meta property=\"og:type\" content=\"article\" \/>\n<meta property=\"og:title\" content=\"Diversity Hub Breakfasts - Diversity Hub\" \/>\n<meta property=\"og:url\" content=\"https:\/\/diversityhub.pl\/en\/diversity-hub-breakfasts\/\" \/>\n<meta property=\"og:site_name\" content=\"Diversity Hub\" \/>\n<meta property=\"article:publisher\" content=\"https:\/\/www.facebook.com\/diversityhubpl\" \/>\n<meta property=\"article:modified_time\" content=\"2025-12-03T17:05:09+00:00\" \/>\n<meta property=\"og:image\" content=\"https:\/\/diversityhub.pl\/wp-content\/uploads\/2024\/06\/diversity-hub-logo-1200x675-1.jpg\" \/>\n\t<meta property=\"og:image:width\" content=\"1200\" \/>\n\t<meta property=\"og:image:height\" content=\"675\" \/>\n\t<meta property=\"og:image:type\" content=\"image\/jpeg\" \/>\n<meta name=\"twitter:card\" content=\"summary_large_image\" \/>\n<meta name=\"twitter:site\" content=\"@diversityhub_pl\" \/>\n<meta name=\"twitter:label1\" content=\"Est. reading time\" \/>\n\t<meta name=\"twitter:data1\" content=\"2 minutes\" \/>\n<script type=\"application\/ld+json\" class=\"yoast-schema-graph\">{\"@context\":\"https:\\\/\\\/schema.org\",\"@graph\":[{\"@type\":\"WebPage\",\"@id\":\"https:\\\/\\\/diversityhub.pl\\\/en\\\/diversity-hub-breakfasts\\\/\",\"url\":\"https:\\\/\\\/diversityhub.pl\\\/en\\\/diversity-hub-breakfasts\\\/\",\"name\":\"Diversity Hub Breakfasts - Diversity Hub\",\"isPartOf\":{\"@id\":\"https:\\\/\\\/diversityhub.pl\\\/en\\\/#website\"},\"datePublished\":\"2024-03-05T10:43:33+00:00\",\"dateModified\":\"2025-12-03T17:05:09+00:00\",\"breadcrumb\":{\"@id\":\"https:\\\/\\\/diversityhub.pl\\\/en\\\/diversity-hub-breakfasts\\\/#breadcrumb\"},\"inLanguage\":\"en-US\",\"potentialAction\":[{\"@type\":\"ReadAction\",\"target\":[\"https:\\\/\\\/diversityhub.pl\\\/en\\\/diversity-hub-breakfasts\\\/\"]}]},{\"@type\":\"BreadcrumbList\",\"@id\":\"https:\\\/\\\/diversityhub.pl\\\/en\\\/diversity-hub-breakfasts\\\/#breadcrumb\",\"itemListElement\":[{\"@type\":\"ListItem\",\"position\":1,\"name\":\"Strona g\u0142\u00f3wna\",\"item\":\"https:\\\/\\\/diversityhub.pl\\\/en\\\/home-page\\\/\"},{\"@type\":\"ListItem\",\"position\":2,\"name\":\"Diversity Hub Breakfasts\"}]},{\"@type\":\"WebSite\",\"@id\":\"https:\\\/\\\/diversityhub.pl\\\/en\\\/#website\",\"url\":\"https:\\\/\\\/diversityhub.pl\\\/en\\\/\",\"name\":\"Diversity Hub\",\"description\":\"Poprzez r\u00f3\u017cnorodno\u015b\u0107 zmieniamy biznes na lepsze\",\"publisher\":{\"@id\":\"https:\\\/\\\/diversityhub.pl\\\/en\\\/#organization\"},\"alternateName\":\"Diversity Hub\",\"potentialAction\":[{\"@type\":\"SearchAction\",\"target\":{\"@type\":\"EntryPoint\",\"urlTemplate\":\"https:\\\/\\\/diversityhub.pl\\\/en\\\/?s={search_term_string}\"},\"query-input\":{\"@type\":\"PropertyValueSpecification\",\"valueRequired\":true,\"valueName\":\"search_term_string\"}}],\"inLanguage\":\"en-US\"},{\"@type\":\"Organization\",\"@id\":\"https:\\\/\\\/diversityhub.pl\\\/en\\\/#organization\",\"name\":\"Diversity Hub\",\"url\":\"https:\\\/\\\/diversityhub.pl\\\/en\\\/\",\"logo\":{\"@type\":\"ImageObject\",\"inLanguage\":\"en-US\",\"@id\":\"https:\\\/\\\/diversityhub.pl\\\/en\\\/#\\\/schema\\\/logo\\\/image\\\/\",\"url\":\"https:\\\/\\\/diversityhub.pl\\\/wp-content\\\/uploads\\\/2024\\\/06\\\/DIVERSITY_HUB_DIVERSITY_MATTERS_2023_LOGO.jpg\",\"contentUrl\":\"https:\\\/\\\/diversityhub.pl\\\/wp-content\\\/uploads\\\/2024\\\/06\\\/DIVERSITY_HUB_DIVERSITY_MATTERS_2023_LOGO.jpg\",\"width\":1080,\"height\":1080,\"caption\":\"Diversity Hub\"},\"image\":{\"@id\":\"https:\\\/\\\/diversityhub.pl\\\/en\\\/#\\\/schema\\\/logo\\\/image\\\/\"},\"sameAs\":[\"https:\\\/\\\/www.facebook.com\\\/diversityhubpl\",\"https:\\\/\\\/x.com\\\/diversityhub_pl\",\"https:\\\/\\\/www.youtube.com\\\/@diversityhubpl\",\"https:\\\/\\\/www.linkedin.com\\\/company\\\/think-tank-diversity-hub\\\/\",\"https:\\\/\\\/www.instagram.com\\\/diversityhubpl\\\/\"]}]}<\/script>\n<!-- \/ Yoast SEO plugin. -->","yoast_head_json":{"title":"Diversity Hub Breakfasts - Diversity Hub","robots":{"index":"index","follow":"follow","max-snippet":"max-snippet:-1","max-image-preview":"max-image-preview:large","max-video-preview":"max-video-preview:-1"},"canonical":"https:\/\/diversityhub.pl\/en\/diversity-hub-breakfasts\/","og_locale":"en_US","og_type":"article","og_title":"Diversity Hub Breakfasts - Diversity Hub","og_url":"https:\/\/diversityhub.pl\/en\/diversity-hub-breakfasts\/","og_site_name":"Diversity Hub","article_publisher":"https:\/\/www.facebook.com\/diversityhubpl","article_modified_time":"2025-12-03T17:05:09+00:00","og_image":[{"width":1200,"height":675,"url":"https:\/\/diversityhub.pl\/wp-content\/uploads\/2024\/06\/diversity-hub-logo-1200x675-1.jpg","type":"image\/jpeg"}],"twitter_card":"summary_large_image","twitter_site":"@diversityhub_pl","twitter_misc":{"Est. reading time":"2 minutes"},"schema":{"@context":"https:\/\/schema.org","@graph":[{"@type":"WebPage","@id":"https:\/\/diversityhub.pl\/en\/diversity-hub-breakfasts\/","url":"https:\/\/diversityhub.pl\/en\/diversity-hub-breakfasts\/","name":"Diversity Hub Breakfasts - Diversity Hub","isPartOf":{"@id":"https:\/\/diversityhub.pl\/en\/#website"},"datePublished":"2024-03-05T10:43:33+00:00","dateModified":"2025-12-03T17:05:09+00:00","breadcrumb":{"@id":"https:\/\/diversityhub.pl\/en\/diversity-hub-breakfasts\/#breadcrumb"},"inLanguage":"en-US","potentialAction":[{"@type":"ReadAction","target":["https:\/\/diversityhub.pl\/en\/diversity-hub-breakfasts\/"]}]},{"@type":"BreadcrumbList","@id":"https:\/\/diversityhub.pl\/en\/diversity-hub-breakfasts\/#breadcrumb","itemListElement":[{"@type":"ListItem","position":1,"name":"Strona g\u0142\u00f3wna","item":"https:\/\/diversityhub.pl\/en\/home-page\/"},{"@type":"ListItem","position":2,"name":"Diversity Hub Breakfasts"}]},{"@type":"WebSite","@id":"https:\/\/diversityhub.pl\/en\/#website","url":"https:\/\/diversityhub.pl\/en\/","name":"Diversity Hub","description":"Poprzez r\u00f3\u017cnorodno\u015b\u0107 zmieniamy biznes na lepsze","publisher":{"@id":"https:\/\/diversityhub.pl\/en\/#organization"},"alternateName":"Diversity Hub","potentialAction":[{"@type":"SearchAction","target":{"@type":"EntryPoint","urlTemplate":"https:\/\/diversityhub.pl\/en\/?s={search_term_string}"},"query-input":{"@type":"PropertyValueSpecification","valueRequired":true,"valueName":"search_term_string"}}],"inLanguage":"en-US"},{"@type":"Organization","@id":"https:\/\/diversityhub.pl\/en\/#organization","name":"Diversity Hub","url":"https:\/\/diversityhub.pl\/en\/","logo":{"@type":"ImageObject","inLanguage":"en-US","@id":"https:\/\/diversityhub.pl\/en\/#\/schema\/logo\/image\/","url":"https:\/\/diversityhub.pl\/wp-content\/uploads\/2024\/06\/DIVERSITY_HUB_DIVERSITY_MATTERS_2023_LOGO.jpg","contentUrl":"https:\/\/diversityhub.pl\/wp-content\/uploads\/2024\/06\/DIVERSITY_HUB_DIVERSITY_MATTERS_2023_LOGO.jpg","width":1080,"height":1080,"caption":"Diversity Hub"},"image":{"@id":"https:\/\/diversityhub.pl\/en\/#\/schema\/logo\/image\/"},"sameAs":["https:\/\/www.facebook.com\/diversityhubpl","https:\/\/x.com\/diversityhub_pl","https:\/\/www.youtube.com\/@diversityhubpl","https:\/\/www.linkedin.com\/company\/think-tank-diversity-hub\/","https:\/\/www.instagram.com\/diversityhubpl\/"]}]}},"_links":{"self":[{"href":"https:\/\/diversityhub.pl\/en\/wp-json\/wp\/v2\/pages\/8400","targetHints":{"allow":["GET"]}}],"collection":[{"href":"https:\/\/diversityhub.pl\/en\/wp-json\/wp\/v2\/pages"}],"about":[{"href":"https:\/\/diversityhub.pl\/en\/wp-json\/wp\/v2\/types\/page"}],"author":[{"embeddable":true,"href":"https:\/\/diversityhub.pl\/en\/wp-json\/wp\/v2\/users\/2"}],"replies":[{"embeddable":true,"href":"https:\/\/diversityhub.pl\/en\/wp-json\/wp\/v2\/comments?post=8400"}],"version-history":[{"count":6,"href":"https:\/\/diversityhub.pl\/en\/wp-json\/wp\/v2\/pages\/8400\/revisions"}],"predecessor-version":[{"id":11921,"href":"https:\/\/diversityhub.pl\/en\/wp-json\/wp\/v2\/pages\/8400\/revisions\/11921"}],"wp:attachment":[{"href":"https:\/\/diversityhub.pl\/en\/wp-json\/wp\/v2\/media?parent=8400"}],"curies":[{"name":"wp","href":"https:\/\/api.w.org\/{rel}","templated":true}]}}