{"id":12200,"date":"2026-03-09T13:53:59","date_gmt":"2026-03-09T12:53:59","guid":{"rendered":"https:\/\/diversityhub.pl\/?post_type=wydarzenie&#038;p=12200"},"modified":"2026-04-13T14:45:41","modified_gmt":"2026-04-13T12:45:41","slug":"jedna-organizacja-pokoleniowa-roznorodnosc-cyfrowa","status":"publish","type":"wydarzenie","link":"https:\/\/diversityhub.pl\/en\/wydarzenie\/jedna-organizacja-pokoleniowa-roznorodnosc-cyfrowa\/","title":{"rendered":"Jedna organizacja &#8211; pokoleniowa r\u00f3\u017cnorodno\u015b\u0107 cyfrowa."},"content":{"rendered":"<div class=\"fusion-fullwidth fullwidth-box fusion-builder-row-1 fusion-flex-container has-pattern-background has-mask-background hundred-percent-fullwidth non-hundred-percent-height-scrolling\" style=\"--awb-border-radius-top-left:0px;--awb-border-radius-top-right:0px;--awb-border-radius-bottom-right:0px;--awb-border-radius-bottom-left:0px;--awb-padding-right:0px;--awb-padding-left:0px;--awb-flex-wrap:wrap;\" ><div class=\"fusion-builder-row fusion-row fusion-flex-align-items-flex-start fusion-flex-content-wrap\" style=\"width:calc( 100% + 5vw ) !important;max-width:calc( 100% + 5vw ) !important;margin-left: calc(-5vw \/ 2 );margin-right: calc(-5vw \/ 2 );\"><div class=\"fusion-layout-column fusion_builder_column fusion-builder-column-0 fusion_builder_column_3_5 3_5 fusion-flex-column\" style=\"--awb-bg-size:cover;--awb-width-large:60%;--awb-margin-top-large:0px;--awb-spacing-right-large:2.5vw;--awb-margin-bottom-large:0px;--awb-spacing-left-large:2.5vw;--awb-width-medium:60%;--awb-order-medium:0;--awb-spacing-right-medium:2.5vw;--awb-spacing-left-medium:2.5vw;--awb-width-small:100%;--awb-order-small:0;--awb-spacing-right-small:2.5vw;--awb-margin-bottom-small:3rem;--awb-spacing-left-small:2.5vw;\"><div class=\"fusion-column-wrapper fusion-column-has-shadow fusion-flex-justify-content-flex-start fusion-content-layout-column\"><div class=\"fusion-text fusion-text-1 fusion-text-no-margin\" style=\"--awb-content-alignment:left;--awb-font-size:var(--awb-custom_typography_1-font-size);--awb-line-height:1.2;--awb-letter-spacing:var(--awb-custom_typography_1-letter-spacing);--awb-text-transform:var(--awb-custom_typography_1-text-transform);--awb-text-color:var(--awb-color4);--awb-margin-top:0px;--awb-margin-right:0px;--awb-margin-bottom:.5rem;--awb-margin-left:0px;--awb-text-font-family:var(--awb-custom_typography_1-font-family);--awb-text-font-weight:var(--awb-custom_typography_1-font-weight);--awb-text-font-style:var(--awb-custom_typography_1-font-style);\"><p>\u015aniadanie<\/p>\n<\/div><div class=\"fusion-title title fusion-title-1 fusion-sep-none fusion-title-text fusion-title-size-two\" style=\"--awb-margin-top:0px;--awb-margin-bottom:1rem;--awb-margin-top-small:10px;--awb-margin-right-small:0px;--awb-margin-bottom-small:10px;--awb-margin-left-small:0px;--awb-font-size:1.5rem;\"><h2 class=\"fusion-title-heading title-heading-left fusion-responsive-typography-calculated\" style=\"font-family:var(--awb-typography2-font-family);font-weight:var(--awb-typography2-font-weight);font-style:var(--awb-typography2-font-style);margin:0;letter-spacing:var(--awb-typography2-letter-spacing);text-transform:var(--awb-typography2-text-transform);font-size:1em;--fontSize:24;line-height:var(--awb-typography2-line-height);\">Jedna organizacja &#8211; pokoleniowa r\u00f3\u017cnorodno\u015b\u0107 cyfrowa.<\/h2><\/div><div class=\"fusion-text fusion-text-2 fusion-text-no-margin\" style=\"--awb-content-alignment:left;--awb-font-size:var(--awb-custom_typography_1-font-size);--awb-line-height:1.2;--awb-letter-spacing:var(--awb-custom_typography_1-letter-spacing);--awb-text-transform:var(--awb-custom_typography_1-text-transform);--awb-text-color:var(--awb-color7);--awb-margin-top:3rem;--awb-margin-right:0px;--awb-margin-bottom:1rem;--awb-margin-left:0px;--awb-text-font-family:var(--awb-custom_typography_1-font-family);--awb-text-font-weight:var(--awb-custom_typography_1-font-weight);--awb-text-font-style:var(--awb-custom_typography_1-font-style);\"><p>DATA: <span style=\"font-family: var(--awb-text-font-family); font-size: var(--awb-font-size); font-style: var(--awb-text-font-style); letter-spacing: var(--awb-letter-spacing); text-align: var(--awb-content-alignment); text-transform: var(--awb-text-transform); font-weight: normal;\">9 kwietnia<\/span><\/p>\n<p>GODZINA: <span style=\"font-family: var(--awb-text-font-family); font-size: var(--awb-font-size); font-style: var(--awb-text-font-style); letter-spacing: var(--awb-letter-spacing); text-align: var(--awb-content-alignment); text-transform: var(--awb-text-transform); font-weight: normal;\">11:00-14:00<\/span><\/p>\n<p>NASZYM HOSTEM B\u0118DZIE Accenture.<\/p>\n<\/div><div class=\"fusion-text fusion-text-3 fusion-text-no-margin\" style=\"--awb-content-alignment:left;--awb-font-size:var(--awb-custom_typography_1-font-size);--awb-line-height:1.2;--awb-letter-spacing:var(--awb-custom_typography_1-letter-spacing);--awb-text-transform:var(--awb-custom_typography_1-text-transform);--awb-text-color:var(--awb-color7);--awb-margin-top:3rem;--awb-margin-right:0px;--awb-margin-bottom:1rem;--awb-margin-left:0px;--awb-text-font-family:var(--awb-custom_typography_1-font-family);--awb-text-font-weight:var(--awb-custom_typography_1-font-weight);--awb-text-font-style:var(--awb-custom_typography_1-font-style);\"><p>O czym b\u0119dziemy m\u00f3wi\u0107?<\/p>\n<\/div><ul style=\"--awb-margin-top:0px;--awb-margin-right:0px;--awb-margin-bottom:0px;--awb-margin-left:0px;--awb-iconcolor:var(--awb-color4);--awb-textcolor:var(--awb-color7);--awb-line-height:27.2px;--awb-icon-width:27.2px;--awb-icon-height:27.2px;--awb-icon-margin:11.2px;--awb-content-margin:38.4px;\" class=\"fusion-checklist fusion-checklist-1 fusion-checklist-default type-icons\"><li class=\"fusion-li-item\" style=\"\"><span class=\"icon-wrapper circle-no\"><i class=\"fusion-li-icon fa-angle-right fas\" aria-hidden=\"true\"><\/i><\/span><div class=\"fusion-li-item-content\">\n<p><b>Kultura pokoleniowa \u2013 komunikacja, postawy, warto\u015bci<\/b><\/p>\n<ul>\n<li>Czym jest kultura pokoleniowa w organizacji?<\/li>\n<li>Jak r\u00f3\u017cne do\u015bwiadczenia spo\u0142eczne i edukacyjne wp\u0142ywaj\u0105 na styl pracy, podejmowanie decyzji i oczekiwania wobec lider\u00f3w?<\/li>\n<li>Gdzie najcz\u0119\u015bciej pojawiaj\u0105 si\u0119 napi\u0119cia \u2013 w komunikacji, podej\u015bciu do feedbacku, odpowiedzialno\u015bci, sensu pracy?<\/li>\n<\/ul>\n<\/div><\/li><li class=\"fusion-li-item\" style=\"\"><span class=\"icon-wrapper circle-no\"><i class=\"fusion-li-icon fa-angle-right fas\" aria-hidden=\"true\"><\/i><\/span><div class=\"fusion-li-item-content\">\n<p><b>Technologia \u2013 przepa\u015b\u0107 czy pomost?<\/b><\/p>\n<ul>\n<li>Czy transformacja cyfrowa realnie \u0142\u0105czy zespo\u0142y, czy pog\u0142\u0119bia r\u00f3\u017cnice?<\/li>\n<li>Natywno\u015b\u0107 cyfrowa a do\u015bwiadczenie \u2013 jak r\u00f3\u017cne pokolenia korzystaj\u0105 z technologii i jak j\u0105 rozumiej\u0105?<\/li>\n<li>Jak tempo zmian wp\u0142ywa na poczucie kompetencji, wp\u0142ywu i bezpiecze\u0144stwa w pracy?<\/li>\n<\/ul>\n<\/div><\/li><li class=\"fusion-li-item\" style=\"\"><span class=\"icon-wrapper circle-no\"><i class=\"fusion-li-icon fa-angle-right fas\" aria-hidden=\"true\"><\/i><\/span><div class=\"fusion-li-item-content\">\n<p><b>Nowy wymiar r\u00f3\u017cnorodno\u015bci \u2013 pokolenie junior\u00f3w<\/b><\/p>\n<ul>\n<li>Dlaczego najm\u0142odsze pokolenie jest dzi\u015b kluczowym tematem w organizacjach?<\/li>\n<li>Jakie warto\u015bci i oczekiwania wnosz\u0105 juniorzy?<\/li>\n<li>Jak liderzy i HR mog\u0105 budowa\u0107 \u015brodowisko, kt\u00f3re nie etykietuje, lecz rozwija potencja\u0142?<\/li>\n<\/ul>\n<\/div><\/li><li class=\"fusion-li-item\" style=\"\"><span class=\"icon-wrapper circle-no\"><i class=\"fusion-li-icon fa-angle-right fas\" aria-hidden=\"true\"><\/i><\/span><div class=\"fusion-li-item-content\">\n<p><b>Etyka wok\u00f3\u0142 technologii<\/b><\/p>\n<ul>\n<li>Kto ma dost\u0119p, kto ma wp\u0142yw, kto zostaje w tyle?<\/li>\n<li>Jakie dylematy etyczne pojawiaj\u0105 si\u0119 w kontek\u015bcie AI i automatyzacji?<\/li>\n<li>Jak budowa\u0107 odpowiedzialn\u0105 kultur\u0119 cyfrow\u0105 w organizacji wielu pokole\u0144?<\/li>\n<\/ul>\n<\/div><\/li><li class=\"fusion-li-item\" style=\"\"><span class=\"icon-wrapper circle-no\"><i class=\"fusion-li-icon fa-angle-right fas\" aria-hidden=\"true\"><\/i><\/span><div class=\"fusion-li-item-content\">\n<p><b>Jedna organizacja \u2013 wsp\u00f3lna odpowiedzialno\u015b\u0107<\/b><\/p>\n<ul>\n<li>Jak \u0142\u0105czy\u0107 r\u00f3\u017cne tempo, kompetencje i perspektywy?<\/li>\n<li>Co realnie buduje mosty mi\u0119dzypokoleniowe?<\/li>\n<li>Od \u015bwiadomo\u015bci r\u00f3\u017cnic do kultury wsp\u00f3\u0142pracy.<\/li>\n<\/ul>\n<\/div><\/li><\/ul><div class=\"fusion-text fusion-text-4\"><p>&nbsp;<\/p>\n<p>Spotkanie poprowadzi ekspert Diversity Hub <span style=\"color: var(--awb-color4);\"><b><a href=\"https:\/\/diversityhub.pl\/ekspert\/jakub-slowik\/\">Kuba S\u0142owik<\/a><\/b><\/span><\/p>\n<p>Udzia\u0142 jest bezp\u0142atny, ale wymaga <a href=\"https:\/\/meetupdh090426.webankieta.pl\/\">rejestracji.<\/a><span style=\"color: var(--awb-color4);\"><br \/>\n<\/span><\/p>\n<\/div><\/div><\/div><div class=\"fusion-layout-column fusion_builder_column fusion-builder-column-1 awb-sticky awb-sticky-small awb-sticky-medium awb-sticky-large fusion_builder_column_2_5 2_5 fusion-flex-column\" style=\"--awb-bg-size:cover;--awb-width-large:40%;--awb-margin-top-large:0px;--awb-spacing-right-large:2.5vw;--awb-margin-bottom-large:0px;--awb-spacing-left-large:2.5vw;--awb-width-medium:40%;--awb-order-medium:0;--awb-spacing-right-medium:2.5vw;--awb-spacing-left-medium:2.5vw;--awb-width-small:100%;--awb-order-small:0;--awb-spacing-right-small:2.5vw;--awb-spacing-left-small:2.5vw;\"><div class=\"fusion-column-wrapper fusion-column-has-shadow fusion-flex-justify-content-flex-start fusion-content-layout-column\"><div class=\"fusion-image-element \" style=\"text-align:left;--awb-aspect-ratio:16 \/ 9;--awb-margin-bottom:3rem;--awb-caption-title-font-family:var(--h2_typography-font-family);--awb-caption-title-font-weight:var(--h2_typography-font-weight);--awb-caption-title-font-style:var(--h2_typography-font-style);--awb-caption-title-size:var(--h2_typography-font-size);--awb-caption-title-transform:var(--h2_typography-text-transform);--awb-caption-title-line-height:var(--h2_typography-line-height);--awb-caption-title-letter-spacing:var(--h2_typography-letter-spacing);\"><span class=\" fusion-imageframe imageframe-none imageframe-1 hover-type-none has-aspect-ratio\"><img decoding=\"async\" width=\"1970\" height=\"1230\" title=\"Dost\u0119pno\u015b\u0107, kt\u00f3ra w\u0142\u0105cza. O inkluzywno\u015bci wobec os\u00f3b z niepe\u0142nosprawno\u015bciami.-13\" src=\"https:\/\/diversityhub.pl\/wp-content\/uploads\/2026\/03\/Dostepnosc-ktora-wlacza.-O-inkluzywnosci-wobec-osob-z-niepelnosprawnosciami.-13.png\" class=\"img-responsive wp-image-12202 img-with-aspect-ratio\" data-parent-fit=\"cover\" data-parent-container=\".fusion-image-element\" alt srcset=\"https:\/\/diversityhub.pl\/wp-content\/uploads\/2026\/03\/Dostepnosc-ktora-wlacza.-O-inkluzywnosci-wobec-osob-z-niepelnosprawnosciami.-13-200x125.png 200w, https:\/\/diversityhub.pl\/wp-content\/uploads\/2026\/03\/Dostepnosc-ktora-wlacza.-O-inkluzywnosci-wobec-osob-z-niepelnosprawnosciami.-13-400x250.png 400w, https:\/\/diversityhub.pl\/wp-content\/uploads\/2026\/03\/Dostepnosc-ktora-wlacza.-O-inkluzywnosci-wobec-osob-z-niepelnosprawnosciami.-13-600x375.png 600w, https:\/\/diversityhub.pl\/wp-content\/uploads\/2026\/03\/Dostepnosc-ktora-wlacza.-O-inkluzywnosci-wobec-osob-z-niepelnosprawnosciami.-13-800x499.png 800w, https:\/\/diversityhub.pl\/wp-content\/uploads\/2026\/03\/Dostepnosc-ktora-wlacza.-O-inkluzywnosci-wobec-osob-z-niepelnosprawnosciami.-13-1200x749.png 1200w, https:\/\/diversityhub.pl\/wp-content\/uploads\/2026\/03\/Dostepnosc-ktora-wlacza.-O-inkluzywnosci-wobec-osob-z-niepelnosprawnosciami.-13.png 1970w\" sizes=\"(max-width: 640px) 100vw, 600px\" \/><\/span><\/div><div style=\"text-align:center;\"><a class=\"fusion-button button-flat fusion-button-default-size button-default fusion-button-default button-1 fusion-button-span-yes fusion-button-default-type\" target=\"_self\" href=\"https:\/\/meetupdh090426.webankieta.pl\/\"><span class=\"fusion-button-text awb-button__text awb-button__text--default\">Zapisz si\u0119 na wydarzenie<\/span><\/a><\/div><\/div><\/div><\/div><\/div>\n","protected":false},"template":"","categories":[110,20,112,130],"tags":[46],"class_list":["post-12200","wydarzenie","type-wydarzenie","status-publish","hentry","category-archiwum","category-events","category-sniadanie","category-wydarzenia","tag-aktualny"],"acf":[],"yoast_head":"<!-- This site is optimized with the Yoast SEO plugin v27.4 - https:\/\/yoast.com\/product\/yoast-seo-wordpress\/ -->\n<title>Jedna organizacja - pokoleniowa r\u00f3\u017cnorodno\u015b\u0107 cyfrowa. - Diversity Hub<\/title>\n<meta name=\"robots\" content=\"index, follow, max-snippet:-1, max-image-preview:large, max-video-preview:-1\" \/>\n<link rel=\"canonical\" href=\"https:\/\/diversityhub.pl\/en\/wydarzenie\/jedna-organizacja-pokoleniowa-roznorodnosc-cyfrowa\/\" \/>\n<meta property=\"og:locale\" content=\"en_US\" \/>\n<meta property=\"og:type\" content=\"article\" \/>\n<meta property=\"og:title\" content=\"Jedna organizacja - pokoleniowa r\u00f3\u017cnorodno\u015b\u0107 cyfrowa. - Diversity Hub\" \/>\n<meta property=\"og:url\" content=\"https:\/\/diversityhub.pl\/en\/wydarzenie\/jedna-organizacja-pokoleniowa-roznorodnosc-cyfrowa\/\" \/>\n<meta property=\"og:site_name\" content=\"Diversity Hub\" \/>\n<meta property=\"article:publisher\" content=\"https:\/\/www.facebook.com\/diversityhubpl\" \/>\n<meta property=\"article:modified_time\" content=\"2026-04-13T12:45:41+00:00\" \/>\n<meta property=\"og:image\" content=\"https:\/\/diversityhub.pl\/wp-content\/uploads\/2024\/06\/diversity-hub-logo-1200x675-1.jpg\" \/>\n\t<meta property=\"og:image:width\" content=\"1200\" \/>\n\t<meta property=\"og:image:height\" content=\"675\" \/>\n\t<meta property=\"og:image:type\" content=\"image\/jpeg\" \/>\n<meta name=\"twitter:card\" content=\"summary_large_image\" \/>\n<meta name=\"twitter:site\" content=\"@diversityhub_pl\" \/>\n<meta name=\"twitter:label1\" content=\"Est. reading time\" \/>\n\t<meta name=\"twitter:data1\" content=\"2 minutes\" \/>\n<script type=\"application\/ld+json\" class=\"yoast-schema-graph\">{\"@context\":\"https:\\\/\\\/schema.org\",\"@graph\":[{\"@type\":\"WebPage\",\"@id\":\"https:\\\/\\\/diversityhub.pl\\\/en\\\/wydarzenie\\\/jedna-organizacja-pokoleniowa-roznorodnosc-cyfrowa\\\/\",\"url\":\"https:\\\/\\\/diversityhub.pl\\\/en\\\/wydarzenie\\\/jedna-organizacja-pokoleniowa-roznorodnosc-cyfrowa\\\/\",\"name\":\"Jedna organizacja - pokoleniowa r\u00f3\u017cnorodno\u015b\u0107 cyfrowa. - Diversity Hub\",\"isPartOf\":{\"@id\":\"https:\\\/\\\/diversityhub.pl\\\/en\\\/#website\"},\"datePublished\":\"2026-03-09T12:53:59+00:00\",\"dateModified\":\"2026-04-13T12:45:41+00:00\",\"breadcrumb\":{\"@id\":\"https:\\\/\\\/diversityhub.pl\\\/en\\\/wydarzenie\\\/jedna-organizacja-pokoleniowa-roznorodnosc-cyfrowa\\\/#breadcrumb\"},\"inLanguage\":\"en-US\",\"potentialAction\":[{\"@type\":\"ReadAction\",\"target\":[\"https:\\\/\\\/diversityhub.pl\\\/en\\\/wydarzenie\\\/jedna-organizacja-pokoleniowa-roznorodnosc-cyfrowa\\\/\"]}]},{\"@type\":\"BreadcrumbList\",\"@id\":\"https:\\\/\\\/diversityhub.pl\\\/en\\\/wydarzenie\\\/jedna-organizacja-pokoleniowa-roznorodnosc-cyfrowa\\\/#breadcrumb\",\"itemListElement\":[{\"@type\":\"ListItem\",\"position\":1,\"name\":\"Strona g\u0142\u00f3wna\",\"item\":\"https:\\\/\\\/diversityhub.pl\\\/en\\\/home-page\\\/\"},{\"@type\":\"ListItem\",\"position\":2,\"name\":\"Jedna organizacja &#8211; pokoleniowa r\u00f3\u017cnorodno\u015b\u0107 cyfrowa.\"}]},{\"@type\":\"WebSite\",\"@id\":\"https:\\\/\\\/diversityhub.pl\\\/en\\\/#website\",\"url\":\"https:\\\/\\\/diversityhub.pl\\\/en\\\/\",\"name\":\"Diversity Hub\",\"description\":\"Poprzez r\u00f3\u017cnorodno\u015b\u0107 zmieniamy biznes na lepsze\",\"publisher\":{\"@id\":\"https:\\\/\\\/diversityhub.pl\\\/en\\\/#organization\"},\"alternateName\":\"Diversity Hub\",\"potentialAction\":[{\"@type\":\"SearchAction\",\"target\":{\"@type\":\"EntryPoint\",\"urlTemplate\":\"https:\\\/\\\/diversityhub.pl\\\/en\\\/?s={search_term_string}\"},\"query-input\":{\"@type\":\"PropertyValueSpecification\",\"valueRequired\":true,\"valueName\":\"search_term_string\"}}],\"inLanguage\":\"en-US\"},{\"@type\":\"Organization\",\"@id\":\"https:\\\/\\\/diversityhub.pl\\\/en\\\/#organization\",\"name\":\"Diversity Hub\",\"url\":\"https:\\\/\\\/diversityhub.pl\\\/en\\\/\",\"logo\":{\"@type\":\"ImageObject\",\"inLanguage\":\"en-US\",\"@id\":\"https:\\\/\\\/diversityhub.pl\\\/en\\\/#\\\/schema\\\/logo\\\/image\\\/\",\"url\":\"https:\\\/\\\/diversityhub.pl\\\/wp-content\\\/uploads\\\/2024\\\/06\\\/DIVERSITY_HUB_DIVERSITY_MATTERS_2023_LOGO.jpg\",\"contentUrl\":\"https:\\\/\\\/diversityhub.pl\\\/wp-content\\\/uploads\\\/2024\\\/06\\\/DIVERSITY_HUB_DIVERSITY_MATTERS_2023_LOGO.jpg\",\"width\":1080,\"height\":1080,\"caption\":\"Diversity Hub\"},\"image\":{\"@id\":\"https:\\\/\\\/diversityhub.pl\\\/en\\\/#\\\/schema\\\/logo\\\/image\\\/\"},\"sameAs\":[\"https:\\\/\\\/www.facebook.com\\\/diversityhubpl\",\"https:\\\/\\\/x.com\\\/diversityhub_pl\",\"https:\\\/\\\/www.youtube.com\\\/@diversityhubpl\",\"https:\\\/\\\/www.linkedin.com\\\/company\\\/think-tank-diversity-hub\\\/\",\"https:\\\/\\\/www.instagram.com\\\/diversityhubpl\\\/\"]}]}<\/script>\n<!-- \/ Yoast SEO plugin. -->","yoast_head_json":{"title":"Jedna organizacja - pokoleniowa r\u00f3\u017cnorodno\u015b\u0107 cyfrowa. - Diversity Hub","robots":{"index":"index","follow":"follow","max-snippet":"max-snippet:-1","max-image-preview":"max-image-preview:large","max-video-preview":"max-video-preview:-1"},"canonical":"https:\/\/diversityhub.pl\/en\/wydarzenie\/jedna-organizacja-pokoleniowa-roznorodnosc-cyfrowa\/","og_locale":"en_US","og_type":"article","og_title":"Jedna organizacja - pokoleniowa r\u00f3\u017cnorodno\u015b\u0107 cyfrowa. - Diversity Hub","og_url":"https:\/\/diversityhub.pl\/en\/wydarzenie\/jedna-organizacja-pokoleniowa-roznorodnosc-cyfrowa\/","og_site_name":"Diversity Hub","article_publisher":"https:\/\/www.facebook.com\/diversityhubpl","article_modified_time":"2026-04-13T12:45:41+00:00","og_image":[{"width":1200,"height":675,"url":"https:\/\/diversityhub.pl\/wp-content\/uploads\/2024\/06\/diversity-hub-logo-1200x675-1.jpg","type":"image\/jpeg"}],"twitter_card":"summary_large_image","twitter_site":"@diversityhub_pl","twitter_misc":{"Est. reading time":"2 minutes"},"schema":{"@context":"https:\/\/schema.org","@graph":[{"@type":"WebPage","@id":"https:\/\/diversityhub.pl\/en\/wydarzenie\/jedna-organizacja-pokoleniowa-roznorodnosc-cyfrowa\/","url":"https:\/\/diversityhub.pl\/en\/wydarzenie\/jedna-organizacja-pokoleniowa-roznorodnosc-cyfrowa\/","name":"Jedna organizacja - pokoleniowa r\u00f3\u017cnorodno\u015b\u0107 cyfrowa. - Diversity Hub","isPartOf":{"@id":"https:\/\/diversityhub.pl\/en\/#website"},"datePublished":"2026-03-09T12:53:59+00:00","dateModified":"2026-04-13T12:45:41+00:00","breadcrumb":{"@id":"https:\/\/diversityhub.pl\/en\/wydarzenie\/jedna-organizacja-pokoleniowa-roznorodnosc-cyfrowa\/#breadcrumb"},"inLanguage":"en-US","potentialAction":[{"@type":"ReadAction","target":["https:\/\/diversityhub.pl\/en\/wydarzenie\/jedna-organizacja-pokoleniowa-roznorodnosc-cyfrowa\/"]}]},{"@type":"BreadcrumbList","@id":"https:\/\/diversityhub.pl\/en\/wydarzenie\/jedna-organizacja-pokoleniowa-roznorodnosc-cyfrowa\/#breadcrumb","itemListElement":[{"@type":"ListItem","position":1,"name":"Strona g\u0142\u00f3wna","item":"https:\/\/diversityhub.pl\/en\/home-page\/"},{"@type":"ListItem","position":2,"name":"Jedna organizacja &#8211; pokoleniowa r\u00f3\u017cnorodno\u015b\u0107 cyfrowa."}]},{"@type":"WebSite","@id":"https:\/\/diversityhub.pl\/en\/#website","url":"https:\/\/diversityhub.pl\/en\/","name":"Diversity Hub","description":"Poprzez r\u00f3\u017cnorodno\u015b\u0107 zmieniamy biznes na lepsze","publisher":{"@id":"https:\/\/diversityhub.pl\/en\/#organization"},"alternateName":"Diversity Hub","potentialAction":[{"@type":"SearchAction","target":{"@type":"EntryPoint","urlTemplate":"https:\/\/diversityhub.pl\/en\/?s={search_term_string}"},"query-input":{"@type":"PropertyValueSpecification","valueRequired":true,"valueName":"search_term_string"}}],"inLanguage":"en-US"},{"@type":"Organization","@id":"https:\/\/diversityhub.pl\/en\/#organization","name":"Diversity Hub","url":"https:\/\/diversityhub.pl\/en\/","logo":{"@type":"ImageObject","inLanguage":"en-US","@id":"https:\/\/diversityhub.pl\/en\/#\/schema\/logo\/image\/","url":"https:\/\/diversityhub.pl\/wp-content\/uploads\/2024\/06\/DIVERSITY_HUB_DIVERSITY_MATTERS_2023_LOGO.jpg","contentUrl":"https:\/\/diversityhub.pl\/wp-content\/uploads\/2024\/06\/DIVERSITY_HUB_DIVERSITY_MATTERS_2023_LOGO.jpg","width":1080,"height":1080,"caption":"Diversity Hub"},"image":{"@id":"https:\/\/diversityhub.pl\/en\/#\/schema\/logo\/image\/"},"sameAs":["https:\/\/www.facebook.com\/diversityhubpl","https:\/\/x.com\/diversityhub_pl","https:\/\/www.youtube.com\/@diversityhubpl","https:\/\/www.linkedin.com\/company\/think-tank-diversity-hub\/","https:\/\/www.instagram.com\/diversityhubpl\/"]}]}},"_links":{"self":[{"href":"https:\/\/diversityhub.pl\/en\/wp-json\/wp\/v2\/wydarzenie\/12200","targetHints":{"allow":["GET"]}}],"collection":[{"href":"https:\/\/diversityhub.pl\/en\/wp-json\/wp\/v2\/wydarzenie"}],"about":[{"href":"https:\/\/diversityhub.pl\/en\/wp-json\/wp\/v2\/types\/wydarzenie"}],"version-history":[{"count":6,"href":"https:\/\/diversityhub.pl\/en\/wp-json\/wp\/v2\/wydarzenie\/12200\/revisions"}],"predecessor-version":[{"id":12246,"href":"https:\/\/diversityhub.pl\/en\/wp-json\/wp\/v2\/wydarzenie\/12200\/revisions\/12246"}],"wp:attachment":[{"href":"https:\/\/diversityhub.pl\/en\/wp-json\/wp\/v2\/media?parent=12200"}],"wp:term":[{"taxonomy":"category","embeddable":true,"href":"https:\/\/diversityhub.pl\/en\/wp-json\/wp\/v2\/categories?post=12200"},{"taxonomy":"post_tag","embeddable":true,"href":"https:\/\/diversityhub.pl\/en\/wp-json\/wp\/v2\/tags?post=12200"}],"curies":[{"name":"wp","href":"https:\/\/api.w.org\/{rel}","templated":true}]}}