{"id":6756,"date":"2024-05-18T19:38:21","date_gmt":"2024-05-18T17:38:21","guid":{"rendered":"https:\/\/diversityhub.pl\/?post_type=wydarzenie&#038;p=6756"},"modified":"2024-07-22T12:26:58","modified_gmt":"2024-07-22T10:26:58","slug":"sniadanie-diversity-hub-ale-drama-konfrontacja-z-oporem-umniejszaniem-znaczenia-dei-w-organizacjach","status":"publish","type":"wydarzenie","link":"https:\/\/diversityhub.pl\/en\/wydarzenie\/sniadanie-diversity-hub-ale-drama-konfrontacja-z-oporem-umniejszaniem-znaczenia-dei-w-organizacjach\/","title":{"rendered":"\u015aniadanie Diversity Hub: Ale drama! Konfrontacja z oporem, umniejszaniem znaczenia DEI w organizacjach"},"content":{"rendered":"<div class=\"fusion-fullwidth fullwidth-box fusion-builder-row-1 fusion-flex-container has-pattern-background has-mask-background hundred-percent-fullwidth non-hundred-percent-height-scrolling\" style=\"--awb-border-radius-top-left:0px;--awb-border-radius-top-right:0px;--awb-border-radius-bottom-right:0px;--awb-border-radius-bottom-left:0px;--awb-padding-right:0px;--awb-padding-left:0px;--awb-flex-wrap:wrap;\" ><div class=\"fusion-builder-row fusion-row fusion-flex-align-items-flex-start fusion-flex-content-wrap\" style=\"width:calc( 100% + 5vw ) !important;max-width:calc( 100% + 5vw ) !important;margin-left: calc(-5vw \/ 2 );margin-right: calc(-5vw \/ 2 );\"><div class=\"fusion-layout-column fusion_builder_column fusion-builder-column-0 fusion_builder_column_3_5 3_5 fusion-flex-column\" style=\"--awb-bg-size:cover;--awb-width-large:60%;--awb-margin-top-large:0px;--awb-spacing-right-large:2.5vw;--awb-margin-bottom-large:0px;--awb-spacing-left-large:2.5vw;--awb-width-medium:60%;--awb-order-medium:0;--awb-spacing-right-medium:2.5vw;--awb-spacing-left-medium:2.5vw;--awb-width-small:100%;--awb-order-small:0;--awb-spacing-right-small:2.5vw;--awb-margin-bottom-small:3rem;--awb-spacing-left-small:2.5vw;\"><div class=\"fusion-column-wrapper fusion-column-has-shadow fusion-flex-justify-content-flex-start fusion-content-layout-column\"><div class=\"fusion-text fusion-text-1 fusion-text-no-margin\" style=\"--awb-content-alignment:left;--awb-font-size:var(--awb-custom_typography_1-font-size);--awb-line-height:1.2;--awb-letter-spacing:var(--awb-custom_typography_1-letter-spacing);--awb-text-transform:var(--awb-custom_typography_1-text-transform);--awb-text-color:var(--awb-color4);--awb-margin-top:0px;--awb-margin-right:0px;--awb-margin-bottom:.5rem;--awb-margin-left:0px;--awb-text-font-family:var(--awb-custom_typography_1-font-family);--awb-text-font-weight:var(--awb-custom_typography_1-font-weight);--awb-text-font-style:var(--awb-custom_typography_1-font-style);\"><p>\u015aniadnie<\/p>\n<\/div><div class=\"fusion-title title fusion-title-1 fusion-sep-none fusion-title-text fusion-title-size-two\" style=\"--awb-margin-top:0px;--awb-margin-bottom:1rem;--awb-margin-top-small:10px;--awb-margin-right-small:0px;--awb-margin-bottom-small:10px;--awb-margin-left-small:0px;--awb-font-size:1.5rem;\"><h2 class=\"fusion-title-heading title-heading-left fusion-responsive-typography-calculated\" style=\"font-family:var(--awb-typography2-font-family);font-weight:var(--awb-typography2-font-weight);font-style:var(--awb-typography2-font-style);margin:0;letter-spacing:var(--awb-typography2-letter-spacing);text-transform:var(--awb-typography2-text-transform);font-size:1em;--fontSize:24;line-height:var(--awb-typography2-line-height);\">\u015aniadanie Diversity Hub: Ale drama! Konfrontacja z oporem, umniejszaniem znaczenia DEI w organizacjach<\/h2><\/div><div class=\"fusion-text fusion-text-2 fusion-text-no-margin\" style=\"--awb-content-alignment:left;--awb-font-size:var(--awb-typography4-font-size);--awb-line-height:var(--awb-typography4-line-height);--awb-letter-spacing:var(--awb-typography4-letter-spacing);--awb-text-transform:var(--awb-typography4-text-transform);--awb-text-color:var(--awb-color7);--awb-margin-bottom:0px;--awb-text-font-family:&quot;Poppins&quot;;--awb-text-font-style:normal;--awb-text-font-weight:400;\"><p>Spotkanie b\u0119dzie okazj\u0105, by przekona\u0107 si\u0119 o warto\u015bci, jak\u0105 niesie praca metodami dramowymi,  w anga\u017cuj\u0105cej formule stacjonarnej. Po naszym spotkaniu, b\u0119dziecie bardziej \u015bwiadomie radzi\u0107 sobie ze z\u0142o\u017cono\u015bci\u0105 interakcji w miejscu pracy i brakiem jednoznacznych rozwi\u0105za\u0144. Spotkanie poprowadzi Michalina Konkel - ekspertka DEI, Director DEI Organisational Development w Diversity Hub - \u015bwie\u017co po szkoleniu z metody Rainbow of Desire w Londynie.<\/p>\n<\/div><div class=\"fusion-text fusion-text-3 fusion-text-no-margin\" style=\"--awb-content-alignment:left;--awb-font-size:var(--awb-custom_typography_1-font-size);--awb-line-height:1.2;--awb-letter-spacing:var(--awb-custom_typography_1-letter-spacing);--awb-text-transform:var(--awb-custom_typography_1-text-transform);--awb-text-color:var(--awb-color7);--awb-margin-top:3rem;--awb-margin-right:0px;--awb-margin-bottom:1rem;--awb-margin-left:0px;--awb-text-font-family:var(--awb-custom_typography_1-font-family);--awb-text-font-weight:var(--awb-custom_typography_1-font-weight);--awb-text-font-style:var(--awb-custom_typography_1-font-style);\"><p>Informacje o wydarzeniu<\/p>\n<\/div><ul style=\"--awb-margin-top:0px;--awb-margin-right:0px;--awb-margin-bottom:0px;--awb-margin-left:0px;--awb-iconcolor:var(--awb-color4);--awb-textcolor:var(--awb-color7);--awb-line-height:27.2px;--awb-icon-width:27.2px;--awb-icon-height:27.2px;--awb-icon-margin:11.2px;--awb-content-margin:38.4px;\" class=\"fusion-checklist fusion-checklist-1 fusion-checklist-default type-icons\"><li class=\"fusion-li-item\" style=\"\"><span class=\"icon-wrapper circle-no\"><i class=\"fusion-li-icon fa-check-square far\" aria-hidden=\"true\"><\/i><\/span><div class=\"fusion-li-item-content\">W jakim stopniu mamy odwag\u0119 jako organizacja adresowa\u0107 wyzwania z obszaru DE&amp;I?<\/div><\/li><li class=\"fusion-li-item\" style=\"\"><span class=\"icon-wrapper circle-no\"><i class=\"fusion-li-icon fa-check-square far\" aria-hidden=\"true\"><\/i><\/span><div class=\"fusion-li-item-content\">W jaki spos\u00f3b pracujemy z pojawiaj\u0105cym si\u0119 oporem?<\/div><\/li><li class=\"fusion-li-item\" style=\"\"><span class=\"icon-wrapper circle-no\"><i class=\"fusion-li-icon fa-check-square far\" aria-hidden=\"true\"><\/i><\/span><div class=\"fusion-li-item-content\">Z jakich narz\u0119dzi korzystamy i czy robimy to skutecznie?<\/div><\/li><\/ul><div class=\"fusion-text fusion-text-4\" style=\"--awb-font-size:var(--awb-typography4-font-size);--awb-line-height:var(--awb-typography4-line-height);--awb-letter-spacing:var(--awb-typography4-letter-spacing);--awb-text-transform:var(--awb-typography4-text-transform);--awb-margin-top:1rem;--awb-text-font-family:var(--awb-typography4-font-family);--awb-text-font-weight:var(--awb-typography4-font-weight);--awb-text-font-style:var(--awb-typography4-font-style);\"><p>Spotkanie b\u0119dzie okazj\u0105, by przekona\u0107 si\u0119 o warto\u015bci, jak\u0105 niesie praca metodami dramowymi, w anga\u017cuj\u0105cej formule stacjonarnej. Po naszym spotkaniu, b\u0119dziecie bardziej \u015bwiadomie radzi\u0107 sobie ze z\u0142o\u017cono\u015bci\u0105 interakcji w miejscu pracy i brakiem jednoznacznych rozwi\u0105za\u0144. Spotkanie poprowadzi <a href=\"https:\/\/diversityhub.pl\/ekspert\/michalina-konkel\/\"><strong>Michalina Konkel<\/strong><\/a> &#8211; ekspertka DEI, Director DEI Organisational Development w Diversity Hub &#8211; \u015bwie\u017co po szkoleniu z metody Rainbow of Desire w Londynie.<\/p>\n<p>Hostem spotkania b\u0119dzie <strong>Papaya Films<\/strong> \u2013 wi\u0119c jak na bran\u017c\u0119 kreatywn\u0105 przysta\u0142o \u2013 popracujemy kreatywnie &#8211; sob\u0105: na do\u015bwiadczeniu i ekspresji. Zapraszamy na eksperymentalne spotkanie, (nie) tylko dla odwa\u017cnych, przede wszystkim dla zaciekawionych prac\u0105 z oporem, chc\u0105cych zrozumie\u0107 lepiej tych, kt\u00f3rzy kwestionuj\u0105 zasadno\u015b\u0107 Waszych dzia\u0142a\u0144.<\/p>\n<\/div><ul style=\"--awb-margin-top:0px;--awb-margin-right:0px;--awb-margin-bottom:0px;--awb-margin-left:0px;--awb-iconcolor:var(--awb-color4);--awb-textcolor:var(--awb-color7);--awb-line-height:27.2px;--awb-icon-width:27.2px;--awb-icon-height:27.2px;--awb-icon-margin:11.2px;--awb-content-margin:38.4px;\" class=\"fusion-checklist fusion-checklist-2 fusion-checklist-default type-icons\"><li class=\"fusion-li-item\" style=\"\"><span class=\"icon-wrapper circle-no\"><i class=\"fusion-li-icon fa-check-square far\" aria-hidden=\"true\"><\/i><\/span><div class=\"fusion-li-item-content\">Spotkanie jest dedykowane osobom zarz\u0105dzaj\u0105cym obszarem DEI, HR, CSR, w swoich organizacjach<\/div><\/li><li class=\"fusion-li-item\" style=\"\"><span class=\"icon-wrapper circle-no\"><i class=\"fusion-li-icon fa-check-square far\" aria-hidden=\"true\"><\/i><\/span><div class=\"fusion-li-item-content\">Zapraszamy 1 osob\u0119 z organizacji<\/div><\/li><li class=\"fusion-li-item\" style=\"\"><span class=\"icon-wrapper circle-no\"><i class=\"fusion-li-icon fa-check-square far\" aria-hidden=\"true\"><\/i><\/span><div class=\"fusion-li-item-content\">\n<p>Udzia\u0142 jest bezp\u0142atny, ale wymaga rejestracji: <a href=\"https:\/\/sniadanie0624w.webankieta.pl\/\">https:\/\/sniadanie0624w.webankieta.pl\/<\/a><\/p>\n<\/div><\/li><li class=\"fusion-li-item\" style=\"\"><span class=\"icon-wrapper circle-no\"><i class=\"fusion-li-icon fa-check-square far\" aria-hidden=\"true\"><\/i><\/span><div class=\"fusion-li-item-content\">Spotkanie jest prowadzone w j. polskim.<\/div><\/li><\/ul><\/div><\/div><div class=\"fusion-layout-column fusion_builder_column fusion-builder-column-1 awb-sticky awb-sticky-small awb-sticky-medium awb-sticky-large fusion_builder_column_2_5 2_5 fusion-flex-column\" style=\"--awb-bg-size:cover;--awb-width-large:40%;--awb-margin-top-large:0px;--awb-spacing-right-large:2.5vw;--awb-margin-bottom-large:0px;--awb-spacing-left-large:2.5vw;--awb-width-medium:40%;--awb-order-medium:0;--awb-spacing-right-medium:2.5vw;--awb-spacing-left-medium:2.5vw;--awb-width-small:100%;--awb-order-small:0;--awb-spacing-right-small:2.5vw;--awb-spacing-left-small:2.5vw;\"><div class=\"fusion-column-wrapper fusion-column-has-shadow fusion-flex-justify-content-flex-start fusion-content-layout-column\"><div class=\"fusion-image-element \" style=\"text-align:left;--awb-aspect-ratio: 100 \/ 62;--awb-margin-bottom:3rem;--awb-caption-title-font-family:var(--h2_typography-font-family);--awb-caption-title-font-weight:var(--h2_typography-font-weight);--awb-caption-title-font-style:var(--h2_typography-font-style);--awb-caption-title-size:var(--h2_typography-font-size);--awb-caption-title-transform:var(--h2_typography-text-transform);--awb-caption-title-line-height:var(--h2_typography-line-height);--awb-caption-title-letter-spacing:var(--h2_typography-letter-spacing);\"><span class=\" fusion-imageframe imageframe-none imageframe-1 hover-type-none has-aspect-ratio\"><img decoding=\"async\" width=\"1280\" height=\"719\" title=\"\u015aniadanie Diversity Hub 12-06-2024\" src=\"https:\/\/diversityhub.pl\/wp-content\/uploads\/2024\/05\/image_1716895664.png\" class=\"img-responsive wp-image-8037 img-with-aspect-ratio\" data-parent-fit=\"cover\" data-parent-container=\".fusion-image-element\" alt srcset=\"https:\/\/diversityhub.pl\/wp-content\/uploads\/2024\/05\/image_1716895664-200x112.png 200w, https:\/\/diversityhub.pl\/wp-content\/uploads\/2024\/05\/image_1716895664-400x225.png 400w, https:\/\/diversityhub.pl\/wp-content\/uploads\/2024\/05\/image_1716895664-600x337.png 600w, https:\/\/diversityhub.pl\/wp-content\/uploads\/2024\/05\/image_1716895664-800x449.png 800w, https:\/\/diversityhub.pl\/wp-content\/uploads\/2024\/05\/image_1716895664-1200x674.png 1200w, https:\/\/diversityhub.pl\/wp-content\/uploads\/2024\/05\/image_1716895664.png 1280w\" sizes=\"(max-width: 640px) 100vw, 600px\" \/><\/span><\/div><div style=\"text-align:center;\"><a class=\"fusion-button button-flat fusion-button-default-size button-default fusion-button-default button-1 fusion-button-span-yes fusion-button-default-type\" target=\"_self\" href=\"https:\/\/sniadanie0624w.webankieta.pl\/\"><span class=\"fusion-button-text awb-button__text awb-button__text--default\">Zapisz si\u0119 na wydarzenie<\/span><\/a><\/div><\/div><\/div><\/div><\/div>\n","protected":false},"template":"","categories":[110,113,112],"tags":[],"class_list":["post-6756","wydarzenie","type-wydarzenie","status-publish","hentry","category-archiwum","category-live","category-sniadanie"],"acf":[],"yoast_head":"<!-- This site is optimized with the Yoast SEO plugin v27.4 - https:\/\/yoast.com\/product\/yoast-seo-wordpress\/ -->\n<title>\u015aniadanie Diversity Hub: Ale drama! Konfrontacja z oporem, umniejszaniem znaczenia DEI w organizacjach - Diversity Hub<\/title>\n<meta name=\"robots\" content=\"index, follow, max-snippet:-1, max-image-preview:large, max-video-preview:-1\" \/>\n<link rel=\"canonical\" href=\"https:\/\/diversityhub.pl\/en\/wydarzenie\/sniadanie-diversity-hub-ale-drama-konfrontacja-z-oporem-umniejszaniem-znaczenia-dei-w-organizacjach\/\" \/>\n<meta property=\"og:locale\" content=\"en_US\" \/>\n<meta property=\"og:type\" content=\"article\" \/>\n<meta property=\"og:title\" content=\"\u015aniadanie Diversity Hub: Ale drama! Konfrontacja z oporem, umniejszaniem znaczenia DEI w organizacjach - Diversity Hub\" \/>\n<meta property=\"og:url\" content=\"https:\/\/diversityhub.pl\/en\/wydarzenie\/sniadanie-diversity-hub-ale-drama-konfrontacja-z-oporem-umniejszaniem-znaczenia-dei-w-organizacjach\/\" \/>\n<meta property=\"og:site_name\" content=\"Diversity Hub\" \/>\n<meta property=\"article:publisher\" content=\"https:\/\/www.facebook.com\/diversityhubpl\" \/>\n<meta property=\"article:modified_time\" content=\"2024-07-22T10:26:58+00:00\" \/>\n<meta property=\"og:image\" content=\"https:\/\/diversityhub.pl\/wp-content\/uploads\/2024\/06\/diversity-hub-logo-1200x675-1.jpg\" \/>\n\t<meta property=\"og:image:width\" content=\"1200\" \/>\n\t<meta property=\"og:image:height\" content=\"675\" \/>\n\t<meta property=\"og:image:type\" content=\"image\/jpeg\" \/>\n<meta name=\"twitter:card\" content=\"summary_large_image\" \/>\n<meta name=\"twitter:site\" content=\"@diversityhub_pl\" \/>\n<meta name=\"twitter:label1\" content=\"Est. reading time\" \/>\n\t<meta name=\"twitter:data1\" content=\"1 minute\" \/>\n<script type=\"application\/ld+json\" class=\"yoast-schema-graph\">{\"@context\":\"https:\\\/\\\/schema.org\",\"@graph\":[{\"@type\":\"WebPage\",\"@id\":\"https:\\\/\\\/diversityhub.pl\\\/en\\\/wydarzenie\\\/sniadanie-diversity-hub-ale-drama-konfrontacja-z-oporem-umniejszaniem-znaczenia-dei-w-organizacjach\\\/\",\"url\":\"https:\\\/\\\/diversityhub.pl\\\/en\\\/wydarzenie\\\/sniadanie-diversity-hub-ale-drama-konfrontacja-z-oporem-umniejszaniem-znaczenia-dei-w-organizacjach\\\/\",\"name\":\"\u015aniadanie Diversity Hub: Ale drama! Konfrontacja z oporem, umniejszaniem znaczenia DEI w organizacjach - Diversity Hub\",\"isPartOf\":{\"@id\":\"https:\\\/\\\/diversityhub.pl\\\/en\\\/#website\"},\"datePublished\":\"2024-05-18T17:38:21+00:00\",\"dateModified\":\"2024-07-22T10:26:58+00:00\",\"breadcrumb\":{\"@id\":\"https:\\\/\\\/diversityhub.pl\\\/en\\\/wydarzenie\\\/sniadanie-diversity-hub-ale-drama-konfrontacja-z-oporem-umniejszaniem-znaczenia-dei-w-organizacjach\\\/#breadcrumb\"},\"inLanguage\":\"en-US\",\"potentialAction\":[{\"@type\":\"ReadAction\",\"target\":[\"https:\\\/\\\/diversityhub.pl\\\/en\\\/wydarzenie\\\/sniadanie-diversity-hub-ale-drama-konfrontacja-z-oporem-umniejszaniem-znaczenia-dei-w-organizacjach\\\/\"]}]},{\"@type\":\"BreadcrumbList\",\"@id\":\"https:\\\/\\\/diversityhub.pl\\\/en\\\/wydarzenie\\\/sniadanie-diversity-hub-ale-drama-konfrontacja-z-oporem-umniejszaniem-znaczenia-dei-w-organizacjach\\\/#breadcrumb\",\"itemListElement\":[{\"@type\":\"ListItem\",\"position\":1,\"name\":\"Strona g\u0142\u00f3wna\",\"item\":\"https:\\\/\\\/diversityhub.pl\\\/en\\\/home-page\\\/\"},{\"@type\":\"ListItem\",\"position\":2,\"name\":\"\u015aniadanie Diversity Hub: Ale drama! Konfrontacja z oporem, umniejszaniem znaczenia DEI w organizacjach\"}]},{\"@type\":\"WebSite\",\"@id\":\"https:\\\/\\\/diversityhub.pl\\\/en\\\/#website\",\"url\":\"https:\\\/\\\/diversityhub.pl\\\/en\\\/\",\"name\":\"Diversity Hub\",\"description\":\"Poprzez r\u00f3\u017cnorodno\u015b\u0107 zmieniamy biznes na lepsze\",\"publisher\":{\"@id\":\"https:\\\/\\\/diversityhub.pl\\\/en\\\/#organization\"},\"alternateName\":\"Diversity Hub\",\"potentialAction\":[{\"@type\":\"SearchAction\",\"target\":{\"@type\":\"EntryPoint\",\"urlTemplate\":\"https:\\\/\\\/diversityhub.pl\\\/en\\\/?s={search_term_string}\"},\"query-input\":{\"@type\":\"PropertyValueSpecification\",\"valueRequired\":true,\"valueName\":\"search_term_string\"}}],\"inLanguage\":\"en-US\"},{\"@type\":\"Organization\",\"@id\":\"https:\\\/\\\/diversityhub.pl\\\/en\\\/#organization\",\"name\":\"Diversity Hub\",\"url\":\"https:\\\/\\\/diversityhub.pl\\\/en\\\/\",\"logo\":{\"@type\":\"ImageObject\",\"inLanguage\":\"en-US\",\"@id\":\"https:\\\/\\\/diversityhub.pl\\\/en\\\/#\\\/schema\\\/logo\\\/image\\\/\",\"url\":\"https:\\\/\\\/diversityhub.pl\\\/wp-content\\\/uploads\\\/2024\\\/06\\\/DIVERSITY_HUB_DIVERSITY_MATTERS_2023_LOGO.jpg\",\"contentUrl\":\"https:\\\/\\\/diversityhub.pl\\\/wp-content\\\/uploads\\\/2024\\\/06\\\/DIVERSITY_HUB_DIVERSITY_MATTERS_2023_LOGO.jpg\",\"width\":1080,\"height\":1080,\"caption\":\"Diversity Hub\"},\"image\":{\"@id\":\"https:\\\/\\\/diversityhub.pl\\\/en\\\/#\\\/schema\\\/logo\\\/image\\\/\"},\"sameAs\":[\"https:\\\/\\\/www.facebook.com\\\/diversityhubpl\",\"https:\\\/\\\/x.com\\\/diversityhub_pl\",\"https:\\\/\\\/www.youtube.com\\\/@diversityhubpl\",\"https:\\\/\\\/www.linkedin.com\\\/company\\\/think-tank-diversity-hub\\\/\",\"https:\\\/\\\/www.instagram.com\\\/diversityhubpl\\\/\"]}]}<\/script>\n<!-- \/ Yoast SEO plugin. -->","yoast_head_json":{"title":"\u015aniadanie Diversity Hub: Ale drama! Konfrontacja z oporem, umniejszaniem znaczenia DEI w organizacjach - Diversity Hub","robots":{"index":"index","follow":"follow","max-snippet":"max-snippet:-1","max-image-preview":"max-image-preview:large","max-video-preview":"max-video-preview:-1"},"canonical":"https:\/\/diversityhub.pl\/en\/wydarzenie\/sniadanie-diversity-hub-ale-drama-konfrontacja-z-oporem-umniejszaniem-znaczenia-dei-w-organizacjach\/","og_locale":"en_US","og_type":"article","og_title":"\u015aniadanie Diversity Hub: Ale drama! Konfrontacja z oporem, umniejszaniem znaczenia DEI w organizacjach - Diversity Hub","og_url":"https:\/\/diversityhub.pl\/en\/wydarzenie\/sniadanie-diversity-hub-ale-drama-konfrontacja-z-oporem-umniejszaniem-znaczenia-dei-w-organizacjach\/","og_site_name":"Diversity Hub","article_publisher":"https:\/\/www.facebook.com\/diversityhubpl","article_modified_time":"2024-07-22T10:26:58+00:00","og_image":[{"width":1200,"height":675,"url":"https:\/\/diversityhub.pl\/wp-content\/uploads\/2024\/06\/diversity-hub-logo-1200x675-1.jpg","type":"image\/jpeg"}],"twitter_card":"summary_large_image","twitter_site":"@diversityhub_pl","twitter_misc":{"Est. reading time":"1 minute"},"schema":{"@context":"https:\/\/schema.org","@graph":[{"@type":"WebPage","@id":"https:\/\/diversityhub.pl\/en\/wydarzenie\/sniadanie-diversity-hub-ale-drama-konfrontacja-z-oporem-umniejszaniem-znaczenia-dei-w-organizacjach\/","url":"https:\/\/diversityhub.pl\/en\/wydarzenie\/sniadanie-diversity-hub-ale-drama-konfrontacja-z-oporem-umniejszaniem-znaczenia-dei-w-organizacjach\/","name":"\u015aniadanie Diversity Hub: Ale drama! Konfrontacja z oporem, umniejszaniem znaczenia DEI w organizacjach - Diversity Hub","isPartOf":{"@id":"https:\/\/diversityhub.pl\/en\/#website"},"datePublished":"2024-05-18T17:38:21+00:00","dateModified":"2024-07-22T10:26:58+00:00","breadcrumb":{"@id":"https:\/\/diversityhub.pl\/en\/wydarzenie\/sniadanie-diversity-hub-ale-drama-konfrontacja-z-oporem-umniejszaniem-znaczenia-dei-w-organizacjach\/#breadcrumb"},"inLanguage":"en-US","potentialAction":[{"@type":"ReadAction","target":["https:\/\/diversityhub.pl\/en\/wydarzenie\/sniadanie-diversity-hub-ale-drama-konfrontacja-z-oporem-umniejszaniem-znaczenia-dei-w-organizacjach\/"]}]},{"@type":"BreadcrumbList","@id":"https:\/\/diversityhub.pl\/en\/wydarzenie\/sniadanie-diversity-hub-ale-drama-konfrontacja-z-oporem-umniejszaniem-znaczenia-dei-w-organizacjach\/#breadcrumb","itemListElement":[{"@type":"ListItem","position":1,"name":"Strona g\u0142\u00f3wna","item":"https:\/\/diversityhub.pl\/en\/home-page\/"},{"@type":"ListItem","position":2,"name":"\u015aniadanie Diversity Hub: Ale drama! Konfrontacja z oporem, umniejszaniem znaczenia DEI w organizacjach"}]},{"@type":"WebSite","@id":"https:\/\/diversityhub.pl\/en\/#website","url":"https:\/\/diversityhub.pl\/en\/","name":"Diversity Hub","description":"Poprzez r\u00f3\u017cnorodno\u015b\u0107 zmieniamy biznes na lepsze","publisher":{"@id":"https:\/\/diversityhub.pl\/en\/#organization"},"alternateName":"Diversity Hub","potentialAction":[{"@type":"SearchAction","target":{"@type":"EntryPoint","urlTemplate":"https:\/\/diversityhub.pl\/en\/?s={search_term_string}"},"query-input":{"@type":"PropertyValueSpecification","valueRequired":true,"valueName":"search_term_string"}}],"inLanguage":"en-US"},{"@type":"Organization","@id":"https:\/\/diversityhub.pl\/en\/#organization","name":"Diversity Hub","url":"https:\/\/diversityhub.pl\/en\/","logo":{"@type":"ImageObject","inLanguage":"en-US","@id":"https:\/\/diversityhub.pl\/en\/#\/schema\/logo\/image\/","url":"https:\/\/diversityhub.pl\/wp-content\/uploads\/2024\/06\/DIVERSITY_HUB_DIVERSITY_MATTERS_2023_LOGO.jpg","contentUrl":"https:\/\/diversityhub.pl\/wp-content\/uploads\/2024\/06\/DIVERSITY_HUB_DIVERSITY_MATTERS_2023_LOGO.jpg","width":1080,"height":1080,"caption":"Diversity Hub"},"image":{"@id":"https:\/\/diversityhub.pl\/en\/#\/schema\/logo\/image\/"},"sameAs":["https:\/\/www.facebook.com\/diversityhubpl","https:\/\/x.com\/diversityhub_pl","https:\/\/www.youtube.com\/@diversityhubpl","https:\/\/www.linkedin.com\/company\/think-tank-diversity-hub\/","https:\/\/www.instagram.com\/diversityhubpl\/"]}]}},"_links":{"self":[{"href":"https:\/\/diversityhub.pl\/en\/wp-json\/wp\/v2\/wydarzenie\/6756","targetHints":{"allow":["GET"]}}],"collection":[{"href":"https:\/\/diversityhub.pl\/en\/wp-json\/wp\/v2\/wydarzenie"}],"about":[{"href":"https:\/\/diversityhub.pl\/en\/wp-json\/wp\/v2\/types\/wydarzenie"}],"version-history":[{"count":4,"href":"https:\/\/diversityhub.pl\/en\/wp-json\/wp\/v2\/wydarzenie\/6756\/revisions"}],"predecessor-version":[{"id":7015,"href":"https:\/\/diversityhub.pl\/en\/wp-json\/wp\/v2\/wydarzenie\/6756\/revisions\/7015"}],"wp:attachment":[{"href":"https:\/\/diversityhub.pl\/en\/wp-json\/wp\/v2\/media?parent=6756"}],"wp:term":[{"taxonomy":"category","embeddable":true,"href":"https:\/\/diversityhub.pl\/en\/wp-json\/wp\/v2\/categories?post=6756"},{"taxonomy":"post_tag","embeddable":true,"href":"https:\/\/diversityhub.pl\/en\/wp-json\/wp\/v2\/tags?post=6756"}],"curies":[{"name":"wp","href":"https:\/\/api.w.org\/{rel}","templated":true}]}}