{"id":7326,"date":"2024-06-11T13:38:08","date_gmt":"2024-06-11T11:38:08","guid":{"rendered":"https:\/\/diversityhub.pl\/?post_type=wydarzenie&#038;p=7326"},"modified":"2024-07-22T12:26:21","modified_gmt":"2024-07-22T10:26:21","slug":"webinar-diversity-na-wakacjach-czyli-dei-na-luzie","status":"publish","type":"wydarzenie","link":"https:\/\/diversityhub.pl\/en\/wydarzenie\/webinar-diversity-na-wakacjach-czyli-dei-na-luzie\/","title":{"rendered":"Webinar: Diversity na wakacjach czyli DEI na luzie"},"content":{"rendered":"<div class=\"fusion-fullwidth fullwidth-box fusion-builder-row-1 fusion-flex-container has-pattern-background has-mask-background hundred-percent-fullwidth non-hundred-percent-height-scrolling\" style=\"--awb-border-radius-top-left:0px;--awb-border-radius-top-right:0px;--awb-border-radius-bottom-right:0px;--awb-border-radius-bottom-left:0px;--awb-padding-right:0px;--awb-padding-left:0px;--awb-flex-wrap:wrap;\" ><div class=\"fusion-builder-row fusion-row fusion-flex-align-items-flex-start fusion-flex-content-wrap\" style=\"width:calc( 100% + 5vw ) !important;max-width:calc( 100% + 5vw ) !important;margin-left: calc(-5vw \/ 2 );margin-right: calc(-5vw \/ 2 );\"><div class=\"fusion-layout-column fusion_builder_column fusion-builder-column-0 fusion_builder_column_3_5 3_5 fusion-flex-column\" style=\"--awb-bg-size:cover;--awb-width-large:60%;--awb-margin-top-large:0px;--awb-spacing-right-large:2.5vw;--awb-margin-bottom-large:0px;--awb-spacing-left-large:2.5vw;--awb-width-medium:60%;--awb-order-medium:0;--awb-spacing-right-medium:2.5vw;--awb-spacing-left-medium:2.5vw;--awb-width-small:100%;--awb-order-small:0;--awb-spacing-right-small:2.5vw;--awb-margin-bottom-small:3rem;--awb-spacing-left-small:2.5vw;\"><div class=\"fusion-column-wrapper fusion-column-has-shadow fusion-flex-justify-content-flex-start fusion-content-layout-column\"><div class=\"fusion-text fusion-text-1 fusion-text-no-margin\" style=\"--awb-content-alignment:left;--awb-font-size:var(--awb-custom_typography_1-font-size);--awb-line-height:1.2;--awb-letter-spacing:var(--awb-custom_typography_1-letter-spacing);--awb-text-transform:var(--awb-custom_typography_1-text-transform);--awb-text-color:var(--awb-color4);--awb-margin-top:0px;--awb-margin-right:0px;--awb-margin-bottom:.5rem;--awb-margin-left:0px;--awb-text-font-family:var(--awb-custom_typography_1-font-family);--awb-text-font-weight:var(--awb-custom_typography_1-font-weight);--awb-text-font-style:var(--awb-custom_typography_1-font-style);\"><p>Webinar<\/p>\n<\/div><div class=\"fusion-title title fusion-title-1 fusion-sep-none fusion-title-text fusion-title-size-two\" style=\"--awb-margin-top:0px;--awb-margin-bottom:1rem;--awb-margin-top-small:10px;--awb-margin-right-small:0px;--awb-margin-bottom-small:10px;--awb-margin-left-small:0px;--awb-font-size:1.5rem;\"><h2 class=\"fusion-title-heading title-heading-left fusion-responsive-typography-calculated\" style=\"font-family:var(--awb-typography2-font-family);font-weight:var(--awb-typography2-font-weight);font-style:var(--awb-typography2-font-style);margin:0;letter-spacing:var(--awb-typography2-letter-spacing);text-transform:var(--awb-typography2-text-transform);font-size:1em;--fontSize:24;line-height:var(--awb-typography2-line-height);\">Webinar: Diversity na wakacjach czyli DEI na luzie<\/h2><\/div><div class=\"fusion-text fusion-text-2 fusion-text-no-margin\" style=\"--awb-content-alignment:left;--awb-font-size:var(--awb-typography4-font-size);--awb-line-height:var(--awb-typography4-line-height);--awb-letter-spacing:var(--awb-typography4-letter-spacing);--awb-text-transform:var(--awb-typography4-text-transform);--awb-text-color:var(--awb-color7);--awb-margin-bottom:0px;--awb-text-font-family:&quot;Poppins&quot;;--awb-text-font-style:normal;--awb-text-font-weight:400;\"><p>Id\u0105 wakacje\u2026 g\u00f3ry, lato, morze, rzeka, ju\u017c nie mog\u0119 si\u0119 doczeka\u0107!\nA to nie wszystko. B\u0119d\u0105 te\u017c ludzie, czasem \u201eobcy\u201d, czasem z innego kraju\u2026<\/p>\n<\/div><div class=\"fusion-text fusion-text-3 fusion-text-no-margin\" style=\"--awb-content-alignment:left;--awb-font-size:var(--awb-custom_typography_1-font-size);--awb-line-height:1.2;--awb-letter-spacing:var(--awb-custom_typography_1-letter-spacing);--awb-text-transform:var(--awb-custom_typography_1-text-transform);--awb-text-color:var(--awb-color7);--awb-margin-top:3rem;--awb-margin-right:0px;--awb-margin-bottom:1rem;--awb-margin-left:0px;--awb-text-font-family:var(--awb-custom_typography_1-font-family);--awb-text-font-weight:var(--awb-custom_typography_1-font-weight);--awb-text-font-style:var(--awb-custom_typography_1-font-style);\"><p>Jak inaczej postrzegamy zasady:<\/p>\n<\/div><ul style=\"--awb-margin-top:0px;--awb-margin-right:0px;--awb-margin-bottom:0px;--awb-margin-left:0px;--awb-iconcolor:var(--awb-color4);--awb-textcolor:var(--awb-color7);--awb-line-height:27.2px;--awb-icon-width:27.2px;--awb-icon-height:27.2px;--awb-icon-margin:11.2px;--awb-content-margin:38.4px;\" class=\"fusion-checklist fusion-checklist-1 fusion-checklist-default type-icons\"><li class=\"fusion-li-item\" style=\"\"><span class=\"icon-wrapper circle-no\"><i class=\"fusion-li-icon fa-check-square far\" aria-hidden=\"true\"><\/i><\/span><div class=\"fusion-li-item-content\">\n<p><span style=\"font-weight: 400;\">rozliczaj\u0105c si\u0119 po wsp\u00f3lnej wakacyjnej kolacji,<\/span><\/p>\n<\/div><\/li><li class=\"fusion-li-item\" style=\"\"><span class=\"icon-wrapper circle-no\"><i class=\"fusion-li-icon fa-check-square far\" aria-hidden=\"true\"><\/i><\/span><div class=\"fusion-li-item-content\">\n<p>pojawiaj\u0105c si\u0119 na niej o okre\u015blonej godzinie &#8211; lub nie, czyli jak r\u00f3\u017cni si\u0119 nasze podej\u015bcie do czasu,<\/p>\n<\/div><\/li><li class=\"fusion-li-item\" style=\"\"><span class=\"icon-wrapper circle-no\"><i class=\"fusion-li-icon fa-check-square far\" aria-hidden=\"true\"><\/i><\/span><div class=\"fusion-li-item-content\">\n<p>rozmawiaj\u0105c na rozmaite tematy, czyli jak r\u00f3\u017cnie budujemy zaufanie!<\/p>\n<\/div><\/li><\/ul><div class=\"fusion-text fusion-text-4\" style=\"--awb-font-size:var(--awb-typography4-font-size);--awb-line-height:var(--awb-typography4-line-height);--awb-letter-spacing:var(--awb-typography4-letter-spacing);--awb-text-transform:var(--awb-typography4-text-transform);--awb-margin-top:1rem;--awb-text-font-family:var(--awb-typography4-font-family);--awb-text-font-weight:var(--awb-typography4-font-weight);--awb-text-font-style:var(--awb-typography4-font-style);\"><p><b>Jak prze\u0142o\u017cy\u0107 wakacyjne do\u015bwiadczenie innej kultury na prac\u0119 w mi\u0119dzynarodowym \u015brodowisku? <\/b><\/p>\n<p>Do\u0142\u0105cz do naszego webinaru, aby dowiedzie\u0107 si\u0119, jak r\u00f3\u017cnimy si\u0119 mi\u0119dzy sob\u0105 mieszkaj\u0105c w r\u00f3\u017cnych cz\u0119\u015bciach \u015bwiata.<\/p>\n<p>Podczas webinaru pe\u0142nego anegdot, <a href=\"https:\/\/diversityhub.pl\/ekspert\/michalina-konkel\/\">Mi\u015bka Konkel<\/a> zabierze Was w interaktywn\u0105 podr\u00f3\u017c po \u015bwiecie mi\u0119dzykulturowych r\u00f3\u017cnic.<\/p>\n<p><b>Informacje o wydarzeniu<\/b><\/p>\n<\/div><ul style=\"--awb-margin-top:0px;--awb-margin-right:0px;--awb-margin-bottom:0px;--awb-margin-left:0px;--awb-iconcolor:var(--awb-color4);--awb-textcolor:var(--awb-color7);--awb-line-height:27.2px;--awb-icon-width:27.2px;--awb-icon-height:27.2px;--awb-icon-margin:11.2px;--awb-content-margin:38.4px;\" class=\"fusion-checklist fusion-checklist-2 fusion-checklist-default type-icons\"><li class=\"fusion-li-item\" style=\"\"><span class=\"icon-wrapper circle-no\"><i class=\"fusion-li-icon fa-check-square far\" aria-hidden=\"true\"><\/i><\/span><div class=\"fusion-li-item-content\">\n<p><span style=\"color: var(--awb-textcolor); background-color: var(--awb-odd-row-bgcolor); font-size: var(--awb-size); font-family: var(--awb-text-font-family); font-style: var(--awb-text-font-style); font-weight: var(--awb-text-font-weight); letter-spacing: var(--awb-letter-spacing); text-align: var(--awb-content-alignment); text-transform: var(--awb-text-transform);\">spotkanie jest dedykowane osobom zarz\u0105dzaj\u0105cym obszarem DEI, HR, CSR, w swoich organizacjach,<\/span><\/p>\n<\/div><\/li><li class=\"fusion-li-item\" style=\"\"><span class=\"icon-wrapper circle-no\"><i class=\"fusion-li-icon fa-check-square far\" aria-hidden=\"true\"><\/i><\/span><div class=\"fusion-li-item-content\">\n<p>udzia\u0142 jest bezp\u0142atny, ale wymaga rejestracji: https:\/\/w0624.webankieta.pl\/<\/p>\n<\/div><\/li><li class=\"fusion-li-item\" style=\"\"><span class=\"icon-wrapper circle-no\"><i class=\"fusion-li-icon fa-check-square far\" aria-hidden=\"true\"><\/i><\/span><div class=\"fusion-li-item-content\">\n<p>spotkanie jest prowadzone w j. polskim.<\/p>\n<\/div><\/li><\/ul><\/div><\/div><div class=\"fusion-layout-column fusion_builder_column fusion-builder-column-1 awb-sticky awb-sticky-small awb-sticky-medium awb-sticky-large fusion_builder_column_2_5 2_5 fusion-flex-column\" style=\"--awb-bg-size:cover;--awb-width-large:40%;--awb-margin-top-large:0px;--awb-spacing-right-large:2.5vw;--awb-margin-bottom-large:0px;--awb-spacing-left-large:2.5vw;--awb-width-medium:40%;--awb-order-medium:0;--awb-spacing-right-medium:2.5vw;--awb-spacing-left-medium:2.5vw;--awb-width-small:100%;--awb-order-small:0;--awb-spacing-right-small:2.5vw;--awb-spacing-left-small:2.5vw;\"><div class=\"fusion-column-wrapper fusion-column-has-shadow fusion-flex-justify-content-flex-start fusion-content-layout-column\"><div class=\"fusion-image-element \" style=\"text-align:left;--awb-aspect-ratio:16 \/ 9;--awb-margin-bottom:3rem;--awb-caption-title-font-family:var(--h2_typography-font-family);--awb-caption-title-font-weight:var(--h2_typography-font-weight);--awb-caption-title-font-style:var(--h2_typography-font-style);--awb-caption-title-size:var(--h2_typography-font-size);--awb-caption-title-transform:var(--h2_typography-text-transform);--awb-caption-title-line-height:var(--h2_typography-line-height);--awb-caption-title-letter-spacing:var(--h2_typography-letter-spacing);\"><span class=\" fusion-imageframe imageframe-none imageframe-1 hover-type-none has-aspect-ratio\"><img decoding=\"async\" width=\"1920\" height=\"714\" title=\"DIVERSITY_HUB_WEBINAR_WAKACJE_2024_06_06_baner_FB\" src=\"https:\/\/diversityhub.pl\/wp-content\/uploads\/2024\/06\/DIVERSITY_HUB_WEBINAR_WAKACJE_2024_06_06_baner_FB.jpg\" class=\"img-responsive wp-image-8149 img-with-aspect-ratio\" data-parent-fit=\"cover\" data-parent-container=\".fusion-image-element\" alt srcset=\"https:\/\/diversityhub.pl\/wp-content\/uploads\/2024\/06\/DIVERSITY_HUB_WEBINAR_WAKACJE_2024_06_06_baner_FB-200x74.jpg 200w, https:\/\/diversityhub.pl\/wp-content\/uploads\/2024\/06\/DIVERSITY_HUB_WEBINAR_WAKACJE_2024_06_06_baner_FB-400x149.jpg 400w, https:\/\/diversityhub.pl\/wp-content\/uploads\/2024\/06\/DIVERSITY_HUB_WEBINAR_WAKACJE_2024_06_06_baner_FB-600x223.jpg 600w, https:\/\/diversityhub.pl\/wp-content\/uploads\/2024\/06\/DIVERSITY_HUB_WEBINAR_WAKACJE_2024_06_06_baner_FB-800x298.jpg 800w, https:\/\/diversityhub.pl\/wp-content\/uploads\/2024\/06\/DIVERSITY_HUB_WEBINAR_WAKACJE_2024_06_06_baner_FB-1200x446.jpg 1200w, https:\/\/diversityhub.pl\/wp-content\/uploads\/2024\/06\/DIVERSITY_HUB_WEBINAR_WAKACJE_2024_06_06_baner_FB.jpg 1920w\" sizes=\"(max-width: 640px) 100vw, 600px\" \/><\/span><\/div><div style=\"text-align:center;\"><a class=\"fusion-button button-flat fusion-button-default-size button-default fusion-button-default button-1 fusion-button-span-yes fusion-button-default-type\" target=\"_self\" href=\"https:\/\/w0624.webankieta.pl\/\"><span class=\"fusion-button-text awb-button__text awb-button__text--default\">Zapisz si\u0119 na wydarzenie<\/span><\/a><\/div><\/div><\/div><\/div><\/div>\n","protected":false},"template":"","categories":[110,109,115,13],"tags":[],"class_list":["post-7326","wydarzenie","type-wydarzenie","status-publish","hentry","category-archiwum","category-on-line","category-webinar","category-wielokulturowosc"],"acf":[],"yoast_head":"<!-- This site is optimized with the Yoast SEO plugin v27.4 - https:\/\/yoast.com\/product\/yoast-seo-wordpress\/ -->\n<title>Webinar: Diversity na wakacjach czyli DEI na luzie - Diversity Hub<\/title>\n<meta name=\"robots\" content=\"index, follow, max-snippet:-1, max-image-preview:large, max-video-preview:-1\" \/>\n<link rel=\"canonical\" href=\"https:\/\/diversityhub.pl\/en\/wydarzenie\/webinar-diversity-na-wakacjach-czyli-dei-na-luzie\/\" \/>\n<meta property=\"og:locale\" content=\"en_US\" \/>\n<meta property=\"og:type\" content=\"article\" \/>\n<meta property=\"og:title\" content=\"Webinar: Diversity na wakacjach czyli DEI na luzie - Diversity Hub\" \/>\n<meta property=\"og:url\" content=\"https:\/\/diversityhub.pl\/en\/wydarzenie\/webinar-diversity-na-wakacjach-czyli-dei-na-luzie\/\" \/>\n<meta property=\"og:site_name\" content=\"Diversity Hub\" \/>\n<meta property=\"article:publisher\" content=\"https:\/\/www.facebook.com\/diversityhubpl\" \/>\n<meta property=\"article:modified_time\" content=\"2024-07-22T10:26:21+00:00\" \/>\n<meta property=\"og:image\" content=\"https:\/\/diversityhub.pl\/wp-content\/uploads\/2024\/06\/diversity-hub-logo-1200x675-1.jpg\" \/>\n\t<meta property=\"og:image:width\" content=\"1200\" \/>\n\t<meta property=\"og:image:height\" content=\"675\" \/>\n\t<meta property=\"og:image:type\" content=\"image\/jpeg\" \/>\n<meta name=\"twitter:card\" content=\"summary_large_image\" \/>\n<meta name=\"twitter:site\" content=\"@diversityhub_pl\" \/>\n<meta name=\"twitter:label1\" content=\"Est. reading time\" \/>\n\t<meta name=\"twitter:data1\" content=\"1 minute\" \/>\n<script type=\"application\/ld+json\" class=\"yoast-schema-graph\">{\"@context\":\"https:\\\/\\\/schema.org\",\"@graph\":[{\"@type\":\"WebPage\",\"@id\":\"https:\\\/\\\/diversityhub.pl\\\/en\\\/wydarzenie\\\/webinar-diversity-na-wakacjach-czyli-dei-na-luzie\\\/\",\"url\":\"https:\\\/\\\/diversityhub.pl\\\/en\\\/wydarzenie\\\/webinar-diversity-na-wakacjach-czyli-dei-na-luzie\\\/\",\"name\":\"Webinar: Diversity na wakacjach czyli DEI na luzie - Diversity Hub\",\"isPartOf\":{\"@id\":\"https:\\\/\\\/diversityhub.pl\\\/en\\\/#website\"},\"datePublished\":\"2024-06-11T11:38:08+00:00\",\"dateModified\":\"2024-07-22T10:26:21+00:00\",\"breadcrumb\":{\"@id\":\"https:\\\/\\\/diversityhub.pl\\\/en\\\/wydarzenie\\\/webinar-diversity-na-wakacjach-czyli-dei-na-luzie\\\/#breadcrumb\"},\"inLanguage\":\"en-US\",\"potentialAction\":[{\"@type\":\"ReadAction\",\"target\":[\"https:\\\/\\\/diversityhub.pl\\\/en\\\/wydarzenie\\\/webinar-diversity-na-wakacjach-czyli-dei-na-luzie\\\/\"]}]},{\"@type\":\"BreadcrumbList\",\"@id\":\"https:\\\/\\\/diversityhub.pl\\\/en\\\/wydarzenie\\\/webinar-diversity-na-wakacjach-czyli-dei-na-luzie\\\/#breadcrumb\",\"itemListElement\":[{\"@type\":\"ListItem\",\"position\":1,\"name\":\"Strona g\u0142\u00f3wna\",\"item\":\"https:\\\/\\\/diversityhub.pl\\\/en\\\/home-page\\\/\"},{\"@type\":\"ListItem\",\"position\":2,\"name\":\"Webinar: Diversity na wakacjach czyli DEI na luzie\"}]},{\"@type\":\"WebSite\",\"@id\":\"https:\\\/\\\/diversityhub.pl\\\/en\\\/#website\",\"url\":\"https:\\\/\\\/diversityhub.pl\\\/en\\\/\",\"name\":\"Diversity Hub\",\"description\":\"Poprzez r\u00f3\u017cnorodno\u015b\u0107 zmieniamy biznes na lepsze\",\"publisher\":{\"@id\":\"https:\\\/\\\/diversityhub.pl\\\/en\\\/#organization\"},\"alternateName\":\"Diversity Hub\",\"potentialAction\":[{\"@type\":\"SearchAction\",\"target\":{\"@type\":\"EntryPoint\",\"urlTemplate\":\"https:\\\/\\\/diversityhub.pl\\\/en\\\/?s={search_term_string}\"},\"query-input\":{\"@type\":\"PropertyValueSpecification\",\"valueRequired\":true,\"valueName\":\"search_term_string\"}}],\"inLanguage\":\"en-US\"},{\"@type\":\"Organization\",\"@id\":\"https:\\\/\\\/diversityhub.pl\\\/en\\\/#organization\",\"name\":\"Diversity Hub\",\"url\":\"https:\\\/\\\/diversityhub.pl\\\/en\\\/\",\"logo\":{\"@type\":\"ImageObject\",\"inLanguage\":\"en-US\",\"@id\":\"https:\\\/\\\/diversityhub.pl\\\/en\\\/#\\\/schema\\\/logo\\\/image\\\/\",\"url\":\"https:\\\/\\\/diversityhub.pl\\\/wp-content\\\/uploads\\\/2024\\\/06\\\/DIVERSITY_HUB_DIVERSITY_MATTERS_2023_LOGO.jpg\",\"contentUrl\":\"https:\\\/\\\/diversityhub.pl\\\/wp-content\\\/uploads\\\/2024\\\/06\\\/DIVERSITY_HUB_DIVERSITY_MATTERS_2023_LOGO.jpg\",\"width\":1080,\"height\":1080,\"caption\":\"Diversity Hub\"},\"image\":{\"@id\":\"https:\\\/\\\/diversityhub.pl\\\/en\\\/#\\\/schema\\\/logo\\\/image\\\/\"},\"sameAs\":[\"https:\\\/\\\/www.facebook.com\\\/diversityhubpl\",\"https:\\\/\\\/x.com\\\/diversityhub_pl\",\"https:\\\/\\\/www.youtube.com\\\/@diversityhubpl\",\"https:\\\/\\\/www.linkedin.com\\\/company\\\/think-tank-diversity-hub\\\/\",\"https:\\\/\\\/www.instagram.com\\\/diversityhubpl\\\/\"]}]}<\/script>\n<!-- \/ Yoast SEO plugin. -->","yoast_head_json":{"title":"Webinar: Diversity na wakacjach czyli DEI na luzie - Diversity Hub","robots":{"index":"index","follow":"follow","max-snippet":"max-snippet:-1","max-image-preview":"max-image-preview:large","max-video-preview":"max-video-preview:-1"},"canonical":"https:\/\/diversityhub.pl\/en\/wydarzenie\/webinar-diversity-na-wakacjach-czyli-dei-na-luzie\/","og_locale":"en_US","og_type":"article","og_title":"Webinar: Diversity na wakacjach czyli DEI na luzie - Diversity Hub","og_url":"https:\/\/diversityhub.pl\/en\/wydarzenie\/webinar-diversity-na-wakacjach-czyli-dei-na-luzie\/","og_site_name":"Diversity Hub","article_publisher":"https:\/\/www.facebook.com\/diversityhubpl","article_modified_time":"2024-07-22T10:26:21+00:00","og_image":[{"width":1200,"height":675,"url":"https:\/\/diversityhub.pl\/wp-content\/uploads\/2024\/06\/diversity-hub-logo-1200x675-1.jpg","type":"image\/jpeg"}],"twitter_card":"summary_large_image","twitter_site":"@diversityhub_pl","twitter_misc":{"Est. reading time":"1 minute"},"schema":{"@context":"https:\/\/schema.org","@graph":[{"@type":"WebPage","@id":"https:\/\/diversityhub.pl\/en\/wydarzenie\/webinar-diversity-na-wakacjach-czyli-dei-na-luzie\/","url":"https:\/\/diversityhub.pl\/en\/wydarzenie\/webinar-diversity-na-wakacjach-czyli-dei-na-luzie\/","name":"Webinar: Diversity na wakacjach czyli DEI na luzie - Diversity Hub","isPartOf":{"@id":"https:\/\/diversityhub.pl\/en\/#website"},"datePublished":"2024-06-11T11:38:08+00:00","dateModified":"2024-07-22T10:26:21+00:00","breadcrumb":{"@id":"https:\/\/diversityhub.pl\/en\/wydarzenie\/webinar-diversity-na-wakacjach-czyli-dei-na-luzie\/#breadcrumb"},"inLanguage":"en-US","potentialAction":[{"@type":"ReadAction","target":["https:\/\/diversityhub.pl\/en\/wydarzenie\/webinar-diversity-na-wakacjach-czyli-dei-na-luzie\/"]}]},{"@type":"BreadcrumbList","@id":"https:\/\/diversityhub.pl\/en\/wydarzenie\/webinar-diversity-na-wakacjach-czyli-dei-na-luzie\/#breadcrumb","itemListElement":[{"@type":"ListItem","position":1,"name":"Strona g\u0142\u00f3wna","item":"https:\/\/diversityhub.pl\/en\/home-page\/"},{"@type":"ListItem","position":2,"name":"Webinar: Diversity na wakacjach czyli DEI na luzie"}]},{"@type":"WebSite","@id":"https:\/\/diversityhub.pl\/en\/#website","url":"https:\/\/diversityhub.pl\/en\/","name":"Diversity Hub","description":"Poprzez r\u00f3\u017cnorodno\u015b\u0107 zmieniamy biznes na lepsze","publisher":{"@id":"https:\/\/diversityhub.pl\/en\/#organization"},"alternateName":"Diversity Hub","potentialAction":[{"@type":"SearchAction","target":{"@type":"EntryPoint","urlTemplate":"https:\/\/diversityhub.pl\/en\/?s={search_term_string}"},"query-input":{"@type":"PropertyValueSpecification","valueRequired":true,"valueName":"search_term_string"}}],"inLanguage":"en-US"},{"@type":"Organization","@id":"https:\/\/diversityhub.pl\/en\/#organization","name":"Diversity Hub","url":"https:\/\/diversityhub.pl\/en\/","logo":{"@type":"ImageObject","inLanguage":"en-US","@id":"https:\/\/diversityhub.pl\/en\/#\/schema\/logo\/image\/","url":"https:\/\/diversityhub.pl\/wp-content\/uploads\/2024\/06\/DIVERSITY_HUB_DIVERSITY_MATTERS_2023_LOGO.jpg","contentUrl":"https:\/\/diversityhub.pl\/wp-content\/uploads\/2024\/06\/DIVERSITY_HUB_DIVERSITY_MATTERS_2023_LOGO.jpg","width":1080,"height":1080,"caption":"Diversity Hub"},"image":{"@id":"https:\/\/diversityhub.pl\/en\/#\/schema\/logo\/image\/"},"sameAs":["https:\/\/www.facebook.com\/diversityhubpl","https:\/\/x.com\/diversityhub_pl","https:\/\/www.youtube.com\/@diversityhubpl","https:\/\/www.linkedin.com\/company\/think-tank-diversity-hub\/","https:\/\/www.instagram.com\/diversityhubpl\/"]}]}},"_links":{"self":[{"href":"https:\/\/diversityhub.pl\/en\/wp-json\/wp\/v2\/wydarzenie\/7326","targetHints":{"allow":["GET"]}}],"collection":[{"href":"https:\/\/diversityhub.pl\/en\/wp-json\/wp\/v2\/wydarzenie"}],"about":[{"href":"https:\/\/diversityhub.pl\/en\/wp-json\/wp\/v2\/types\/wydarzenie"}],"version-history":[{"count":7,"href":"https:\/\/diversityhub.pl\/en\/wp-json\/wp\/v2\/wydarzenie\/7326\/revisions"}],"predecessor-version":[{"id":7339,"href":"https:\/\/diversityhub.pl\/en\/wp-json\/wp\/v2\/wydarzenie\/7326\/revisions\/7339"}],"wp:attachment":[{"href":"https:\/\/diversityhub.pl\/en\/wp-json\/wp\/v2\/media?parent=7326"}],"wp:term":[{"taxonomy":"category","embeddable":true,"href":"https:\/\/diversityhub.pl\/en\/wp-json\/wp\/v2\/categories?post=7326"},{"taxonomy":"post_tag","embeddable":true,"href":"https:\/\/diversityhub.pl\/en\/wp-json\/wp\/v2\/tags?post=7326"}],"curies":[{"name":"wp","href":"https:\/\/api.w.org\/{rel}","templated":true}]}}