{"id":8945,"date":"2025-01-27T13:18:04","date_gmt":"2025-01-27T12:18:04","guid":{"rendered":"https:\/\/diversityhub.pl\/?post_type=wydarzenie&#038;p=8945"},"modified":"2025-03-10T08:34:20","modified_gmt":"2025-03-10T07:34:20","slug":"sniadanie-diversity-hub-kobiety-w-branzy-produkcyjnej-strategie-wsparcia-i-rozwoju","status":"publish","type":"wydarzenie","link":"https:\/\/diversityhub.pl\/en\/wydarzenie\/sniadanie-diversity-hub-kobiety-w-branzy-produkcyjnej-strategie-wsparcia-i-rozwoju\/","title":{"rendered":"Diversity Hub MeetUp: kobiety w bran\u017cy produkcyjnej \u2013 strategie wsparcia i rozwoju"},"content":{"rendered":"<div class=\"fusion-fullwidth fullwidth-box fusion-builder-row-1 fusion-flex-container has-pattern-background has-mask-background hundred-percent-fullwidth non-hundred-percent-height-scrolling\" style=\"--awb-border-radius-top-left:0px;--awb-border-radius-top-right:0px;--awb-border-radius-bottom-right:0px;--awb-border-radius-bottom-left:0px;--awb-padding-right:0px;--awb-padding-left:0px;--awb-flex-wrap:wrap;\" ><div class=\"fusion-builder-row fusion-row fusion-flex-align-items-flex-start fusion-flex-content-wrap\" style=\"width:calc( 100% + 5vw ) !important;max-width:calc( 100% + 5vw ) !important;margin-left: calc(-5vw \/ 2 );margin-right: calc(-5vw \/ 2 );\"><div class=\"fusion-layout-column fusion_builder_column fusion-builder-column-0 fusion_builder_column_3_5 3_5 fusion-flex-column\" style=\"--awb-bg-size:cover;--awb-width-large:60%;--awb-margin-top-large:0px;--awb-spacing-right-large:2.5vw;--awb-margin-bottom-large:0px;--awb-spacing-left-large:2.5vw;--awb-width-medium:60%;--awb-order-medium:0;--awb-spacing-right-medium:2.5vw;--awb-spacing-left-medium:2.5vw;--awb-width-small:100%;--awb-order-small:0;--awb-spacing-right-small:2.5vw;--awb-margin-bottom-small:3rem;--awb-spacing-left-small:2.5vw;\"><div class=\"fusion-column-wrapper fusion-column-has-shadow fusion-flex-justify-content-flex-start fusion-content-layout-column\"><div class=\"fusion-text fusion-text-1 fusion-text-no-margin\" style=\"--awb-content-alignment:left;--awb-font-size:var(--awb-custom_typography_1-font-size);--awb-line-height:1.2;--awb-letter-spacing:var(--awb-custom_typography_1-letter-spacing);--awb-text-transform:var(--awb-custom_typography_1-text-transform);--awb-text-color:var(--awb-color4);--awb-margin-top:0px;--awb-margin-right:0px;--awb-margin-bottom:.5rem;--awb-margin-left:0px;--awb-text-font-family:var(--awb-custom_typography_1-font-family);--awb-text-font-weight:var(--awb-custom_typography_1-font-weight);--awb-text-font-style:var(--awb-custom_typography_1-font-style);\"><p>\u015aniadnie<\/p>\n<\/div><div class=\"fusion-title title fusion-title-1 fusion-sep-none fusion-title-text fusion-title-size-two\" style=\"--awb-margin-top:0px;--awb-margin-bottom:1rem;--awb-margin-top-small:10px;--awb-margin-right-small:0px;--awb-margin-bottom-small:10px;--awb-margin-left-small:0px;--awb-font-size:1.5rem;\"><h2 class=\"fusion-title-heading title-heading-left fusion-responsive-typography-calculated\" style=\"font-family:var(--awb-typography2-font-family);font-weight:var(--awb-typography2-font-weight);font-style:var(--awb-typography2-font-style);margin:0;letter-spacing:var(--awb-typography2-letter-spacing);text-transform:var(--awb-typography2-text-transform);font-size:1em;--fontSize:24;line-height:var(--awb-typography2-line-height);\">Diversity Hub MeetUp: kobiety w bran\u017cy produkcyjnej \u2013 strategie wsparcia i rozwoju<\/h2><\/div><div class=\"fusion-text fusion-text-2 fusion-text-no-margin\" style=\"--awb-content-alignment:left;--awb-font-size:var(--awb-typography4-font-size);--awb-line-height:var(--awb-typography4-line-height);--awb-letter-spacing:var(--awb-typography4-letter-spacing);--awb-text-transform:var(--awb-typography4-text-transform);--awb-text-color:var(--awb-color7);--awb-margin-bottom:0px;--awb-text-font-family:&quot;Poppins&quot;;--awb-text-font-style:normal;--awb-text-font-weight:400;\"><p>Zastanawiasz si\u0119 jak skutecznie wdra\u017ca\u0107 DEI w obszarze produkcyjnym? A mo\u017ce szukasz sprawdzonych dobrych praktyk dotycz\u0105cych wspierania kobiet pracuj\u0105cych na produkcji?<\/p>\n<p>Je\u015bli tak, mamy dla Ciebie zaproszenie na Diversity Hub MeetUp: kobiety w bran\u017cy produkcyjnej \u2013 strategie wsparcia i rozwoju, kt\u00f3re odb\u0119dzie si\u0119 w\u2026 fabryce czekolady!<\/p>\n<\/div><div class=\"fusion-text fusion-text-3 fusion-text-no-margin\" style=\"--awb-content-alignment:left;--awb-font-size:var(--awb-custom_typography_1-font-size);--awb-line-height:1.2;--awb-letter-spacing:var(--awb-custom_typography_1-letter-spacing);--awb-text-transform:var(--awb-custom_typography_1-text-transform);--awb-text-color:var(--awb-color7);--awb-margin-top:3rem;--awb-margin-right:0px;--awb-margin-bottom:3rem;--awb-margin-left:0px;--awb-text-font-family:var(--awb-custom_typography_1-font-family);--awb-text-font-weight:var(--awb-custom_typography_1-font-weight);--awb-text-font-style:var(--awb-custom_typography_1-font-style);\"><p style=\"color: rgba(32, 32, 38, 0.8);\">Informacje o wydarzeniu<\/p>\n<\/div><div class=\"fusion-text fusion-text-4\"><p><b>Mondelez, producent znanych i uwielbianych przez konsument\u00f3w przek\u0105sek, takich jak Milka, Oreo, Prince Polo, Delicje i 7 Days<\/b>, buduje innowacyjne i praktyczne podej\u015bcie do DEI w obszarze produkcyjnym, opieraj\u0105c si\u0119 na 5 filarach, a jeden z nich dotyczy kobiet.<\/p>\n<p>Dlatego ju\u017c <b>27 lutego<\/b> w <b>fabryce<\/b> <b>w Skarbimierzu<\/b>, przyjrzymy si\u0119 praktykom wspieraj\u0105cym kobiety na stanowiskach technicznych oraz wymienimy do\u015bwiadczenia w budowaniu r\u00f3wnych szans w miejscu pracy.<\/p>\n<p>Co wi\u0119cej, wsp\u00f3lnie zapraszamy Was na:<\/p>\n<\/div><ul style=\"--awb-margin-top:0px;--awb-margin-right:0px;--awb-margin-bottom:0px;--awb-margin-left:0px;--awb-iconcolor:var(--awb-color4);--awb-textcolor:var(--awb-color7);--awb-line-height:27.2px;--awb-icon-width:27.2px;--awb-icon-height:27.2px;--awb-icon-margin:11.2px;--awb-content-margin:38.4px;\" class=\"fusion-checklist fusion-checklist-1 fusion-checklist-default type-icons\"><li class=\"fusion-li-item\" style=\"\"><span class=\"icon-wrapper circle-no\"><i class=\"fusion-li-icon fa-check-square far\" aria-hidden=\"true\"><\/i><\/span><div class=\"fusion-li-item-content\">\n<p><b>inspiruj\u0105ce case study <\/b>dotycz\u0105ce wspierania kobiet pracuj\u0105cych w rolach produkcyjnych w Skarbimierzu,<\/p>\n<\/div><\/li><li class=\"fusion-li-item\" style=\"\"><span class=\"icon-wrapper circle-no\"><i class=\"fusion-li-icon fa-check-square far\" aria-hidden=\"true\"><\/i><\/span><div class=\"fusion-li-item-content\">\n<p><b>zwiedzanie linii produkcyjnej<\/b> \u2013 mo\u017cliwo\u015b\u0107 zobaczenia nowoczesnych proces\u00f3w technologicznych,<\/p>\n<\/div><\/li><li class=\"fusion-li-item\" style=\"\"><span class=\"icon-wrapper circle-no\"><i class=\"fusion-li-icon fa-check-square far\" aria-hidden=\"true\"><\/i><\/span><div class=\"fusion-li-item-content\">\n<p><b>wizyt\u0119 w kiosku szkoleniowym<\/b> \u2013 specjalnej sekcji dedykowanej rozwojowi kompetencji pracownik\u00f3w technicznych w fabryce,<\/p>\n<\/div><\/li><li class=\"fusion-li-item\" style=\"\"><span class=\"icon-wrapper circle-no\"><i class=\"fusion-li-icon fa-check-square far\" aria-hidden=\"true\"><\/i><\/span><div class=\"fusion-li-item-content\">\n<p><b>warsztat facylitacyjny<\/b> \u2013 b\u0119d\u0105cy okazj\u0105 do wymiany wiedzy, inspiracji i wsp\u00f3lnego poszukiwania rozwi\u0105za\u0144 sprzyjaj\u0105cych rozwojowi kobiet technicznych w przemy\u015ble,<\/p>\n<\/div><\/li><li class=\"fusion-li-item\" style=\"\"><span class=\"icon-wrapper circle-no\"><i class=\"fusion-li-icon fa-check-square far\" aria-hidden=\"true\"><\/i><\/span><div class=\"fusion-li-item-content\">\n<p><b>networking<\/b> \u2013 okazja do nawi\u0105zania warto\u015bciowych kontakt\u00f3w z osobami reprezentuj\u0105cymi bran\u017c\u0119 produkcyjn\u0105.<\/p>\n<\/div><\/li><\/ul><div class=\"fusion-text fusion-text-5\" style=\"--awb-font-size:var(--awb-typography4-font-size);--awb-line-height:var(--awb-typography4-line-height);--awb-letter-spacing:var(--awb-typography4-letter-spacing);--awb-text-transform:var(--awb-typography4-text-transform);--awb-margin-top:1rem;--awb-text-font-family:var(--awb-typography4-font-family);--awb-text-font-weight:var(--awb-typography4-font-weight);--awb-text-font-style:var(--awb-typography4-font-style);\"><p>Spotkanie poprowadzi nasza ekspertka &#8211; <strong>Katarzyna Ociepka-Mi\u0105sik<\/strong> &#8211; konsultantka DE&amp;I, badaczka innowacji, moderatorka Design Thinking.<\/p>\n<\/div><div class=\"fusion-text fusion-text-6\" style=\"--awb-margin-top:1rem;\"><p><strong style=\"font-size: 12px; color: rgba(32, 32, 38, 0.8);\" data-fusion-font=\"true\">AGENTA WYDARZENIA<\/strong><\/p>\n<p><span style=\"color: var(--awb-color4);\">10:00 &#8211; 10:30<\/span> Kawa i networking<\/p>\n<p><span style=\"color: var(--awb-color4);\">10:30 &#8211; 11:00<\/span> Otwarcie spotkania przez Mondelez<\/p>\n<p><span style=\"color: var(--awb-color4);\">11:00 &#8211; 11:10<\/span> Wprowadzenie do tematu przez Diversity Hub<\/p>\n<p><span style=\"color: var(--awb-color4);\">11:10 &#8211; 12:40<\/span> Wycieczka po fabryce: linia produkcyjna i kiosk szkoleniowy<\/p>\n<p><span style=\"color: var(--awb-color4);\">12:40 &#8211; 13:00<\/span> Kawa i networking<\/p>\n<p><span style=\"color: var(--awb-color4);\">13:00 &#8211; 14:00<\/span> Facylitowana cz\u0119\u015b\u0107 merytoryczna<\/p>\n<p><span style=\"color: var(--awb-color4);\">14:00 &#8211; 15:00<\/span> Lunch<\/p>\n<\/div><div class=\"fusion-text fusion-text-7\" style=\"--awb-margin-top:3rem;\"><p>Na miejsce spotkania mo\u017cna <strong>najwygodniej dotrze\u0107<\/strong>:<\/p>\n<\/div><ul style=\"--awb-iconcolor:var(--awb-color4);--awb-line-height:27.2px;--awb-icon-width:27.2px;--awb-icon-height:27.2px;--awb-icon-margin:11.2px;--awb-content-margin:38.4px;\" class=\"fusion-checklist fusion-checklist-2 fusion-checklist-default type-icons\"><li class=\"fusion-li-item\" style=\"\"><span class=\"icon-wrapper circle-no\"><i class=\"fusion-li-icon fa-check-square far\" aria-hidden=\"true\"><\/i><\/span><div class=\"fusion-li-item-content\">\n<p><strong>samochodem<\/strong> z dowolnego miejsca w Polsce,<\/p>\n<\/div><\/li><li class=\"fusion-li-item\" style=\"\"><span class=\"icon-wrapper circle-no\"><i class=\"fusion-li-icon fa-check-square far\" aria-hidden=\"true\"><\/i><\/span><div class=\"fusion-li-item-content\">\n<p><strong>poci\u0105giem<\/strong> \u2013 dworzec docelowy Brzeg, p\u00f3\u017aniej dojazd taxi (ok. 5 min). Przyk\u0142adowe po\u0142\u0105czenia:<\/p>\n<p>\u2192 Krak\u00f3w \u2013 Brzeg (6:38 \u2013 9:20)<\/p>\n<p>\u2192 Warszawa \u2013 Brzeg (5:18 \u2013 9:15)<\/p>\n<p>\u2192 Wroc\u0142aw \u2013 Brzeg (8:25 \u2013 8:59)<\/p>\n<\/div><\/li><\/ul><div class=\"fusion-text fusion-text-8\" style=\"--awb-margin-top:1rem;\"><p>Mo\u017cna te\u017c skorzysta\u0107 z noclegu w hotelu w Brzegu lub Skarbimierzu.<\/p>\n<\/div><ul style=\"--awb-margin-top:2rem;--awb-margin-right:0px;--awb-margin-bottom:0px;--awb-margin-left:0px;--awb-iconcolor:var(--awb-color4);--awb-textcolor:var(--awb-color7);--awb-line-height:27.2px;--awb-icon-width:27.2px;--awb-icon-height:27.2px;--awb-icon-margin:11.2px;--awb-content-margin:38.4px;\" class=\"fusion-checklist fusion-checklist-3 fusion-checklist-default type-icons\"><li class=\"fusion-li-item\" style=\"\"><span class=\"icon-wrapper circle-no\"><i class=\"fusion-li-icon fa-check-square far\" aria-hidden=\"true\"><\/i><\/span><div class=\"fusion-li-item-content\">\n<p>Spotkanie jest <strong>dedykowane<\/strong> <strong>osobom zarz\u0105dzaj\u0105cym obszarem DEI, HR, ESG, CSR<\/strong>, w swoich organizacjach,<\/p>\n<\/div><\/li><li class=\"fusion-li-item\" style=\"\"><span class=\"icon-wrapper circle-no\"><i class=\"fusion-li-icon fa-check-square far\" aria-hidden=\"true\"><\/i><\/span><div class=\"fusion-li-item-content\">\n<p>zapraszamy <strong>2 osoby z organizacji<\/strong>,<\/p>\n<\/div><\/li><li class=\"fusion-li-item\" style=\"\"><span class=\"icon-wrapper circle-no\"><i class=\"fusion-li-icon fa-check-square far\" aria-hidden=\"true\"><\/i><\/span><div class=\"fusion-li-item-content\">\n<p>liczba miejsc jest ograniczona,<\/p>\n<\/div><\/li><li class=\"fusion-li-item\" style=\"\"><span class=\"icon-wrapper circle-no\"><i class=\"fusion-li-icon fa-check-square far\" aria-hidden=\"true\"><\/i><\/span><div class=\"fusion-li-item-content\">\n<p>udzia\u0142 jest bezp\u0142atny, ale <strong>wymaga <a href=\"https:\/\/sniadanie0225.webankieta.pl\/\">rejestracji,<\/a><\/strong><\/p>\n<\/div><\/li><li class=\"fusion-li-item\" style=\"\"><span class=\"icon-wrapper circle-no\"><i class=\"fusion-li-icon fa-check-square far\" aria-hidden=\"true\"><\/i><\/span><div class=\"fusion-li-item-content\">\n<p>spotkanie jest prowadzone w j. polskim,<\/p>\n<\/div><\/li><li class=\"fusion-li-item\" style=\"\"><span class=\"icon-wrapper circle-no\"><i class=\"fusion-li-icon fa-check-square far\" aria-hidden=\"true\"><\/i><\/span><div class=\"fusion-li-item-content\">\n<p>zg\u0142oszenia przyjmujemy <strong>do poniedzia\u0142ku 24.02.2025<\/strong> (EOD),<\/p>\n<\/div><\/li><li class=\"fusion-li-item\" style=\"\"><span class=\"icon-wrapper circle-no\"><i class=\"fusion-li-icon fa-check-square far\" aria-hidden=\"true\"><\/i><\/span><div class=\"fusion-li-item-content\">\n<p><strong>udzia\u0142 wymaga potwierdzenia ze strony organizator\u00f3w<\/strong>, z zastrze\u017ceniem prawa do weryfikacji zg\u0142osze\u0144.<\/p>\n<\/div><\/li><\/ul><\/div><\/div><div class=\"fusion-layout-column fusion_builder_column fusion-builder-column-1 awb-sticky awb-sticky-small awb-sticky-medium awb-sticky-large fusion_builder_column_2_5 2_5 fusion-flex-column\" style=\"--awb-bg-size:cover;--awb-width-large:40%;--awb-margin-top-large:0px;--awb-spacing-right-large:2.5vw;--awb-margin-bottom-large:0px;--awb-spacing-left-large:2.5vw;--awb-width-medium:40%;--awb-order-medium:0;--awb-spacing-right-medium:2.5vw;--awb-spacing-left-medium:2.5vw;--awb-width-small:100%;--awb-order-small:0;--awb-spacing-right-small:2.5vw;--awb-spacing-left-small:2.5vw;\"><div class=\"fusion-column-wrapper fusion-column-has-shadow fusion-flex-justify-content-flex-start fusion-content-layout-column\"><div class=\"fusion-image-element \" style=\"text-align:left;--awb-aspect-ratio: 100 \/ 62;--awb-margin-bottom:3rem;--awb-caption-title-font-family:var(--h2_typography-font-family);--awb-caption-title-font-weight:var(--h2_typography-font-weight);--awb-caption-title-font-style:var(--h2_typography-font-style);--awb-caption-title-size:var(--h2_typography-font-size);--awb-caption-title-transform:var(--h2_typography-text-transform);--awb-caption-title-line-height:var(--h2_typography-line-height);--awb-caption-title-letter-spacing:var(--h2_typography-letter-spacing);\"><span class=\" fusion-imageframe imageframe-none imageframe-1 hover-type-none has-aspect-ratio\"><img decoding=\"async\" width=\"1065\" height=\"600\" title=\"DIVERSITY_HUB_mondelez_sniadanie_2025(1)\" src=\"https:\/\/diversityhub.pl\/wp-content\/uploads\/2025\/01\/DIVERSITY_HUB_mondelez_sniadanie_20251.jpg\" class=\"img-responsive wp-image-8970 img-with-aspect-ratio\" data-parent-fit=\"cover\" data-parent-container=\".fusion-image-element\" alt srcset=\"https:\/\/diversityhub.pl\/wp-content\/uploads\/2025\/01\/DIVERSITY_HUB_mondelez_sniadanie_20251-200x113.jpg 200w, https:\/\/diversityhub.pl\/wp-content\/uploads\/2025\/01\/DIVERSITY_HUB_mondelez_sniadanie_20251-400x225.jpg 400w, https:\/\/diversityhub.pl\/wp-content\/uploads\/2025\/01\/DIVERSITY_HUB_mondelez_sniadanie_20251-600x338.jpg 600w, https:\/\/diversityhub.pl\/wp-content\/uploads\/2025\/01\/DIVERSITY_HUB_mondelez_sniadanie_20251-800x451.jpg 800w, https:\/\/diversityhub.pl\/wp-content\/uploads\/2025\/01\/DIVERSITY_HUB_mondelez_sniadanie_20251.jpg 1065w\" sizes=\"(max-width: 640px) 100vw, 600px\" \/><\/span><\/div><div style=\"text-align:center;\"><a class=\"fusion-button button-flat fusion-button-default-size button-default fusion-button-default button-1 fusion-button-span-yes fusion-button-default-type\" target=\"_self\" href=\"https:\/\/sniadanie0225.webankieta.pl\/\"><span class=\"fusion-button-text awb-button__text awb-button__text--default\">Zapisz si\u0119 na wydarzenie<\/span><\/a><\/div><\/div><\/div><\/div><\/div>\n","protected":false},"template":"","categories":[110,20,112],"tags":[],"class_list":["post-8945","wydarzenie","type-wydarzenie","status-publish","hentry","category-archiwum","category-events","category-sniadanie"],"acf":[],"yoast_head":"<!-- This site is optimized with the Yoast SEO plugin v27.4 - https:\/\/yoast.com\/product\/yoast-seo-wordpress\/ -->\n<title>Diversity Hub MeetUp: kobiety w bran\u017cy produkcyjnej \u2013 strategie wsparcia i rozwoju - Diversity Hub<\/title>\n<meta name=\"robots\" content=\"index, follow, max-snippet:-1, max-image-preview:large, max-video-preview:-1\" \/>\n<link rel=\"canonical\" href=\"https:\/\/diversityhub.pl\/en\/wydarzenie\/sniadanie-diversity-hub-kobiety-w-branzy-produkcyjnej-strategie-wsparcia-i-rozwoju\/\" \/>\n<meta property=\"og:locale\" content=\"en_US\" \/>\n<meta property=\"og:type\" content=\"article\" \/>\n<meta property=\"og:title\" content=\"Diversity Hub MeetUp: kobiety w bran\u017cy produkcyjnej \u2013 strategie wsparcia i rozwoju - Diversity Hub\" \/>\n<meta property=\"og:url\" content=\"https:\/\/diversityhub.pl\/en\/wydarzenie\/sniadanie-diversity-hub-kobiety-w-branzy-produkcyjnej-strategie-wsparcia-i-rozwoju\/\" \/>\n<meta property=\"og:site_name\" content=\"Diversity Hub\" \/>\n<meta property=\"article:publisher\" content=\"https:\/\/www.facebook.com\/diversityhubpl\" \/>\n<meta property=\"article:modified_time\" content=\"2025-03-10T07:34:20+00:00\" \/>\n<meta property=\"og:image\" content=\"https:\/\/diversityhub.pl\/wp-content\/uploads\/2024\/06\/diversity-hub-logo-1200x675-1.jpg\" \/>\n\t<meta property=\"og:image:width\" content=\"1200\" \/>\n\t<meta property=\"og:image:height\" content=\"675\" \/>\n\t<meta property=\"og:image:type\" content=\"image\/jpeg\" \/>\n<meta name=\"twitter:card\" content=\"summary_large_image\" \/>\n<meta name=\"twitter:site\" content=\"@diversityhub_pl\" \/>\n<meta name=\"twitter:label1\" content=\"Est. reading time\" \/>\n\t<meta name=\"twitter:data1\" content=\"3 minutes\" \/>\n<script type=\"application\/ld+json\" class=\"yoast-schema-graph\">{\"@context\":\"https:\\\/\\\/schema.org\",\"@graph\":[{\"@type\":\"WebPage\",\"@id\":\"https:\\\/\\\/diversityhub.pl\\\/en\\\/wydarzenie\\\/sniadanie-diversity-hub-kobiety-w-branzy-produkcyjnej-strategie-wsparcia-i-rozwoju\\\/\",\"url\":\"https:\\\/\\\/diversityhub.pl\\\/en\\\/wydarzenie\\\/sniadanie-diversity-hub-kobiety-w-branzy-produkcyjnej-strategie-wsparcia-i-rozwoju\\\/\",\"name\":\"Diversity Hub MeetUp: kobiety w bran\u017cy produkcyjnej \u2013 strategie wsparcia i rozwoju - Diversity Hub\",\"isPartOf\":{\"@id\":\"https:\\\/\\\/diversityhub.pl\\\/en\\\/#website\"},\"datePublished\":\"2025-01-27T12:18:04+00:00\",\"dateModified\":\"2025-03-10T07:34:20+00:00\",\"breadcrumb\":{\"@id\":\"https:\\\/\\\/diversityhub.pl\\\/en\\\/wydarzenie\\\/sniadanie-diversity-hub-kobiety-w-branzy-produkcyjnej-strategie-wsparcia-i-rozwoju\\\/#breadcrumb\"},\"inLanguage\":\"en-US\",\"potentialAction\":[{\"@type\":\"ReadAction\",\"target\":[\"https:\\\/\\\/diversityhub.pl\\\/en\\\/wydarzenie\\\/sniadanie-diversity-hub-kobiety-w-branzy-produkcyjnej-strategie-wsparcia-i-rozwoju\\\/\"]}]},{\"@type\":\"BreadcrumbList\",\"@id\":\"https:\\\/\\\/diversityhub.pl\\\/en\\\/wydarzenie\\\/sniadanie-diversity-hub-kobiety-w-branzy-produkcyjnej-strategie-wsparcia-i-rozwoju\\\/#breadcrumb\",\"itemListElement\":[{\"@type\":\"ListItem\",\"position\":1,\"name\":\"Strona g\u0142\u00f3wna\",\"item\":\"https:\\\/\\\/diversityhub.pl\\\/en\\\/home-page\\\/\"},{\"@type\":\"ListItem\",\"position\":2,\"name\":\"Diversity Hub MeetUp: kobiety w bran\u017cy produkcyjnej \u2013 strategie wsparcia i rozwoju\"}]},{\"@type\":\"WebSite\",\"@id\":\"https:\\\/\\\/diversityhub.pl\\\/en\\\/#website\",\"url\":\"https:\\\/\\\/diversityhub.pl\\\/en\\\/\",\"name\":\"Diversity Hub\",\"description\":\"Poprzez r\u00f3\u017cnorodno\u015b\u0107 zmieniamy biznes na lepsze\",\"publisher\":{\"@id\":\"https:\\\/\\\/diversityhub.pl\\\/en\\\/#organization\"},\"alternateName\":\"Diversity Hub\",\"potentialAction\":[{\"@type\":\"SearchAction\",\"target\":{\"@type\":\"EntryPoint\",\"urlTemplate\":\"https:\\\/\\\/diversityhub.pl\\\/en\\\/?s={search_term_string}\"},\"query-input\":{\"@type\":\"PropertyValueSpecification\",\"valueRequired\":true,\"valueName\":\"search_term_string\"}}],\"inLanguage\":\"en-US\"},{\"@type\":\"Organization\",\"@id\":\"https:\\\/\\\/diversityhub.pl\\\/en\\\/#organization\",\"name\":\"Diversity Hub\",\"url\":\"https:\\\/\\\/diversityhub.pl\\\/en\\\/\",\"logo\":{\"@type\":\"ImageObject\",\"inLanguage\":\"en-US\",\"@id\":\"https:\\\/\\\/diversityhub.pl\\\/en\\\/#\\\/schema\\\/logo\\\/image\\\/\",\"url\":\"https:\\\/\\\/diversityhub.pl\\\/wp-content\\\/uploads\\\/2024\\\/06\\\/DIVERSITY_HUB_DIVERSITY_MATTERS_2023_LOGO.jpg\",\"contentUrl\":\"https:\\\/\\\/diversityhub.pl\\\/wp-content\\\/uploads\\\/2024\\\/06\\\/DIVERSITY_HUB_DIVERSITY_MATTERS_2023_LOGO.jpg\",\"width\":1080,\"height\":1080,\"caption\":\"Diversity Hub\"},\"image\":{\"@id\":\"https:\\\/\\\/diversityhub.pl\\\/en\\\/#\\\/schema\\\/logo\\\/image\\\/\"},\"sameAs\":[\"https:\\\/\\\/www.facebook.com\\\/diversityhubpl\",\"https:\\\/\\\/x.com\\\/diversityhub_pl\",\"https:\\\/\\\/www.youtube.com\\\/@diversityhubpl\",\"https:\\\/\\\/www.linkedin.com\\\/company\\\/think-tank-diversity-hub\\\/\",\"https:\\\/\\\/www.instagram.com\\\/diversityhubpl\\\/\"]}]}<\/script>\n<!-- \/ Yoast SEO plugin. -->","yoast_head_json":{"title":"Diversity Hub MeetUp: kobiety w bran\u017cy produkcyjnej \u2013 strategie wsparcia i rozwoju - Diversity Hub","robots":{"index":"index","follow":"follow","max-snippet":"max-snippet:-1","max-image-preview":"max-image-preview:large","max-video-preview":"max-video-preview:-1"},"canonical":"https:\/\/diversityhub.pl\/en\/wydarzenie\/sniadanie-diversity-hub-kobiety-w-branzy-produkcyjnej-strategie-wsparcia-i-rozwoju\/","og_locale":"en_US","og_type":"article","og_title":"Diversity Hub MeetUp: kobiety w bran\u017cy produkcyjnej \u2013 strategie wsparcia i rozwoju - Diversity Hub","og_url":"https:\/\/diversityhub.pl\/en\/wydarzenie\/sniadanie-diversity-hub-kobiety-w-branzy-produkcyjnej-strategie-wsparcia-i-rozwoju\/","og_site_name":"Diversity Hub","article_publisher":"https:\/\/www.facebook.com\/diversityhubpl","article_modified_time":"2025-03-10T07:34:20+00:00","og_image":[{"width":1200,"height":675,"url":"https:\/\/diversityhub.pl\/wp-content\/uploads\/2024\/06\/diversity-hub-logo-1200x675-1.jpg","type":"image\/jpeg"}],"twitter_card":"summary_large_image","twitter_site":"@diversityhub_pl","twitter_misc":{"Est. reading time":"3 minutes"},"schema":{"@context":"https:\/\/schema.org","@graph":[{"@type":"WebPage","@id":"https:\/\/diversityhub.pl\/en\/wydarzenie\/sniadanie-diversity-hub-kobiety-w-branzy-produkcyjnej-strategie-wsparcia-i-rozwoju\/","url":"https:\/\/diversityhub.pl\/en\/wydarzenie\/sniadanie-diversity-hub-kobiety-w-branzy-produkcyjnej-strategie-wsparcia-i-rozwoju\/","name":"Diversity Hub MeetUp: kobiety w bran\u017cy produkcyjnej \u2013 strategie wsparcia i rozwoju - Diversity Hub","isPartOf":{"@id":"https:\/\/diversityhub.pl\/en\/#website"},"datePublished":"2025-01-27T12:18:04+00:00","dateModified":"2025-03-10T07:34:20+00:00","breadcrumb":{"@id":"https:\/\/diversityhub.pl\/en\/wydarzenie\/sniadanie-diversity-hub-kobiety-w-branzy-produkcyjnej-strategie-wsparcia-i-rozwoju\/#breadcrumb"},"inLanguage":"en-US","potentialAction":[{"@type":"ReadAction","target":["https:\/\/diversityhub.pl\/en\/wydarzenie\/sniadanie-diversity-hub-kobiety-w-branzy-produkcyjnej-strategie-wsparcia-i-rozwoju\/"]}]},{"@type":"BreadcrumbList","@id":"https:\/\/diversityhub.pl\/en\/wydarzenie\/sniadanie-diversity-hub-kobiety-w-branzy-produkcyjnej-strategie-wsparcia-i-rozwoju\/#breadcrumb","itemListElement":[{"@type":"ListItem","position":1,"name":"Strona g\u0142\u00f3wna","item":"https:\/\/diversityhub.pl\/en\/home-page\/"},{"@type":"ListItem","position":2,"name":"Diversity Hub MeetUp: kobiety w bran\u017cy produkcyjnej \u2013 strategie wsparcia i rozwoju"}]},{"@type":"WebSite","@id":"https:\/\/diversityhub.pl\/en\/#website","url":"https:\/\/diversityhub.pl\/en\/","name":"Diversity Hub","description":"Poprzez r\u00f3\u017cnorodno\u015b\u0107 zmieniamy biznes na lepsze","publisher":{"@id":"https:\/\/diversityhub.pl\/en\/#organization"},"alternateName":"Diversity Hub","potentialAction":[{"@type":"SearchAction","target":{"@type":"EntryPoint","urlTemplate":"https:\/\/diversityhub.pl\/en\/?s={search_term_string}"},"query-input":{"@type":"PropertyValueSpecification","valueRequired":true,"valueName":"search_term_string"}}],"inLanguage":"en-US"},{"@type":"Organization","@id":"https:\/\/diversityhub.pl\/en\/#organization","name":"Diversity Hub","url":"https:\/\/diversityhub.pl\/en\/","logo":{"@type":"ImageObject","inLanguage":"en-US","@id":"https:\/\/diversityhub.pl\/en\/#\/schema\/logo\/image\/","url":"https:\/\/diversityhub.pl\/wp-content\/uploads\/2024\/06\/DIVERSITY_HUB_DIVERSITY_MATTERS_2023_LOGO.jpg","contentUrl":"https:\/\/diversityhub.pl\/wp-content\/uploads\/2024\/06\/DIVERSITY_HUB_DIVERSITY_MATTERS_2023_LOGO.jpg","width":1080,"height":1080,"caption":"Diversity Hub"},"image":{"@id":"https:\/\/diversityhub.pl\/en\/#\/schema\/logo\/image\/"},"sameAs":["https:\/\/www.facebook.com\/diversityhubpl","https:\/\/x.com\/diversityhub_pl","https:\/\/www.youtube.com\/@diversityhubpl","https:\/\/www.linkedin.com\/company\/think-tank-diversity-hub\/","https:\/\/www.instagram.com\/diversityhubpl\/"]}]}},"_links":{"self":[{"href":"https:\/\/diversityhub.pl\/en\/wp-json\/wp\/v2\/wydarzenie\/8945","targetHints":{"allow":["GET"]}}],"collection":[{"href":"https:\/\/diversityhub.pl\/en\/wp-json\/wp\/v2\/wydarzenie"}],"about":[{"href":"https:\/\/diversityhub.pl\/en\/wp-json\/wp\/v2\/types\/wydarzenie"}],"version-history":[{"count":22,"href":"https:\/\/diversityhub.pl\/en\/wp-json\/wp\/v2\/wydarzenie\/8945\/revisions"}],"predecessor-version":[{"id":8971,"href":"https:\/\/diversityhub.pl\/en\/wp-json\/wp\/v2\/wydarzenie\/8945\/revisions\/8971"}],"wp:attachment":[{"href":"https:\/\/diversityhub.pl\/en\/wp-json\/wp\/v2\/media?parent=8945"}],"wp:term":[{"taxonomy":"category","embeddable":true,"href":"https:\/\/diversityhub.pl\/en\/wp-json\/wp\/v2\/categories?post=8945"},{"taxonomy":"post_tag","embeddable":true,"href":"https:\/\/diversityhub.pl\/en\/wp-json\/wp\/v2\/tags?post=8945"}],"curies":[{"name":"wp","href":"https:\/\/api.w.org\/{rel}","templated":true}]}}