{"id":9032,"date":"2025-02-13T14:12:17","date_gmt":"2025-02-13T13:12:17","guid":{"rendered":"https:\/\/diversityhub.pl\/?post_type=wydarzenie&#038;p=9032"},"modified":"2025-03-10T08:35:59","modified_gmt":"2025-03-10T07:35:59","slug":"neuroroznorodnosc-klucz-do-innowacyjnego-biznesu","status":"publish","type":"wydarzenie","link":"https:\/\/diversityhub.pl\/en\/wydarzenie\/neuroroznorodnosc-klucz-do-innowacyjnego-biznesu\/","title":{"rendered":"Neuror\u00f3\u017cnorodno\u015b\u0107 &#8211; klucz do innowacyjnego biznesu"},"content":{"rendered":"<div class=\"fusion-fullwidth fullwidth-box fusion-builder-row-1 fusion-flex-container has-pattern-background has-mask-background hundred-percent-fullwidth non-hundred-percent-height-scrolling\" style=\"--awb-border-radius-top-left:0px;--awb-border-radius-top-right:0px;--awb-border-radius-bottom-right:0px;--awb-border-radius-bottom-left:0px;--awb-padding-right:0px;--awb-padding-left:0px;--awb-flex-wrap:wrap;\" ><div class=\"fusion-builder-row fusion-row fusion-flex-align-items-flex-start fusion-flex-content-wrap\" style=\"width:calc( 100% + 5vw ) !important;max-width:calc( 100% + 5vw ) !important;margin-left: calc(-5vw \/ 2 );margin-right: calc(-5vw \/ 2 );\"><div class=\"fusion-layout-column fusion_builder_column fusion-builder-column-0 fusion_builder_column_3_5 3_5 fusion-flex-column\" style=\"--awb-bg-size:cover;--awb-width-large:60%;--awb-margin-top-large:0px;--awb-spacing-right-large:2.5vw;--awb-margin-bottom-large:0px;--awb-spacing-left-large:2.5vw;--awb-width-medium:60%;--awb-order-medium:0;--awb-spacing-right-medium:2.5vw;--awb-spacing-left-medium:2.5vw;--awb-width-small:100%;--awb-order-small:0;--awb-spacing-right-small:2.5vw;--awb-margin-bottom-small:3rem;--awb-spacing-left-small:2.5vw;\"><div class=\"fusion-column-wrapper fusion-column-has-shadow fusion-flex-justify-content-flex-start fusion-content-layout-column\"><div class=\"fusion-text fusion-text-1 fusion-text-no-margin\" style=\"--awb-content-alignment:left;--awb-font-size:var(--awb-custom_typography_1-font-size);--awb-line-height:1.2;--awb-letter-spacing:var(--awb-custom_typography_1-letter-spacing);--awb-text-transform:var(--awb-custom_typography_1-text-transform);--awb-text-color:var(--awb-color4);--awb-margin-top:0px;--awb-margin-right:0px;--awb-margin-bottom:.5rem;--awb-margin-left:0px;--awb-text-font-family:var(--awb-custom_typography_1-font-family);--awb-text-font-weight:var(--awb-custom_typography_1-font-weight);--awb-text-font-style:var(--awb-custom_typography_1-font-style);\"><p>Webinar<\/p>\n<\/div><div class=\"fusion-title title fusion-title-1 fusion-sep-none fusion-title-text fusion-title-size-two\" style=\"--awb-margin-top:0px;--awb-margin-bottom:1rem;--awb-margin-top-small:10px;--awb-margin-right-small:0px;--awb-margin-bottom-small:10px;--awb-margin-left-small:0px;--awb-font-size:1.5rem;\"><h2 class=\"fusion-title-heading title-heading-left fusion-responsive-typography-calculated\" style=\"font-family:var(--awb-typography2-font-family);font-weight:var(--awb-typography2-font-weight);font-style:var(--awb-typography2-font-style);margin:0;letter-spacing:var(--awb-typography2-letter-spacing);text-transform:var(--awb-typography2-text-transform);font-size:1em;--fontSize:24;line-height:var(--awb-typography2-line-height);\">Neuror\u00f3\u017cnorodno\u015b\u0107 &#8211; klucz do innowacyjnego biznesu<\/h2><\/div><div class=\"fusion-text fusion-text-2 fusion-text-no-margin\" style=\"--awb-content-alignment:left;--awb-font-size:var(--awb-typography4-font-size);--awb-line-height:var(--awb-typography4-line-height);--awb-letter-spacing:var(--awb-typography4-letter-spacing);--awb-text-transform:var(--awb-typography4-text-transform);--awb-text-color:var(--awb-color7);--awb-margin-bottom:0px;--awb-text-font-family:&quot;Poppins&quot;;--awb-text-font-style:normal;--awb-text-font-weight:400;\"><p>Wraz z naszym Partnerem SoDA serdecznie zapraszamy na webinar po\u015bwi\u0119cony neuror\u00f3\u017cnorodno\u015bci w biznesie, gdzie dowiesz si\u0119, jak naturalne r\u00f3\u017cnice ludzkich m\u00f3zg\u00f3w mog\u0105 sta\u0107 si\u0119 kluczem do innowacyjno\u015bci firmy. Podczas spotkania om\u00f3wimy, czym jest neuror\u00f3\u017cnorodno\u015b\u0107 oraz jakie ma znaczenie dla funkcjonowania przedsi\u0119biorstw. Poznasz podstawowe r\u00f3\u017cnice wp\u0142ywaj\u0105ce na style pracy, komunikacji i wsp\u00f3\u0142pracy w zespole. Poruszymy tak\u017ce kwestie wsparcia i inkluzji os\u00f3b neuroatypowych, z uwzgl\u0119dnieniem barier spo\u0142ecznych oraz wyzwa\u0144, z jakimi si\u0119 mierz\u0105. Dowiesz si\u0119, jak odpowiedzialny biznes mo\u017ce wspiera\u0107 r\u00f3\u017cnorodno\u015b\u0107 w miejscu pracy, zwi\u0119kszaj\u0105c efektywno\u015b\u0107 i innowacyjno\u015b\u0107.<\/p>\n<\/div><div class=\"fusion-text fusion-text-3 fusion-text-no-margin\" style=\"--awb-content-alignment:left;--awb-font-size:var(--awb-custom_typography_1-font-size);--awb-line-height:1.2;--awb-letter-spacing:var(--awb-custom_typography_1-letter-spacing);--awb-text-transform:var(--awb-custom_typography_1-text-transform);--awb-text-color:var(--awb-color7);--awb-margin-top:3rem;--awb-margin-right:0px;--awb-margin-bottom:1rem;--awb-margin-left:0px;--awb-text-font-family:var(--awb-custom_typography_1-font-family);--awb-text-font-weight:var(--awb-custom_typography_1-font-weight);--awb-text-font-style:var(--awb-custom_typography_1-font-style);\"><p>Informacje o <span style=\"color: rgba(32, 32, 38, 0.8);\">wydarzeniu<\/span><\/p>\n<\/div><div class=\"fusion-text fusion-text-4\" style=\"--awb-margin-top:30px;\"><p style=\"font-size: 12px; color: var(--awb-color4);\" data-fusion-font=\"true\"><strong>AGENDA:<\/strong><\/p>\n<\/div><ul style=\"--awb-margin-top:0px;--awb-margin-right:0px;--awb-margin-bottom:0px;--awb-margin-left:0px;--awb-iconcolor:var(--awb-color4);--awb-textcolor:var(--awb-color7);--awb-line-height:27.2px;--awb-icon-width:27.2px;--awb-icon-height:27.2px;--awb-icon-margin:11.2px;--awb-content-margin:38.4px;\" class=\"fusion-checklist fusion-checklist-1 fusion-checklist-default type-icons\"><li class=\"fusion-li-item\" style=\"\"><span class=\"icon-wrapper circle-no\"><i class=\"fusion-li-icon fa-check-square far\" aria-hidden=\"true\"><\/i><\/span><div class=\"fusion-li-item-content\">\n<p>Czym jest neuror\u00f3\u017cnorodno\u015b\u0107?<\/p>\n<\/div><\/li><li class=\"fusion-li-item\" style=\"\"><span class=\"icon-wrapper circle-no\"><i class=\"fusion-li-icon fa-check-square far\" aria-hidden=\"true\"><\/i><\/span><div class=\"fusion-li-item-content\">\n<p>Znaczenie neuror\u00f3\u017cnorodno\u015bci dla biznesu<\/p>\n<\/div><\/li><li class=\"fusion-li-item\" style=\"\"><span class=\"icon-wrapper circle-no\"><i class=\"fusion-li-icon fa-check-square far\" aria-hidden=\"true\"><\/i><\/span><div class=\"fusion-li-item-content\">\n<p>Wsparcie os\u00f3b neuroatypowych w miejscu pracy<\/p>\n<\/div><\/li><li class=\"fusion-li-item\" style=\"\"><span class=\"icon-wrapper circle-no\"><i class=\"fusion-li-icon fa-check-square far\" aria-hidden=\"true\"><\/i><\/span><div class=\"fusion-li-item-content\">\n<p>Neuroinkluzja &#8211; czyli jak wspiera\u0107 wszystkich?<\/p>\n<\/div><\/li><\/ul><div class=\"fusion-text fusion-text-5\" style=\"--awb-font-size:var(--awb-typography4-font-size);--awb-line-height:var(--awb-typography4-line-height);--awb-letter-spacing:var(--awb-typography4-letter-spacing);--awb-text-transform:var(--awb-typography4-text-transform);--awb-margin-top:1rem;--awb-text-font-family:var(--awb-typography4-font-family);--awb-text-font-weight:var(--awb-typography4-font-weight);--awb-text-font-style:var(--awb-typography4-font-style);\"><p style=\"color: var(--awb-color4); font-size: 12px;\" data-fusion-font=\"true\"><strong>PRELEGENT:<\/strong><\/p>\n<\/div><div class=\"fusion-text fusion-text-6\"><p><b>Kuba S\u0142owik<\/b> &#8211; Psycholog, absolwent Uniwersytetu Jagiello\u0144skiego w Krakowie. Ekspert z dziedziny psychologii r\u00f3\u017cnic indywidualnych &#8211; Neuror\u00f3\u017cnorodno\u015bci, osobowo\u015bci, temperamentu, proces\u00f3w poznawczych, diagnozy psychologicznej, a tak\u017ce w obszarze rozwoju dzieci i m\u0142odzie\u017cy oraz profilaktyki zachowa\u0144 ryzykowanych. Swoj\u0105 prac\u0119 opiera o model biologiczny oraz humanistyczny, \u0142\u0105cz\u0105c wiedz\u0119 i zainteresowanie neuroscience z warto\u015bciami DEI. Jest diagnost\u0105, certyfikowanym trenerem FRIS\u00ae, mentorem i trenerem program\u00f3w mi\u0119dzynarodowych DEI &amp; Youth, absolwentem kurs\u00f3w Terapii Skoncentrowanej na Rozwi\u0105zaniach, Profilaktyki Uzale\u017cnie\u0144 oraz Cyberprzemocy, wsp\u00f3\u0142autorem program\u00f3w rozwojowych i terapeutycznych dla m\u0142odzie\u017cy.Wiedz\u0119 specjalistyczn\u0105 z zakresu Neuror\u00f3\u017cnorodno\u015bci oraz wsparcia m\u0142odzie\u017cy rozwija\u0142 w Leiden University w Holandii, a kompetencje trenerskie doskonali\u0142 w ramach program\u00f3w strategicznych DEI, m.in. w Hiszpanii, Grecji, Francji, Irlandii, Szwecji, Litwie, Gruzji i W\u0142oszech.<\/p>\n<\/div><ul style=\"--awb-iconcolor:var(--awb-color4);--awb-line-height:27.2px;--awb-icon-width:27.2px;--awb-icon-height:27.2px;--awb-icon-margin:11.2px;--awb-content-margin:38.4px;--awb-circlecolor:var(--awb-color1);--awb-circle-yes-font-size:14.08px;\" class=\"fusion-checklist fusion-checklist-2 fusion-checklist-default type-icons\"><li class=\"fusion-li-item\" style=\"\"><span class=\"icon-wrapper circle-yes\"><i class=\"fusion-li-icon fa-check-square far\" aria-hidden=\"true\"><\/i><\/span><div class=\"fusion-li-item-content\">\n<p>Spotkanie otwarte dla wszystkich zainteresowanych, udzia\u0142 wymaga <a href=\"https:\/\/app.evenea.pl\/event\/soda-diversity-webinar\/\">rejestracji<\/a>.<\/p>\n<\/div><\/li><li class=\"fusion-li-item\" style=\"\"><span class=\"icon-wrapper circle-yes\"><i class=\"fusion-li-icon fa-check-square far\" aria-hidden=\"true\"><\/i><\/span><div class=\"fusion-li-item-content\">\n<p>Wsp\u00f3\u0142organizatorem wydarzenia jest <a href=\"https:\/\/sodapl.com\/\">SoDA.<\/a><\/p>\n<\/div><\/li><\/ul><\/div><\/div><div class=\"fusion-layout-column fusion_builder_column fusion-builder-column-1 awb-sticky awb-sticky-small awb-sticky-medium awb-sticky-large fusion_builder_column_2_5 2_5 fusion-flex-column\" style=\"--awb-bg-size:cover;--awb-width-large:40%;--awb-margin-top-large:0px;--awb-spacing-right-large:2.5vw;--awb-margin-bottom-large:0px;--awb-spacing-left-large:2.5vw;--awb-width-medium:40%;--awb-order-medium:0;--awb-spacing-right-medium:2.5vw;--awb-spacing-left-medium:2.5vw;--awb-width-small:100%;--awb-order-small:0;--awb-spacing-right-small:2.5vw;--awb-spacing-left-small:2.5vw;\"><div class=\"fusion-column-wrapper fusion-column-has-shadow fusion-flex-justify-content-flex-start fusion-content-layout-column\"><div class=\"fusion-image-element \" style=\"text-align:left;--awb-margin-bottom:3rem;--awb-caption-title-font-family:var(--h2_typography-font-family);--awb-caption-title-font-weight:var(--h2_typography-font-weight);--awb-caption-title-font-style:var(--h2_typography-font-style);--awb-caption-title-size:var(--h2_typography-font-size);--awb-caption-title-transform:var(--h2_typography-text-transform);--awb-caption-title-line-height:var(--h2_typography-line-height);--awb-caption-title-letter-spacing:var(--h2_typography-letter-spacing);\"><span class=\" fusion-imageframe imageframe-none imageframe-1 hover-type-none\"><img decoding=\"async\" width=\"1200\" height=\"630\" title=\"Webinar &#8211; Diversity\" src=\"https:\/\/diversityhub.pl\/wp-content\/uploads\/2025\/02\/Webinar-Diversity.png\" alt class=\"img-responsive wp-image-9040\" srcset=\"https:\/\/diversityhub.pl\/wp-content\/uploads\/2025\/02\/Webinar-Diversity-200x105.png 200w, https:\/\/diversityhub.pl\/wp-content\/uploads\/2025\/02\/Webinar-Diversity-400x210.png 400w, https:\/\/diversityhub.pl\/wp-content\/uploads\/2025\/02\/Webinar-Diversity-600x315.png 600w, https:\/\/diversityhub.pl\/wp-content\/uploads\/2025\/02\/Webinar-Diversity-800x420.png 800w, https:\/\/diversityhub.pl\/wp-content\/uploads\/2025\/02\/Webinar-Diversity.png 1200w\" sizes=\"(max-width: 640px) 100vw, 600px\" \/><\/span><\/div><div style=\"text-align:center;\"><a class=\"fusion-button button-flat fusion-button-default-size button-default fusion-button-default button-1 fusion-button-span-yes fusion-button-default-type\" target=\"_self\" href=\"https:\/\/app.evenea.pl\/event\/soda-diversity-webinar\/\"><span class=\"fusion-button-text awb-button__text awb-button__text--default\">Zapisz si\u0119 na wydarzenie<\/span><\/a><\/div><\/div><\/div><\/div><\/div>\n","protected":false},"template":"","categories":[110,115,130],"tags":[],"class_list":["post-9032","wydarzenie","type-wydarzenie","status-publish","hentry","category-archiwum","category-webinar","category-wydarzenia"],"acf":[],"yoast_head":"<!-- This site is optimized with the Yoast SEO plugin v27.4 - https:\/\/yoast.com\/product\/yoast-seo-wordpress\/ -->\n<title>Neuror\u00f3\u017cnorodno\u015b\u0107 - klucz do innowacyjnego biznesu - Diversity Hub<\/title>\n<meta name=\"robots\" content=\"index, follow, max-snippet:-1, max-image-preview:large, max-video-preview:-1\" \/>\n<link rel=\"canonical\" href=\"https:\/\/diversityhub.pl\/en\/wydarzenie\/neuroroznorodnosc-klucz-do-innowacyjnego-biznesu\/\" \/>\n<meta property=\"og:locale\" content=\"en_US\" \/>\n<meta property=\"og:type\" content=\"article\" \/>\n<meta property=\"og:title\" content=\"Neuror\u00f3\u017cnorodno\u015b\u0107 - klucz do innowacyjnego biznesu - Diversity Hub\" \/>\n<meta property=\"og:url\" content=\"https:\/\/diversityhub.pl\/en\/wydarzenie\/neuroroznorodnosc-klucz-do-innowacyjnego-biznesu\/\" \/>\n<meta property=\"og:site_name\" content=\"Diversity Hub\" \/>\n<meta property=\"article:publisher\" content=\"https:\/\/www.facebook.com\/diversityhubpl\" \/>\n<meta property=\"article:modified_time\" content=\"2025-03-10T07:35:59+00:00\" \/>\n<meta property=\"og:image\" content=\"https:\/\/diversityhub.pl\/wp-content\/uploads\/2024\/06\/diversity-hub-logo-1200x675-1.jpg\" \/>\n\t<meta property=\"og:image:width\" content=\"1200\" \/>\n\t<meta property=\"og:image:height\" content=\"675\" \/>\n\t<meta property=\"og:image:type\" content=\"image\/jpeg\" \/>\n<meta name=\"twitter:card\" content=\"summary_large_image\" \/>\n<meta name=\"twitter:site\" content=\"@diversityhub_pl\" \/>\n<meta name=\"twitter:label1\" content=\"Est. reading time\" \/>\n\t<meta name=\"twitter:data1\" content=\"2 minutes\" \/>\n<script type=\"application\/ld+json\" class=\"yoast-schema-graph\">{\"@context\":\"https:\\\/\\\/schema.org\",\"@graph\":[{\"@type\":\"WebPage\",\"@id\":\"https:\\\/\\\/diversityhub.pl\\\/en\\\/wydarzenie\\\/neuroroznorodnosc-klucz-do-innowacyjnego-biznesu\\\/\",\"url\":\"https:\\\/\\\/diversityhub.pl\\\/en\\\/wydarzenie\\\/neuroroznorodnosc-klucz-do-innowacyjnego-biznesu\\\/\",\"name\":\"Neuror\u00f3\u017cnorodno\u015b\u0107 - klucz do innowacyjnego biznesu - Diversity Hub\",\"isPartOf\":{\"@id\":\"https:\\\/\\\/diversityhub.pl\\\/en\\\/#website\"},\"datePublished\":\"2025-02-13T13:12:17+00:00\",\"dateModified\":\"2025-03-10T07:35:59+00:00\",\"breadcrumb\":{\"@id\":\"https:\\\/\\\/diversityhub.pl\\\/en\\\/wydarzenie\\\/neuroroznorodnosc-klucz-do-innowacyjnego-biznesu\\\/#breadcrumb\"},\"inLanguage\":\"en-US\",\"potentialAction\":[{\"@type\":\"ReadAction\",\"target\":[\"https:\\\/\\\/diversityhub.pl\\\/en\\\/wydarzenie\\\/neuroroznorodnosc-klucz-do-innowacyjnego-biznesu\\\/\"]}]},{\"@type\":\"BreadcrumbList\",\"@id\":\"https:\\\/\\\/diversityhub.pl\\\/en\\\/wydarzenie\\\/neuroroznorodnosc-klucz-do-innowacyjnego-biznesu\\\/#breadcrumb\",\"itemListElement\":[{\"@type\":\"ListItem\",\"position\":1,\"name\":\"Strona g\u0142\u00f3wna\",\"item\":\"https:\\\/\\\/diversityhub.pl\\\/en\\\/home-page\\\/\"},{\"@type\":\"ListItem\",\"position\":2,\"name\":\"Neuror\u00f3\u017cnorodno\u015b\u0107 &#8211; klucz do innowacyjnego biznesu\"}]},{\"@type\":\"WebSite\",\"@id\":\"https:\\\/\\\/diversityhub.pl\\\/en\\\/#website\",\"url\":\"https:\\\/\\\/diversityhub.pl\\\/en\\\/\",\"name\":\"Diversity Hub\",\"description\":\"Poprzez r\u00f3\u017cnorodno\u015b\u0107 zmieniamy biznes na lepsze\",\"publisher\":{\"@id\":\"https:\\\/\\\/diversityhub.pl\\\/en\\\/#organization\"},\"alternateName\":\"Diversity Hub\",\"potentialAction\":[{\"@type\":\"SearchAction\",\"target\":{\"@type\":\"EntryPoint\",\"urlTemplate\":\"https:\\\/\\\/diversityhub.pl\\\/en\\\/?s={search_term_string}\"},\"query-input\":{\"@type\":\"PropertyValueSpecification\",\"valueRequired\":true,\"valueName\":\"search_term_string\"}}],\"inLanguage\":\"en-US\"},{\"@type\":\"Organization\",\"@id\":\"https:\\\/\\\/diversityhub.pl\\\/en\\\/#organization\",\"name\":\"Diversity Hub\",\"url\":\"https:\\\/\\\/diversityhub.pl\\\/en\\\/\",\"logo\":{\"@type\":\"ImageObject\",\"inLanguage\":\"en-US\",\"@id\":\"https:\\\/\\\/diversityhub.pl\\\/en\\\/#\\\/schema\\\/logo\\\/image\\\/\",\"url\":\"https:\\\/\\\/diversityhub.pl\\\/wp-content\\\/uploads\\\/2024\\\/06\\\/DIVERSITY_HUB_DIVERSITY_MATTERS_2023_LOGO.jpg\",\"contentUrl\":\"https:\\\/\\\/diversityhub.pl\\\/wp-content\\\/uploads\\\/2024\\\/06\\\/DIVERSITY_HUB_DIVERSITY_MATTERS_2023_LOGO.jpg\",\"width\":1080,\"height\":1080,\"caption\":\"Diversity Hub\"},\"image\":{\"@id\":\"https:\\\/\\\/diversityhub.pl\\\/en\\\/#\\\/schema\\\/logo\\\/image\\\/\"},\"sameAs\":[\"https:\\\/\\\/www.facebook.com\\\/diversityhubpl\",\"https:\\\/\\\/x.com\\\/diversityhub_pl\",\"https:\\\/\\\/www.youtube.com\\\/@diversityhubpl\",\"https:\\\/\\\/www.linkedin.com\\\/company\\\/think-tank-diversity-hub\\\/\",\"https:\\\/\\\/www.instagram.com\\\/diversityhubpl\\\/\"]}]}<\/script>\n<!-- \/ Yoast SEO plugin. -->","yoast_head_json":{"title":"Neuror\u00f3\u017cnorodno\u015b\u0107 - klucz do innowacyjnego biznesu - Diversity Hub","robots":{"index":"index","follow":"follow","max-snippet":"max-snippet:-1","max-image-preview":"max-image-preview:large","max-video-preview":"max-video-preview:-1"},"canonical":"https:\/\/diversityhub.pl\/en\/wydarzenie\/neuroroznorodnosc-klucz-do-innowacyjnego-biznesu\/","og_locale":"en_US","og_type":"article","og_title":"Neuror\u00f3\u017cnorodno\u015b\u0107 - klucz do innowacyjnego biznesu - Diversity Hub","og_url":"https:\/\/diversityhub.pl\/en\/wydarzenie\/neuroroznorodnosc-klucz-do-innowacyjnego-biznesu\/","og_site_name":"Diversity Hub","article_publisher":"https:\/\/www.facebook.com\/diversityhubpl","article_modified_time":"2025-03-10T07:35:59+00:00","og_image":[{"width":1200,"height":675,"url":"https:\/\/diversityhub.pl\/wp-content\/uploads\/2024\/06\/diversity-hub-logo-1200x675-1.jpg","type":"image\/jpeg"}],"twitter_card":"summary_large_image","twitter_site":"@diversityhub_pl","twitter_misc":{"Est. reading time":"2 minutes"},"schema":{"@context":"https:\/\/schema.org","@graph":[{"@type":"WebPage","@id":"https:\/\/diversityhub.pl\/en\/wydarzenie\/neuroroznorodnosc-klucz-do-innowacyjnego-biznesu\/","url":"https:\/\/diversityhub.pl\/en\/wydarzenie\/neuroroznorodnosc-klucz-do-innowacyjnego-biznesu\/","name":"Neuror\u00f3\u017cnorodno\u015b\u0107 - klucz do innowacyjnego biznesu - Diversity Hub","isPartOf":{"@id":"https:\/\/diversityhub.pl\/en\/#website"},"datePublished":"2025-02-13T13:12:17+00:00","dateModified":"2025-03-10T07:35:59+00:00","breadcrumb":{"@id":"https:\/\/diversityhub.pl\/en\/wydarzenie\/neuroroznorodnosc-klucz-do-innowacyjnego-biznesu\/#breadcrumb"},"inLanguage":"en-US","potentialAction":[{"@type":"ReadAction","target":["https:\/\/diversityhub.pl\/en\/wydarzenie\/neuroroznorodnosc-klucz-do-innowacyjnego-biznesu\/"]}]},{"@type":"BreadcrumbList","@id":"https:\/\/diversityhub.pl\/en\/wydarzenie\/neuroroznorodnosc-klucz-do-innowacyjnego-biznesu\/#breadcrumb","itemListElement":[{"@type":"ListItem","position":1,"name":"Strona g\u0142\u00f3wna","item":"https:\/\/diversityhub.pl\/en\/home-page\/"},{"@type":"ListItem","position":2,"name":"Neuror\u00f3\u017cnorodno\u015b\u0107 &#8211; klucz do innowacyjnego biznesu"}]},{"@type":"WebSite","@id":"https:\/\/diversityhub.pl\/en\/#website","url":"https:\/\/diversityhub.pl\/en\/","name":"Diversity Hub","description":"Poprzez r\u00f3\u017cnorodno\u015b\u0107 zmieniamy biznes na lepsze","publisher":{"@id":"https:\/\/diversityhub.pl\/en\/#organization"},"alternateName":"Diversity Hub","potentialAction":[{"@type":"SearchAction","target":{"@type":"EntryPoint","urlTemplate":"https:\/\/diversityhub.pl\/en\/?s={search_term_string}"},"query-input":{"@type":"PropertyValueSpecification","valueRequired":true,"valueName":"search_term_string"}}],"inLanguage":"en-US"},{"@type":"Organization","@id":"https:\/\/diversityhub.pl\/en\/#organization","name":"Diversity Hub","url":"https:\/\/diversityhub.pl\/en\/","logo":{"@type":"ImageObject","inLanguage":"en-US","@id":"https:\/\/diversityhub.pl\/en\/#\/schema\/logo\/image\/","url":"https:\/\/diversityhub.pl\/wp-content\/uploads\/2024\/06\/DIVERSITY_HUB_DIVERSITY_MATTERS_2023_LOGO.jpg","contentUrl":"https:\/\/diversityhub.pl\/wp-content\/uploads\/2024\/06\/DIVERSITY_HUB_DIVERSITY_MATTERS_2023_LOGO.jpg","width":1080,"height":1080,"caption":"Diversity Hub"},"image":{"@id":"https:\/\/diversityhub.pl\/en\/#\/schema\/logo\/image\/"},"sameAs":["https:\/\/www.facebook.com\/diversityhubpl","https:\/\/x.com\/diversityhub_pl","https:\/\/www.youtube.com\/@diversityhubpl","https:\/\/www.linkedin.com\/company\/think-tank-diversity-hub\/","https:\/\/www.instagram.com\/diversityhubpl\/"]}]}},"_links":{"self":[{"href":"https:\/\/diversityhub.pl\/en\/wp-json\/wp\/v2\/wydarzenie\/9032","targetHints":{"allow":["GET"]}}],"collection":[{"href":"https:\/\/diversityhub.pl\/en\/wp-json\/wp\/v2\/wydarzenie"}],"about":[{"href":"https:\/\/diversityhub.pl\/en\/wp-json\/wp\/v2\/types\/wydarzenie"}],"version-history":[{"count":8,"href":"https:\/\/diversityhub.pl\/en\/wp-json\/wp\/v2\/wydarzenie\/9032\/revisions"}],"predecessor-version":[{"id":9049,"href":"https:\/\/diversityhub.pl\/en\/wp-json\/wp\/v2\/wydarzenie\/9032\/revisions\/9049"}],"wp:attachment":[{"href":"https:\/\/diversityhub.pl\/en\/wp-json\/wp\/v2\/media?parent=9032"}],"wp:term":[{"taxonomy":"category","embeddable":true,"href":"https:\/\/diversityhub.pl\/en\/wp-json\/wp\/v2\/categories?post=9032"},{"taxonomy":"post_tag","embeddable":true,"href":"https:\/\/diversityhub.pl\/en\/wp-json\/wp\/v2\/tags?post=9032"}],"curies":[{"name":"wp","href":"https:\/\/api.w.org\/{rel}","templated":true}]}}